{"id":2,"date":"2024-08-06T21:26:13","date_gmt":"2024-08-06T19:26:13","guid":{"rendered":"https:\/\/www.fundacionunicaja.com\/monte-activo\/?page_id=2"},"modified":"2025-10-16T15:29:21","modified_gmt":"2025-10-16T13:29:21","slug":"pagina-ejemplo","status":"publish","type":"page","link":"https:\/\/www.fundacionunicaja.com\/monte-activo\/","title":{"rendered":"Inicio"},"content":{"rendered":"\t\t<div data-elementor-type=\"wp-page\" data-elementor-id=\"2\" class=\"elementor elementor-2\" data-elementor-post-type=\"page\">\n\t\t\t\t<div class=\"elementor-element elementor-element-4335304d e-flex e-con-boxed e-con e-parent\" data-id=\"4335304d\" data-element_type=\"container\" data-e-type=\"container\" data-settings=\"{&quot;background_background&quot;:&quot;classic&quot;}\">\n\t\t\t\t\t<div class=\"e-con-inner\">\n\t\t<div class=\"elementor-element elementor-element-7b9c2b2 e-con-full e-flex e-con e-child\" data-id=\"7b9c2b2\" data-element_type=\"container\" data-e-type=\"container\" data-settings=\"{&quot;background_background&quot;:&quot;gradient&quot;}\">\n\t\t\t\t<div class=\"elementor-element elementor-element-d63cd94 elementor-widget elementor-widget-heading\" data-id=\"d63cd94\" data-element_type=\"widget\" data-e-type=\"widget\" data-widget_type=\"heading.default\">\n\t\t\t\t<div class=\"elementor-widget-container\">\n\t\t\t\t\t<h2 class=\"elementor-heading-title elementor-size-default\">Monte<\/br>\nActivo<\/h2>\t\t\t\t<\/div>\n\t\t\t\t<\/div>\n\t\t\t\t<\/div>\n\t\t\t\t\t<\/div>\n\t\t\t\t<\/div>\n\t\t<div class=\"elementor-element elementor-element-43f30c4 e-con-full elementor-hidden-desktop elementor-hidden-tablet elementor-hidden-mobile e-flex e-con e-parent\" data-id=\"43f30c4\" data-element_type=\"container\" data-e-type=\"container\">\n\t\t<div class=\"elementor-element elementor-element-323b29b e-con-full e-flex e-con e-child\" data-id=\"323b29b\" data-element_type=\"container\" data-e-type=\"container\" data-settings=\"{&quot;background_background&quot;:&quot;classic&quot;}\">\n\t\t\t\t<div class=\"elementor-element elementor-element-113602c elementor-widget elementor-widget-heading\" data-id=\"113602c\" data-element_type=\"widget\" data-e-type=\"widget\" data-widget_type=\"heading.default\">\n\t\t\t\t<div class=\"elementor-widget-container\">\n\t\t\t\t\t<h2 class=\"elementor-heading-title elementor-size-default\">Accede al \u00c1rea Privada<\/h2>\t\t\t\t<\/div>\n\t\t\t\t<\/div>\n\t\t\t\t<div class=\"elementor-element elementor-element-7e14b9a elementor-align-left elementor-mobile-align-justify BotonesFlechaInclinada elementor-widget elementor-widget-button\" data-id=\"7e14b9a\" data-element_type=\"widget\" data-e-type=\"widget\" data-widget_type=\"button.default\">\n\t\t\t\t<div class=\"elementor-widget-container\">\n\t\t\t\t\t\t\t\t\t<div class=\"elementor-button-wrapper\">\n\t\t\t\t\t<a class=\"elementor-button elementor-button-link elementor-size-xs\" href=\"http:\/\/preseasubastas.es\/\" target=\"_blank\">\n\t\t\t\t\t\t<span class=\"elementor-button-content-wrapper\">\n\t\t\t\t\t\t<span class=\"elementor-button-icon\">\n\t\t\t\t<i aria-hidden=\"true\" class=\"icon icon-right-arrow\"><\/i>\t\t\t<\/span>\n\t\t\t\t\t\t\t\t\t<span class=\"elementor-button-text\">Accede aqui<\/span>\n\t\t\t\t\t<\/span>\n\t\t\t\t\t<\/a>\n\t\t\t\t<\/div>\n\t\t\t\t\t\t\t\t<\/div>\n\t\t\t\t<\/div>\n\t\t\t\t<\/div>\n\t\t\t\t<\/div>\n\t\t<div class=\"elementor-element elementor-element-7ec8dea e-con-full e-flex e-con e-parent\" data-id=\"7ec8dea\" data-element_type=\"container\" data-e-type=\"container\" data-settings=\"{&quot;background_background&quot;:&quot;classic&quot;}\">\n\t\t<div class=\"elementor-element elementor-element-df864df e-con-full e-flex e-con e-child\" data-id=\"df864df\" data-element_type=\"container\" data-e-type=\"container\" data-settings=\"{&quot;background_background&quot;:&quot;classic&quot;}\">\n\t\t\t\t<div class=\"elementor-element elementor-element-5c0d21f elementor-widget elementor-widget-heading\" data-id=\"5c0d21f\" data-element_type=\"widget\" data-e-type=\"widget\" data-widget_type=\"heading.default\">\n\t\t\t\t<div class=\"elementor-widget-container\">\n\t\t\t\t\t<h2 class=\"elementor-heading-title elementor-size-default\">Conoce el nuevo Portal de Clientes de Monte Activo<\/h2>\t\t\t\t<\/div>\n\t\t\t\t<\/div>\n\t\t\t\t<div class=\"elementor-element elementor-element-020e150 elementor-widget elementor-widget-text-editor\" data-id=\"020e150\" data-element_type=\"widget\" data-e-type=\"widget\" data-widget_type=\"text-editor.default\">\n\t\t\t\t<div class=\"elementor-widget-container\">\n\t\t\t\t\t\t\t\t\tConsulta y gestiona tus operaciones de forma f\u00e1cil y segura.\u00a0 Renueva tus pr\u00e9stamos sin comisi\u00f3n por renovaci\u00f3n por tiempo limitado.\t\t\t\t\t\t\t\t<\/div>\n\t\t\t\t<\/div>\n\t\t\t\t<div class=\"elementor-element elementor-element-91cd3d9 elementor-align-left elementor-mobile-align-justify botonesbasicos elementor-widget elementor-widget-button\" data-id=\"91cd3d9\" data-element_type=\"widget\" data-e-type=\"widget\" data-widget_type=\"button.default\">\n\t\t\t\t<div class=\"elementor-widget-container\">\n\t\t\t\t\t\t\t\t\t<div class=\"elementor-button-wrapper\">\n\t\t\t\t\t<a class=\"elementor-button elementor-button-link elementor-size-sm\" href=\"https:\/\/monteactivoclientes.fundacionunicaja.com\/auth\/login\" target=\"_blank\">\n\t\t\t\t\t\t<span class=\"elementor-button-content-wrapper\">\n\t\t\t\t\t\t<span class=\"elementor-button-icon\">\n\t\t\t\t<i aria-hidden=\"true\" class=\"icon icon-right-arrow\"><\/i>\t\t\t<\/span>\n\t\t\t\t\t\t\t\t\t<span class=\"elementor-button-text\">Accede aqui<\/span>\n\t\t\t\t\t<\/span>\n\t\t\t\t\t<\/a>\n\t\t\t\t<\/div>\n\t\t\t\t\t\t\t\t<\/div>\n\t\t\t\t<\/div>\n\t\t\t\t<\/div>\n\t\t<div class=\"elementor-element elementor-element-93a94e0 e-con-full e-flex e-con e-child\" data-id=\"93a94e0\" data-element_type=\"container\" data-e-type=\"container\" data-settings=\"{&quot;background_background&quot;:&quot;classic&quot;}\">\n\t\t\t\t<\/div>\n\t\t\t\t<\/div>\n\t\t<div class=\"elementor-element elementor-element-2232281 e-con-full e-flex e-con e-parent\" data-id=\"2232281\" data-element_type=\"container\" data-e-type=\"container\">\n\t\t<div class=\"elementor-element elementor-element-a2c42ac e-flex e-con-boxed e-con e-child\" data-id=\"a2c42ac\" data-element_type=\"container\" data-e-type=\"container\" data-settings=\"{&quot;background_background&quot;:&quot;classic&quot;}\">\n\t\t\t\t\t<div class=\"e-con-inner\">\n\t\t\t\t\t<\/div>\n\t\t\t\t<\/div>\n\t\t<div class=\"elementor-element elementor-element-51db1ff e-flex e-con-boxed e-con e-child\" data-id=\"51db1ff\" data-element_type=\"container\" data-e-type=\"container\">\n\t\t\t\t\t<div class=\"e-con-inner\">\n\t\t\t\t<div class=\"elementor-element elementor-element-0c5da93 elementor-widget elementor-widget-text-editor\" data-id=\"0c5da93\" data-element_type=\"widget\" data-e-type=\"widget\" data-widget_type=\"text-editor.default\">\n\t\t\t\t<div class=\"elementor-widget-container\">\n\t\t\t\t\t\t\t\t\t<p>Monte Activo es una marca de la Fundaci\u00f3n Unicaja que moderniza los tradicionales Montes de Piedad, facilitando pr\u00e9stamos con garant\u00eda sobre joyas y otros objetos de valor.\u00a0<span style=\"text-align: var(--text-align); background-color: var( --e-global-color-e54bf17 );\">Este sistema permite a los usuarios obtener dinero a cambio de utilizar sus joyas como garant\u00eda,\u00a0<\/span><span style=\"color: var( --e-global-color-text ); text-transform: var( --e-global-typography-text-text-transform ); text-align: var(--text-align); background-color: var( --e-global-color-e54bf17 );\">con la opci\u00f3n de recuperarlas al cancelar el pr\u00e9stamo.<\/span><\/p>\t\t\t\t\t\t\t\t<\/div>\n\t\t\t\t<\/div>\n\t\t\t\t\t<\/div>\n\t\t\t\t<\/div>\n\t\t\t\t<\/div>\n\t\t<div class=\"elementor-element elementor-element-5d19f85 e-con-full e-flex e-con e-parent\" data-id=\"5d19f85\" data-element_type=\"container\" data-e-type=\"container\" data-settings=\"{&quot;background_background&quot;:&quot;classic&quot;}\">\n\t\t<div class=\"elementor-element elementor-element-4dff01a e-con-full e-flex e-con e-child\" data-id=\"4dff01a\" data-element_type=\"container\" data-e-type=\"container\">\n\t\t\t\t<div class=\"elementor-element elementor-element-569a368 elementor-widget elementor-widget-heading\" data-id=\"569a368\" data-element_type=\"widget\" data-e-type=\"widget\" data-widget_type=\"heading.default\">\n\t\t\t\t<div class=\"elementor-widget-container\">\n\t\t\t\t\t<h2 class=\"elementor-heading-title elementor-size-default\">Monte Activo es miembro de la Asociaci\u00f3n Espa\u00f1ola de Montes de Piedad<\/h2>\t\t\t\t<\/div>\n\t\t\t\t<\/div>\n\t\t\t\t<div class=\"elementor-element elementor-element-fac7b9c elementor-widget elementor-widget-text-editor\" data-id=\"fac7b9c\" data-element_type=\"widget\" data-e-type=\"widget\" data-widget_type=\"text-editor.default\">\n\t\t\t\t<div class=\"elementor-widget-container\">\n\t\t\t\t\t\t\t\t\t<p>\u00bfBuscas un reloj, un anillo o una gargantilla?<br \/>Lo que busques lo encontrar\u00e1s en las subastas de joyas de Monte Activo. Reg\u00edstrate y puja.<\/p>\t\t\t\t\t\t\t\t<\/div>\n\t\t\t\t<\/div>\n\t\t\t\t<div class=\"elementor-element elementor-element-4cab3dc elementor-align-left elementor-mobile-align-justify BotonesFlechaInclinada elementor-widget elementor-widget-button\" data-id=\"4cab3dc\" data-element_type=\"widget\" data-e-type=\"widget\" data-widget_type=\"button.default\">\n\t\t\t\t<div class=\"elementor-widget-container\">\n\t\t\t\t\t\t\t\t\t<div class=\"elementor-button-wrapper\">\n\t\t\t\t\t<a class=\"elementor-button elementor-button-link elementor-size-xs\" href=\"http:\/\/preseasubastas.es\/\" target=\"_blank\">\n\t\t\t\t\t\t<span class=\"elementor-button-content-wrapper\">\n\t\t\t\t\t\t<span class=\"elementor-button-icon\">\n\t\t\t\t<i aria-hidden=\"true\" class=\"icon icon-right-arrow\"><\/i>\t\t\t<\/span>\n\t\t\t\t\t\t\t\t\t<span class=\"elementor-button-text\">Accede aqui<\/span>\n\t\t\t\t\t<\/span>\n\t\t\t\t\t<\/a>\n\t\t\t\t<\/div>\n\t\t\t\t\t\t\t\t<\/div>\n\t\t\t\t<\/div>\n\t\t\t\t<\/div>\n\t\t<div class=\"elementor-element elementor-element-e9e3d6b e-con-full e-flex e-con e-child\" data-id=\"e9e3d6b\" data-element_type=\"container\" data-e-type=\"container\" data-settings=\"{&quot;background_background&quot;:&quot;classic&quot;}\">\n\t\t\t\t<\/div>\n\t\t\t\t<\/div>\n\t\t<div class=\"elementor-element elementor-element-82cc8e7 e-con-full e-flex e-con e-parent\" data-id=\"82cc8e7\" data-element_type=\"container\" data-e-type=\"container\">\n\t\t<div class=\"elementor-element elementor-element-72caee3 e-con-full e-flex e-con e-child\" data-id=\"72caee3\" data-element_type=\"container\" data-e-type=\"container\">\n\t\t\t\t<div class=\"elementor-element elementor-element-6d6150d elementor-widget elementor-widget-heading\" data-id=\"6d6150d\" data-element_type=\"widget\" data-e-type=\"widget\" data-widget_type=\"heading.default\">\n\t\t\t\t<div class=\"elementor-widget-container\">\n\t\t\t\t\t<h2 class=\"elementor-heading-title elementor-size-default\">\u00bfQui\u00e9nes somos?<\/h2>\t\t\t\t<\/div>\n\t\t\t\t<\/div>\n\t\t\t\t<\/div>\n\t\t<div class=\"elementor-element elementor-element-7fbab79 e-con-full e-flex e-con e-child\" data-id=\"7fbab79\" data-element_type=\"container\" data-e-type=\"container\">\n\t\t<div class=\"elementor-element elementor-element-716379a e-con-full e-flex e-con e-child\" data-id=\"716379a\" data-element_type=\"container\" data-e-type=\"container\" data-settings=\"{&quot;background_background&quot;:&quot;classic&quot;}\">\n\t\t\t\t<\/div>\n\t\t<div class=\"elementor-element elementor-element-08e6416 e-con-full e-flex e-con e-child\" data-id=\"08e6416\" data-element_type=\"container\" data-e-type=\"container\">\n\t\t\t\t<div class=\"elementor-element elementor-element-788b887 elementor-widget elementor-widget-text-editor\" data-id=\"788b887\" data-element_type=\"widget\" data-e-type=\"widget\" data-widget_type=\"text-editor.default\">\n\t\t\t\t<div class=\"elementor-widget-container\">\n\t\t\t\t\t\t\t\t\t<p>Perteneciente a la Fundaci\u00f3n Unicaja, Monte Activo dispone de 4 oficinas en M\u00e1laga, Almer\u00eda, C\u00e1diz y Ja\u00e9n, con el \u00fanico fin de atender las demandas y satisfacer las necesidades de los clientes ofreciendo un servicio profesional de calidad y un trato personalizado.<\/p>\t\t\t\t\t\t\t\t<\/div>\n\t\t\t\t<\/div>\n\t\t\t\t<div class=\"elementor-element elementor-element-f4ea02c elementor-widget elementor-widget-text-editor\" data-id=\"f4ea02c\" data-element_type=\"widget\" data-e-type=\"widget\" data-widget_type=\"text-editor.default\">\n\t\t\t\t<div class=\"elementor-widget-container\">\n\t\t\t\t\t\t\t\t\t<p>Entre los clientes que apuestan por nosotros encontramos empresarios que acuden a nuestros servicios para obtener una financiaci\u00f3n r\u00e1pida, transparente y segura; estudiantes que quieren financiar sus estudios; y clientes que nos eligen para costear sus vacaciones a la vez que depositan sus joyas bajo nuestra custodia.<\/p><p>Algunas empresas compran el oro a buen precio para fundici\u00f3n o reventa, sin embargo, casi ninguna ofrece la oportunidad de recuperar la joya empe\u00f1ada. Muchas de estas joyas tienen, adem\u00e1s del valor econ\u00f3mico, un valor a\u00f1adido: el sentimental. Es por ello que muchas personas eligen oficinas de Monte Activo para poder as\u00ed recuperar cuando lo deseen sus bienes m\u00e1s preciados.<\/p><p>Todos los ingresos generados por la actividad de Monte Activo, son destinados a acciones sociales.<\/p>\t\t\t\t\t\t\t\t<\/div>\n\t\t\t\t<\/div>\n\t\t\t\t<\/div>\n\t\t\t\t<\/div>\n\t\t<div class=\"elementor-element elementor-element-f58ce01 e-con-full e-flex e-con e-child\" data-id=\"f58ce01\" data-element_type=\"container\" data-e-type=\"container\">\n\t\t\t\t<div class=\"elementor-element elementor-element-0c163ad elementor-widget elementor-widget-n-accordion\" data-id=\"0c163ad\" data-element_type=\"widget\" data-e-type=\"widget\" data-settings=\"{&quot;default_state&quot;:&quot;all_collapsed&quot;,&quot;max_items_expended&quot;:&quot;one&quot;,&quot;n_accordion_animation_duration&quot;:{&quot;unit&quot;:&quot;ms&quot;,&quot;size&quot;:400,&quot;sizes&quot;:[]}}\" data-widget_type=\"nested-accordion.default\">\n\t\t\t\t<div class=\"elementor-widget-container\">\n\t\t\t\t\t\t\t<div class=\"e-n-accordion\" aria-label=\"Accordion. Open links with Enter or Space, close with Escape, and navigate with Arrow Keys\">\n\t\t\t\t\t\t<details id=\"e-n-accordion-item-1260\" class=\"e-n-accordion-item\" >\n\t\t\t\t<summary class=\"e-n-accordion-item-title\" data-accordion-index=\"1\" tabindex=\"0\" aria-expanded=\"false\" aria-controls=\"e-n-accordion-item-1260\" >\n\t\t\t\t\t<span class='e-n-accordion-item-title-header'><div class=\"e-n-accordion-item-title-text\"> Aspectos institucionales <\/div><\/span>\n\t\t\t\t\t\t\t<span class='e-n-accordion-item-title-icon'>\n\t\t\t<span class='e-opened' ><i aria-hidden=\"true\" class=\"icon icon-minus\"><\/i><\/span>\n\t\t\t<span class='e-closed'><i aria-hidden=\"true\" class=\"icon icon-plus\"><\/i><\/span>\n\t\t<\/span>\n\n\t\t\t\t\t\t<\/summary>\n\t\t\t\t<div role=\"region\" aria-labelledby=\"e-n-accordion-item-1260\" class=\"elementor-element elementor-element-bcee683 e-con-full e-flex e-con e-child\" data-id=\"bcee683\" data-element_type=\"container\" data-e-type=\"container\">\n\t\t\t\t<div class=\"elementor-element elementor-element-c13168a elementor-widget elementor-widget-text-editor\" data-id=\"c13168a\" data-element_type=\"widget\" data-e-type=\"widget\" data-widget_type=\"text-editor.default\">\n\t\t\t\t<div class=\"elementor-widget-container\">\n\t\t\t\t\t\t\t\t\t<p>El acceso de la poblaci\u00f3n a los servicios financieros b\u00e1sicos forma parte de los derechos individuales en una sociedad avanzada. La experiencia internacional pone de manifiesto el considerable riesgo de que determinados colectivos queden en la pr\u00e1ctica excluidos de los servicios financieros en econom\u00edas altamente desarrolladas. Descartado, pues, el automatismo de la inclusi\u00f3n financiera, se hace preciso contar con el concurso de entidades con orientaci\u00f3n social que contrarresten dicho fallo del mercado.<\/p><p>El car\u00e1cter social ha constituido un rasgo consustancial a la naturaleza de las Cajas de Ahorros, lo que explica que su funci\u00f3n objetivo haya estado formada tradicionalmente por un esquema dual, compatibilizando el componente econ\u00f3mico o puramente empresarial con el componente social. Este \u00faltimo se ha venido manifestando en diferentes planos, entre los que cabe destacar la contribuci\u00f3n al desarrollo econ\u00f3mico y social de su \u00e1mbito territorial de actuaci\u00f3n, y la reducci\u00f3n del fen\u00f3meno de la exclusi\u00f3n financiera.<\/p><p>Adapt\u00e1ndose a las circunstancias econ\u00f3micas y sociales de cada tiempo, a lo largo de su m\u00e1s que centenaria historia, Monte Activo, antes conocido como Monte de Piedad, ha venido actuando en pro de los objetivos expresados, contribuyendo a la reducci\u00f3n del fen\u00f3meno de la exclusi\u00f3n financiera, al permitir el acceso de colectivos vulnerables y menos favorecidos al primer pelda\u00f1o del sistema financiero formal. Con la transformaci\u00f3n de Unicaja en Fundaci\u00f3n Bancaria, Monte Activo se ha convertido en uno de los tres \u00e1mbitos funcionales de la misma.<\/p><p>Actualmente, la Fundaci\u00f3n Bancaria Unicaja dispone de 4 oficinas de Monte Activo en Almer\u00eda (Plaza del Monte, 26), C\u00e1diz (Jes\u00fas de la Paz, 2), Ja\u00e9n (Ejido de la Alcantarilla, 16) y M\u00e1laga (Molina Lario, 24).<\/p><p>El objetivo fundamental de Monte Activo de la Fundaci\u00f3n Bancaria Unicaja es, en el ejercicio de su funci\u00f3n social, contribuir a facilitar el acceso al cr\u00e9dito y evitar as\u00ed la exclusi\u00f3n financiera.<\/p><p>La actividad de Monte Activo de la Fundaci\u00f3n Bancaria Unicaja se centra en la concesi\u00f3n de pr\u00e9stamos con garant\u00eda prendaria (pr\u00e9stamos pignoraticios) de cualquier bien mueble de l\u00edcito comercio (joyas, oro, diamantes, etc.), con la aplicaci\u00f3n de tipos de inter\u00e9s preferenciales. Los pr\u00e9stamos son de duraci\u00f3n anual y admiten renovaciones.<\/p>\t\t\t\t\t\t\t\t<\/div>\n\t\t\t\t<\/div>\n\t\t\t\t<\/div>\n\t\t\t\t\t<\/details>\n\t\t\t\t\t\t<details id=\"e-n-accordion-item-1261\" class=\"e-n-accordion-item\" >\n\t\t\t\t<summary class=\"e-n-accordion-item-title\" data-accordion-index=\"2\" tabindex=\"-1\" aria-expanded=\"false\" aria-controls=\"e-n-accordion-item-1261\" >\n\t\t\t\t\t<span class='e-n-accordion-item-title-header'><div class=\"e-n-accordion-item-title-text\"> Aspectos operativos <\/div><\/span>\n\t\t\t\t\t\t\t<span class='e-n-accordion-item-title-icon'>\n\t\t\t<span class='e-opened' ><i aria-hidden=\"true\" class=\"icon icon-minus\"><\/i><\/span>\n\t\t\t<span class='e-closed'><i aria-hidden=\"true\" class=\"icon icon-plus\"><\/i><\/span>\n\t\t<\/span>\n\n\t\t\t\t\t\t<\/summary>\n\t\t\t\t<div role=\"region\" aria-labelledby=\"e-n-accordion-item-1261\" class=\"elementor-element elementor-element-91335ed e-con-full e-flex e-con e-child\" data-id=\"91335ed\" data-element_type=\"container\" data-e-type=\"container\">\n\t\t\t\t<div class=\"elementor-element elementor-element-1ae0ba7 elementor-widget elementor-widget-text-editor\" data-id=\"1ae0ba7\" data-element_type=\"widget\" data-e-type=\"widget\" data-widget_type=\"text-editor.default\">\n\t\t\t\t<div class=\"elementor-widget-container\">\n\t\t\t\t\t\t\t\t\t<p><strong>Procedimiento<\/strong><\/p><p>El procedimiento para obtener la concesi\u00f3n del pr\u00e9stamo es el siguiente: el cliente acude a la oficina de Monte Activo, donde un tasador recibe los bienes a pignorar para su peritaci\u00f3n. Una vez realizada la misma, se informa al cliente de la cantidad a la que puede ascender el pr\u00e9stamo en base a los bienes presentados. Si el cliente est\u00e1 de acuerdo con la valoraci\u00f3n realizada por la Entidad, se procede a la formalizaci\u00f3n del contrato de pr\u00e9stamo y a su abono inmediato en efectivo.<\/p><p><strong>Plazo de amortizaci\u00f3n<\/strong><\/p><p>El per\u00edodo inicial del contrato de pr\u00e9stamo pignoraticio es de un a\u00f1o y un mes de cortes\u00eda, y una vez cumplido el mismo, si no se ha cancelado ni renovado, se prepara el lote para subasta, circunstancia que se comunica por carta al cliente, para que tenga conocimiento pleno de que puede perder la propiedad del bien.<\/p><p>Se puede renovar, atendiendo el pago \u00fanicamente de los intereses pactados, por lo que el per\u00edodo de vigencia del pr\u00e9stamo puede ampliarse. Una vez cancelado el pr\u00e9stamo, es factible volver a constituir un nuevo pr\u00e9stamo con una nueva tasaci\u00f3n.<\/p><p>Las joyas se guardan en cajas precintadas a tal efecto, que se depositan en la C\u00e1mara Acorazada del Monte, con su n\u00famero de identificaci\u00f3n correspondiente.<\/p><p><strong>Subastas<\/strong><\/p><p>Transcurrido el plazo del pr\u00e9stamo, si no se cancela o renueva, se procede a la subasta p\u00fablica del bien pignorado.<\/p><p>Monte Activo de la Fundaci\u00f3n Bancaria Unicaja participa en el proyecto de subastas \u00abonline\u00bb www.preseasubastas.es. Este proyecto se dedica a la liquidaci\u00f3n de garant\u00edas de pr\u00e9stamos prendarios. Se trata de una aplicaci\u00f3n con pujas online, cien por cien competitivas y que se efect\u00faan en tiempo real.<\/p><p>La diferencia o sobrante que resulta de la cancelaci\u00f3n del pr\u00e9stamo y la cobertura de los gastos de la subasta queda a disposici\u00f3n del titular del mismo.<\/p>\t\t\t\t\t\t\t\t<\/div>\n\t\t\t\t<\/div>\n\t\t\t\t<\/div>\n\t\t\t\t\t<\/details>\n\t\t\t\t\t<\/div>\n\t\t\t\t\t\t<\/div>\n\t\t\t\t<\/div>\n\t\t\t\t<\/div>\n\t\t\t\t<\/div>\n\t\t<div class=\"elementor-element elementor-element-0ff908b e-flex e-con-boxed e-con e-parent\" data-id=\"0ff908b\" data-element_type=\"container\" data-e-type=\"container\">\n\t\t\t\t\t<div class=\"e-con-inner\">\n\t\t<div class=\"elementor-element elementor-element-f24a5c2 e-con-full e-flex elementor-invisible e-con e-child\" data-id=\"f24a5c2\" data-element_type=\"container\" data-e-type=\"container\" data-settings=\"{&quot;animation&quot;:&quot;fadeIn&quot;}\">\n\t\t\t\t<div class=\"elementor-element elementor-element-0a3985e elementor-widget elementor-widget-heading\" data-id=\"0a3985e\" data-element_type=\"widget\" data-e-type=\"widget\" data-widget_type=\"heading.default\">\n\t\t\t\t<div class=\"elementor-widget-container\">\n\t\t\t\t\t<h2 class=\"elementor-heading-title elementor-size-default\">\u00bfQu\u00e9 hacemos?<\/h2>\t\t\t\t<\/div>\n\t\t\t\t<\/div>\n\t\t\t\t<\/div>\n\t\t\t\t\t<\/div>\n\t\t\t\t<\/div>\n\t\t<div class=\"elementor-element elementor-element-3d780bf e-flex e-con-boxed e-con e-parent\" data-id=\"3d780bf\" data-element_type=\"container\" data-e-type=\"container\">\n\t\t\t\t\t<div class=\"e-con-inner\">\n\t\t<div class=\"elementor-element elementor-element-7d42337 e-con-full e-flex e-con e-child\" data-id=\"7d42337\" data-element_type=\"container\" data-e-type=\"container\">\n\t\t<div class=\"elementor-element elementor-element-bc53425 e-con-full e-flex e-con e-child\" data-id=\"bc53425\" data-element_type=\"container\" data-e-type=\"container\" data-settings=\"{&quot;background_background&quot;:&quot;classic&quot;}\">\n\t\t\t\t<div class=\"elementor-element elementor-element-1fc5cac elementor-widget elementor-widget-heading\" data-id=\"1fc5cac\" data-element_type=\"widget\" data-e-type=\"widget\" data-widget_type=\"heading.default\">\n\t\t\t\t<div class=\"elementor-widget-container\">\n\t\t\t\t\t<h2 class=\"elementor-heading-title elementor-size-default\">1. Trae tus joyas<\/h2>\t\t\t\t<\/div>\n\t\t\t\t<\/div>\n\t\t\t\t<div class=\"elementor-element elementor-element-6ec1c3d elementor-widget elementor-widget-text-editor\" data-id=\"6ec1c3d\" data-element_type=\"widget\" data-e-type=\"widget\" data-widget_type=\"text-editor.default\">\n\t\t\t\t<div class=\"elementor-widget-container\">\n\t\t\t\t\t\t\t\t\t<p>En Monte Activo de Fundaci\u00f3n Bancaria Unicaja te ayudamos a activar tu econom\u00eda, d\u00e1ndote dinero al momento con la garant\u00eda de tus joyas.<\/p><p>S\u00f3lo necesitas tener tu DNI en vigor o, en el caso de no tener DNI espa\u00f1ol,\u00a0<span style=\"color: var( --e-global-color-text ); font-family: var( --e-global-typography-b53b730-font-family ), Sans-serif; font-size: var( --e-global-typography-b53b730-font-size ); font-weight: var( --e-global-typography-b53b730-font-weight ); letter-spacing: var( --e-global-typography-b53b730-letter-spacing ); text-transform: var( --e-global-typography-b53b730-text-transform ); background-color: var( --e-global-color-c4dca28 ); text-align: var(--text-align);\">el NIE y la tarjeta de residencia.<\/span><\/p>\t\t\t\t\t\t\t\t<\/div>\n\t\t\t\t<\/div>\n\t\t\t\t<\/div>\n\t\t<div class=\"elementor-element elementor-element-c7fc742 e-con-full e-flex e-con e-child\" data-id=\"c7fc742\" data-element_type=\"container\" data-e-type=\"container\" data-settings=\"{&quot;background_background&quot;:&quot;classic&quot;}\">\n\t\t\t\t<div class=\"elementor-element elementor-element-c4f6d11 elementor-widget elementor-widget-heading\" data-id=\"c4f6d11\" data-element_type=\"widget\" data-e-type=\"widget\" data-widget_type=\"heading.default\">\n\t\t\t\t<div class=\"elementor-widget-container\">\n\t\t\t\t\t<h2 class=\"elementor-heading-title elementor-size-default\">2. Nosotros las tasamos<\/h2>\t\t\t\t<\/div>\n\t\t\t\t<\/div>\n\t\t\t\t<div class=\"elementor-element elementor-element-1e672d6 elementor-widget elementor-widget-text-editor\" data-id=\"1e672d6\" data-element_type=\"widget\" data-e-type=\"widget\" data-widget_type=\"text-editor.default\">\n\t\t\t\t<div class=\"elementor-widget-container\">\n\t\t\t\t\t\t\t\t\t<p>Acude con tus joyas a cualquiera de las oficinas que Monte Activo tiene en M\u00e1laga, Almer\u00eda, C\u00e1diz o Ja\u00e9n.<\/p>\t\t\t\t\t\t\t\t<\/div>\n\t\t\t\t<\/div>\n\t\t\t\t<\/div>\n\t\t\t\t<\/div>\n\t\t<div class=\"elementor-element elementor-element-8ff150a e-con-full e-flex e-con e-child\" data-id=\"8ff150a\" data-element_type=\"container\" data-e-type=\"container\">\n\t\t<div class=\"elementor-element elementor-element-b56ae38 e-con-full e-flex e-con e-child\" data-id=\"b56ae38\" data-element_type=\"container\" data-e-type=\"container\" data-settings=\"{&quot;background_background&quot;:&quot;classic&quot;}\">\n\t\t\t\t<div class=\"elementor-element elementor-element-3d3a340 elementor-widget elementor-widget-heading\" data-id=\"3d3a340\" data-element_type=\"widget\" data-e-type=\"widget\" data-widget_type=\"heading.default\">\n\t\t\t\t<div class=\"elementor-widget-container\">\n\t\t\t\t\t<h2 class=\"elementor-heading-title elementor-size-default\">3. Dinero al momento<\/h2>\t\t\t\t<\/div>\n\t\t\t\t<\/div>\n\t\t\t\t<div class=\"elementor-element elementor-element-bbde606 elementor-widget elementor-widget-text-editor\" data-id=\"bbde606\" data-element_type=\"widget\" data-e-type=\"widget\" data-widget_type=\"text-editor.default\">\n\t\t\t\t<div class=\"elementor-widget-container\">\n\t\t\t\t\t\t\t\t\t<p>Nuestros gem\u00f3logos y tasadores har\u00e1n una valoraci\u00f3n profesional de tus piezas, teniendo en cuenta la cotizaci\u00f3n del oro y de los diamantes.<\/p>\t\t\t\t\t\t\t\t<\/div>\n\t\t\t\t<\/div>\n\t\t\t\t<\/div>\n\t\t<div class=\"elementor-element elementor-element-48ae3f9 e-con-full e-flex e-con e-child\" data-id=\"48ae3f9\" data-element_type=\"container\" data-e-type=\"container\" data-settings=\"{&quot;background_background&quot;:&quot;classic&quot;}\">\n\t\t\t\t<div class=\"elementor-element elementor-element-a7172ea elementor-widget elementor-widget-heading\" data-id=\"a7172ea\" data-element_type=\"widget\" data-e-type=\"widget\" data-widget_type=\"heading.default\">\n\t\t\t\t<div class=\"elementor-widget-container\">\n\t\t\t\t\t<h2 class=\"elementor-heading-title elementor-size-default\">4. Recupera tus joyas<\/h2>\t\t\t\t<\/div>\n\t\t\t\t<\/div>\n\t\t\t\t<div class=\"elementor-element elementor-element-689a530 elementor-widget elementor-widget-text-editor\" data-id=\"689a530\" data-element_type=\"widget\" data-e-type=\"widget\" data-widget_type=\"text-editor.default\">\n\t\t\t\t<div class=\"elementor-widget-container\">\n\t\t\t\t\t\t\t\t\t<p>S\u00f3lo necesitas tener tu DNI en vigor o, en el caso de no tener DNI espa\u00f1ol, el NIE y la tarjeta de residencia.<\/p>\t\t\t\t\t\t\t\t<\/div>\n\t\t\t\t<\/div>\n\t\t\t\t<\/div>\n\t\t\t\t<\/div>\n\t\t<div class=\"elementor-element elementor-element-18d9eec e-con-full e-flex e-con e-child\" data-id=\"18d9eec\" data-element_type=\"container\" data-e-type=\"container\">\n\t\t<div class=\"elementor-element elementor-element-f6f24ce e-con-full e-flex e-con e-child\" data-id=\"f6f24ce\" data-element_type=\"container\" data-e-type=\"container\" data-settings=\"{&quot;background_background&quot;:&quot;classic&quot;}\">\n\t\t\t\t<div class=\"elementor-element elementor-element-f6ae26f elementor-widget elementor-widget-text-editor\" data-id=\"f6ae26f\" data-element_type=\"widget\" data-e-type=\"widget\" data-widget_type=\"text-editor.default\">\n\t\t\t\t<div class=\"elementor-widget-container\">\n\t\t\t\t\t\t\t\t\t<p>Tus joyas quedar\u00e1n custodiadas en Monte Activo hasta que desees recuperarlas. Si no pudieras hacer frente a su liquidaci\u00f3n, al transcurrir doce meses podr\u00e1s renovar el contrato, pagando s\u00f3lo los intereses generados.<\/p>\t\t\t\t\t\t\t\t<\/div>\n\t\t\t\t<\/div>\n\t\t\t\t<\/div>\n\t\t\t\t<\/div>\n\t\t\t\t\t<\/div>\n\t\t\t\t<\/div>\n\t\t<div class=\"elementor-element elementor-element-d03dc5a e-con-full e-flex e-con e-parent\" data-id=\"d03dc5a\" data-element_type=\"container\" data-e-type=\"container\">\n\t\t<div class=\"elementor-element elementor-element-1c47b9c e-con-full e-flex elementor-invisible e-con e-child\" data-id=\"1c47b9c\" data-element_type=\"container\" data-e-type=\"container\" data-settings=\"{&quot;animation&quot;:&quot;fadeIn&quot;}\">\n\t\t\t\t<div class=\"elementor-element elementor-element-4544b31 elementor-widget elementor-widget-heading\" data-id=\"4544b31\" data-element_type=\"widget\" data-e-type=\"widget\" data-widget_type=\"heading.default\">\n\t\t\t\t<div class=\"elementor-widget-container\">\n\t\t\t\t\t<h2 class=\"elementor-heading-title elementor-size-default\">\u00bfD\u00f3nde estamos?<\/h2>\t\t\t\t<\/div>\n\t\t\t\t<\/div>\n\t\t\t\t<\/div>\n\t\t\t\t<\/div>\n\t\t<div class=\"elementor-element elementor-element-fa3f8d4 e-flex e-con-boxed e-con e-parent\" data-id=\"fa3f8d4\" data-element_type=\"container\" data-e-type=\"container\">\n\t\t\t\t\t<div class=\"e-con-inner\">\n\t\t<div class=\"elementor-element elementor-element-459ee7f e-con-full e-flex e-con e-child\" data-id=\"459ee7f\" data-element_type=\"container\" data-e-type=\"container\">\n\t\t\t\t<div class=\"elementor-element elementor-element-c9ecb65 elementor-widget elementor-widget-image\" data-id=\"c9ecb65\" data-element_type=\"widget\" data-e-type=\"widget\" data-widget_type=\"image.default\">\n\t\t\t\t<div class=\"elementor-widget-container\">\n\t\t\t\t\t\t\t\t\t\t\t\t\t\t\t<img fetchpriority=\"high\" decoding=\"async\" width=\"800\" height=\"600\" src=\"https:\/\/www.fundacionunicaja.com\/monte-activo\/wp-content\/uploads\/sites\/25\/2024\/12\/MALAGA-2024-FACHADA-01-1024x768.jpg\" class=\"attachment-large size-large wp-image-612\" alt=\"\" srcset=\"https:\/\/www.fundacionunicaja.com\/monte-activo\/wp-content\/uploads\/sites\/25\/2024\/12\/MALAGA-2024-FACHADA-01-1024x768.jpg 1024w, https:\/\/www.fundacionunicaja.com\/monte-activo\/wp-content\/uploads\/sites\/25\/2024\/12\/MALAGA-2024-FACHADA-01-300x225.jpg 300w, https:\/\/www.fundacionunicaja.com\/monte-activo\/wp-content\/uploads\/sites\/25\/2024\/12\/MALAGA-2024-FACHADA-01-768x576.jpg 768w, https:\/\/www.fundacionunicaja.com\/monte-activo\/wp-content\/uploads\/sites\/25\/2024\/12\/MALAGA-2024-FACHADA-01-1536x1152.jpg 1536w, https:\/\/www.fundacionunicaja.com\/monte-activo\/wp-content\/uploads\/sites\/25\/2024\/12\/MALAGA-2024-FACHADA-01.jpg 1920w\" sizes=\"(max-width: 800px) 100vw, 800px\" \/>\t\t\t\t\t\t\t\t\t\t\t\t\t\t\t<\/div>\n\t\t\t\t<\/div>\n\t\t<div class=\"elementor-element elementor-element-2b991a8 e-con-full e-flex e-con e-child\" data-id=\"2b991a8\" data-element_type=\"container\" data-e-type=\"container\">\n\t\t<div class=\"elementor-element elementor-element-24d4627 e-con-full e-flex e-con e-child\" data-id=\"24d4627\" data-element_type=\"container\" data-e-type=\"container\">\n\t\t\t\t<div class=\"elementor-element elementor-element-739c6cb elementor-widget elementor-widget-heading\" data-id=\"739c6cb\" data-element_type=\"widget\" data-e-type=\"widget\" data-widget_type=\"heading.default\">\n\t\t\t\t<div class=\"elementor-widget-container\">\n\t\t\t\t\t<h2 class=\"elementor-heading-title elementor-size-default\">M\u00e1laga<\/h2>\t\t\t\t<\/div>\n\t\t\t\t<\/div>\n\t\t\t\t<div class=\"elementor-element elementor-element-7082aca elementor-align-left elementor-mobile-align-justify BotonesFlechaInclinada elementor-widget elementor-widget-button\" data-id=\"7082aca\" data-element_type=\"widget\" data-e-type=\"widget\" data-widget_type=\"button.default\">\n\t\t\t\t<div class=\"elementor-widget-container\">\n\t\t\t\t\t\t\t\t\t<div class=\"elementor-button-wrapper\">\n\t\t\t\t\t<a class=\"elementor-button elementor-button-link elementor-size-xs\" href=\"https:\/\/maps.app.goo.gl\/SN7gpVP6YGtYpXvX7\" target=\"_blank\">\n\t\t\t\t\t\t<span class=\"elementor-button-content-wrapper\">\n\t\t\t\t\t\t<span class=\"elementor-button-icon\">\n\t\t\t\t<i aria-hidden=\"true\" class=\"icon icon-right-arrow\"><\/i>\t\t\t<\/span>\n\t\t\t\t\t\t\t\t\t<span class=\"elementor-button-text\">Google Maps<\/span>\n\t\t\t\t\t<\/span>\n\t\t\t\t\t<\/a>\n\t\t\t\t<\/div>\n\t\t\t\t\t\t\t\t<\/div>\n\t\t\t\t<\/div>\n\t\t\t\t<\/div>\n\t\t<div class=\"elementor-element elementor-element-eec7cdd e-con-full e-flex e-con e-child\" data-id=\"eec7cdd\" data-element_type=\"container\" data-e-type=\"container\">\n\t\t\t\t<div class=\"elementor-element elementor-element-a4a0101 elementor-widget elementor-widget-text-editor\" data-id=\"a4a0101\" data-element_type=\"widget\" data-e-type=\"widget\" data-widget_type=\"text-editor.default\">\n\t\t\t\t<div class=\"elementor-widget-container\">\n\t\t\t\t\t\t\t\t\t952 22 44 95<\/br><span style=\"color: var( --e-global-color-text ); text-align: var(--text-align); background-color: var( --e-global-color-e54bf17 );\">monteactivomalaga@fundacionunicaja.com<\/span>\t\t\t\t\t\t\t\t<\/div>\n\t\t\t\t<\/div>\n\t\t\t\t<div class=\"elementor-element elementor-element-bb44aa1 elementor-widget elementor-widget-text-editor\" data-id=\"bb44aa1\" data-element_type=\"widget\" data-e-type=\"widget\" data-widget_type=\"text-editor.default\">\n\t\t\t\t<div class=\"elementor-widget-container\">\n\t\t\t\t\t\t\t\t\t<p>C\/ Molina Lario n\u00b0 24. 29015 M\u00e1laga<br \/>De lunes a viernes: 8:15h &#8211; 14:15h<br \/>Jueves tarde: 16:15h &#8211; 18:30h Octubre &#8211; Abril)<\/p>\t\t\t\t\t\t\t\t<\/div>\n\t\t\t\t<\/div>\n\t\t\t\t<\/div>\n\t\t\t\t<\/div>\n\t\t\t\t<\/div>\n\t\t<div class=\"elementor-element elementor-element-9076a11 e-con-full e-flex e-con e-child\" data-id=\"9076a11\" data-element_type=\"container\" data-e-type=\"container\">\n\t\t\t\t<div class=\"elementor-element elementor-element-cc7b64c elementor-widget elementor-widget-image\" data-id=\"cc7b64c\" data-element_type=\"widget\" data-e-type=\"widget\" data-widget_type=\"image.default\">\n\t\t\t\t<div class=\"elementor-widget-container\">\n\t\t\t\t\t\t\t\t\t\t\t\t\t\t\t<img decoding=\"async\" width=\"800\" height=\"600\" src=\"https:\/\/www.fundacionunicaja.com\/monte-activo\/wp-content\/uploads\/sites\/25\/2024\/12\/ALMERIA-2024-FACHADA-01-1024x768.jpg\" class=\"attachment-large size-large wp-image-608\" alt=\"\" srcset=\"https:\/\/www.fundacionunicaja.com\/monte-activo\/wp-content\/uploads\/sites\/25\/2024\/12\/ALMERIA-2024-FACHADA-01-1024x768.jpg 1024w, https:\/\/www.fundacionunicaja.com\/monte-activo\/wp-content\/uploads\/sites\/25\/2024\/12\/ALMERIA-2024-FACHADA-01-300x225.jpg 300w, https:\/\/www.fundacionunicaja.com\/monte-activo\/wp-content\/uploads\/sites\/25\/2024\/12\/ALMERIA-2024-FACHADA-01-768x576.jpg 768w, https:\/\/www.fundacionunicaja.com\/monte-activo\/wp-content\/uploads\/sites\/25\/2024\/12\/ALMERIA-2024-FACHADA-01-1536x1152.jpg 1536w, https:\/\/www.fundacionunicaja.com\/monte-activo\/wp-content\/uploads\/sites\/25\/2024\/12\/ALMERIA-2024-FACHADA-01.jpg 1920w\" sizes=\"(max-width: 800px) 100vw, 800px\" \/>\t\t\t\t\t\t\t\t\t\t\t\t\t\t\t<\/div>\n\t\t\t\t<\/div>\n\t\t<div class=\"elementor-element elementor-element-5591501 e-con-full e-flex e-con e-child\" data-id=\"5591501\" data-element_type=\"container\" data-e-type=\"container\">\n\t\t<div class=\"elementor-element elementor-element-3acabd4 e-con-full e-flex e-con e-child\" data-id=\"3acabd4\" data-element_type=\"container\" data-e-type=\"container\">\n\t\t\t\t<div class=\"elementor-element elementor-element-479b0e5 elementor-widget elementor-widget-heading\" data-id=\"479b0e5\" data-element_type=\"widget\" data-e-type=\"widget\" data-widget_type=\"heading.default\">\n\t\t\t\t<div class=\"elementor-widget-container\">\n\t\t\t\t\t<h2 class=\"elementor-heading-title elementor-size-default\">Almer\u00eda<\/h2>\t\t\t\t<\/div>\n\t\t\t\t<\/div>\n\t\t\t\t<div class=\"elementor-element elementor-element-7d4c560 elementor-align-left elementor-mobile-align-justify BotonesFlechaInclinada elementor-widget elementor-widget-button\" data-id=\"7d4c560\" data-element_type=\"widget\" data-e-type=\"widget\" data-widget_type=\"button.default\">\n\t\t\t\t<div class=\"elementor-widget-container\">\n\t\t\t\t\t\t\t\t\t<div class=\"elementor-button-wrapper\">\n\t\t\t\t\t<a class=\"elementor-button elementor-button-link elementor-size-xs\" href=\"https:\/\/maps.app.goo.gl\/8fp4u4g3f7wftdXc8\" target=\"_blank\">\n\t\t\t\t\t\t<span class=\"elementor-button-content-wrapper\">\n\t\t\t\t\t\t<span class=\"elementor-button-icon\">\n\t\t\t\t<i aria-hidden=\"true\" class=\"icon icon-right-arrow\"><\/i>\t\t\t<\/span>\n\t\t\t\t\t\t\t\t\t<span class=\"elementor-button-text\">Google Maps<\/span>\n\t\t\t\t\t<\/span>\n\t\t\t\t\t<\/a>\n\t\t\t\t<\/div>\n\t\t\t\t\t\t\t\t<\/div>\n\t\t\t\t<\/div>\n\t\t\t\t<\/div>\n\t\t<div class=\"elementor-element elementor-element-e5bc89b e-con-full e-flex e-con e-child\" data-id=\"e5bc89b\" data-element_type=\"container\" data-e-type=\"container\">\n\t\t\t\t<div class=\"elementor-element elementor-element-9f052a0 elementor-widget elementor-widget-text-editor\" data-id=\"9f052a0\" data-element_type=\"widget\" data-e-type=\"widget\" data-widget_type=\"text-editor.default\">\n\t\t\t\t<div class=\"elementor-widget-container\">\n\t\t\t\t\t\t\t\t\t<p>950 23 65 78<br \/>monteactivoalmeria@fundacionunicaja.com<\/p>\t\t\t\t\t\t\t\t<\/div>\n\t\t\t\t<\/div>\n\t\t\t\t<div class=\"elementor-element elementor-element-4cd83c6 elementor-widget elementor-widget-text-editor\" data-id=\"4cd83c6\" data-element_type=\"widget\" data-e-type=\"widget\" data-widget_type=\"text-editor.default\">\n\t\t\t\t<div class=\"elementor-widget-container\">\n\t\t\t\t\t\t\t\t\t<p>Plaza del Monte n\u00b0 26 04003 Almer\u00eda<br \/>De lunes a viernes: 8:15h &#8211; 14:15h<br \/>Jueves tarde: 16:15h &#8211; 18:30h Octubre &#8211; Abril)<\/p>\t\t\t\t\t\t\t\t<\/div>\n\t\t\t\t<\/div>\n\t\t\t\t<\/div>\n\t\t\t\t<\/div>\n\t\t\t\t<\/div>\n\t\t\t\t\t<\/div>\n\t\t\t\t<\/div>\n\t\t<div class=\"elementor-element elementor-element-76f3849 e-flex e-con-boxed e-con e-parent\" data-id=\"76f3849\" data-element_type=\"container\" data-e-type=\"container\">\n\t\t\t\t\t<div class=\"e-con-inner\">\n\t\t<div class=\"elementor-element elementor-element-0b08afc e-con-full e-flex e-con e-child\" data-id=\"0b08afc\" data-element_type=\"container\" data-e-type=\"container\">\n\t\t\t\t<div class=\"elementor-element elementor-element-4963aa6 elementor-widget elementor-widget-image\" data-id=\"4963aa6\" data-element_type=\"widget\" data-e-type=\"widget\" data-widget_type=\"image.default\">\n\t\t\t\t<div class=\"elementor-widget-container\">\n\t\t\t\t\t\t\t\t\t\t\t\t\t\t\t<img decoding=\"async\" width=\"800\" height=\"600\" src=\"https:\/\/www.fundacionunicaja.com\/monte-activo\/wp-content\/uploads\/sites\/25\/2024\/12\/CADIZ-2024-FACHADA-2-1024x768.jpg\" class=\"attachment-large size-large wp-image-616\" alt=\"\" srcset=\"https:\/\/www.fundacionunicaja.com\/monte-activo\/wp-content\/uploads\/sites\/25\/2024\/12\/CADIZ-2024-FACHADA-2-1024x768.jpg 1024w, https:\/\/www.fundacionunicaja.com\/monte-activo\/wp-content\/uploads\/sites\/25\/2024\/12\/CADIZ-2024-FACHADA-2-300x225.jpg 300w, https:\/\/www.fundacionunicaja.com\/monte-activo\/wp-content\/uploads\/sites\/25\/2024\/12\/CADIZ-2024-FACHADA-2-768x576.jpg 768w, https:\/\/www.fundacionunicaja.com\/monte-activo\/wp-content\/uploads\/sites\/25\/2024\/12\/CADIZ-2024-FACHADA-2-1536x1152.jpg 1536w, https:\/\/www.fundacionunicaja.com\/monte-activo\/wp-content\/uploads\/sites\/25\/2024\/12\/CADIZ-2024-FACHADA-2.jpg 1600w\" sizes=\"(max-width: 800px) 100vw, 800px\" \/>\t\t\t\t\t\t\t\t\t\t\t\t\t\t\t<\/div>\n\t\t\t\t<\/div>\n\t\t<div class=\"elementor-element elementor-element-8f023d9 e-con-full e-flex e-con e-child\" data-id=\"8f023d9\" data-element_type=\"container\" data-e-type=\"container\">\n\t\t<div class=\"elementor-element elementor-element-1efc2db e-con-full e-flex e-con e-child\" data-id=\"1efc2db\" data-element_type=\"container\" data-e-type=\"container\">\n\t\t\t\t<div class=\"elementor-element elementor-element-6bb4e9f elementor-widget elementor-widget-heading\" data-id=\"6bb4e9f\" data-element_type=\"widget\" data-e-type=\"widget\" data-widget_type=\"heading.default\">\n\t\t\t\t<div class=\"elementor-widget-container\">\n\t\t\t\t\t<h2 class=\"elementor-heading-title elementor-size-default\">C\u00e1diz<\/h2>\t\t\t\t<\/div>\n\t\t\t\t<\/div>\n\t\t\t\t<div class=\"elementor-element elementor-element-cb0bf57 elementor-align-left elementor-mobile-align-justify BotonesFlechaInclinada elementor-widget elementor-widget-button\" data-id=\"cb0bf57\" data-element_type=\"widget\" data-e-type=\"widget\" data-widget_type=\"button.default\">\n\t\t\t\t<div class=\"elementor-widget-container\">\n\t\t\t\t\t\t\t\t\t<div class=\"elementor-button-wrapper\">\n\t\t\t\t\t<a class=\"elementor-button elementor-button-link elementor-size-xs\" href=\"https:\/\/maps.app.goo.gl\/7QE8nTMoCbnPNCM99\" target=\"_blank\">\n\t\t\t\t\t\t<span class=\"elementor-button-content-wrapper\">\n\t\t\t\t\t\t<span class=\"elementor-button-icon\">\n\t\t\t\t<i aria-hidden=\"true\" class=\"icon icon-right-arrow\"><\/i>\t\t\t<\/span>\n\t\t\t\t\t\t\t\t\t<span class=\"elementor-button-text\">Google Maps<\/span>\n\t\t\t\t\t<\/span>\n\t\t\t\t\t<\/a>\n\t\t\t\t<\/div>\n\t\t\t\t\t\t\t\t<\/div>\n\t\t\t\t<\/div>\n\t\t\t\t<\/div>\n\t\t<div class=\"elementor-element elementor-element-7b1931b e-con-full e-flex e-con e-child\" data-id=\"7b1931b\" data-element_type=\"container\" data-e-type=\"container\">\n\t\t\t\t<div class=\"elementor-element elementor-element-27de3b2 elementor-widget elementor-widget-text-editor\" data-id=\"27de3b2\" data-element_type=\"widget\" data-e-type=\"widget\" data-widget_type=\"text-editor.default\">\n\t\t\t\t<div class=\"elementor-widget-container\">\n\t\t\t\t\t\t\t\t\t956 25 03 44<\/br>monteactivocadiz@fundacionunicaja.com\t\t\t\t\t\t\t\t<\/div>\n\t\t\t\t<\/div>\n\t\t\t\t<div class=\"elementor-element elementor-element-919e859 elementor-widget elementor-widget-text-editor\" data-id=\"919e859\" data-element_type=\"widget\" data-e-type=\"widget\" data-widget_type=\"text-editor.default\">\n\t\t\t\t<div class=\"elementor-widget-container\">\n\t\t\t\t\t\t\t\t\t<p>C\/ Jes\u00fas de la Paz n\u00b0 2 11009 C\u00e1diz<br \/>De lunes a viernes: 8:15h &#8211; 14:15h<br \/>Jueves tarde: 16:15h &#8211; 18:30h Octubre &#8211; Abril)<\/p>\t\t\t\t\t\t\t\t<\/div>\n\t\t\t\t<\/div>\n\t\t\t\t<\/div>\n\t\t\t\t<\/div>\n\t\t\t\t<\/div>\n\t\t<div class=\"elementor-element elementor-element-5d769fd e-con-full e-flex e-con e-child\" data-id=\"5d769fd\" data-element_type=\"container\" data-e-type=\"container\">\n\t\t\t\t<div class=\"elementor-element elementor-element-56783f3 elementor-widget elementor-widget-image\" data-id=\"56783f3\" data-element_type=\"widget\" data-e-type=\"widget\" data-widget_type=\"image.default\">\n\t\t\t\t<div class=\"elementor-widget-container\">\n\t\t\t\t\t\t\t\t\t\t\t\t\t\t\t<img loading=\"lazy\" decoding=\"async\" width=\"800\" height=\"600\" src=\"https:\/\/www.fundacionunicaja.com\/monte-activo\/wp-content\/uploads\/sites\/25\/2024\/12\/JAEN-2024-FACHADA-1024x768.jpg\" class=\"attachment-large size-large wp-image-611\" alt=\"\" srcset=\"https:\/\/www.fundacionunicaja.com\/monte-activo\/wp-content\/uploads\/sites\/25\/2024\/12\/JAEN-2024-FACHADA-1024x768.jpg 1024w, https:\/\/www.fundacionunicaja.com\/monte-activo\/wp-content\/uploads\/sites\/25\/2024\/12\/JAEN-2024-FACHADA-300x225.jpg 300w, https:\/\/www.fundacionunicaja.com\/monte-activo\/wp-content\/uploads\/sites\/25\/2024\/12\/JAEN-2024-FACHADA-768x576.jpg 768w, https:\/\/www.fundacionunicaja.com\/monte-activo\/wp-content\/uploads\/sites\/25\/2024\/12\/JAEN-2024-FACHADA-1536x1152.jpg 1536w, https:\/\/www.fundacionunicaja.com\/monte-activo\/wp-content\/uploads\/sites\/25\/2024\/12\/JAEN-2024-FACHADA.jpg 1600w\" sizes=\"(max-width: 800px) 100vw, 800px\" \/>\t\t\t\t\t\t\t\t\t\t\t\t\t\t\t<\/div>\n\t\t\t\t<\/div>\n\t\t<div class=\"elementor-element elementor-element-ce63c78 e-con-full e-flex e-con e-child\" data-id=\"ce63c78\" data-element_type=\"container\" data-e-type=\"container\">\n\t\t<div class=\"elementor-element elementor-element-67974df e-con-full e-flex e-con e-child\" data-id=\"67974df\" data-element_type=\"container\" data-e-type=\"container\">\n\t\t\t\t<div class=\"elementor-element elementor-element-36e9c93 elementor-widget elementor-widget-heading\" data-id=\"36e9c93\" data-element_type=\"widget\" data-e-type=\"widget\" data-widget_type=\"heading.default\">\n\t\t\t\t<div class=\"elementor-widget-container\">\n\t\t\t\t\t<h2 class=\"elementor-heading-title elementor-size-default\">Ja\u00e9n<\/h2>\t\t\t\t<\/div>\n\t\t\t\t<\/div>\n\t\t\t\t<div class=\"elementor-element elementor-element-e9e1677 elementor-align-left elementor-mobile-align-justify BotonesFlechaInclinada elementor-widget elementor-widget-button\" data-id=\"e9e1677\" data-element_type=\"widget\" data-e-type=\"widget\" data-widget_type=\"button.default\">\n\t\t\t\t<div class=\"elementor-widget-container\">\n\t\t\t\t\t\t\t\t\t<div class=\"elementor-button-wrapper\">\n\t\t\t\t\t<a class=\"elementor-button elementor-button-link elementor-size-xs\" href=\"https:\/\/maps.app.goo.gl\/P7Wrv2pcNLTFR7ax9\" target=\"_blank\">\n\t\t\t\t\t\t<span class=\"elementor-button-content-wrapper\">\n\t\t\t\t\t\t<span class=\"elementor-button-icon\">\n\t\t\t\t<i aria-hidden=\"true\" class=\"icon icon-right-arrow\"><\/i>\t\t\t<\/span>\n\t\t\t\t\t\t\t\t\t<span class=\"elementor-button-text\">Google Maps<\/span>\n\t\t\t\t\t<\/span>\n\t\t\t\t\t<\/a>\n\t\t\t\t<\/div>\n\t\t\t\t\t\t\t\t<\/div>\n\t\t\t\t<\/div>\n\t\t\t\t<\/div>\n\t\t<div class=\"elementor-element elementor-element-26774df e-con-full e-flex e-con e-child\" data-id=\"26774df\" data-element_type=\"container\" data-e-type=\"container\">\n\t\t\t\t<div class=\"elementor-element elementor-element-1ff2f3a elementor-widget elementor-widget-text-editor\" data-id=\"1ff2f3a\" data-element_type=\"widget\" data-e-type=\"widget\" data-widget_type=\"text-editor.default\">\n\t\t\t\t<div class=\"elementor-widget-container\">\n\t\t\t\t\t\t\t\t\t953 30 34 02<\/br>monteactivojaen@fundacionunicaja.com\t\t\t\t\t\t\t\t<\/div>\n\t\t\t\t<\/div>\n\t\t\t\t<div class=\"elementor-element elementor-element-da5eebc elementor-widget elementor-widget-text-editor\" data-id=\"da5eebc\" data-element_type=\"widget\" data-e-type=\"widget\" data-widget_type=\"text-editor.default\">\n\t\t\t\t<div class=\"elementor-widget-container\">\n\t\t\t\t\t\t\t\t\t<p>C\/ Ejido de la Alcantarilla n\u00b0 16 23002 Ja\u00e9n<br \/>De lunes a viernes: 8:15h &#8211; 14:15h<br \/>Jueves tarde: 16:15h &#8211; 18:30h Octubre &#8211; Abril)<\/p>\t\t\t\t\t\t\t\t<\/div>\n\t\t\t\t<\/div>\n\t\t\t\t<\/div>\n\t\t\t\t<\/div>\n\t\t\t\t<\/div>\n\t\t\t\t\t<\/div>\n\t\t\t\t<\/div>\n\t\t\t\t<\/div>\n\t\t","protected":false},"excerpt":{"rendered":"<p>Monte Activo Accede al \u00c1rea Privada Accede aqui Conoce el nuevo Portal de Clientes de Monte Activo Consulta y gestiona tus operaciones de forma f\u00e1cil y segura.\u00a0 Renueva tus pr\u00e9stamos sin comisi\u00f3n por renovaci\u00f3n por tiempo limitado. Accede aqui Monte Activo es una marca de la Fundaci\u00f3n Unicaja que moderniza los tradicionales Montes de Piedad, [&hellip;]<\/p>\n","protected":false},"author":11,"featured_media":0,"parent":0,"menu_order":0,"comment_status":"closed","ping_status":"open","template":"","meta":{"_acf_changed":false,"footnotes":""},"class_list":["post-2","page","type-page","status-publish","hentry"],"acf":[],"_links":{"self":[{"href":"https:\/\/www.fundacionunicaja.com\/monte-activo\/wp-json\/wp\/v2\/pages\/2","targetHints":{"allow":["GET"]}}],"collection":[{"href":"https:\/\/www.fundacionunicaja.com\/monte-activo\/wp-json\/wp\/v2\/pages"}],"about":[{"href":"https:\/\/www.fundacionunicaja.com\/monte-activo\/wp-json\/wp\/v2\/types\/page"}],"author":[{"embeddable":true,"href":"https:\/\/www.fundacionunicaja.com\/monte-activo\/wp-json\/wp\/v2\/users\/11"}],"replies":[{"embeddable":true,"href":"https:\/\/www.fundacionunicaja.com\/monte-activo\/wp-json\/wp\/v2\/comments?post=2"}],"version-history":[{"count":226,"href":"https:\/\/www.fundacionunicaja.com\/monte-activo\/wp-json\/wp\/v2\/pages\/2\/revisions"}],"predecessor-version":[{"id":691,"href":"https:\/\/www.fundacionunicaja.com\/monte-activo\/wp-json\/wp\/v2\/pages\/2\/revisions\/691"}],"wp:attachment":[{"href":"https:\/\/www.fundacionunicaja.com\/monte-activo\/wp-json\/wp\/v2\/media?parent=2"}],"curies":[{"name":"wp","href":"https:\/\/api.w.org\/{rel}","templated":true}]}}