{"id":78,"date":"2024-10-25T19:09:05","date_gmt":"2024-10-25T17:09:05","guid":{"rendered":"https:\/\/www.fundacionunicaja.com\/saagradafamilia\/centro\/"},"modified":"2024-12-04T18:10:57","modified_gmt":"2024-12-04T17:10:57","slug":"centro","status":"publish","type":"page","link":"https:\/\/www.fundacionunicaja.com\/colegio-fundacion-unicaja-sagrada-familia\/centro\/","title":{"rendered":"Centro"},"content":{"rendered":"\t\t<div data-elementor-type=\"wp-page\" data-elementor-id=\"78\" class=\"elementor elementor-78\" data-elementor-post-type=\"page\">\n\t\t\t\t<div class=\"elementor-element elementor-element-4e77810a e-flex e-con-boxed e-con e-parent\" data-id=\"4e77810a\" data-element_type=\"container\" data-e-type=\"container\">\n\t\t\t\t\t<div class=\"e-con-inner\">\n\t\t\t\t<div class=\"elementor-element elementor-element-3ddc8ca8 elementor-widget elementor-widget-template\" data-id=\"3ddc8ca8\" data-element_type=\"widget\" data-e-type=\"widget\" data-widget_type=\"template.default\">\n\t\t\t\t<div class=\"elementor-widget-container\">\n\t\t\t\t\t\t\t<div class=\"elementor-template\">\n\t\t\t\t\t<div data-elementor-type=\"container\" data-elementor-id=\"32\" class=\"elementor elementor-32\" data-elementor-post-type=\"elementor_library\">\n\t\t\t\t<div class=\"elementor-element elementor-element-3df8de3 e-flex e-con-boxed e-con e-parent\" data-id=\"3df8de3\" data-element_type=\"container\" data-e-type=\"container\" data-settings=\"{&quot;background_background&quot;:&quot;slideshow&quot;,&quot;background_slideshow_gallery&quot;:[{&quot;id&quot;:&quot;37&quot;,&quot;url&quot;:&quot;https:\\\/\\\/www.fundacionunicaja.com\\\/colegio-fundacion-unicaja-sagrada-familia\\\/wp-content\\\/uploads\\\/sites\\\/13\\\/2024\\\/10\\\/IMG_7853-scaled-1.jpg&quot;},{&quot;id&quot;:&quot;40&quot;,&quot;url&quot;:&quot;https:\\\/\\\/www.fundacionunicaja.com\\\/colegio-fundacion-unicaja-sagrada-familia\\\/wp-content\\\/uploads\\\/sites\\\/13\\\/2024\\\/10\\\/IMG_1808-scaled-1.jpg&quot;},{&quot;id&quot;:&quot;990&quot;,&quot;url&quot;:&quot;https:\\\/\\\/www.fundacionunicaja.com\\\/colegio-fundacion-unicaja-sagrada-familia\\\/wp-content\\\/uploads\\\/sites\\\/13\\\/2026\\\/01\\\/DSCF4131-scaled.jpg&quot;},{&quot;id&quot;:&quot;36&quot;,&quot;url&quot;:&quot;https:\\\/\\\/www.fundacionunicaja.com\\\/colegio-fundacion-unicaja-sagrada-familia\\\/wp-content\\\/uploads\\\/sites\\\/13\\\/2024\\\/10\\\/IMG_7932-scaled-1.jpg&quot;},{&quot;id&quot;:&quot;38&quot;,&quot;url&quot;:&quot;https:\\\/\\\/www.fundacionunicaja.com\\\/colegio-fundacion-unicaja-sagrada-familia\\\/wp-content\\\/uploads\\\/sites\\\/13\\\/2024\\\/10\\\/IMG_7844-scaled-1.jpg&quot;},{&quot;id&quot;:&quot;39&quot;,&quot;url&quot;:&quot;https:\\\/\\\/www.fundacionunicaja.com\\\/colegio-fundacion-unicaja-sagrada-familia\\\/wp-content\\\/uploads\\\/sites\\\/13\\\/2024\\\/10\\\/IMG_6944-scaled-1.jpg&quot;},{&quot;id&quot;:&quot;41&quot;,&quot;url&quot;:&quot;https:\\\/\\\/www.fundacionunicaja.com\\\/colegio-fundacion-unicaja-sagrada-familia\\\/wp-content\\\/uploads\\\/sites\\\/13\\\/2024\\\/10\\\/IMG_1805-scaled-1.jpg&quot;},{&quot;id&quot;:&quot;43&quot;,&quot;url&quot;:&quot;https:\\\/\\\/www.fundacionunicaja.com\\\/colegio-fundacion-unicaja-sagrada-familia\\\/wp-content\\\/uploads\\\/sites\\\/13\\\/2024\\\/10\\\/IMG_0248-scaled-1.jpg&quot;},{&quot;id&quot;:&quot;44&quot;,&quot;url&quot;:&quot;https:\\\/\\\/www.fundacionunicaja.com\\\/colegio-fundacion-unicaja-sagrada-familia\\\/wp-content\\\/uploads\\\/sites\\\/13\\\/2024\\\/10\\\/20240419_090403-scaled-1.jpg&quot;},{&quot;id&quot;:&quot;35&quot;,&quot;url&quot;:&quot;https:\\\/\\\/www.fundacionunicaja.com\\\/colegio-fundacion-unicaja-sagrada-familia\\\/wp-content\\\/uploads\\\/sites\\\/13\\\/2024\\\/10\\\/IMG_20221125_111839-scaled-1.jpg&quot;},{&quot;id&quot;:&quot;185&quot;,&quot;url&quot;:&quot;https:\\\/\\\/www.fundacionunicaja.com\\\/colegio-fundacion-unicaja-sagrada-familia\\\/wp-content\\\/uploads\\\/sites\\\/13\\\/2024\\\/10\\\/20190222_103532-min-scaled-1.webp&quot;},{&quot;id&quot;:&quot;211&quot;,&quot;url&quot;:&quot;https:\\\/\\\/www.fundacionunicaja.com\\\/colegio-fundacion-unicaja-sagrada-familia\\\/wp-content\\\/uploads\\\/sites\\\/13\\\/2024\\\/10\\\/IMG_3853-scaled-1.webp&quot;}],&quot;background_slideshow_slide_duration&quot;:&quot;3000&quot;,&quot;background_slideshow_loop&quot;:&quot;yes&quot;,&quot;background_slideshow_slide_transition&quot;:&quot;fade&quot;,&quot;background_slideshow_transition_duration&quot;:500}\">\n\t\t\t\t\t<div class=\"e-con-inner\">\n\t\t\t\t<div class=\"elementor-element elementor-element-af470c3 elementor-widget elementor-widget-heading\" data-id=\"af470c3\" data-element_type=\"widget\" data-e-type=\"widget\" data-widget_type=\"heading.default\">\n\t\t\t\t<div class=\"elementor-widget-container\">\n\t\t\t\t\t<h2 class=\"elementor-heading-title elementor-size-default\">COLEGIO FUNDACI\u00d3N UNICAJA\nSAGRADA FAMILIA<\/h2>\t\t\t\t<\/div>\n\t\t\t\t<\/div>\n\t\t\t\t\t<\/div>\n\t\t\t\t<\/div>\n\t\t\t\t<\/div>\n\t\t\t\t<\/div>\n\t\t\t\t\t\t<\/div>\n\t\t\t\t<\/div>\n\t\t\t\t\t<\/div>\n\t\t\t\t<\/div>\n\t\t<div class=\"elementor-element elementor-element-7abf1344 e-flex e-con-boxed e-con e-parent\" data-id=\"7abf1344\" data-element_type=\"container\" data-e-type=\"container\" data-settings=\"{&quot;background_background&quot;:&quot;classic&quot;,&quot;sticky&quot;:&quot;top&quot;,&quot;sticky_offset&quot;:76,&quot;sticky_offset_tablet&quot;:69,&quot;sticky_offset_mobile&quot;:62,&quot;sticky_on&quot;:[&quot;desktop&quot;,&quot;tablet&quot;,&quot;mobile&quot;],&quot;sticky_effects_offset&quot;:0,&quot;sticky_anchor_link_offset&quot;:0}\">\n\t\t\t\t\t<div class=\"e-con-inner\">\n\t\t\t\t<div class=\"elementor-element elementor-element-8d85a4 elementor-widget elementor-widget-template\" data-id=\"8d85a4\" data-element_type=\"widget\" data-e-type=\"widget\" data-widget_type=\"template.default\">\n\t\t\t\t<div class=\"elementor-widget-container\">\n\t\t\t\t\t\t\t<div class=\"elementor-template\">\n\t\t\t\t\t<div data-elementor-type=\"container\" data-elementor-id=\"26\" class=\"elementor elementor-26\" data-elementor-post-type=\"elementor_library\">\n\t\t\t\t<div class=\"elementor-element elementor-element-e683bc0 e-flex e-con-boxed e-con e-parent\" data-id=\"e683bc0\" data-element_type=\"container\" data-e-type=\"container\">\n\t\t\t\t\t<div class=\"e-con-inner\">\n\t\t\t\t<div class=\"elementor-element elementor-element-62661ef2 e-n-menu-none elementor-widget__width-initial e-full e-n-menu-layout-horizontal elementor-widget elementor-widget-n-menu\" data-id=\"62661ef2\" data-element_type=\"widget\" data-e-type=\"widget\" data-settings=\"{&quot;menu_items&quot;:[{&quot;item_title&quot;:&quot;Inicio&quot;,&quot;_id&quot;:&quot;9e05c03&quot;,&quot;__dynamic__&quot;:{&quot;item_link&quot;:&quot;[elementor-tag id=\\&quot;a15028b\\&quot; name=\\&quot;internal-url\\&quot; settings=\\&quot;%7B%22type%22%3A%22post%22%2C%22post_id%22%3A%2269%22%7D\\&quot;]&quot;},&quot;item_link&quot;:{&quot;url&quot;:&quot;https:\\\/\\\/www.fundacionunicaja.com\\\/colegio-fundacion-unicaja-sagrada-familia\\\/&quot;,&quot;is_external&quot;:&quot;&quot;,&quot;nofollow&quot;:&quot;&quot;,&quot;custom_attributes&quot;:&quot;&quot;},&quot;item_dropdown_content&quot;:&quot;no&quot;,&quot;item_icon&quot;:{&quot;value&quot;:&quot;&quot;,&quot;library&quot;:&quot;&quot;},&quot;item_icon_active&quot;:null,&quot;element_id&quot;:&quot;&quot;},{&quot;item_title&quot;:&quot;Centro&quot;,&quot;_id&quot;:&quot;81d0e19&quot;,&quot;__dynamic__&quot;:{&quot;item_link&quot;:&quot;[elementor-tag id=\\&quot;b20f4a9\\&quot; name=\\&quot;internal-url\\&quot; settings=\\&quot;%7B%22type%22%3A%22post%22%2C%22post_id%22%3A%2278%22%7D\\&quot;]&quot;},&quot;item_link&quot;:{&quot;url&quot;:&quot;https:\\\/\\\/www.fundacionunicaja.com\\\/colegio-fundacion-unicaja-sagrada-familia\\\/centro\\\/&quot;,&quot;is_external&quot;:&quot;&quot;,&quot;nofollow&quot;:&quot;&quot;,&quot;custom_attributes&quot;:&quot;&quot;},&quot;item_dropdown_content&quot;:&quot;no&quot;,&quot;item_icon&quot;:{&quot;value&quot;:&quot;&quot;,&quot;library&quot;:&quot;&quot;},&quot;item_icon_active&quot;:null,&quot;element_id&quot;:&quot;&quot;},{&quot;_id&quot;:&quot;6644f8c&quot;,&quot;item_title&quot;:&quot;Curso&quot;,&quot;__dynamic__&quot;:{&quot;item_link&quot;:&quot;[elementor-tag id=\\&quot;0894c49\\&quot; name=\\&quot;internal-url\\&quot; settings=\\&quot;%7B%22type%22%3A%22post%22%2C%22post_id%22%3A%2281%22%7D\\&quot;]&quot;},&quot;item_link&quot;:{&quot;url&quot;:&quot;https:\\\/\\\/www.fundacionunicaja.com\\\/colegio-fundacion-unicaja-sagrada-familia\\\/curso\\\/&quot;,&quot;is_external&quot;:&quot;&quot;,&quot;nofollow&quot;:&quot;&quot;,&quot;custom_attributes&quot;:&quot;&quot;},&quot;item_dropdown_content&quot;:&quot;no&quot;,&quot;item_icon&quot;:{&quot;value&quot;:&quot;&quot;,&quot;library&quot;:&quot;&quot;},&quot;item_icon_active&quot;:null,&quot;element_id&quot;:&quot;&quot;},{&quot;_id&quot;:&quot;48af1d5&quot;,&quot;item_title&quot;:&quot;Servicios&quot;,&quot;__dynamic__&quot;:{&quot;item_link&quot;:&quot;[elementor-tag id=\\&quot;d7d58d2\\&quot; name=\\&quot;internal-url\\&quot; settings=\\&quot;%7B%22type%22%3A%22post%22%2C%22post_id%22%3A%2288%22%7D\\&quot;]&quot;},&quot;item_link&quot;:{&quot;url&quot;:&quot;https:\\\/\\\/www.fundacionunicaja.com\\\/colegio-fundacion-unicaja-sagrada-familia\\\/servicios\\\/&quot;,&quot;is_external&quot;:&quot;&quot;,&quot;nofollow&quot;:&quot;&quot;,&quot;custom_attributes&quot;:&quot;&quot;},&quot;item_dropdown_content&quot;:&quot;no&quot;,&quot;item_icon&quot;:{&quot;value&quot;:&quot;&quot;,&quot;library&quot;:&quot;&quot;},&quot;item_icon_active&quot;:null,&quot;element_id&quot;:&quot;&quot;},{&quot;_id&quot;:&quot;7eb97e4&quot;,&quot;item_title&quot;:&quot;Tabl\\u00f3n de anuncios&quot;,&quot;__dynamic__&quot;:{&quot;item_link&quot;:&quot;[elementor-tag id=\\&quot;ddf3589\\&quot; name=\\&quot;internal-url\\&quot; settings=\\&quot;%7B%22type%22%3A%22post%22%2C%22post_id%22%3A%2294%22%7D\\&quot;]&quot;},&quot;item_link&quot;:{&quot;url&quot;:&quot;https:\\\/\\\/www.fundacionunicaja.com\\\/colegio-fundacion-unicaja-sagrada-familia\\\/tablon-de-anuncios\\\/&quot;,&quot;is_external&quot;:&quot;&quot;,&quot;nofollow&quot;:&quot;&quot;,&quot;custom_attributes&quot;:&quot;&quot;},&quot;item_dropdown_content&quot;:&quot;no&quot;,&quot;item_icon&quot;:{&quot;value&quot;:&quot;&quot;,&quot;library&quot;:&quot;&quot;},&quot;item_icon_active&quot;:null,&quot;element_id&quot;:&quot;&quot;},{&quot;_id&quot;:&quot;6689437&quot;,&quot;item_title&quot;:&quot;Escolarizaci\\u00f3n y Matriculaci\\u00f3n&quot;,&quot;__dynamic__&quot;:{&quot;item_link&quot;:&quot;[elementor-tag id=\\&quot;91dd542\\&quot; name=\\&quot;internal-url\\&quot; settings=\\&quot;%7B%22type%22%3A%22post%22%2C%22post_id%22%3A%2285%22%7D\\&quot;]&quot;},&quot;item_link&quot;:{&quot;url&quot;:&quot;https:\\\/\\\/www.fundacionunicaja.com\\\/colegio-fundacion-unicaja-sagrada-familia\\\/matriculacion\\\/&quot;,&quot;is_external&quot;:&quot;&quot;,&quot;nofollow&quot;:&quot;&quot;,&quot;custom_attributes&quot;:&quot;&quot;},&quot;item_dropdown_content&quot;:&quot;no&quot;,&quot;item_icon&quot;:{&quot;value&quot;:&quot;&quot;,&quot;library&quot;:&quot;&quot;},&quot;item_icon_active&quot;:null,&quot;element_id&quot;:&quot;&quot;}],&quot;open_animation&quot;:&quot;fadeIn&quot;,&quot;horizontal_scroll_mobile&quot;:&quot;enable&quot;,&quot;breakpoint_selector&quot;:&quot;none&quot;,&quot;menu_item_title_distance_from_content&quot;:{&quot;unit&quot;:&quot;px&quot;,&quot;size&quot;:&quot;&quot;,&quot;sizes&quot;:[]},&quot;horizontal_scroll_tablet&quot;:&quot;enable&quot;,&quot;content_width&quot;:&quot;full&quot;,&quot;item_layout&quot;:&quot;horizontal&quot;,&quot;open_on&quot;:&quot;hover&quot;,&quot;horizontal_scroll&quot;:&quot;disable&quot;,&quot;menu_item_title_distance_from_content_tablet&quot;:{&quot;unit&quot;:&quot;px&quot;,&quot;size&quot;:&quot;&quot;,&quot;sizes&quot;:[]},&quot;menu_item_title_distance_from_content_mobile&quot;:{&quot;unit&quot;:&quot;px&quot;,&quot;size&quot;:&quot;&quot;,&quot;sizes&quot;:[]}}\" data-widget_type=\"mega-menu.default\">\n\t\t\t\t<div class=\"elementor-widget-container\">\n\t\t\t\t\t\t\t<nav class=\"e-n-menu\" data-widget-number=\"165\" aria-label=\"Men\u00fa\">\n\t\t\t\t\t<button class=\"e-n-menu-toggle\" id=\"menu-toggle-165\" aria-haspopup=\"true\" aria-expanded=\"false\" aria-controls=\"menubar-165\" aria-label=\"Alternar men\u00fa\">\n\t\t\t<span class=\"e-n-menu-toggle-icon e-open\">\n\t\t\t\t<svg class=\"e-font-icon-svg e-eicon-menu-bar\" viewBox=\"0 0 1000 1000\" xmlns=\"http:\/\/www.w3.org\/2000\/svg\"><path d=\"M104 333H896C929 333 958 304 958 271S929 208 896 208H104C71 208 42 237 42 271S71 333 104 333ZM104 583H896C929 583 958 554 958 521S929 458 896 458H104C71 458 42 487 42 521S71 583 104 583ZM104 833H896C929 833 958 804 958 771S929 708 896 708H104C71 708 42 737 42 771S71 833 104 833Z\"><\/path><\/svg>\t\t\t<\/span>\n\t\t\t<span class=\"e-n-menu-toggle-icon e-close\">\n\t\t\t\t<svg class=\"e-font-icon-svg e-eicon-close\" viewBox=\"0 0 1000 1000\" xmlns=\"http:\/\/www.w3.org\/2000\/svg\"><path d=\"M742 167L500 408 258 167C246 154 233 150 217 150 196 150 179 158 167 167 154 179 150 196 150 212 150 229 154 242 171 254L408 500 167 742C138 771 138 800 167 829 196 858 225 858 254 829L496 587 738 829C750 842 767 846 783 846 800 846 817 842 829 829 842 817 846 804 846 783 846 767 842 750 829 737L588 500 833 258C863 229 863 200 833 171 804 137 775 137 742 167Z\"><\/path><\/svg>\t\t\t<\/span>\n\t\t<\/button>\n\t\t\t\t\t<div class=\"e-n-menu-wrapper\" id=\"menubar-165\" aria-labelledby=\"menu-toggle-165\">\n\t\t\t\t<ul class=\"e-n-menu-heading\">\n\t\t\t\t\t\t\t\t<li class=\"e-n-menu-item\">\n\t\t\t\t<div id=\"e-n-menu-title-1651\" class=\"e-n-menu-title\">\n\t\t\t\t\t<a class=\"e-n-menu-title-container e-focus e-link\" href=\"https:\/\/www.fundacionunicaja.com\/colegio-fundacion-unicaja-sagrada-familia\/\">\t\t\t\t\t\t\t\t\t\t\t\t<span class=\"e-n-menu-title-text\">\n\t\t\t\t\t\t\tInicio\t\t\t\t\t\t<\/span>\n\t\t\t\t\t<\/a>\t\t\t\t\t\t\t\t\t<\/div>\n\t\t\t\t\t\t\t<\/li>\n\t\t\t\t\t<li class=\"e-n-menu-item\">\n\t\t\t\t<div id=\"e-n-menu-title-1652\" class=\"e-n-menu-title e-current\">\n\t\t\t\t\t<a class=\"e-n-menu-title-container e-focus e-link\" href=\"https:\/\/www.fundacionunicaja.com\/colegio-fundacion-unicaja-sagrada-familia\/centro\/\" aria-current=\"page\">\t\t\t\t\t\t\t\t\t\t\t\t<span class=\"e-n-menu-title-text\">\n\t\t\t\t\t\t\tCentro\t\t\t\t\t\t<\/span>\n\t\t\t\t\t<\/a>\t\t\t\t\t\t\t\t\t<\/div>\n\t\t\t\t\t\t\t<\/li>\n\t\t\t\t\t<li class=\"e-n-menu-item\">\n\t\t\t\t<div id=\"e-n-menu-title-1653\" class=\"e-n-menu-title\">\n\t\t\t\t\t<a class=\"e-n-menu-title-container e-focus e-link\" href=\"https:\/\/www.fundacionunicaja.com\/colegio-fundacion-unicaja-sagrada-familia\/curso\/\">\t\t\t\t\t\t\t\t\t\t\t\t<span class=\"e-n-menu-title-text\">\n\t\t\t\t\t\t\tCurso\t\t\t\t\t\t<\/span>\n\t\t\t\t\t<\/a>\t\t\t\t\t\t\t\t\t<\/div>\n\t\t\t\t\t\t\t<\/li>\n\t\t\t\t\t<li class=\"e-n-menu-item\">\n\t\t\t\t<div id=\"e-n-menu-title-1654\" class=\"e-n-menu-title\">\n\t\t\t\t\t<a class=\"e-n-menu-title-container e-focus e-link\" href=\"https:\/\/www.fundacionunicaja.com\/colegio-fundacion-unicaja-sagrada-familia\/servicios\/\">\t\t\t\t\t\t\t\t\t\t\t\t<span class=\"e-n-menu-title-text\">\n\t\t\t\t\t\t\tServicios\t\t\t\t\t\t<\/span>\n\t\t\t\t\t<\/a>\t\t\t\t\t\t\t\t\t<\/div>\n\t\t\t\t\t\t\t<\/li>\n\t\t\t\t\t<li class=\"e-n-menu-item\">\n\t\t\t\t<div id=\"e-n-menu-title-1655\" class=\"e-n-menu-title\">\n\t\t\t\t\t<a class=\"e-n-menu-title-container e-focus e-link\" href=\"https:\/\/www.fundacionunicaja.com\/colegio-fundacion-unicaja-sagrada-familia\/tablon-de-anuncios\/\">\t\t\t\t\t\t\t\t\t\t\t\t<span class=\"e-n-menu-title-text\">\n\t\t\t\t\t\t\tTabl\u00f3n de anuncios\t\t\t\t\t\t<\/span>\n\t\t\t\t\t<\/a>\t\t\t\t\t\t\t\t\t<\/div>\n\t\t\t\t\t\t\t<\/li>\n\t\t\t\t\t<li class=\"e-n-menu-item\">\n\t\t\t\t<div id=\"e-n-menu-title-1656\" class=\"e-n-menu-title\">\n\t\t\t\t\t<a class=\"e-n-menu-title-container e-focus e-link\" href=\"https:\/\/www.fundacionunicaja.com\/colegio-fundacion-unicaja-sagrada-familia\/matriculacion\/\">\t\t\t\t\t\t\t\t\t\t\t\t<span class=\"e-n-menu-title-text\">\n\t\t\t\t\t\t\tEscolarizaci\u00f3n y Matriculaci\u00f3n\t\t\t\t\t\t<\/span>\n\t\t\t\t\t<\/a>\t\t\t\t\t\t\t\t\t<\/div>\n\t\t\t\t\t\t\t<\/li>\n\t\t\t\t\t\t<\/ul>\n\t\t\t<\/div>\n\t\t<\/nav>\n\t\t\t\t\t\t<\/div>\n\t\t\t\t<\/div>\n\t\t\t\t\t<\/div>\n\t\t\t\t<\/div>\n\t\t\t\t<\/div>\n\t\t\t\t<\/div>\n\t\t\t\t\t\t<\/div>\n\t\t\t\t<\/div>\n\t\t\t\t\t<\/div>\n\t\t\t\t<\/div>\n\t\t<div class=\"elementor-element elementor-element-6dccdb3d e-flex e-con-boxed e-con e-parent\" data-id=\"6dccdb3d\" data-element_type=\"container\" data-e-type=\"container\">\n\t\t\t\t\t<div class=\"e-con-inner\">\n\t\t<div class=\"elementor-element elementor-element-42cdd898 e-con-full elementor-hidden-mobile e-flex e-con e-child\" data-id=\"42cdd898\" data-element_type=\"container\" data-e-type=\"container\">\n\t\t\t\t<div class=\"elementor-element elementor-element-11d3996e elementor-widget elementor-widget-template\" data-id=\"11d3996e\" data-element_type=\"widget\" data-e-type=\"widget\" data-settings=\"{&quot;sticky&quot;:&quot;top&quot;,&quot;sticky_offset&quot;:153,&quot;sticky_parent&quot;:&quot;yes&quot;,&quot;sticky_on&quot;:[&quot;desktop&quot;,&quot;tablet&quot;,&quot;mobile&quot;],&quot;sticky_effects_offset&quot;:0,&quot;sticky_anchor_link_offset&quot;:0}\" data-widget_type=\"template.default\">\n\t\t\t\t<div class=\"elementor-widget-container\">\n\t\t\t\t\t\t\t<div class=\"elementor-template\">\n\t\t\t\t\t<div data-elementor-type=\"container\" data-elementor-id=\"50\" class=\"elementor elementor-50\" data-elementor-post-type=\"elementor_library\">\n\t\t\t\t<div class=\"elementor-element elementor-element-3dacf1f9 e-con-full e-flex e-con e-child\" data-id=\"3dacf1f9\" data-element_type=\"container\" data-e-type=\"container\">\n\t\t\t\t<div class=\"elementor-element elementor-element-64afe6bf e-full_width e-n-menu-layout-horizontal e-n-menu-tablet elementor-widget elementor-widget-n-menu\" data-id=\"64afe6bf\" data-element_type=\"widget\" data-e-type=\"widget\" data-settings=\"{&quot;menu_items&quot;:[{&quot;item_title&quot;:&quot;Presentaci\\u00f3n &lt;br&gt;del Centro&quot;,&quot;_id&quot;:&quot;d0e3d34&quot;,&quot;item_link&quot;:{&quot;url&quot;:&quot;#PresentacionCentro&quot;,&quot;is_external&quot;:&quot;&quot;,&quot;nofollow&quot;:&quot;&quot;,&quot;custom_attributes&quot;:&quot;&quot;},&quot;item_dropdown_content&quot;:&quot;no&quot;,&quot;item_icon&quot;:{&quot;value&quot;:&quot;&quot;,&quot;library&quot;:&quot;&quot;},&quot;item_icon_active&quot;:null,&quot;element_id&quot;:&quot;&quot;},{&quot;item_title&quot;:&quot;Nuestras &lt;br&gt;Instalaciones&quot;,&quot;_id&quot;:&quot;31c1c80&quot;,&quot;item_link&quot;:{&quot;url&quot;:&quot;#NuestrasInstalaciones&quot;,&quot;is_external&quot;:&quot;&quot;,&quot;nofollow&quot;:&quot;&quot;,&quot;custom_attributes&quot;:&quot;&quot;},&quot;item_dropdown_content&quot;:&quot;no&quot;,&quot;item_icon&quot;:{&quot;value&quot;:&quot;&quot;,&quot;library&quot;:&quot;&quot;},&quot;item_icon_active&quot;:null,&quot;element_id&quot;:&quot;&quot;},{&quot;item_title&quot;:&quot;Oferta Educativa&quot;,&quot;_id&quot;:&quot;57a9616&quot;,&quot;item_link&quot;:{&quot;url&quot;:&quot;#OfertaEducativa&quot;,&quot;is_external&quot;:&quot;&quot;,&quot;nofollow&quot;:&quot;&quot;,&quot;custom_attributes&quot;:&quot;&quot;},&quot;item_dropdown_content&quot;:&quot;no&quot;,&quot;item_icon&quot;:{&quot;value&quot;:&quot;&quot;,&quot;library&quot;:&quot;&quot;},&quot;item_icon_active&quot;:null,&quot;element_id&quot;:&quot;&quot;},{&quot;_id&quot;:&quot;6a83067&quot;,&quot;item_title&quot;:&quot;Proyecto Biling\\u00fce&quot;,&quot;item_link&quot;:{&quot;url&quot;:&quot;#ProyectoBilingue&quot;,&quot;is_external&quot;:&quot;&quot;,&quot;nofollow&quot;:&quot;&quot;,&quot;custom_attributes&quot;:&quot;&quot;},&quot;item_dropdown_content&quot;:&quot;no&quot;,&quot;item_icon&quot;:{&quot;value&quot;:&quot;&quot;,&quot;library&quot;:&quot;&quot;},&quot;item_icon_active&quot;:null,&quot;element_id&quot;:&quot;&quot;},{&quot;_id&quot;:&quot;eecc521&quot;,&quot;item_title&quot;:&quot;Atenci\\u00f3n a la &lt;br&gt;Diversidad&quot;,&quot;item_link&quot;:{&quot;url&quot;:&quot;#AtencionDiversidad&quot;,&quot;is_external&quot;:&quot;&quot;,&quot;nofollow&quot;:&quot;&quot;,&quot;custom_attributes&quot;:&quot;&quot;},&quot;item_dropdown_content&quot;:&quot;no&quot;,&quot;item_icon&quot;:{&quot;value&quot;:&quot;&quot;,&quot;library&quot;:&quot;&quot;},&quot;item_icon_active&quot;:null,&quot;element_id&quot;:&quot;&quot;}],&quot;item_position_horizontal&quot;:&quot;start&quot;,&quot;content_width&quot;:&quot;full_width&quot;,&quot;item_layout&quot;:&quot;horizontal&quot;,&quot;open_on&quot;:&quot;hover&quot;,&quot;horizontal_scroll&quot;:&quot;disable&quot;,&quot;breakpoint_selector&quot;:&quot;tablet&quot;,&quot;menu_item_title_distance_from_content&quot;:{&quot;unit&quot;:&quot;px&quot;,&quot;size&quot;:0,&quot;sizes&quot;:[]},&quot;menu_item_title_distance_from_content_tablet&quot;:{&quot;unit&quot;:&quot;px&quot;,&quot;size&quot;:&quot;&quot;,&quot;sizes&quot;:[]},&quot;menu_item_title_distance_from_content_mobile&quot;:{&quot;unit&quot;:&quot;px&quot;,&quot;size&quot;:&quot;&quot;,&quot;sizes&quot;:[]}}\" data-widget_type=\"mega-menu.default\">\n\t\t\t\t<div class=\"elementor-widget-container\">\n\t\t\t\t\t\t\t<nav class=\"e-n-menu\" data-widget-number=\"168\" aria-label=\"Men\u00fa\">\n\t\t\t\t\t<button class=\"e-n-menu-toggle\" id=\"menu-toggle-168\" aria-haspopup=\"true\" aria-expanded=\"false\" aria-controls=\"menubar-168\" aria-label=\"Alternar men\u00fa\">\n\t\t\t<span class=\"e-n-menu-toggle-icon e-open\">\n\t\t\t\t<svg class=\"e-font-icon-svg e-eicon-menu-bar\" viewBox=\"0 0 1000 1000\" xmlns=\"http:\/\/www.w3.org\/2000\/svg\"><path d=\"M104 333H896C929 333 958 304 958 271S929 208 896 208H104C71 208 42 237 42 271S71 333 104 333ZM104 583H896C929 583 958 554 958 521S929 458 896 458H104C71 458 42 487 42 521S71 583 104 583ZM104 833H896C929 833 958 804 958 771S929 708 896 708H104C71 708 42 737 42 771S71 833 104 833Z\"><\/path><\/svg>\t\t\t<\/span>\n\t\t\t<span class=\"e-n-menu-toggle-icon e-close\">\n\t\t\t\t<svg class=\"e-font-icon-svg e-eicon-close\" viewBox=\"0 0 1000 1000\" xmlns=\"http:\/\/www.w3.org\/2000\/svg\"><path d=\"M742 167L500 408 258 167C246 154 233 150 217 150 196 150 179 158 167 167 154 179 150 196 150 212 150 229 154 242 171 254L408 500 167 742C138 771 138 800 167 829 196 858 225 858 254 829L496 587 738 829C750 842 767 846 783 846 800 846 817 842 829 829 842 817 846 804 846 783 846 767 842 750 829 737L588 500 833 258C863 229 863 200 833 171 804 137 775 137 742 167Z\"><\/path><\/svg>\t\t\t<\/span>\n\t\t<\/button>\n\t\t\t\t\t<div class=\"e-n-menu-wrapper\" id=\"menubar-168\" aria-labelledby=\"menu-toggle-168\">\n\t\t\t\t<ul class=\"e-n-menu-heading\">\n\t\t\t\t\t\t\t\t<li class=\"e-n-menu-item\">\n\t\t\t\t<div id=\"e-n-menu-title-1681\" class=\"e-n-menu-title e-anchor\">\n\t\t\t\t\t<a class=\"e-n-menu-title-container e-focus e-link\" href=\"#PresentacionCentro\" aria-current=\"page\">\t\t\t\t\t\t\t\t\t\t\t\t<span class=\"e-n-menu-title-text\">\n\t\t\t\t\t\t\tPresentaci\u00f3n <br>del Centro\t\t\t\t\t\t<\/span>\n\t\t\t\t\t<\/a>\t\t\t\t\t\t\t\t\t<\/div>\n\t\t\t\t\t\t\t<\/li>\n\t\t\t\t\t<li class=\"e-n-menu-item\">\n\t\t\t\t<div id=\"e-n-menu-title-1682\" class=\"e-n-menu-title e-anchor\">\n\t\t\t\t\t<a class=\"e-n-menu-title-container e-focus e-link\" href=\"#NuestrasInstalaciones\" aria-current=\"page\">\t\t\t\t\t\t\t\t\t\t\t\t<span class=\"e-n-menu-title-text\">\n\t\t\t\t\t\t\tNuestras <br>Instalaciones\t\t\t\t\t\t<\/span>\n\t\t\t\t\t<\/a>\t\t\t\t\t\t\t\t\t<\/div>\n\t\t\t\t\t\t\t<\/li>\n\t\t\t\t\t<li class=\"e-n-menu-item\">\n\t\t\t\t<div id=\"e-n-menu-title-1683\" class=\"e-n-menu-title e-anchor\">\n\t\t\t\t\t<a class=\"e-n-menu-title-container e-focus e-link\" href=\"#OfertaEducativa\" aria-current=\"page\">\t\t\t\t\t\t\t\t\t\t\t\t<span class=\"e-n-menu-title-text\">\n\t\t\t\t\t\t\tOferta Educativa\t\t\t\t\t\t<\/span>\n\t\t\t\t\t<\/a>\t\t\t\t\t\t\t\t\t<\/div>\n\t\t\t\t\t\t\t<\/li>\n\t\t\t\t\t<li class=\"e-n-menu-item\">\n\t\t\t\t<div id=\"e-n-menu-title-1684\" class=\"e-n-menu-title e-anchor\">\n\t\t\t\t\t<a class=\"e-n-menu-title-container e-focus e-link\" href=\"#ProyectoBilingue\" aria-current=\"page\">\t\t\t\t\t\t\t\t\t\t\t\t<span class=\"e-n-menu-title-text\">\n\t\t\t\t\t\t\tProyecto Biling\u00fce\t\t\t\t\t\t<\/span>\n\t\t\t\t\t<\/a>\t\t\t\t\t\t\t\t\t<\/div>\n\t\t\t\t\t\t\t<\/li>\n\t\t\t\t\t<li class=\"e-n-menu-item\">\n\t\t\t\t<div id=\"e-n-menu-title-1685\" class=\"e-n-menu-title e-anchor\">\n\t\t\t\t\t<a class=\"e-n-menu-title-container e-focus e-link\" href=\"#AtencionDiversidad\" aria-current=\"page\">\t\t\t\t\t\t\t\t\t\t\t\t<span class=\"e-n-menu-title-text\">\n\t\t\t\t\t\t\tAtenci\u00f3n a la <br>Diversidad\t\t\t\t\t\t<\/span>\n\t\t\t\t\t<\/a>\t\t\t\t\t\t\t\t\t<\/div>\n\t\t\t\t\t\t\t<\/li>\n\t\t\t\t\t\t<\/ul>\n\t\t\t<\/div>\n\t\t<\/nav>\n\t\t\t\t\t\t<\/div>\n\t\t\t\t<\/div>\n\t\t\t\t<\/div>\n\t\t\t\t<\/div>\n\t\t\t\t<\/div>\n\t\t\t\t\t\t<\/div>\n\t\t\t\t<\/div>\n\t\t\t\t<\/div>\n\t\t<div class=\"elementor-element elementor-element-3382b13a e-con-full e-flex e-con e-child\" data-id=\"3382b13a\" data-element_type=\"container\" data-e-type=\"container\">\n\t\t<div class=\"elementor-element elementor-element-88fbca2 e-con-full e-flex e-con e-child\" data-id=\"88fbca2\" data-element_type=\"container\" data-e-type=\"container\" id=\"Presentaci\u00f3nCentro\">\n\t\t\t\t<div class=\"elementor-element elementor-element-2ed2278d elementor-widget elementor-widget-heading\" data-id=\"2ed2278d\" data-element_type=\"widget\" data-e-type=\"widget\" id=\"PresentacionCentro\" data-widget_type=\"heading.default\">\n\t\t\t\t<div class=\"elementor-widget-container\">\n\t\t\t\t\t<h2 class=\"elementor-heading-title elementor-size-default\">Presentaci\u00f3n del Centro<\/h2>\t\t\t\t<\/div>\n\t\t\t\t<\/div>\n\t\t\t\t<div class=\"elementor-element elementor-element-523de1ce elementor-widget-divider--view-line elementor-widget elementor-widget-divider\" data-id=\"523de1ce\" data-element_type=\"widget\" data-e-type=\"widget\" data-widget_type=\"divider.default\">\n\t\t\t\t<div class=\"elementor-widget-container\">\n\t\t\t\t\t\t\t<div class=\"elementor-divider\">\n\t\t\t<span class=\"elementor-divider-separator\">\n\t\t\t\t\t\t<\/span>\n\t\t<\/div>\n\t\t\t\t\t\t<\/div>\n\t\t\t\t<\/div>\n\t\t\t\t<div class=\"elementor-element elementor-element-486e24bd elementor-widget elementor-widget-text-editor\" data-id=\"486e24bd\" data-element_type=\"widget\" data-e-type=\"widget\" data-widget_type=\"text-editor.default\">\n\t\t\t\t<div class=\"elementor-widget-container\">\n\t\t\t\t\t\t\t\t\t<p>El Colegio Sagrada Familia que hoy conocemos es la meta a la que hemos llegado despu\u00e9s de los 50 a\u00f1os que han transcurrido desde que en el curso 1965\/66 la Caja de Ahorros de Ronda iniciase la ilusionante apuesta de dotar a la poblaci\u00f3n en edad escolar de Ciudad Jard\u00edn de una ense\u00f1anza de calidad en un colegio provisto de los medios necesarios para ello.<\/p><p>En 1962, la Caja de Ahorros de Ronda, puso la primera piedra de la que m\u00e1s tarde ser\u00eda la Barriada de la Sagrada Familia constando de trescientas viviendas (pasando a\u00f1os m\u00e1s tarde a seiscientas) diecisiete locales comerciales, guarder\u00eda infantil y un grupo escolar, el Colegio Sagrada Familia, por aquel entonces denominado Grupo Escolar Mixto Sagrada Familia.<\/p>\t\t\t\t\t\t\t\t<\/div>\n\t\t\t\t<\/div>\n\t\t\t\t<div class=\"elementor-element elementor-element-4d1677a elementor-widget elementor-widget-ucaddon_uc_slider_image\" data-id=\"4d1677a\" data-element_type=\"widget\" data-e-type=\"widget\" data-widget_type=\"ucaddon_uc_slider_image.default\">\n\t\t\t\t<div class=\"elementor-widget-container\">\n\t\t\t\t\t\n<!-- start Slider Gallery -->\n\t\t<link id='unitegallery-css' href='https:\/\/www.fundacionunicaja.com\/colegio-fundacion-unicaja-sagrada-familia\/wp-content\/plugins\/unlimited-elements-for-elementor\/assets_libraries\/unitegallery\/css\/unite-gallery.css' type='text\/css' rel='stylesheet' >\n\n<style>\/* widget: Slider Gallery *\/\n\n#uc_uc_slider_image_elementor_4d1677a{\n  overflow:hidden;\n}\n\n#uc_uc_slider_image_elementor_4d1677a-wrapper{\n  min-height:1px;\n}\n\n\n\n<\/style>\n\n<div id=\"uc_uc_slider_image_elementor_4d1677a-wrapper\">\n<div id=\"uc_uc_slider_image_elementor_4d1677a\" class=\"uc-items-wrapper  uc-remote-parent \" style=\"display:none; margin:0 auto;\"  data-remoteid='first' data-widgetname='Slider Gallery' data-remote-type=\"gallery\" data-custom-sethtml=\"true\" >\n\n\n<img decoding=\"async\" alt=\"dia-paz-2018-min-scaled\"\n   src=\"https:\/\/www.fundacionunicaja.com\/colegio-fundacion-unicaja-sagrada-familia\/wp-content\/uploads\/sites\/13\/2024\/10\/dia-paz-2018-min-scaled-1.webp\"\n    data-image=\"https:\/\/www.fundacionunicaja.com\/colegio-fundacion-unicaja-sagrada-familia\/wp-content\/uploads\/sites\/13\/2024\/10\/dia-paz-2018-min-scaled-1-1024x507.webp\"\n    data-title=\"dia-paz-2018-min-scaled\">\n\n<img decoding=\"async\" alt=\"dia-andalucia-2018-scaled\"\n   src=\"https:\/\/www.fundacionunicaja.com\/colegio-fundacion-unicaja-sagrada-familia\/wp-content\/uploads\/sites\/13\/2024\/10\/dia-andalucia-2018-scaled-1.webp\"\n    data-image=\"https:\/\/www.fundacionunicaja.com\/colegio-fundacion-unicaja-sagrada-familia\/wp-content\/uploads\/sites\/13\/2024\/10\/dia-andalucia-2018-scaled-1-1024x768.webp\"\n    data-title=\"dia-andalucia-2018-scaled\">\n\n<img decoding=\"async\" alt=\"P6180206-scaled\"\n   src=\"https:\/\/www.fundacionunicaja.com\/colegio-fundacion-unicaja-sagrada-familia\/wp-content\/uploads\/sites\/13\/2024\/10\/P6180206-scaled-1.webp\"\n    data-image=\"https:\/\/www.fundacionunicaja.com\/colegio-fundacion-unicaja-sagrada-familia\/wp-content\/uploads\/sites\/13\/2024\/10\/P6180206-scaled-1-1024x768.webp\"\n    data-title=\"P6180206-scaled\">\n\n<img decoding=\"async\" alt=\"P6180091-scaled\"\n   src=\"https:\/\/www.fundacionunicaja.com\/colegio-fundacion-unicaja-sagrada-familia\/wp-content\/uploads\/sites\/13\/2024\/10\/P6180091-scaled-1.webp\"\n    data-image=\"https:\/\/www.fundacionunicaja.com\/colegio-fundacion-unicaja-sagrada-familia\/wp-content\/uploads\/sites\/13\/2024\/10\/P6180091-scaled-1-1024x768.webp\"\n    data-title=\"P6180091-scaled\">\n\n<img decoding=\"async\" alt=\"olimpidas-2017-scaled\"\n   src=\"https:\/\/www.fundacionunicaja.com\/colegio-fundacion-unicaja-sagrada-familia\/wp-content\/uploads\/sites\/13\/2024\/10\/olimpidas-2017-scaled-1.webp\"\n    data-image=\"https:\/\/www.fundacionunicaja.com\/colegio-fundacion-unicaja-sagrada-familia\/wp-content\/uploads\/sites\/13\/2024\/10\/olimpidas-2017-scaled-1-1024x576.webp\"\n    data-title=\"olimpidas-2017-scaled\">\n\n<img decoding=\"async\" alt=\"IMG_6285-scaled\"\n   src=\"https:\/\/www.fundacionunicaja.com\/colegio-fundacion-unicaja-sagrada-familia\/wp-content\/uploads\/sites\/13\/2024\/10\/IMG_6285-scaled-1.webp\"\n    data-image=\"https:\/\/www.fundacionunicaja.com\/colegio-fundacion-unicaja-sagrada-familia\/wp-content\/uploads\/sites\/13\/2024\/10\/IMG_6285-scaled-1-1024x768.webp\"\n    data-title=\"IMG_6285-scaled\">\n\n<img decoding=\"async\" alt=\"IMG-20170330-WA0011\"\n   src=\"https:\/\/www.fundacionunicaja.com\/colegio-fundacion-unicaja-sagrada-familia\/wp-content\/uploads\/sites\/13\/2024\/10\/IMG-20170330-WA0011.webp\"\n    data-image=\"https:\/\/www.fundacionunicaja.com\/colegio-fundacion-unicaja-sagrada-familia\/wp-content\/uploads\/sites\/13\/2024\/10\/IMG-20170330-WA0011-1024x576.webp\"\n    data-title=\"IMG-20170330-WA0011\">\n\n<img decoding=\"async\" alt=\"IMG_4761-scaled\"\n   src=\"https:\/\/www.fundacionunicaja.com\/colegio-fundacion-unicaja-sagrada-familia\/wp-content\/uploads\/sites\/13\/2024\/10\/IMG_4761-scaled-1.webp\"\n    data-image=\"https:\/\/www.fundacionunicaja.com\/colegio-fundacion-unicaja-sagrada-familia\/wp-content\/uploads\/sites\/13\/2024\/10\/IMG_4761-scaled-1-1024x768.webp\"\n    data-title=\"IMG_4761-scaled\">\n\n<img decoding=\"async\" alt=\"DSC06932-scaled\"\n   src=\"https:\/\/www.fundacionunicaja.com\/colegio-fundacion-unicaja-sagrada-familia\/wp-content\/uploads\/sites\/13\/2024\/10\/DSC06932-scaled-1.webp\"\n    data-image=\"https:\/\/www.fundacionunicaja.com\/colegio-fundacion-unicaja-sagrada-familia\/wp-content\/uploads\/sites\/13\/2024\/10\/DSC06932-scaled-1-1024x768.webp\"\n    data-title=\"DSC06932-scaled\">\n\n<img decoding=\"async\" alt=\"DSC06920-scaled\"\n   src=\"https:\/\/www.fundacionunicaja.com\/colegio-fundacion-unicaja-sagrada-familia\/wp-content\/uploads\/sites\/13\/2024\/10\/DSC06920-scaled-1.webp\"\n    data-image=\"https:\/\/www.fundacionunicaja.com\/colegio-fundacion-unicaja-sagrada-familia\/wp-content\/uploads\/sites\/13\/2024\/10\/DSC06920-scaled-1-1024x768.webp\"\n    data-title=\"DSC06920-scaled\">\n\n  \n<\/div>\n<\/div>\n<!-- end Slider Gallery -->\t\t\t\t<\/div>\n\t\t\t\t<\/div>\n\t\t\t\t<div class=\"elementor-element elementor-element-d8f3f76 elementor-widget elementor-widget-ucaddon_arrow_navigation\" data-id=\"d8f3f76\" data-element_type=\"widget\" data-e-type=\"widget\" data-widget_type=\"ucaddon_arrow_navigation.default\">\n\t\t\t\t<div class=\"elementor-widget-container\">\n\t\t\t\t\t\n<!-- start Remote Arrows -->\n\t\t<link id='font-awesome-css' href='https:\/\/www.fundacionunicaja.com\/colegio-fundacion-unicaja-sagrada-familia\/wp-content\/plugins\/unlimited-elements-for-elementor\/assets_libraries\/font-awesome6\/fontawesome-all.min.css' type='text\/css' rel='stylesheet' >\n\t\t<link id='font-awesome-4-shim-css' href='https:\/\/www.fundacionunicaja.com\/colegio-fundacion-unicaja-sagrada-familia\/wp-content\/plugins\/unlimited-elements-for-elementor\/assets_libraries\/font-awesome6\/fontawesome-v4-shims.min.css' type='text\/css' rel='stylesheet' >\n\n<style>\/* widget: Remote Arrows *\/\n\n.ue-remote-carousel-navigation-wrapper\n{\n  display:flex;\n}\n\n.ue-remote-carousel-navigation-wrapper .ue-remote-arrow\n{\n  border:none;\n  border-color:transparent;\n}\n\n.ue-remote-carousel-navigation-wrapper .ue-remote-arrow:hover\n{\n  background-color:transparent;\n \n}\n\n\n#uc_arrow_navigation_elementor_d8f3f76\n{\n  display:inline-flex;\n}\n\n#uc_arrow_navigation_elementor_d8f3f76 .ue-remote-arrow\n{\n  flex-grow:0;\n  flex-shrink:0;\n  transition:0.3s;\n  display:inline-flex;\n  align-items:center;\n  justify-content:center;\n  line-height:1em;\n  cursor:pointer;\n}\n\n\n#uc_arrow_navigation_elementor_d8f3f76 .ue-remote-arrow .ue-carousel-nav-icon\n{\n  transition:0.3s;\n  line-height:1em;\n}\n\n#uc_arrow_navigation_elementor_d8f3f76 .ue-remote-arrow .ue-carousel-nav-icon svg\n{\n  transition:0.3s;\n  height:1em;\n  width:1em;\n}\n\n\n#uc_arrow_navigation_elementor_d8f3f76 .ue-carousel-nav-label\n{\n  transition:0.3s;\n}\n\n#uc_arrow_navigation_elementor_d8f3f76 .uc-disabled{\n\topacity: 0.3;\n}\n\n<\/style>\n\n<div class=\"ue-remote-carousel-navigation-wrapper\">\n<div id=\"uc_arrow_navigation_elementor_d8f3f76\" class=\"ue-remote-carousel-navigation\"  data-parentid='first'>\n  \n  \n  \n\t<div class=\"ue-remote-arrow ue-carousel-prev \">\n    <div class=\"ue-carousel-nav-icon\"><i class='icon icon-left-arrow'><\/i><\/div>\n    \t\n  <\/div>   \n\t\n\n  \n \n\n  <div class=\"ue-remote-arrow ue-carousel-next \">\n        <div class=\"ue-carousel-nav-icon\"><i class='icon icon-right-arrow'><\/i><\/div>\n  <\/div>\n  \n  \n<\/div>\n<\/div>\n<!-- end Remote Arrows -->\t\t\t\t<\/div>\n\t\t\t\t<\/div>\n\t\t\t\t<div class=\"elementor-element elementor-element-410e7a25 elementor-widget elementor-widget-text-editor\" data-id=\"410e7a25\" data-element_type=\"widget\" data-e-type=\"widget\" data-widget_type=\"text-editor.default\">\n\t\t\t\t<div class=\"elementor-widget-container\">\n\t\t\t\t\t\t\t\t\t<p>Fue el curso 1965\/66 cuando se iniciaron las clases para las 16 aulas, ocho para chicos y ocho para chicas y \u00absirviendo de ejemplo para proyectar otro grandioso centro escolar posteriormente construido en la Barriada de la Paz\u00bb (Don Juan de la Rosa Mateos 14 de noviembre de 1971).<\/p><p>Desde sus inicios siempre se ha mostrado como un centro activo y preocupado por estar acorde a los nuevos tiempos ampliando y mejorando constantemente sus instalaciones. Con este fin se inaugur\u00f3 el 4 de febrero de 1978 el polideportivo ubicado en los antiguos patios de recreo.<\/p><p>Estas mejoras se han ido completando en los \u00faltimos a\u00f1os con laboratorios, taller de tecnolog\u00eda, aula multimedia y digitalizaci\u00f3n de las aulas ordinarias.<\/p><p>La oferta educativa se ha ido ampliando hasta impartir el II\u00ba Ciclo de Educaci\u00f3n Infantil y la Educaci\u00f3n Secundaria Obligatoria. De igual modo esta oferta se ha optimizado con la implantaci\u00f3n del Departamento de Orientaci\u00f3n, una Unidad de Apoyo a la Integraci\u00f3n y un Aula de Convivencia, todas ellas dotadas de personal espec\u00edfico y con la cualificaci\u00f3n necesaria.<\/p><p>Las \u00faltimas reformas, realizadas durante el \u00faltimo a\u00f1o se han centrado en la accesibilidad del colegio eliminando las barreras arquitect\u00f3nicas.<\/p><p>En el plano de las vanguardias educativas, el centro se ha mostrado siempre atento a las nuevas tendencias y tras un largo proceso de adaptaci\u00f3n y formaci\u00f3n el centro escolar se ha convertido en el Colegio Biling\u00fce Sagrada Familia. Adem\u00e1s las tendencias hacia la cultura emprendedora est\u00e1n siendo uno de los pilares que se est\u00e1n introduciendo en los temas transversales de los diferentes cursos por lo que desarrollamos diferentes talleres de emprendedores y matem\u00e1ticas financieras, participamos en los programas auton\u00f3micos de Miniempresas Educativas y realizamos constantes colaboraciones con Edufinet, Educaci\u00f3n Financiera en la Red.<\/p><p>Muy sensibilizado con las demandas sociales se ha apostado siempre por convertir al Colegio en un lugar de encuentro donde los docentes y las familias confluyan, para optimizar la educaci\u00f3n y formaci\u00f3n de uno de los valores m\u00e1s importantes de la sociedad: la infancia y la juventud. Para ello el personal docente se ha formado convenientemente y se ha integrado al Colegio Sagrada Familia en el Proyecto Escuelas Espacios de Paz con el objetivo inequ\u00edvoco de asentar los valores de integraci\u00f3n y tolerancia en nuestro alumnado. De igual modo el Aula de Convivencia realiza los esfuerzos necesarios para favorecer la implantaci\u00f3n de un ambiente que favorezca el esp\u00edritu acad\u00e9mico y emprendedor reflejado en nuestro Ideario.<\/p><p>La Fundaci\u00f3n Bancaria Unicaja siempre se ha destacado por el fomento de la Actividad F\u00edsica y para ello anim\u00f3 y potenci\u00f3 la creaci\u00f3n de la Secci\u00f3n de Balonmano Sagrada Familia que alcanz\u00f3 cotas inimaginables en la \u00e9poca llegando a alcanzar el ascenso a la Divisi\u00f3n de Honor del Balonmano Nacional y todo ello partiendo de los patios de un colegio de Primaria de la barriada de Ciudad Jard\u00edn.<\/p><p>Posteriormente las Escuelas Deportivas de Unicaja desarrollaron una ferviente actividad en el deporte escolar de la provincia y como no pod\u00eda ser menos sus propios Colegios se beneficiaron de tales ayudas. Hoy d\u00eda el centro escolar tienes sus propias escuelas destacando los trofeos conseguidos en los diferentes Campeonatos Nacionales de Futbol Sala.<\/p><p>El Deporte no es la \u00fanica actividad que mantiene vivo al colegio tras el horario lectivo. Al sonar el timbre cerca de 180 alumnos disfrutan de la cocina propia de nuestro comedor escolar antes de dirigirse a las clases extraescolares de ingl\u00e9s, danza espa\u00f1ola o estudio dirigido. Estas actividades permiten que el colegio mantenga su ajetreada actividad desde las 7:30 de la ma\u00f1ana hasta las 18 horas.<\/p><p>El instrumento que nos falta por mencionar y que permite redondear nuestra organizaci\u00f3n es el de los padres y madres de esta peque\u00f1a comunidad. Con el fin de involucrarse en la educaci\u00f3n de sus hijos y sobre todo apoyar a la Comunidad Educativa del Colegio se fund\u00f3 el AMPA Ram\u00f3n y Cajal cuya ayuda ha sido inestimable a lo largo de los a\u00f1os.<\/p><p>Formar parte de la vida de los muchos alumnos y alumnas que han pasado por nuestras aulas es la recompensa que recibe la comunidad educativa del Colegio Biling\u00fce Sagrada Familia, que no puede hacer otra cosa que agradecer a la Caja de Ahorros de Ronda, a la Obra Social de Unicaja y ahora a la Fundaci\u00f3n Bancaria Unicaja, su apuesta por la educaci\u00f3n que ha permitido que desempe\u00f1emos nuestra vocaci\u00f3n en un ambiente y en unas condiciones envidiables que debemos a nuestra Entidad Titular.<\/p>\t\t\t\t\t\t\t\t<\/div>\n\t\t\t\t<\/div>\n\t\t\t\t<\/div>\n\t\t<div class=\"elementor-element elementor-element-3cac522b e-con-full e-flex e-con e-child\" data-id=\"3cac522b\" data-element_type=\"container\" data-e-type=\"container\" id=\"NuestrasInstalaciones\">\n\t\t\t\t<div class=\"elementor-element elementor-element-5d6826a2 elementor-widget elementor-widget-heading\" data-id=\"5d6826a2\" data-element_type=\"widget\" data-e-type=\"widget\" id=\"NuestrasInstalaciones\" data-widget_type=\"heading.default\">\n\t\t\t\t<div class=\"elementor-widget-container\">\n\t\t\t\t\t<h2 class=\"elementor-heading-title elementor-size-default\">Nuestras instalaciones<\/h2>\t\t\t\t<\/div>\n\t\t\t\t<\/div>\n\t\t\t\t<div class=\"elementor-element elementor-element-5c059956 elementor-widget-divider--view-line elementor-widget elementor-widget-divider\" data-id=\"5c059956\" data-element_type=\"widget\" data-e-type=\"widget\" data-widget_type=\"divider.default\">\n\t\t\t\t<div class=\"elementor-widget-container\">\n\t\t\t\t\t\t\t<div class=\"elementor-divider\">\n\t\t\t<span class=\"elementor-divider-separator\">\n\t\t\t\t\t\t<\/span>\n\t\t<\/div>\n\t\t\t\t\t\t<\/div>\n\t\t\t\t<\/div>\n\t\t<div class=\"elementor-element elementor-element-37abfbae e-flex e-con-boxed e-con e-child\" data-id=\"37abfbae\" data-element_type=\"container\" data-e-type=\"container\">\n\t\t\t\t\t<div class=\"e-con-inner\">\n\t\t<div class=\"elementor-element elementor-element-52bf8d7 e-con-full e-flex e-con e-child\" data-id=\"52bf8d7\" data-element_type=\"container\" data-e-type=\"container\" data-settings=\"{&quot;background_background&quot;:&quot;classic&quot;}\">\n\t\t\t\t<div class=\"elementor-element elementor-element-e49874b elementor-widget elementor-widget-button\" data-id=\"e49874b\" data-element_type=\"widget\" data-e-type=\"widget\" data-widget_type=\"button.default\">\n\t\t\t\t<div class=\"elementor-widget-container\">\n\t\t\t\t\t\t\t\t\t<div class=\"elementor-button-wrapper\">\n\t\t\t\t\t<a class=\"elementor-button elementor-button-link elementor-size-sm\" href=\"https:\/\/www.fundacionunicaja.com\/colegio-fundacion-unicaja-sagrada-familia\/wp-content\/uploads\/sites\/13\/2024\/12\/trabajando-eso-768x576-1.jpg\">\n\t\t\t\t\t\t<span class=\"elementor-button-content-wrapper\">\n\t\t\t\t\t\t\t\t\t<span class=\"elementor-button-text\">Aula de tecnolog\u00eda<\/span>\n\t\t\t\t\t<\/span>\n\t\t\t\t\t<\/a>\n\t\t\t\t<\/div>\n\t\t\t\t\t\t\t\t<\/div>\n\t\t\t\t<\/div>\n\t\t\t\t<\/div>\n\t\t<div class=\"elementor-element elementor-element-677a20c e-con-full e-flex e-con e-child\" data-id=\"677a20c\" data-element_type=\"container\" data-e-type=\"container\" data-settings=\"{&quot;background_background&quot;:&quot;classic&quot;}\">\n\t\t\t\t<div class=\"elementor-element elementor-element-64accd1 elementor-widget elementor-widget-button\" data-id=\"64accd1\" data-element_type=\"widget\" data-e-type=\"widget\" data-widget_type=\"button.default\">\n\t\t\t\t<div class=\"elementor-widget-container\">\n\t\t\t\t\t\t\t\t\t<div class=\"elementor-button-wrapper\">\n\t\t\t\t\t<a class=\"elementor-button elementor-button-link elementor-size-sm\" href=\"https:\/\/www.fundacionunicaja.com\/colegio-fundacion-unicaja-sagrada-familia\/wp-content\/uploads\/sites\/13\/2024\/12\/16032612.jpg\" data-elementor-lightbox-slideshow=\"d2210e6\">\n\t\t\t\t\t\t<span class=\"elementor-button-content-wrapper\">\n\t\t\t\t\t\t\t\t\t<span class=\"elementor-button-text\">Aula multimedia<\/span>\n\t\t\t\t\t<\/span>\n\t\t\t\t\t<\/a>\n\t\t\t\t<\/div>\n\t\t\t\t\t\t\t\t<\/div>\n\t\t\t\t<\/div>\n\t\t\t\t<div class=\"elementor-element elementor-element-d2210e6 elementor-hidden-desktop elementor-hidden-tablet elementor-hidden-mobile elementor-widget elementor-widget-image-carousel\" data-id=\"d2210e6\" data-element_type=\"widget\" data-e-type=\"widget\" data-settings=\"{&quot;slides_to_show&quot;:&quot;10&quot;,&quot;slides_to_scroll&quot;:&quot;10&quot;,&quot;navigation&quot;:&quot;none&quot;,&quot;speed&quot;:500}\" data-widget_type=\"image-carousel.default\">\n\t\t\t\t<div class=\"elementor-widget-container\">\n\t\t\t\t\t\t\t<div class=\"elementor-image-carousel-wrapper swiper\" role=\"region\" aria-roledescription=\"carousel\" aria-label=\"Carrusel de im\u00e1genes\" dir=\"ltr\">\n\t\t\t<div class=\"elementor-image-carousel swiper-wrapper\" aria-live=\"polite\">\n\t\t\t\t\t\t\t\t<div class=\"swiper-slide\" role=\"group\" aria-roledescription=\"slide\" aria-label=\"1 de 5\"><a data-elementor-open-lightbox=\"yes\" data-elementor-lightbox-slideshow=\"d2210e6\" data-elementor-lightbox-title=\"151138356\" data-e-action-hash=\"#elementor-action%3Aaction%3Dlightbox%26settings%3DeyJpZCI6MzAwLCJ1cmwiOiJodHRwczpcL1wvd3d3LmZ1bmRhY2lvbnVuaWNhamEuY29tXC9jb2xlZ2lvLWZ1bmRhY2lvbi11bmljYWphLXNhZ3JhZGEtZmFtaWxpYVwvd3AtY29udGVudFwvdXBsb2Fkc1wvc2l0ZXNcLzEzXC8yMDI0XC8xMlwvMTUxMTM4MzU2LmpwZyIsInNsaWRlc2hvdyI6ImQyMjEwZTYifQ%3D%3D\" href=\"https:\/\/www.fundacionunicaja.com\/colegio-fundacion-unicaja-sagrada-familia\/wp-content\/uploads\/sites\/13\/2024\/12\/151138356.jpg\"><figure class=\"swiper-slide-inner\"><img decoding=\"async\" class=\"swiper-slide-image\" src=\"https:\/\/www.fundacionunicaja.com\/colegio-fundacion-unicaja-sagrada-familia\/wp-content\/uploads\/sites\/13\/2024\/12\/151138356-150x150.jpg\" alt=\"151138356\" \/><\/figure><\/a><\/div><div class=\"swiper-slide\" role=\"group\" aria-roledescription=\"slide\" aria-label=\"2 de 5\"><a data-elementor-open-lightbox=\"yes\" data-elementor-lightbox-slideshow=\"d2210e6\" data-elementor-lightbox-title=\"633777693\" data-e-action-hash=\"#elementor-action%3Aaction%3Dlightbox%26settings%3DeyJpZCI6MzAxLCJ1cmwiOiJodHRwczpcL1wvd3d3LmZ1bmRhY2lvbnVuaWNhamEuY29tXC9jb2xlZ2lvLWZ1bmRhY2lvbi11bmljYWphLXNhZ3JhZGEtZmFtaWxpYVwvd3AtY29udGVudFwvdXBsb2Fkc1wvc2l0ZXNcLzEzXC8yMDI0XC8xMlwvNjMzNzc3NjkzLmpwZyIsInNsaWRlc2hvdyI6ImQyMjEwZTYifQ%3D%3D\" href=\"https:\/\/www.fundacionunicaja.com\/colegio-fundacion-unicaja-sagrada-familia\/wp-content\/uploads\/sites\/13\/2024\/12\/633777693.jpg\"><figure class=\"swiper-slide-inner\"><img decoding=\"async\" class=\"swiper-slide-image\" src=\"https:\/\/www.fundacionunicaja.com\/colegio-fundacion-unicaja-sagrada-familia\/wp-content\/uploads\/sites\/13\/2024\/12\/633777693-150x150.jpg\" alt=\"633777693\" \/><\/figure><\/a><\/div><div class=\"swiper-slide\" role=\"group\" aria-roledescription=\"slide\" aria-label=\"3 de 5\"><a data-elementor-open-lightbox=\"yes\" data-elementor-lightbox-slideshow=\"d2210e6\" data-elementor-lightbox-title=\"1296040923\" data-e-action-hash=\"#elementor-action%3Aaction%3Dlightbox%26settings%3DeyJpZCI6MzAyLCJ1cmwiOiJodHRwczpcL1wvd3d3LmZ1bmRhY2lvbnVuaWNhamEuY29tXC9jb2xlZ2lvLWZ1bmRhY2lvbi11bmljYWphLXNhZ3JhZGEtZmFtaWxpYVwvd3AtY29udGVudFwvdXBsb2Fkc1wvc2l0ZXNcLzEzXC8yMDI0XC8xMlwvMTI5NjA0MDkyMy5qcGciLCJzbGlkZXNob3ciOiJkMjIxMGU2In0%3D\" href=\"https:\/\/www.fundacionunicaja.com\/colegio-fundacion-unicaja-sagrada-familia\/wp-content\/uploads\/sites\/13\/2024\/12\/1296040923.jpg\"><figure class=\"swiper-slide-inner\"><img decoding=\"async\" class=\"swiper-slide-image\" src=\"https:\/\/www.fundacionunicaja.com\/colegio-fundacion-unicaja-sagrada-familia\/wp-content\/uploads\/sites\/13\/2024\/12\/1296040923-150x150.jpg\" alt=\"1296040923\" \/><\/figure><\/a><\/div><div class=\"swiper-slide\" role=\"group\" aria-roledescription=\"slide\" aria-label=\"4 de 5\"><a data-elementor-open-lightbox=\"yes\" data-elementor-lightbox-slideshow=\"d2210e6\" data-elementor-lightbox-title=\"1469059999\" data-e-action-hash=\"#elementor-action%3Aaction%3Dlightbox%26settings%3DeyJpZCI6MzAzLCJ1cmwiOiJodHRwczpcL1wvd3d3LmZ1bmRhY2lvbnVuaWNhamEuY29tXC9jb2xlZ2lvLWZ1bmRhY2lvbi11bmljYWphLXNhZ3JhZGEtZmFtaWxpYVwvd3AtY29udGVudFwvdXBsb2Fkc1wvc2l0ZXNcLzEzXC8yMDI0XC8xMlwvMTQ2OTA1OTk5OS5qcGciLCJzbGlkZXNob3ciOiJkMjIxMGU2In0%3D\" href=\"https:\/\/www.fundacionunicaja.com\/colegio-fundacion-unicaja-sagrada-familia\/wp-content\/uploads\/sites\/13\/2024\/12\/1469059999.jpg\"><figure class=\"swiper-slide-inner\"><img decoding=\"async\" class=\"swiper-slide-image\" src=\"https:\/\/www.fundacionunicaja.com\/colegio-fundacion-unicaja-sagrada-familia\/wp-content\/uploads\/sites\/13\/2024\/12\/1469059999-150x150.jpg\" alt=\"1469059999\" \/><\/figure><\/a><\/div><div class=\"swiper-slide\" role=\"group\" aria-roledescription=\"slide\" aria-label=\"5 de 5\"><a data-elementor-open-lightbox=\"yes\" data-elementor-lightbox-slideshow=\"d2210e6\" data-elementor-lightbox-title=\"1815331709\" data-e-action-hash=\"#elementor-action%3Aaction%3Dlightbox%26settings%3DeyJpZCI6MzA0LCJ1cmwiOiJodHRwczpcL1wvd3d3LmZ1bmRhY2lvbnVuaWNhamEuY29tXC9jb2xlZ2lvLWZ1bmRhY2lvbi11bmljYWphLXNhZ3JhZGEtZmFtaWxpYVwvd3AtY29udGVudFwvdXBsb2Fkc1wvc2l0ZXNcLzEzXC8yMDI0XC8xMlwvMTgxNTMzMTcwOS5qcGciLCJzbGlkZXNob3ciOiJkMjIxMGU2In0%3D\" href=\"https:\/\/www.fundacionunicaja.com\/colegio-fundacion-unicaja-sagrada-familia\/wp-content\/uploads\/sites\/13\/2024\/12\/1815331709.jpg\"><figure class=\"swiper-slide-inner\"><img decoding=\"async\" class=\"swiper-slide-image\" src=\"https:\/\/www.fundacionunicaja.com\/colegio-fundacion-unicaja-sagrada-familia\/wp-content\/uploads\/sites\/13\/2024\/12\/1815331709-150x150.jpg\" alt=\"1815331709\" \/><\/figure><\/a><\/div>\t\t\t<\/div>\n\t\t\t\t\t\t\t\n\t\t\t\t\t\t\t\t\t<\/div>\n\t\t\t\t\t\t<\/div>\n\t\t\t\t<\/div>\n\t\t\t\t<\/div>\n\t\t<div class=\"elementor-element elementor-element-3b93dcc e-con-full e-flex e-con e-child\" data-id=\"3b93dcc\" data-element_type=\"container\" data-e-type=\"container\" data-settings=\"{&quot;background_background&quot;:&quot;classic&quot;}\">\n\t\t\t\t<div class=\"elementor-element elementor-element-13a6674 elementor-widget elementor-widget-button\" data-id=\"13a6674\" data-element_type=\"widget\" data-e-type=\"widget\" data-widget_type=\"button.default\">\n\t\t\t\t<div class=\"elementor-widget-container\">\n\t\t\t\t\t\t\t\t\t<div class=\"elementor-button-wrapper\">\n\t\t\t\t\t<a class=\"elementor-button elementor-button-link elementor-size-sm\" href=\"https:\/\/www.fundacionunicaja.com\/colegio-fundacion-unicaja-sagrada-familia\/wp-content\/uploads\/sites\/13\/2024\/12\/4268559273.jpg\" data-elementor-lightbox-slideshow=\"de82d9e\">\n\t\t\t\t\t\t<span class=\"elementor-button-content-wrapper\">\n\t\t\t\t\t\t\t\t\t<span class=\"elementor-button-text\">Aula orientaci\u00f3n<\/span>\n\t\t\t\t\t<\/span>\n\t\t\t\t\t<\/a>\n\t\t\t\t<\/div>\n\t\t\t\t\t\t\t\t<\/div>\n\t\t\t\t<\/div>\n\t\t\t\t<div class=\"elementor-element elementor-element-de82d9e elementor-hidden-desktop elementor-hidden-tablet elementor-hidden-mobile elementor-widget elementor-widget-image-carousel\" data-id=\"de82d9e\" data-element_type=\"widget\" data-e-type=\"widget\" data-settings=\"{&quot;slides_to_show&quot;:&quot;10&quot;,&quot;slides_to_scroll&quot;:&quot;10&quot;,&quot;navigation&quot;:&quot;none&quot;,&quot;speed&quot;:500}\" data-widget_type=\"image-carousel.default\">\n\t\t\t\t<div class=\"elementor-widget-container\">\n\t\t\t\t\t\t\t<div class=\"elementor-image-carousel-wrapper swiper\" role=\"region\" aria-roledescription=\"carousel\" aria-label=\"Carrusel de im\u00e1genes\" dir=\"ltr\">\n\t\t\t<div class=\"elementor-image-carousel swiper-wrapper\" aria-live=\"polite\">\n\t\t\t\t\t\t\t\t<div class=\"swiper-slide\" role=\"group\" aria-roledescription=\"slide\" aria-label=\"1 de 3\"><a data-elementor-open-lightbox=\"yes\" data-elementor-lightbox-slideshow=\"de82d9e\" data-elementor-lightbox-title=\"2231795919\" data-e-action-hash=\"#elementor-action%3Aaction%3Dlightbox%26settings%3DeyJpZCI6MzIwLCJ1cmwiOiJodHRwczpcL1wvd3d3LmZ1bmRhY2lvbnVuaWNhamEuY29tXC9jb2xlZ2lvLWZ1bmRhY2lvbi11bmljYWphLXNhZ3JhZGEtZmFtaWxpYVwvd3AtY29udGVudFwvdXBsb2Fkc1wvc2l0ZXNcLzEzXC8yMDI0XC8xMlwvMjIzMTc5NTkxOS5qcGciLCJzbGlkZXNob3ciOiJkZTgyZDllIn0%3D\" href=\"https:\/\/www.fundacionunicaja.com\/colegio-fundacion-unicaja-sagrada-familia\/wp-content\/uploads\/sites\/13\/2024\/12\/2231795919.jpg\"><figure class=\"swiper-slide-inner\"><img decoding=\"async\" class=\"swiper-slide-image\" src=\"https:\/\/www.fundacionunicaja.com\/colegio-fundacion-unicaja-sagrada-familia\/wp-content\/uploads\/sites\/13\/2024\/12\/2231795919-150x150.jpg\" alt=\"2231795919\" \/><\/figure><\/a><\/div><div class=\"swiper-slide\" role=\"group\" aria-roledescription=\"slide\" aria-label=\"2 de 3\"><a data-elementor-open-lightbox=\"yes\" data-elementor-lightbox-slideshow=\"de82d9e\" data-elementor-lightbox-title=\"2751069712\" data-e-action-hash=\"#elementor-action%3Aaction%3Dlightbox%26settings%3DeyJpZCI6MzIzLCJ1cmwiOiJodHRwczpcL1wvd3d3LmZ1bmRhY2lvbnVuaWNhamEuY29tXC9jb2xlZ2lvLWZ1bmRhY2lvbi11bmljYWphLXNhZ3JhZGEtZmFtaWxpYVwvd3AtY29udGVudFwvdXBsb2Fkc1wvc2l0ZXNcLzEzXC8yMDI0XC8xMlwvMjc1MTA2OTcxMi5qcGciLCJzbGlkZXNob3ciOiJkZTgyZDllIn0%3D\" href=\"https:\/\/www.fundacionunicaja.com\/colegio-fundacion-unicaja-sagrada-familia\/wp-content\/uploads\/sites\/13\/2024\/12\/2751069712.jpg\"><figure class=\"swiper-slide-inner\"><img decoding=\"async\" class=\"swiper-slide-image\" src=\"https:\/\/www.fundacionunicaja.com\/colegio-fundacion-unicaja-sagrada-familia\/wp-content\/uploads\/sites\/13\/2024\/12\/2751069712-150x150.jpg\" alt=\"2751069712\" \/><\/figure><\/a><\/div><div class=\"swiper-slide\" role=\"group\" aria-roledescription=\"slide\" aria-label=\"3 de 3\"><a data-elementor-open-lightbox=\"yes\" data-elementor-lightbox-slideshow=\"de82d9e\" data-elementor-lightbox-title=\"2853137728\" data-e-action-hash=\"#elementor-action%3Aaction%3Dlightbox%26settings%3DeyJpZCI6MzI0LCJ1cmwiOiJodHRwczpcL1wvd3d3LmZ1bmRhY2lvbnVuaWNhamEuY29tXC9jb2xlZ2lvLWZ1bmRhY2lvbi11bmljYWphLXNhZ3JhZGEtZmFtaWxpYVwvd3AtY29udGVudFwvdXBsb2Fkc1wvc2l0ZXNcLzEzXC8yMDI0XC8xMlwvMjg1MzEzNzcyOC5qcGciLCJzbGlkZXNob3ciOiJkZTgyZDllIn0%3D\" href=\"https:\/\/www.fundacionunicaja.com\/colegio-fundacion-unicaja-sagrada-familia\/wp-content\/uploads\/sites\/13\/2024\/12\/2853137728.jpg\"><figure class=\"swiper-slide-inner\"><img decoding=\"async\" class=\"swiper-slide-image\" src=\"https:\/\/www.fundacionunicaja.com\/colegio-fundacion-unicaja-sagrada-familia\/wp-content\/uploads\/sites\/13\/2024\/12\/2853137728-150x150.jpg\" alt=\"2853137728\" \/><\/figure><\/a><\/div>\t\t\t<\/div>\n\t\t\t\t\t\t\t\n\t\t\t\t\t\t\t\t\t<\/div>\n\t\t\t\t\t\t<\/div>\n\t\t\t\t<\/div>\n\t\t\t\t<\/div>\n\t\t<div class=\"elementor-element elementor-element-08755c3 e-con-full e-flex e-con e-child\" data-id=\"08755c3\" data-element_type=\"container\" data-e-type=\"container\" data-settings=\"{&quot;background_background&quot;:&quot;classic&quot;}\">\n\t\t\t\t<div class=\"elementor-element elementor-element-eaf9279 elementor-widget elementor-widget-button\" data-id=\"eaf9279\" data-element_type=\"widget\" data-e-type=\"widget\" data-widget_type=\"button.default\">\n\t\t\t\t<div class=\"elementor-widget-container\">\n\t\t\t\t\t\t\t\t\t<div class=\"elementor-button-wrapper\">\n\t\t\t\t\t<a class=\"elementor-button elementor-button-link elementor-size-sm\" href=\"https:\/\/www.fundacionunicaja.com\/colegio-fundacion-unicaja-sagrada-familia\/wp-content\/uploads\/sites\/13\/2024\/12\/Primariaclase5-scaled-1.jpg\" data-elementor-lightbox-slideshow=\"9d2a2af\">\n\t\t\t\t\t\t<span class=\"elementor-button-content-wrapper\">\n\t\t\t\t\t\t\t\t\t<span class=\"elementor-button-text\">Aulas de clase<\/span>\n\t\t\t\t\t<\/span>\n\t\t\t\t\t<\/a>\n\t\t\t\t<\/div>\n\t\t\t\t\t\t\t\t<\/div>\n\t\t\t\t<\/div>\n\t\t\t\t<div class=\"elementor-element elementor-element-9d2a2af elementor-hidden-desktop elementor-hidden-tablet elementor-hidden-mobile elementor-widget elementor-widget-image-carousel\" data-id=\"9d2a2af\" data-element_type=\"widget\" data-e-type=\"widget\" data-settings=\"{&quot;slides_to_show&quot;:&quot;10&quot;,&quot;slides_to_scroll&quot;:&quot;10&quot;,&quot;navigation&quot;:&quot;none&quot;,&quot;speed&quot;:500}\" data-widget_type=\"image-carousel.default\">\n\t\t\t\t<div class=\"elementor-widget-container\">\n\t\t\t\t\t\t\t<div class=\"elementor-image-carousel-wrapper swiper\" role=\"region\" aria-roledescription=\"carousel\" aria-label=\"Carrusel de im\u00e1genes\" dir=\"ltr\">\n\t\t\t<div class=\"elementor-image-carousel swiper-wrapper\" aria-live=\"polite\">\n\t\t\t\t\t\t\t\t<div class=\"swiper-slide\" role=\"group\" aria-roledescription=\"slide\" aria-label=\"1 de 8\"><a data-elementor-open-lightbox=\"yes\" data-elementor-lightbox-slideshow=\"9d2a2af\" data-elementor-lightbox-title=\"1473819783\" data-e-action-hash=\"#elementor-action%3Aaction%3Dlightbox%26settings%3DeyJpZCI6MzI4LCJ1cmwiOiJodHRwczpcL1wvd3d3LmZ1bmRhY2lvbnVuaWNhamEuY29tXC9jb2xlZ2lvLWZ1bmRhY2lvbi11bmljYWphLXNhZ3JhZGEtZmFtaWxpYVwvd3AtY29udGVudFwvdXBsb2Fkc1wvc2l0ZXNcLzEzXC8yMDI0XC8xMlwvMTQ3MzgxOTc4My5qcGciLCJzbGlkZXNob3ciOiI5ZDJhMmFmIn0%3D\" href=\"https:\/\/www.fundacionunicaja.com\/colegio-fundacion-unicaja-sagrada-familia\/wp-content\/uploads\/sites\/13\/2024\/12\/1473819783.jpg\"><figure class=\"swiper-slide-inner\"><img decoding=\"async\" class=\"swiper-slide-image\" src=\"https:\/\/www.fundacionunicaja.com\/colegio-fundacion-unicaja-sagrada-familia\/wp-content\/uploads\/sites\/13\/2024\/12\/1473819783-150x150.jpg\" alt=\"1473819783\" \/><\/figure><\/a><\/div><div class=\"swiper-slide\" role=\"group\" aria-roledescription=\"slide\" aria-label=\"2 de 8\"><a data-elementor-open-lightbox=\"yes\" data-elementor-lightbox-slideshow=\"9d2a2af\" data-elementor-lightbox-title=\"2343307504\" data-e-action-hash=\"#elementor-action%3Aaction%3Dlightbox%26settings%3DeyJpZCI6MzI5LCJ1cmwiOiJodHRwczpcL1wvd3d3LmZ1bmRhY2lvbnVuaWNhamEuY29tXC9jb2xlZ2lvLWZ1bmRhY2lvbi11bmljYWphLXNhZ3JhZGEtZmFtaWxpYVwvd3AtY29udGVudFwvdXBsb2Fkc1wvc2l0ZXNcLzEzXC8yMDI0XC8xMlwvMjM0MzMwNzUwNC5qcGciLCJzbGlkZXNob3ciOiI5ZDJhMmFmIn0%3D\" href=\"https:\/\/www.fundacionunicaja.com\/colegio-fundacion-unicaja-sagrada-familia\/wp-content\/uploads\/sites\/13\/2024\/12\/2343307504.jpg\"><figure class=\"swiper-slide-inner\"><img decoding=\"async\" class=\"swiper-slide-image\" src=\"https:\/\/www.fundacionunicaja.com\/colegio-fundacion-unicaja-sagrada-familia\/wp-content\/uploads\/sites\/13\/2024\/12\/2343307504-150x150.jpg\" alt=\"2343307504\" \/><\/figure><\/a><\/div><div class=\"swiper-slide\" role=\"group\" aria-roledescription=\"slide\" aria-label=\"3 de 8\"><a data-elementor-open-lightbox=\"yes\" data-elementor-lightbox-slideshow=\"9d2a2af\" data-elementor-lightbox-title=\"2554408528\" data-e-action-hash=\"#elementor-action%3Aaction%3Dlightbox%26settings%3DeyJpZCI6MzMwLCJ1cmwiOiJodHRwczpcL1wvd3d3LmZ1bmRhY2lvbnVuaWNhamEuY29tXC9jb2xlZ2lvLWZ1bmRhY2lvbi11bmljYWphLXNhZ3JhZGEtZmFtaWxpYVwvd3AtY29udGVudFwvdXBsb2Fkc1wvc2l0ZXNcLzEzXC8yMDI0XC8xMlwvMjU1NDQwODUyOC5qcGciLCJzbGlkZXNob3ciOiI5ZDJhMmFmIn0%3D\" href=\"https:\/\/www.fundacionunicaja.com\/colegio-fundacion-unicaja-sagrada-familia\/wp-content\/uploads\/sites\/13\/2024\/12\/2554408528.jpg\"><figure class=\"swiper-slide-inner\"><img decoding=\"async\" class=\"swiper-slide-image\" src=\"https:\/\/www.fundacionunicaja.com\/colegio-fundacion-unicaja-sagrada-familia\/wp-content\/uploads\/sites\/13\/2024\/12\/2554408528-150x150.jpg\" alt=\"2554408528\" \/><\/figure><\/a><\/div><div class=\"swiper-slide\" role=\"group\" aria-roledescription=\"slide\" aria-label=\"4 de 8\"><a data-elementor-open-lightbox=\"yes\" data-elementor-lightbox-slideshow=\"9d2a2af\" data-elementor-lightbox-title=\"2702156363\" data-e-action-hash=\"#elementor-action%3Aaction%3Dlightbox%26settings%3DeyJpZCI6MzMxLCJ1cmwiOiJodHRwczpcL1wvd3d3LmZ1bmRhY2lvbnVuaWNhamEuY29tXC9jb2xlZ2lvLWZ1bmRhY2lvbi11bmljYWphLXNhZ3JhZGEtZmFtaWxpYVwvd3AtY29udGVudFwvdXBsb2Fkc1wvc2l0ZXNcLzEzXC8yMDI0XC8xMlwvMjcwMjE1NjM2My5qcGciLCJzbGlkZXNob3ciOiI5ZDJhMmFmIn0%3D\" href=\"https:\/\/www.fundacionunicaja.com\/colegio-fundacion-unicaja-sagrada-familia\/wp-content\/uploads\/sites\/13\/2024\/12\/2702156363.jpg\"><figure class=\"swiper-slide-inner\"><img decoding=\"async\" class=\"swiper-slide-image\" src=\"https:\/\/www.fundacionunicaja.com\/colegio-fundacion-unicaja-sagrada-familia\/wp-content\/uploads\/sites\/13\/2024\/12\/2702156363-150x150.jpg\" alt=\"2702156363\" \/><\/figure><\/a><\/div><div class=\"swiper-slide\" role=\"group\" aria-roledescription=\"slide\" aria-label=\"5 de 8\"><a data-elementor-open-lightbox=\"yes\" data-elementor-lightbox-slideshow=\"9d2a2af\" data-elementor-lightbox-title=\"3001189611\" data-e-action-hash=\"#elementor-action%3Aaction%3Dlightbox%26settings%3DeyJpZCI6MzMyLCJ1cmwiOiJodHRwczpcL1wvd3d3LmZ1bmRhY2lvbnVuaWNhamEuY29tXC9jb2xlZ2lvLWZ1bmRhY2lvbi11bmljYWphLXNhZ3JhZGEtZmFtaWxpYVwvd3AtY29udGVudFwvdXBsb2Fkc1wvc2l0ZXNcLzEzXC8yMDI0XC8xMlwvMzAwMTE4OTYxMS5qcGciLCJzbGlkZXNob3ciOiI5ZDJhMmFmIn0%3D\" href=\"https:\/\/www.fundacionunicaja.com\/colegio-fundacion-unicaja-sagrada-familia\/wp-content\/uploads\/sites\/13\/2024\/12\/3001189611.jpg\"><figure class=\"swiper-slide-inner\"><img decoding=\"async\" class=\"swiper-slide-image\" src=\"https:\/\/www.fundacionunicaja.com\/colegio-fundacion-unicaja-sagrada-familia\/wp-content\/uploads\/sites\/13\/2024\/12\/3001189611-150x150.jpg\" alt=\"3001189611\" \/><\/figure><\/a><\/div><div class=\"swiper-slide\" role=\"group\" aria-roledescription=\"slide\" aria-label=\"6 de 8\"><a data-elementor-open-lightbox=\"yes\" data-elementor-lightbox-slideshow=\"9d2a2af\" data-elementor-lightbox-title=\"3407478981\" data-e-action-hash=\"#elementor-action%3Aaction%3Dlightbox%26settings%3DeyJpZCI6MzMzLCJ1cmwiOiJodHRwczpcL1wvd3d3LmZ1bmRhY2lvbnVuaWNhamEuY29tXC9jb2xlZ2lvLWZ1bmRhY2lvbi11bmljYWphLXNhZ3JhZGEtZmFtaWxpYVwvd3AtY29udGVudFwvdXBsb2Fkc1wvc2l0ZXNcLzEzXC8yMDI0XC8xMlwvMzQwNzQ3ODk4MS5qcGciLCJzbGlkZXNob3ciOiI5ZDJhMmFmIn0%3D\" href=\"https:\/\/www.fundacionunicaja.com\/colegio-fundacion-unicaja-sagrada-familia\/wp-content\/uploads\/sites\/13\/2024\/12\/3407478981.jpg\"><figure class=\"swiper-slide-inner\"><img decoding=\"async\" class=\"swiper-slide-image\" src=\"https:\/\/www.fundacionunicaja.com\/colegio-fundacion-unicaja-sagrada-familia\/wp-content\/uploads\/sites\/13\/2024\/12\/3407478981-150x150.jpg\" alt=\"3407478981\" \/><\/figure><\/a><\/div><div class=\"swiper-slide\" role=\"group\" aria-roledescription=\"slide\" aria-label=\"7 de 8\"><a data-elementor-open-lightbox=\"yes\" data-elementor-lightbox-slideshow=\"9d2a2af\" data-elementor-lightbox-title=\"Primaria-clase-2-scaled\" data-e-action-hash=\"#elementor-action%3Aaction%3Dlightbox%26settings%3DeyJpZCI6MzM0LCJ1cmwiOiJodHRwczpcL1wvd3d3LmZ1bmRhY2lvbnVuaWNhamEuY29tXC9jb2xlZ2lvLWZ1bmRhY2lvbi11bmljYWphLXNhZ3JhZGEtZmFtaWxpYVwvd3AtY29udGVudFwvdXBsb2Fkc1wvc2l0ZXNcLzEzXC8yMDI0XC8xMlwvUHJpbWFyaWEtY2xhc2UtMi1zY2FsZWQtMS5qcGciLCJzbGlkZXNob3ciOiI5ZDJhMmFmIn0%3D\" href=\"https:\/\/www.fundacionunicaja.com\/colegio-fundacion-unicaja-sagrada-familia\/wp-content\/uploads\/sites\/13\/2024\/12\/Primaria-clase-2-scaled-1.jpg\"><figure class=\"swiper-slide-inner\"><img decoding=\"async\" class=\"swiper-slide-image\" src=\"https:\/\/www.fundacionunicaja.com\/colegio-fundacion-unicaja-sagrada-familia\/wp-content\/uploads\/sites\/13\/2024\/12\/Primaria-clase-2-scaled-1-150x150.jpg\" alt=\"Primaria-clase-2-scaled\" \/><\/figure><\/a><\/div><div class=\"swiper-slide\" role=\"group\" aria-roledescription=\"slide\" aria-label=\"8 de 8\"><a data-elementor-open-lightbox=\"yes\" data-elementor-lightbox-slideshow=\"9d2a2af\" data-elementor-lightbox-title=\"Primariaclase3-scaled\" data-e-action-hash=\"#elementor-action%3Aaction%3Dlightbox%26settings%3DeyJpZCI6MzM1LCJ1cmwiOiJodHRwczpcL1wvd3d3LmZ1bmRhY2lvbnVuaWNhamEuY29tXC9jb2xlZ2lvLWZ1bmRhY2lvbi11bmljYWphLXNhZ3JhZGEtZmFtaWxpYVwvd3AtY29udGVudFwvdXBsb2Fkc1wvc2l0ZXNcLzEzXC8yMDI0XC8xMlwvUHJpbWFyaWFjbGFzZTMtc2NhbGVkLTEuanBnIiwic2xpZGVzaG93IjoiOWQyYTJhZiJ9\" href=\"https:\/\/www.fundacionunicaja.com\/colegio-fundacion-unicaja-sagrada-familia\/wp-content\/uploads\/sites\/13\/2024\/12\/Primariaclase3-scaled-1.jpg\"><figure class=\"swiper-slide-inner\"><img decoding=\"async\" class=\"swiper-slide-image\" src=\"https:\/\/www.fundacionunicaja.com\/colegio-fundacion-unicaja-sagrada-familia\/wp-content\/uploads\/sites\/13\/2024\/12\/Primariaclase3-scaled-1-150x150.jpg\" alt=\"Primariaclase3-scaled\" \/><\/figure><\/a><\/div>\t\t\t<\/div>\n\t\t\t\t\t\t\t\n\t\t\t\t\t\t\t\t\t<\/div>\n\t\t\t\t\t\t<\/div>\n\t\t\t\t<\/div>\n\t\t\t\t<\/div>\n\t\t\t\t\t<\/div>\n\t\t\t\t<\/div>\n\t\t<div class=\"elementor-element elementor-element-cee5df1 e-con-full e-flex e-con e-child\" data-id=\"cee5df1\" data-element_type=\"container\" data-e-type=\"container\">\n\t\t<div class=\"elementor-element elementor-element-f5abfdc e-con-full e-flex e-con e-child\" data-id=\"f5abfdc\" data-element_type=\"container\" data-e-type=\"container\" data-settings=\"{&quot;background_background&quot;:&quot;classic&quot;}\">\n\t\t\t\t<div class=\"elementor-element elementor-element-416f2cf elementor-widget elementor-widget-button\" data-id=\"416f2cf\" data-element_type=\"widget\" data-e-type=\"widget\" data-widget_type=\"button.default\">\n\t\t\t\t<div class=\"elementor-widget-container\">\n\t\t\t\t\t\t\t\t\t<div class=\"elementor-button-wrapper\">\n\t\t\t\t\t<a class=\"elementor-button elementor-button-link elementor-size-sm\" href=\"https:\/\/www.fundacionunicaja.com\/colegio-fundacion-unicaja-sagrada-familia\/wp-content\/uploads\/sites\/13\/2024\/12\/DSC08552-scaled.jpg\" data-elementor-lightbox-slideshow=\"7b82699\">\n\t\t\t\t\t\t<span class=\"elementor-button-content-wrapper\">\n\t\t\t\t\t\t\t\t\t<span class=\"elementor-button-text\">Biblioteca<\/span>\n\t\t\t\t\t<\/span>\n\t\t\t\t\t<\/a>\n\t\t\t\t<\/div>\n\t\t\t\t\t\t\t\t<\/div>\n\t\t\t\t<\/div>\n\t\t\t\t<div class=\"elementor-element elementor-element-7b82699 elementor-hidden-desktop elementor-hidden-tablet elementor-hidden-mobile elementor-widget elementor-widget-image-carousel\" data-id=\"7b82699\" data-element_type=\"widget\" data-e-type=\"widget\" data-settings=\"{&quot;slides_to_show&quot;:&quot;10&quot;,&quot;slides_to_scroll&quot;:&quot;10&quot;,&quot;navigation&quot;:&quot;none&quot;,&quot;speed&quot;:500}\" data-widget_type=\"image-carousel.default\">\n\t\t\t\t<div class=\"elementor-widget-container\">\n\t\t\t\t\t\t\t<div class=\"elementor-image-carousel-wrapper swiper\" role=\"region\" aria-roledescription=\"carousel\" aria-label=\"Carrusel de im\u00e1genes\" dir=\"ltr\">\n\t\t\t<div class=\"elementor-image-carousel swiper-wrapper\" aria-live=\"polite\">\n\t\t\t\t\t\t\t\t<div class=\"swiper-slide\" role=\"group\" aria-roledescription=\"slide\" aria-label=\"1 de 2\"><a data-elementor-open-lightbox=\"yes\" data-elementor-lightbox-slideshow=\"7b82699\" data-elementor-lightbox-title=\"DSC08553\" data-e-action-hash=\"#elementor-action%3Aaction%3Dlightbox%26settings%3DeyJpZCI6MzQ3LCJ1cmwiOiJodHRwczpcL1wvd3d3LmZ1bmRhY2lvbnVuaWNhamEuY29tXC9jb2xlZ2lvLWZ1bmRhY2lvbi11bmljYWphLXNhZ3JhZGEtZmFtaWxpYVwvd3AtY29udGVudFwvdXBsb2Fkc1wvc2l0ZXNcLzEzXC8yMDI0XC8xMlwvRFNDMDg1NTMtc2NhbGVkLmpwZyIsInNsaWRlc2hvdyI6IjdiODI2OTkifQ%3D%3D\" href=\"https:\/\/www.fundacionunicaja.com\/colegio-fundacion-unicaja-sagrada-familia\/wp-content\/uploads\/sites\/13\/2024\/12\/DSC08553-scaled.jpg\"><figure class=\"swiper-slide-inner\"><img decoding=\"async\" class=\"swiper-slide-image\" src=\"https:\/\/www.fundacionunicaja.com\/colegio-fundacion-unicaja-sagrada-familia\/wp-content\/uploads\/sites\/13\/2024\/12\/DSC08553-150x150.jpg\" alt=\"DSC08553\" \/><\/figure><\/a><\/div><div class=\"swiper-slide\" role=\"group\" aria-roledescription=\"slide\" aria-label=\"2 de 2\"><a data-elementor-open-lightbox=\"yes\" data-elementor-lightbox-slideshow=\"7b82699\" data-elementor-lightbox-title=\"DSC08554\" data-e-action-hash=\"#elementor-action%3Aaction%3Dlightbox%26settings%3DeyJpZCI6MzQ4LCJ1cmwiOiJodHRwczpcL1wvd3d3LmZ1bmRhY2lvbnVuaWNhamEuY29tXC9jb2xlZ2lvLWZ1bmRhY2lvbi11bmljYWphLXNhZ3JhZGEtZmFtaWxpYVwvd3AtY29udGVudFwvdXBsb2Fkc1wvc2l0ZXNcLzEzXC8yMDI0XC8xMlwvRFNDMDg1NTQtc2NhbGVkLmpwZyIsInNsaWRlc2hvdyI6IjdiODI2OTkifQ%3D%3D\" href=\"https:\/\/www.fundacionunicaja.com\/colegio-fundacion-unicaja-sagrada-familia\/wp-content\/uploads\/sites\/13\/2024\/12\/DSC08554-scaled.jpg\"><figure class=\"swiper-slide-inner\"><img decoding=\"async\" class=\"swiper-slide-image\" src=\"https:\/\/www.fundacionunicaja.com\/colegio-fundacion-unicaja-sagrada-familia\/wp-content\/uploads\/sites\/13\/2024\/12\/DSC08554-150x150.jpg\" alt=\"DSC08554\" \/><\/figure><\/a><\/div>\t\t\t<\/div>\n\t\t\t\t\t\t\t\n\t\t\t\t\t\t\t\t\t<\/div>\n\t\t\t\t\t\t<\/div>\n\t\t\t\t<\/div>\n\t\t\t\t<\/div>\n\t\t<div class=\"elementor-element elementor-element-427364f e-con-full e-flex e-con e-child\" data-id=\"427364f\" data-element_type=\"container\" data-e-type=\"container\" data-settings=\"{&quot;background_background&quot;:&quot;classic&quot;}\">\n\t\t\t\t<div class=\"elementor-element elementor-element-579942d elementor-widget elementor-widget-button\" data-id=\"579942d\" data-element_type=\"widget\" data-e-type=\"widget\" data-widget_type=\"button.default\">\n\t\t\t\t<div class=\"elementor-widget-container\">\n\t\t\t\t\t\t\t\t\t<div class=\"elementor-button-wrapper\">\n\t\t\t\t\t<a class=\"elementor-button elementor-button-link elementor-size-sm\" href=\"https:\/\/www.fundacionunicaja.com\/colegio-fundacion-unicaja-sagrada-familia\/wp-content\/uploads\/sites\/13\/2024\/12\/153634816.jpg\" data-elementor-lightbox-slideshow=\"2951587\">\n\t\t\t\t\t\t<span class=\"elementor-button-content-wrapper\">\n\t\t\t\t\t\t\t\t\t<span class=\"elementor-button-text\">Edificio del colegio<\/span>\n\t\t\t\t\t<\/span>\n\t\t\t\t\t<\/a>\n\t\t\t\t<\/div>\n\t\t\t\t\t\t\t\t<\/div>\n\t\t\t\t<\/div>\n\t\t\t\t<div class=\"elementor-element elementor-element-2951587 elementor-hidden-desktop elementor-hidden-tablet elementor-widget elementor-widget-image-carousel\" data-id=\"2951587\" data-element_type=\"widget\" data-e-type=\"widget\" data-settings=\"{&quot;slides_to_show&quot;:&quot;10&quot;,&quot;slides_to_scroll&quot;:&quot;10&quot;,&quot;navigation&quot;:&quot;none&quot;,&quot;speed&quot;:500}\" data-widget_type=\"image-carousel.default\">\n\t\t\t\t<div class=\"elementor-widget-container\">\n\t\t\t\t\t\t\t<div class=\"elementor-image-carousel-wrapper swiper\" role=\"region\" aria-roledescription=\"carousel\" aria-label=\"Carrusel de im\u00e1genes\" dir=\"ltr\">\n\t\t\t<div class=\"elementor-image-carousel swiper-wrapper\" aria-live=\"polite\">\n\t\t\t\t\t\t\t\t<div class=\"swiper-slide\" role=\"group\" aria-roledescription=\"slide\" aria-label=\"1 de 12\"><a data-elementor-open-lightbox=\"yes\" data-elementor-lightbox-slideshow=\"2951587\" data-elementor-lightbox-title=\"231220293\" data-e-action-hash=\"#elementor-action%3Aaction%3Dlightbox%26settings%3DeyJpZCI6MzU5LCJ1cmwiOiJodHRwczpcL1wvd3d3LmZ1bmRhY2lvbnVuaWNhamEuY29tXC9jb2xlZ2lvLWZ1bmRhY2lvbi11bmljYWphLXNhZ3JhZGEtZmFtaWxpYVwvd3AtY29udGVudFwvdXBsb2Fkc1wvc2l0ZXNcLzEzXC8yMDI0XC8xMlwvMjMxMjIwMjkzLmpwZyIsInNsaWRlc2hvdyI6IjI5NTE1ODcifQ%3D%3D\" href=\"https:\/\/www.fundacionunicaja.com\/colegio-fundacion-unicaja-sagrada-familia\/wp-content\/uploads\/sites\/13\/2024\/12\/231220293.jpg\"><figure class=\"swiper-slide-inner\"><img decoding=\"async\" class=\"swiper-slide-image\" src=\"https:\/\/www.fundacionunicaja.com\/colegio-fundacion-unicaja-sagrada-familia\/wp-content\/uploads\/sites\/13\/2024\/12\/231220293-150x150.jpg\" alt=\"231220293\" \/><\/figure><\/a><\/div><div class=\"swiper-slide\" role=\"group\" aria-roledescription=\"slide\" aria-label=\"2 de 12\"><a data-elementor-open-lightbox=\"yes\" data-elementor-lightbox-slideshow=\"2951587\" data-elementor-lightbox-title=\"740481887\" data-e-action-hash=\"#elementor-action%3Aaction%3Dlightbox%26settings%3DeyJpZCI6MzYwLCJ1cmwiOiJodHRwczpcL1wvd3d3LmZ1bmRhY2lvbnVuaWNhamEuY29tXC9jb2xlZ2lvLWZ1bmRhY2lvbi11bmljYWphLXNhZ3JhZGEtZmFtaWxpYVwvd3AtY29udGVudFwvdXBsb2Fkc1wvc2l0ZXNcLzEzXC8yMDI0XC8xMlwvNzQwNDgxODg3LmpwZyIsInNsaWRlc2hvdyI6IjI5NTE1ODcifQ%3D%3D\" href=\"https:\/\/www.fundacionunicaja.com\/colegio-fundacion-unicaja-sagrada-familia\/wp-content\/uploads\/sites\/13\/2024\/12\/740481887.jpg\"><figure class=\"swiper-slide-inner\"><img decoding=\"async\" class=\"swiper-slide-image\" src=\"https:\/\/www.fundacionunicaja.com\/colegio-fundacion-unicaja-sagrada-familia\/wp-content\/uploads\/sites\/13\/2024\/12\/740481887-150x150.jpg\" alt=\"740481887\" \/><\/figure><\/a><\/div><div class=\"swiper-slide\" role=\"group\" aria-roledescription=\"slide\" aria-label=\"3 de 12\"><a data-elementor-open-lightbox=\"yes\" data-elementor-lightbox-slideshow=\"2951587\" data-elementor-lightbox-title=\"746114433\" data-e-action-hash=\"#elementor-action%3Aaction%3Dlightbox%26settings%3DeyJpZCI6MzYxLCJ1cmwiOiJodHRwczpcL1wvd3d3LmZ1bmRhY2lvbnVuaWNhamEuY29tXC9jb2xlZ2lvLWZ1bmRhY2lvbi11bmljYWphLXNhZ3JhZGEtZmFtaWxpYVwvd3AtY29udGVudFwvdXBsb2Fkc1wvc2l0ZXNcLzEzXC8yMDI0XC8xMlwvNzQ2MTE0NDMzLmpwZyIsInNsaWRlc2hvdyI6IjI5NTE1ODcifQ%3D%3D\" href=\"https:\/\/www.fundacionunicaja.com\/colegio-fundacion-unicaja-sagrada-familia\/wp-content\/uploads\/sites\/13\/2024\/12\/746114433.jpg\"><figure class=\"swiper-slide-inner\"><img decoding=\"async\" class=\"swiper-slide-image\" src=\"https:\/\/www.fundacionunicaja.com\/colegio-fundacion-unicaja-sagrada-familia\/wp-content\/uploads\/sites\/13\/2024\/12\/746114433-150x150.jpg\" alt=\"746114433\" \/><\/figure><\/a><\/div><div class=\"swiper-slide\" role=\"group\" aria-roledescription=\"slide\" aria-label=\"4 de 12\"><a data-elementor-open-lightbox=\"yes\" data-elementor-lightbox-slideshow=\"2951587\" data-elementor-lightbox-title=\"1244149309\" data-e-action-hash=\"#elementor-action%3Aaction%3Dlightbox%26settings%3DeyJpZCI6MzYyLCJ1cmwiOiJodHRwczpcL1wvd3d3LmZ1bmRhY2lvbnVuaWNhamEuY29tXC9jb2xlZ2lvLWZ1bmRhY2lvbi11bmljYWphLXNhZ3JhZGEtZmFtaWxpYVwvd3AtY29udGVudFwvdXBsb2Fkc1wvc2l0ZXNcLzEzXC8yMDI0XC8xMlwvMTI0NDE0OTMwOS5qcGciLCJzbGlkZXNob3ciOiIyOTUxNTg3In0%3D\" href=\"https:\/\/www.fundacionunicaja.com\/colegio-fundacion-unicaja-sagrada-familia\/wp-content\/uploads\/sites\/13\/2024\/12\/1244149309.jpg\"><figure class=\"swiper-slide-inner\"><img decoding=\"async\" class=\"swiper-slide-image\" src=\"https:\/\/www.fundacionunicaja.com\/colegio-fundacion-unicaja-sagrada-familia\/wp-content\/uploads\/sites\/13\/2024\/12\/1244149309-150x150.jpg\" alt=\"1244149309\" \/><\/figure><\/a><\/div><div class=\"swiper-slide\" role=\"group\" aria-roledescription=\"slide\" aria-label=\"5 de 12\"><a data-elementor-open-lightbox=\"yes\" data-elementor-lightbox-slideshow=\"2951587\" data-elementor-lightbox-title=\"1671298656\" data-e-action-hash=\"#elementor-action%3Aaction%3Dlightbox%26settings%3DeyJpZCI6MzYzLCJ1cmwiOiJodHRwczpcL1wvd3d3LmZ1bmRhY2lvbnVuaWNhamEuY29tXC9jb2xlZ2lvLWZ1bmRhY2lvbi11bmljYWphLXNhZ3JhZGEtZmFtaWxpYVwvd3AtY29udGVudFwvdXBsb2Fkc1wvc2l0ZXNcLzEzXC8yMDI0XC8xMlwvMTY3MTI5ODY1Ni5qcGVnIiwic2xpZGVzaG93IjoiMjk1MTU4NyJ9\" href=\"https:\/\/www.fundacionunicaja.com\/colegio-fundacion-unicaja-sagrada-familia\/wp-content\/uploads\/sites\/13\/2024\/12\/1671298656.jpeg\"><figure class=\"swiper-slide-inner\"><img decoding=\"async\" class=\"swiper-slide-image\" src=\"https:\/\/www.fundacionunicaja.com\/colegio-fundacion-unicaja-sagrada-familia\/wp-content\/uploads\/sites\/13\/2024\/12\/1671298656-150x150.jpeg\" alt=\"1671298656\" \/><\/figure><\/a><\/div><div class=\"swiper-slide\" role=\"group\" aria-roledescription=\"slide\" aria-label=\"6 de 12\"><a data-elementor-open-lightbox=\"yes\" data-elementor-lightbox-slideshow=\"2951587\" data-elementor-lightbox-title=\"1682888376\" data-e-action-hash=\"#elementor-action%3Aaction%3Dlightbox%26settings%3DeyJpZCI6MzY0LCJ1cmwiOiJodHRwczpcL1wvd3d3LmZ1bmRhY2lvbnVuaWNhamEuY29tXC9jb2xlZ2lvLWZ1bmRhY2lvbi11bmljYWphLXNhZ3JhZGEtZmFtaWxpYVwvd3AtY29udGVudFwvdXBsb2Fkc1wvc2l0ZXNcLzEzXC8yMDI0XC8xMlwvMTY4Mjg4ODM3Ni5qcGciLCJzbGlkZXNob3ciOiIyOTUxNTg3In0%3D\" href=\"https:\/\/www.fundacionunicaja.com\/colegio-fundacion-unicaja-sagrada-familia\/wp-content\/uploads\/sites\/13\/2024\/12\/1682888376.jpg\"><figure class=\"swiper-slide-inner\"><img decoding=\"async\" class=\"swiper-slide-image\" src=\"https:\/\/www.fundacionunicaja.com\/colegio-fundacion-unicaja-sagrada-familia\/wp-content\/uploads\/sites\/13\/2024\/12\/1682888376-150x150.jpg\" alt=\"1682888376\" \/><\/figure><\/a><\/div><div class=\"swiper-slide\" role=\"group\" aria-roledescription=\"slide\" aria-label=\"7 de 12\"><a data-elementor-open-lightbox=\"yes\" data-elementor-lightbox-slideshow=\"2951587\" data-elementor-lightbox-title=\"2270886781\" data-e-action-hash=\"#elementor-action%3Aaction%3Dlightbox%26settings%3DeyJpZCI6MzY1LCJ1cmwiOiJodHRwczpcL1wvd3d3LmZ1bmRhY2lvbnVuaWNhamEuY29tXC9jb2xlZ2lvLWZ1bmRhY2lvbi11bmljYWphLXNhZ3JhZGEtZmFtaWxpYVwvd3AtY29udGVudFwvdXBsb2Fkc1wvc2l0ZXNcLzEzXC8yMDI0XC8xMlwvMjI3MDg4Njc4MS5qcGciLCJzbGlkZXNob3ciOiIyOTUxNTg3In0%3D\" href=\"https:\/\/www.fundacionunicaja.com\/colegio-fundacion-unicaja-sagrada-familia\/wp-content\/uploads\/sites\/13\/2024\/12\/2270886781.jpg\"><figure class=\"swiper-slide-inner\"><img decoding=\"async\" class=\"swiper-slide-image\" src=\"https:\/\/www.fundacionunicaja.com\/colegio-fundacion-unicaja-sagrada-familia\/wp-content\/uploads\/sites\/13\/2024\/12\/2270886781-150x150.jpg\" alt=\"2270886781\" \/><\/figure><\/a><\/div><div class=\"swiper-slide\" role=\"group\" aria-roledescription=\"slide\" aria-label=\"8 de 12\"><a data-elementor-open-lightbox=\"yes\" data-elementor-lightbox-slideshow=\"2951587\" data-elementor-lightbox-title=\"2350757973\" data-e-action-hash=\"#elementor-action%3Aaction%3Dlightbox%26settings%3DeyJpZCI6MzY2LCJ1cmwiOiJodHRwczpcL1wvd3d3LmZ1bmRhY2lvbnVuaWNhamEuY29tXC9jb2xlZ2lvLWZ1bmRhY2lvbi11bmljYWphLXNhZ3JhZGEtZmFtaWxpYVwvd3AtY29udGVudFwvdXBsb2Fkc1wvc2l0ZXNcLzEzXC8yMDI0XC8xMlwvMjM1MDc1Nzk3My5qcGciLCJzbGlkZXNob3ciOiIyOTUxNTg3In0%3D\" href=\"https:\/\/www.fundacionunicaja.com\/colegio-fundacion-unicaja-sagrada-familia\/wp-content\/uploads\/sites\/13\/2024\/12\/2350757973.jpg\"><figure class=\"swiper-slide-inner\"><img decoding=\"async\" class=\"swiper-slide-image\" src=\"https:\/\/www.fundacionunicaja.com\/colegio-fundacion-unicaja-sagrada-familia\/wp-content\/uploads\/sites\/13\/2024\/12\/2350757973-150x150.jpg\" alt=\"2350757973\" \/><\/figure><\/a><\/div><div class=\"swiper-slide\" role=\"group\" aria-roledescription=\"slide\" aria-label=\"9 de 12\"><a data-elementor-open-lightbox=\"yes\" data-elementor-lightbox-slideshow=\"2951587\" data-elementor-lightbox-title=\"2354661781\" data-e-action-hash=\"#elementor-action%3Aaction%3Dlightbox%26settings%3DeyJpZCI6MzY3LCJ1cmwiOiJodHRwczpcL1wvd3d3LmZ1bmRhY2lvbnVuaWNhamEuY29tXC9jb2xlZ2lvLWZ1bmRhY2lvbi11bmljYWphLXNhZ3JhZGEtZmFtaWxpYVwvd3AtY29udGVudFwvdXBsb2Fkc1wvc2l0ZXNcLzEzXC8yMDI0XC8xMlwvMjM1NDY2MTc4MS5qcGciLCJzbGlkZXNob3ciOiIyOTUxNTg3In0%3D\" href=\"https:\/\/www.fundacionunicaja.com\/colegio-fundacion-unicaja-sagrada-familia\/wp-content\/uploads\/sites\/13\/2024\/12\/2354661781.jpg\"><figure class=\"swiper-slide-inner\"><img decoding=\"async\" class=\"swiper-slide-image\" src=\"https:\/\/www.fundacionunicaja.com\/colegio-fundacion-unicaja-sagrada-familia\/wp-content\/uploads\/sites\/13\/2024\/12\/2354661781-150x150.jpg\" alt=\"2354661781\" \/><\/figure><\/a><\/div><div class=\"swiper-slide\" role=\"group\" aria-roledescription=\"slide\" aria-label=\"10 de 12\"><a data-elementor-open-lightbox=\"yes\" data-elementor-lightbox-slideshow=\"2951587\" data-elementor-lightbox-title=\"2823417489\" data-e-action-hash=\"#elementor-action%3Aaction%3Dlightbox%26settings%3DeyJpZCI6MzY4LCJ1cmwiOiJodHRwczpcL1wvd3d3LmZ1bmRhY2lvbnVuaWNhamEuY29tXC9jb2xlZ2lvLWZ1bmRhY2lvbi11bmljYWphLXNhZ3JhZGEtZmFtaWxpYVwvd3AtY29udGVudFwvdXBsb2Fkc1wvc2l0ZXNcLzEzXC8yMDI0XC8xMlwvMjgyMzQxNzQ4OS5qcGciLCJzbGlkZXNob3ciOiIyOTUxNTg3In0%3D\" href=\"https:\/\/www.fundacionunicaja.com\/colegio-fundacion-unicaja-sagrada-familia\/wp-content\/uploads\/sites\/13\/2024\/12\/2823417489.jpg\"><figure class=\"swiper-slide-inner\"><img decoding=\"async\" class=\"swiper-slide-image\" src=\"https:\/\/www.fundacionunicaja.com\/colegio-fundacion-unicaja-sagrada-familia\/wp-content\/uploads\/sites\/13\/2024\/12\/2823417489-150x150.jpg\" alt=\"2823417489\" \/><\/figure><\/a><\/div><div class=\"swiper-slide\" role=\"group\" aria-roledescription=\"slide\" aria-label=\"11 de 12\"><a data-elementor-open-lightbox=\"yes\" data-elementor-lightbox-slideshow=\"2951587\" data-elementor-lightbox-title=\"2961562963\" data-e-action-hash=\"#elementor-action%3Aaction%3Dlightbox%26settings%3DeyJpZCI6MzY5LCJ1cmwiOiJodHRwczpcL1wvd3d3LmZ1bmRhY2lvbnVuaWNhamEuY29tXC9jb2xlZ2lvLWZ1bmRhY2lvbi11bmljYWphLXNhZ3JhZGEtZmFtaWxpYVwvd3AtY29udGVudFwvdXBsb2Fkc1wvc2l0ZXNcLzEzXC8yMDI0XC8xMlwvMjk2MTU2Mjk2My5qcGciLCJzbGlkZXNob3ciOiIyOTUxNTg3In0%3D\" href=\"https:\/\/www.fundacionunicaja.com\/colegio-fundacion-unicaja-sagrada-familia\/wp-content\/uploads\/sites\/13\/2024\/12\/2961562963.jpg\"><figure class=\"swiper-slide-inner\"><img decoding=\"async\" class=\"swiper-slide-image\" src=\"https:\/\/www.fundacionunicaja.com\/colegio-fundacion-unicaja-sagrada-familia\/wp-content\/uploads\/sites\/13\/2024\/12\/2961562963-150x150.jpg\" alt=\"2961562963\" \/><\/figure><\/a><\/div><div class=\"swiper-slide\" role=\"group\" aria-roledescription=\"slide\" aria-label=\"12 de 12\"><a data-elementor-open-lightbox=\"yes\" data-elementor-lightbox-slideshow=\"2951587\" data-elementor-lightbox-title=\"4065854462\" data-e-action-hash=\"#elementor-action%3Aaction%3Dlightbox%26settings%3DeyJpZCI6MzcwLCJ1cmwiOiJodHRwczpcL1wvd3d3LmZ1bmRhY2lvbnVuaWNhamEuY29tXC9jb2xlZ2lvLWZ1bmRhY2lvbi11bmljYWphLXNhZ3JhZGEtZmFtaWxpYVwvd3AtY29udGVudFwvdXBsb2Fkc1wvc2l0ZXNcLzEzXC8yMDI0XC8xMlwvNDA2NTg1NDQ2Mi5qcGciLCJzbGlkZXNob3ciOiIyOTUxNTg3In0%3D\" href=\"https:\/\/www.fundacionunicaja.com\/colegio-fundacion-unicaja-sagrada-familia\/wp-content\/uploads\/sites\/13\/2024\/12\/4065854462.jpg\"><figure class=\"swiper-slide-inner\"><img decoding=\"async\" class=\"swiper-slide-image\" src=\"https:\/\/www.fundacionunicaja.com\/colegio-fundacion-unicaja-sagrada-familia\/wp-content\/uploads\/sites\/13\/2024\/12\/4065854462-150x150.jpg\" alt=\"4065854462\" \/><\/figure><\/a><\/div>\t\t\t<\/div>\n\t\t\t\t\t\t\t\n\t\t\t\t\t\t\t\t\t<\/div>\n\t\t\t\t\t\t<\/div>\n\t\t\t\t<\/div>\n\t\t\t\t<\/div>\n\t\t<div class=\"elementor-element elementor-element-973f1bd e-con-full e-flex e-con e-child\" data-id=\"973f1bd\" data-element_type=\"container\" data-e-type=\"container\" data-settings=\"{&quot;background_background&quot;:&quot;classic&quot;}\">\n\t\t\t\t<div class=\"elementor-element elementor-element-026fdb7 elementor-widget elementor-widget-button\" data-id=\"026fdb7\" data-element_type=\"widget\" data-e-type=\"widget\" data-widget_type=\"button.default\">\n\t\t\t\t<div class=\"elementor-widget-container\">\n\t\t\t\t\t\t\t\t\t<div class=\"elementor-button-wrapper\">\n\t\t\t\t\t<a class=\"elementor-button elementor-button-link elementor-size-sm\" href=\"https:\/\/www.fundacionunicaja.com\/colegio-fundacion-unicaja-sagrada-familia\/wp-content\/uploads\/sites\/13\/2024\/12\/143309322.jpg\" data-elementor-lightbox-slideshow=\"a903887\">\n\t\t\t\t\t\t<span class=\"elementor-button-content-wrapper\">\n\t\t\t\t\t\t\t\t\t<span class=\"elementor-button-text\">Huerto escolar<\/span>\n\t\t\t\t\t<\/span>\n\t\t\t\t\t<\/a>\n\t\t\t\t<\/div>\n\t\t\t\t\t\t\t\t<\/div>\n\t\t\t\t<\/div>\n\t\t\t\t<div class=\"elementor-element elementor-element-a903887 elementor-hidden-desktop elementor-hidden-tablet elementor-widget elementor-widget-image-carousel\" data-id=\"a903887\" data-element_type=\"widget\" data-e-type=\"widget\" data-settings=\"{&quot;slides_to_show&quot;:&quot;10&quot;,&quot;slides_to_scroll&quot;:&quot;10&quot;,&quot;navigation&quot;:&quot;none&quot;,&quot;speed&quot;:500}\" data-widget_type=\"image-carousel.default\">\n\t\t\t\t<div class=\"elementor-widget-container\">\n\t\t\t\t\t\t\t<div class=\"elementor-image-carousel-wrapper swiper\" role=\"region\" aria-roledescription=\"carousel\" aria-label=\"Carrusel de im\u00e1genes\" dir=\"ltr\">\n\t\t\t<div class=\"elementor-image-carousel swiper-wrapper\" aria-live=\"polite\">\n\t\t\t\t\t\t\t\t<div class=\"swiper-slide\" role=\"group\" aria-roledescription=\"slide\" aria-label=\"1 de 17\"><a data-elementor-open-lightbox=\"yes\" data-elementor-lightbox-slideshow=\"a903887\" data-elementor-lightbox-title=\"512060440\" data-e-action-hash=\"#elementor-action%3Aaction%3Dlightbox%26settings%3DeyJpZCI6Mzc1LCJ1cmwiOiJodHRwczpcL1wvd3d3LmZ1bmRhY2lvbnVuaWNhamEuY29tXC9jb2xlZ2lvLWZ1bmRhY2lvbi11bmljYWphLXNhZ3JhZGEtZmFtaWxpYVwvd3AtY29udGVudFwvdXBsb2Fkc1wvc2l0ZXNcLzEzXC8yMDI0XC8xMlwvNTEyMDYwNDQwLmpwZyIsInNsaWRlc2hvdyI6ImE5MDM4ODcifQ%3D%3D\" href=\"https:\/\/www.fundacionunicaja.com\/colegio-fundacion-unicaja-sagrada-familia\/wp-content\/uploads\/sites\/13\/2024\/12\/512060440.jpg\"><figure class=\"swiper-slide-inner\"><img decoding=\"async\" class=\"swiper-slide-image\" src=\"https:\/\/www.fundacionunicaja.com\/colegio-fundacion-unicaja-sagrada-familia\/wp-content\/uploads\/sites\/13\/2024\/12\/512060440-150x150.jpg\" alt=\"512060440\" \/><\/figure><\/a><\/div><div class=\"swiper-slide\" role=\"group\" aria-roledescription=\"slide\" aria-label=\"2 de 17\"><a data-elementor-open-lightbox=\"yes\" data-elementor-lightbox-slideshow=\"a903887\" data-elementor-lightbox-title=\"697616310\" data-e-action-hash=\"#elementor-action%3Aaction%3Dlightbox%26settings%3DeyJpZCI6Mzc2LCJ1cmwiOiJodHRwczpcL1wvd3d3LmZ1bmRhY2lvbnVuaWNhamEuY29tXC9jb2xlZ2lvLWZ1bmRhY2lvbi11bmljYWphLXNhZ3JhZGEtZmFtaWxpYVwvd3AtY29udGVudFwvdXBsb2Fkc1wvc2l0ZXNcLzEzXC8yMDI0XC8xMlwvNjk3NjE2MzEwLmpwZyIsInNsaWRlc2hvdyI6ImE5MDM4ODcifQ%3D%3D\" href=\"https:\/\/www.fundacionunicaja.com\/colegio-fundacion-unicaja-sagrada-familia\/wp-content\/uploads\/sites\/13\/2024\/12\/697616310.jpg\"><figure class=\"swiper-slide-inner\"><img decoding=\"async\" class=\"swiper-slide-image\" src=\"https:\/\/www.fundacionunicaja.com\/colegio-fundacion-unicaja-sagrada-familia\/wp-content\/uploads\/sites\/13\/2024\/12\/697616310-150x150.jpg\" alt=\"697616310\" \/><\/figure><\/a><\/div><div class=\"swiper-slide\" role=\"group\" aria-roledescription=\"slide\" aria-label=\"3 de 17\"><a data-elementor-open-lightbox=\"yes\" data-elementor-lightbox-slideshow=\"a903887\" data-elementor-lightbox-title=\"796313427\" data-e-action-hash=\"#elementor-action%3Aaction%3Dlightbox%26settings%3DeyJpZCI6Mzc3LCJ1cmwiOiJodHRwczpcL1wvd3d3LmZ1bmRhY2lvbnVuaWNhamEuY29tXC9jb2xlZ2lvLWZ1bmRhY2lvbi11bmljYWphLXNhZ3JhZGEtZmFtaWxpYVwvd3AtY29udGVudFwvdXBsb2Fkc1wvc2l0ZXNcLzEzXC8yMDI0XC8xMlwvNzk2MzEzNDI3LmpwZyIsInNsaWRlc2hvdyI6ImE5MDM4ODcifQ%3D%3D\" href=\"https:\/\/www.fundacionunicaja.com\/colegio-fundacion-unicaja-sagrada-familia\/wp-content\/uploads\/sites\/13\/2024\/12\/796313427.jpg\"><figure class=\"swiper-slide-inner\"><img decoding=\"async\" class=\"swiper-slide-image\" src=\"https:\/\/www.fundacionunicaja.com\/colegio-fundacion-unicaja-sagrada-familia\/wp-content\/uploads\/sites\/13\/2024\/12\/796313427-150x150.jpg\" alt=\"796313427\" \/><\/figure><\/a><\/div><div class=\"swiper-slide\" role=\"group\" aria-roledescription=\"slide\" aria-label=\"4 de 17\"><a data-elementor-open-lightbox=\"yes\" data-elementor-lightbox-slideshow=\"a903887\" data-elementor-lightbox-title=\"972488170\" data-e-action-hash=\"#elementor-action%3Aaction%3Dlightbox%26settings%3DeyJpZCI6Mzc4LCJ1cmwiOiJodHRwczpcL1wvd3d3LmZ1bmRhY2lvbnVuaWNhamEuY29tXC9jb2xlZ2lvLWZ1bmRhY2lvbi11bmljYWphLXNhZ3JhZGEtZmFtaWxpYVwvd3AtY29udGVudFwvdXBsb2Fkc1wvc2l0ZXNcLzEzXC8yMDI0XC8xMlwvOTcyNDg4MTcwLmpwZyIsInNsaWRlc2hvdyI6ImE5MDM4ODcifQ%3D%3D\" href=\"https:\/\/www.fundacionunicaja.com\/colegio-fundacion-unicaja-sagrada-familia\/wp-content\/uploads\/sites\/13\/2024\/12\/972488170.jpg\"><figure class=\"swiper-slide-inner\"><img decoding=\"async\" class=\"swiper-slide-image\" src=\"https:\/\/www.fundacionunicaja.com\/colegio-fundacion-unicaja-sagrada-familia\/wp-content\/uploads\/sites\/13\/2024\/12\/972488170-150x150.jpg\" alt=\"972488170\" \/><\/figure><\/a><\/div><div class=\"swiper-slide\" role=\"group\" aria-roledescription=\"slide\" aria-label=\"5 de 17\"><a data-elementor-open-lightbox=\"yes\" data-elementor-lightbox-slideshow=\"a903887\" data-elementor-lightbox-title=\"1054406749\" data-e-action-hash=\"#elementor-action%3Aaction%3Dlightbox%26settings%3DeyJpZCI6Mzc5LCJ1cmwiOiJodHRwczpcL1wvd3d3LmZ1bmRhY2lvbnVuaWNhamEuY29tXC9jb2xlZ2lvLWZ1bmRhY2lvbi11bmljYWphLXNhZ3JhZGEtZmFtaWxpYVwvd3AtY29udGVudFwvdXBsb2Fkc1wvc2l0ZXNcLzEzXC8yMDI0XC8xMlwvMTA1NDQwNjc0OS5qcGciLCJzbGlkZXNob3ciOiJhOTAzODg3In0%3D\" href=\"https:\/\/www.fundacionunicaja.com\/colegio-fundacion-unicaja-sagrada-familia\/wp-content\/uploads\/sites\/13\/2024\/12\/1054406749.jpg\"><figure class=\"swiper-slide-inner\"><img decoding=\"async\" class=\"swiper-slide-image\" src=\"https:\/\/www.fundacionunicaja.com\/colegio-fundacion-unicaja-sagrada-familia\/wp-content\/uploads\/sites\/13\/2024\/12\/1054406749-150x150.jpg\" alt=\"1054406749\" \/><\/figure><\/a><\/div><div class=\"swiper-slide\" role=\"group\" aria-roledescription=\"slide\" aria-label=\"6 de 17\"><a data-elementor-open-lightbox=\"yes\" data-elementor-lightbox-slideshow=\"a903887\" data-elementor-lightbox-title=\"1299959078\" data-e-action-hash=\"#elementor-action%3Aaction%3Dlightbox%26settings%3DeyJpZCI6MzgwLCJ1cmwiOiJodHRwczpcL1wvd3d3LmZ1bmRhY2lvbnVuaWNhamEuY29tXC9jb2xlZ2lvLWZ1bmRhY2lvbi11bmljYWphLXNhZ3JhZGEtZmFtaWxpYVwvd3AtY29udGVudFwvdXBsb2Fkc1wvc2l0ZXNcLzEzXC8yMDI0XC8xMlwvMTI5OTk1OTA3OC5qcGciLCJzbGlkZXNob3ciOiJhOTAzODg3In0%3D\" href=\"https:\/\/www.fundacionunicaja.com\/colegio-fundacion-unicaja-sagrada-familia\/wp-content\/uploads\/sites\/13\/2024\/12\/1299959078.jpg\"><figure class=\"swiper-slide-inner\"><img decoding=\"async\" class=\"swiper-slide-image\" src=\"https:\/\/www.fundacionunicaja.com\/colegio-fundacion-unicaja-sagrada-familia\/wp-content\/uploads\/sites\/13\/2024\/12\/1299959078-150x150.jpg\" alt=\"1299959078\" \/><\/figure><\/a><\/div><div class=\"swiper-slide\" role=\"group\" aria-roledescription=\"slide\" aria-label=\"7 de 17\"><a data-elementor-open-lightbox=\"yes\" data-elementor-lightbox-slideshow=\"a903887\" data-elementor-lightbox-title=\"2272520443\" data-e-action-hash=\"#elementor-action%3Aaction%3Dlightbox%26settings%3DeyJpZCI6MzgxLCJ1cmwiOiJodHRwczpcL1wvd3d3LmZ1bmRhY2lvbnVuaWNhamEuY29tXC9jb2xlZ2lvLWZ1bmRhY2lvbi11bmljYWphLXNhZ3JhZGEtZmFtaWxpYVwvd3AtY29udGVudFwvdXBsb2Fkc1wvc2l0ZXNcLzEzXC8yMDI0XC8xMlwvMjI3MjUyMDQ0My5qcGciLCJzbGlkZXNob3ciOiJhOTAzODg3In0%3D\" href=\"https:\/\/www.fundacionunicaja.com\/colegio-fundacion-unicaja-sagrada-familia\/wp-content\/uploads\/sites\/13\/2024\/12\/2272520443.jpg\"><figure class=\"swiper-slide-inner\"><img decoding=\"async\" class=\"swiper-slide-image\" src=\"https:\/\/www.fundacionunicaja.com\/colegio-fundacion-unicaja-sagrada-familia\/wp-content\/uploads\/sites\/13\/2024\/12\/2272520443-150x150.jpg\" alt=\"2272520443\" \/><\/figure><\/a><\/div><div class=\"swiper-slide\" role=\"group\" aria-roledescription=\"slide\" aria-label=\"8 de 17\"><a data-elementor-open-lightbox=\"yes\" data-elementor-lightbox-slideshow=\"a903887\" data-elementor-lightbox-title=\"2341966527\" data-e-action-hash=\"#elementor-action%3Aaction%3Dlightbox%26settings%3DeyJpZCI6MzgyLCJ1cmwiOiJodHRwczpcL1wvd3d3LmZ1bmRhY2lvbnVuaWNhamEuY29tXC9jb2xlZ2lvLWZ1bmRhY2lvbi11bmljYWphLXNhZ3JhZGEtZmFtaWxpYVwvd3AtY29udGVudFwvdXBsb2Fkc1wvc2l0ZXNcLzEzXC8yMDI0XC8xMlwvMjM0MTk2NjUyNy5qcGciLCJzbGlkZXNob3ciOiJhOTAzODg3In0%3D\" href=\"https:\/\/www.fundacionunicaja.com\/colegio-fundacion-unicaja-sagrada-familia\/wp-content\/uploads\/sites\/13\/2024\/12\/2341966527.jpg\"><figure class=\"swiper-slide-inner\"><img decoding=\"async\" class=\"swiper-slide-image\" src=\"https:\/\/www.fundacionunicaja.com\/colegio-fundacion-unicaja-sagrada-familia\/wp-content\/uploads\/sites\/13\/2024\/12\/2341966527-150x150.jpg\" alt=\"2341966527\" \/><\/figure><\/a><\/div><div class=\"swiper-slide\" role=\"group\" aria-roledescription=\"slide\" aria-label=\"9 de 17\"><a data-elementor-open-lightbox=\"yes\" data-elementor-lightbox-slideshow=\"a903887\" data-elementor-lightbox-title=\"2500023268\" data-e-action-hash=\"#elementor-action%3Aaction%3Dlightbox%26settings%3DeyJpZCI6MzgzLCJ1cmwiOiJodHRwczpcL1wvd3d3LmZ1bmRhY2lvbnVuaWNhamEuY29tXC9jb2xlZ2lvLWZ1bmRhY2lvbi11bmljYWphLXNhZ3JhZGEtZmFtaWxpYVwvd3AtY29udGVudFwvdXBsb2Fkc1wvc2l0ZXNcLzEzXC8yMDI0XC8xMlwvMjUwMDAyMzI2OC5qcGciLCJzbGlkZXNob3ciOiJhOTAzODg3In0%3D\" href=\"https:\/\/www.fundacionunicaja.com\/colegio-fundacion-unicaja-sagrada-familia\/wp-content\/uploads\/sites\/13\/2024\/12\/2500023268.jpg\"><figure class=\"swiper-slide-inner\"><img decoding=\"async\" class=\"swiper-slide-image\" src=\"https:\/\/www.fundacionunicaja.com\/colegio-fundacion-unicaja-sagrada-familia\/wp-content\/uploads\/sites\/13\/2024\/12\/2500023268-150x150.jpg\" alt=\"2500023268\" \/><\/figure><\/a><\/div><div class=\"swiper-slide\" role=\"group\" aria-roledescription=\"slide\" aria-label=\"10 de 17\"><a data-elementor-open-lightbox=\"yes\" data-elementor-lightbox-slideshow=\"a903887\" data-elementor-lightbox-title=\"2679114235\" data-e-action-hash=\"#elementor-action%3Aaction%3Dlightbox%26settings%3DeyJpZCI6Mzg0LCJ1cmwiOiJodHRwczpcL1wvd3d3LmZ1bmRhY2lvbnVuaWNhamEuY29tXC9jb2xlZ2lvLWZ1bmRhY2lvbi11bmljYWphLXNhZ3JhZGEtZmFtaWxpYVwvd3AtY29udGVudFwvdXBsb2Fkc1wvc2l0ZXNcLzEzXC8yMDI0XC8xMlwvMjY3OTExNDIzNS5qcGciLCJzbGlkZXNob3ciOiJhOTAzODg3In0%3D\" href=\"https:\/\/www.fundacionunicaja.com\/colegio-fundacion-unicaja-sagrada-familia\/wp-content\/uploads\/sites\/13\/2024\/12\/2679114235.jpg\"><figure class=\"swiper-slide-inner\"><img decoding=\"async\" class=\"swiper-slide-image\" src=\"https:\/\/www.fundacionunicaja.com\/colegio-fundacion-unicaja-sagrada-familia\/wp-content\/uploads\/sites\/13\/2024\/12\/2679114235-150x150.jpg\" alt=\"2679114235\" \/><\/figure><\/a><\/div><div class=\"swiper-slide\" role=\"group\" aria-roledescription=\"slide\" aria-label=\"11 de 17\"><a data-elementor-open-lightbox=\"yes\" data-elementor-lightbox-slideshow=\"a903887\" data-elementor-lightbox-title=\"2890784767\" data-e-action-hash=\"#elementor-action%3Aaction%3Dlightbox%26settings%3DeyJpZCI6Mzg1LCJ1cmwiOiJodHRwczpcL1wvd3d3LmZ1bmRhY2lvbnVuaWNhamEuY29tXC9jb2xlZ2lvLWZ1bmRhY2lvbi11bmljYWphLXNhZ3JhZGEtZmFtaWxpYVwvd3AtY29udGVudFwvdXBsb2Fkc1wvc2l0ZXNcLzEzXC8yMDI0XC8xMlwvMjg5MDc4NDc2Ny5qcGciLCJzbGlkZXNob3ciOiJhOTAzODg3In0%3D\" href=\"https:\/\/www.fundacionunicaja.com\/colegio-fundacion-unicaja-sagrada-familia\/wp-content\/uploads\/sites\/13\/2024\/12\/2890784767.jpg\"><figure class=\"swiper-slide-inner\"><img decoding=\"async\" class=\"swiper-slide-image\" src=\"https:\/\/www.fundacionunicaja.com\/colegio-fundacion-unicaja-sagrada-familia\/wp-content\/uploads\/sites\/13\/2024\/12\/2890784767-150x150.jpg\" alt=\"2890784767\" \/><\/figure><\/a><\/div><div class=\"swiper-slide\" role=\"group\" aria-roledescription=\"slide\" aria-label=\"12 de 17\"><a data-elementor-open-lightbox=\"yes\" data-elementor-lightbox-slideshow=\"a903887\" data-elementor-lightbox-title=\"3000573604\" data-e-action-hash=\"#elementor-action%3Aaction%3Dlightbox%26settings%3DeyJpZCI6Mzg2LCJ1cmwiOiJodHRwczpcL1wvd3d3LmZ1bmRhY2lvbnVuaWNhamEuY29tXC9jb2xlZ2lvLWZ1bmRhY2lvbi11bmljYWphLXNhZ3JhZGEtZmFtaWxpYVwvd3AtY29udGVudFwvdXBsb2Fkc1wvc2l0ZXNcLzEzXC8yMDI0XC8xMlwvMzAwMDU3MzYwNC5qcGciLCJzbGlkZXNob3ciOiJhOTAzODg3In0%3D\" href=\"https:\/\/www.fundacionunicaja.com\/colegio-fundacion-unicaja-sagrada-familia\/wp-content\/uploads\/sites\/13\/2024\/12\/3000573604.jpg\"><figure class=\"swiper-slide-inner\"><img decoding=\"async\" class=\"swiper-slide-image\" src=\"https:\/\/www.fundacionunicaja.com\/colegio-fundacion-unicaja-sagrada-familia\/wp-content\/uploads\/sites\/13\/2024\/12\/3000573604-150x150.jpg\" alt=\"3000573604\" \/><\/figure><\/a><\/div><div class=\"swiper-slide\" role=\"group\" aria-roledescription=\"slide\" aria-label=\"13 de 17\"><a data-elementor-open-lightbox=\"yes\" data-elementor-lightbox-slideshow=\"a903887\" data-elementor-lightbox-title=\"3225683602\" data-e-action-hash=\"#elementor-action%3Aaction%3Dlightbox%26settings%3DeyJpZCI6Mzg3LCJ1cmwiOiJodHRwczpcL1wvd3d3LmZ1bmRhY2lvbnVuaWNhamEuY29tXC9jb2xlZ2lvLWZ1bmRhY2lvbi11bmljYWphLXNhZ3JhZGEtZmFtaWxpYVwvd3AtY29udGVudFwvdXBsb2Fkc1wvc2l0ZXNcLzEzXC8yMDI0XC8xMlwvMzIyNTY4MzYwMi5qcGciLCJzbGlkZXNob3ciOiJhOTAzODg3In0%3D\" href=\"https:\/\/www.fundacionunicaja.com\/colegio-fundacion-unicaja-sagrada-familia\/wp-content\/uploads\/sites\/13\/2024\/12\/3225683602.jpg\"><figure class=\"swiper-slide-inner\"><img decoding=\"async\" class=\"swiper-slide-image\" src=\"https:\/\/www.fundacionunicaja.com\/colegio-fundacion-unicaja-sagrada-familia\/wp-content\/uploads\/sites\/13\/2024\/12\/3225683602-150x150.jpg\" alt=\"3225683602\" \/><\/figure><\/a><\/div><div class=\"swiper-slide\" role=\"group\" aria-roledescription=\"slide\" aria-label=\"14 de 17\"><a data-elementor-open-lightbox=\"yes\" data-elementor-lightbox-slideshow=\"a903887\" data-elementor-lightbox-title=\"3601573795\" data-e-action-hash=\"#elementor-action%3Aaction%3Dlightbox%26settings%3DeyJpZCI6Mzg4LCJ1cmwiOiJodHRwczpcL1wvd3d3LmZ1bmRhY2lvbnVuaWNhamEuY29tXC9jb2xlZ2lvLWZ1bmRhY2lvbi11bmljYWphLXNhZ3JhZGEtZmFtaWxpYVwvd3AtY29udGVudFwvdXBsb2Fkc1wvc2l0ZXNcLzEzXC8yMDI0XC8xMlwvMzYwMTU3Mzc5NS5qcGciLCJzbGlkZXNob3ciOiJhOTAzODg3In0%3D\" href=\"https:\/\/www.fundacionunicaja.com\/colegio-fundacion-unicaja-sagrada-familia\/wp-content\/uploads\/sites\/13\/2024\/12\/3601573795.jpg\"><figure class=\"swiper-slide-inner\"><img decoding=\"async\" class=\"swiper-slide-image\" src=\"https:\/\/www.fundacionunicaja.com\/colegio-fundacion-unicaja-sagrada-familia\/wp-content\/uploads\/sites\/13\/2024\/12\/3601573795-150x150.jpg\" alt=\"3601573795\" \/><\/figure><\/a><\/div><div class=\"swiper-slide\" role=\"group\" aria-roledescription=\"slide\" aria-label=\"15 de 17\"><a data-elementor-open-lightbox=\"yes\" data-elementor-lightbox-slideshow=\"a903887\" data-elementor-lightbox-title=\"3675767761\" data-e-action-hash=\"#elementor-action%3Aaction%3Dlightbox%26settings%3DeyJpZCI6Mzg5LCJ1cmwiOiJodHRwczpcL1wvd3d3LmZ1bmRhY2lvbnVuaWNhamEuY29tXC9jb2xlZ2lvLWZ1bmRhY2lvbi11bmljYWphLXNhZ3JhZGEtZmFtaWxpYVwvd3AtY29udGVudFwvdXBsb2Fkc1wvc2l0ZXNcLzEzXC8yMDI0XC8xMlwvMzY3NTc2Nzc2MS5qcGciLCJzbGlkZXNob3ciOiJhOTAzODg3In0%3D\" href=\"https:\/\/www.fundacionunicaja.com\/colegio-fundacion-unicaja-sagrada-familia\/wp-content\/uploads\/sites\/13\/2024\/12\/3675767761.jpg\"><figure class=\"swiper-slide-inner\"><img decoding=\"async\" class=\"swiper-slide-image\" src=\"https:\/\/www.fundacionunicaja.com\/colegio-fundacion-unicaja-sagrada-familia\/wp-content\/uploads\/sites\/13\/2024\/12\/3675767761-150x150.jpg\" alt=\"3675767761\" \/><\/figure><\/a><\/div><div class=\"swiper-slide\" role=\"group\" aria-roledescription=\"slide\" aria-label=\"16 de 17\"><a data-elementor-open-lightbox=\"yes\" data-elementor-lightbox-slideshow=\"a903887\" data-elementor-lightbox-title=\"3880432928\" data-e-action-hash=\"#elementor-action%3Aaction%3Dlightbox%26settings%3DeyJpZCI6MzkwLCJ1cmwiOiJodHRwczpcL1wvd3d3LmZ1bmRhY2lvbnVuaWNhamEuY29tXC9jb2xlZ2lvLWZ1bmRhY2lvbi11bmljYWphLXNhZ3JhZGEtZmFtaWxpYVwvd3AtY29udGVudFwvdXBsb2Fkc1wvc2l0ZXNcLzEzXC8yMDI0XC8xMlwvMzg4MDQzMjkyOC5qcGciLCJzbGlkZXNob3ciOiJhOTAzODg3In0%3D\" href=\"https:\/\/www.fundacionunicaja.com\/colegio-fundacion-unicaja-sagrada-familia\/wp-content\/uploads\/sites\/13\/2024\/12\/3880432928.jpg\"><figure class=\"swiper-slide-inner\"><img decoding=\"async\" class=\"swiper-slide-image\" src=\"https:\/\/www.fundacionunicaja.com\/colegio-fundacion-unicaja-sagrada-familia\/wp-content\/uploads\/sites\/13\/2024\/12\/3880432928-150x150.jpg\" alt=\"3880432928\" \/><\/figure><\/a><\/div><div class=\"swiper-slide\" role=\"group\" aria-roledescription=\"slide\" aria-label=\"17 de 17\"><a data-elementor-open-lightbox=\"yes\" data-elementor-lightbox-slideshow=\"a903887\" data-elementor-lightbox-title=\"4178217609\" data-e-action-hash=\"#elementor-action%3Aaction%3Dlightbox%26settings%3DeyJpZCI6MzkxLCJ1cmwiOiJodHRwczpcL1wvd3d3LmZ1bmRhY2lvbnVuaWNhamEuY29tXC9jb2xlZ2lvLWZ1bmRhY2lvbi11bmljYWphLXNhZ3JhZGEtZmFtaWxpYVwvd3AtY29udGVudFwvdXBsb2Fkc1wvc2l0ZXNcLzEzXC8yMDI0XC8xMlwvNDE3ODIxNzYwOS5qcGciLCJzbGlkZXNob3ciOiJhOTAzODg3In0%3D\" href=\"https:\/\/www.fundacionunicaja.com\/colegio-fundacion-unicaja-sagrada-familia\/wp-content\/uploads\/sites\/13\/2024\/12\/4178217609.jpg\"><figure class=\"swiper-slide-inner\"><img decoding=\"async\" class=\"swiper-slide-image\" src=\"https:\/\/www.fundacionunicaja.com\/colegio-fundacion-unicaja-sagrada-familia\/wp-content\/uploads\/sites\/13\/2024\/12\/4178217609-150x150.jpg\" alt=\"4178217609\" \/><\/figure><\/a><\/div>\t\t\t<\/div>\n\t\t\t\t\t\t\t\n\t\t\t\t\t\t\t\t\t<\/div>\n\t\t\t\t\t\t<\/div>\n\t\t\t\t<\/div>\n\t\t\t\t<\/div>\n\t\t<div class=\"elementor-element elementor-element-23b6551 e-con-full e-flex e-con e-child\" data-id=\"23b6551\" data-element_type=\"container\" data-e-type=\"container\" data-settings=\"{&quot;background_background&quot;:&quot;classic&quot;}\">\n\t\t\t\t<div class=\"elementor-element elementor-element-5b31cda elementor-widget elementor-widget-button\" data-id=\"5b31cda\" data-element_type=\"widget\" data-e-type=\"widget\" data-widget_type=\"button.default\">\n\t\t\t\t<div class=\"elementor-widget-container\">\n\t\t\t\t\t\t\t\t\t<div class=\"elementor-button-wrapper\">\n\t\t\t\t\t<a class=\"elementor-button elementor-button-link elementor-size-sm\" href=\"https:\/\/www.fundacionunicaja.com\/colegio-fundacion-unicaja-sagrada-familia\/wp-content\/uploads\/sites\/13\/2024\/12\/DSC08551-scaled.jpg\" data-elementor-lightbox-slideshow=\"2f9322a\">\n\t\t\t\t\t\t<span class=\"elementor-button-content-wrapper\">\n\t\t\t\t\t\t\t\t\t<span class=\"elementor-button-text\">Sala de profesores<\/span>\n\t\t\t\t\t<\/span>\n\t\t\t\t\t<\/a>\n\t\t\t\t<\/div>\n\t\t\t\t\t\t\t\t<\/div>\n\t\t\t\t<\/div>\n\t\t\t\t<div class=\"elementor-element elementor-element-2f9322a elementor-hidden-desktop elementor-hidden-tablet elementor-widget elementor-widget-image-carousel\" data-id=\"2f9322a\" data-element_type=\"widget\" data-e-type=\"widget\" data-settings=\"{&quot;slides_to_show&quot;:&quot;10&quot;,&quot;slides_to_scroll&quot;:&quot;10&quot;,&quot;navigation&quot;:&quot;none&quot;,&quot;speed&quot;:500}\" data-widget_type=\"image-carousel.default\">\n\t\t\t\t<div class=\"elementor-widget-container\">\n\t\t\t\t\t\t\t<div class=\"elementor-image-carousel-wrapper swiper\" role=\"region\" aria-roledescription=\"carousel\" aria-label=\"Carrusel de im\u00e1genes\" dir=\"ltr\">\n\t\t\t<div class=\"elementor-image-carousel swiper-wrapper\" aria-live=\"polite\">\n\t\t\t\t\t\t\t\t<div class=\"swiper-slide\" role=\"group\" aria-roledescription=\"slide\" aria-label=\"1 de 1\"><a data-elementor-open-lightbox=\"yes\" data-elementor-lightbox-slideshow=\"2f9322a\" data-elementor-lightbox-title=\"DSC08550\" data-e-action-hash=\"#elementor-action%3Aaction%3Dlightbox%26settings%3DeyJpZCI6Mzk2LCJ1cmwiOiJodHRwczpcL1wvd3d3LmZ1bmRhY2lvbnVuaWNhamEuY29tXC9jb2xlZ2lvLWZ1bmRhY2lvbi11bmljYWphLXNhZ3JhZGEtZmFtaWxpYVwvd3AtY29udGVudFwvdXBsb2Fkc1wvc2l0ZXNcLzEzXC8yMDI0XC8xMlwvRFNDMDg1NTAtc2NhbGVkLmpwZyIsInNsaWRlc2hvdyI6IjJmOTMyMmEifQ%3D%3D\" href=\"https:\/\/www.fundacionunicaja.com\/colegio-fundacion-unicaja-sagrada-familia\/wp-content\/uploads\/sites\/13\/2024\/12\/DSC08550-scaled.jpg\"><figure class=\"swiper-slide-inner\"><img decoding=\"async\" class=\"swiper-slide-image\" src=\"https:\/\/www.fundacionunicaja.com\/colegio-fundacion-unicaja-sagrada-familia\/wp-content\/uploads\/sites\/13\/2024\/12\/DSC08550-150x150.jpg\" alt=\"DSC08550\" \/><\/figure><\/a><\/div>\t\t\t<\/div>\n\t\t\t\t\t<\/div>\n\t\t\t\t\t\t<\/div>\n\t\t\t\t<\/div>\n\t\t\t\t<\/div>\n\t\t\t\t<\/div>\n\t\t<div class=\"elementor-element elementor-element-debc609 e-con-full e-flex e-con e-child\" data-id=\"debc609\" data-element_type=\"container\" data-e-type=\"container\">\n\t\t<div class=\"elementor-element elementor-element-df4242f e-con-full e-flex e-con e-child\" data-id=\"df4242f\" data-element_type=\"container\" data-e-type=\"container\" data-settings=\"{&quot;background_background&quot;:&quot;classic&quot;}\">\n\t\t\t\t<div class=\"elementor-element elementor-element-edf2edd elementor-widget elementor-widget-button\" data-id=\"edf2edd\" data-element_type=\"widget\" data-e-type=\"widget\" data-widget_type=\"button.default\">\n\t\t\t\t<div class=\"elementor-widget-container\">\n\t\t\t\t\t\t\t\t\t<div class=\"elementor-button-wrapper\">\n\t\t\t\t\t<a class=\"elementor-button elementor-button-link elementor-size-sm\" href=\"https:\/\/www.fundacionunicaja.com\/colegio-fundacion-unicaja-sagrada-familia\/wp-content\/uploads\/sites\/13\/2024\/12\/DSC08566-scaled.jpg\" data-elementor-lightbox-slideshow=\"509fb4c\">\n\t\t\t\t\t\t<span class=\"elementor-button-content-wrapper\">\n\t\t\t\t\t\t\t\t\t<span class=\"elementor-button-text\">Sal\u00f3n de Actos<\/span>\n\t\t\t\t\t<\/span>\n\t\t\t\t\t<\/a>\n\t\t\t\t<\/div>\n\t\t\t\t\t\t\t\t<\/div>\n\t\t\t\t<\/div>\n\t\t\t\t<div class=\"elementor-element elementor-element-509fb4c elementor-hidden-desktop elementor-hidden-tablet elementor-widget elementor-widget-image-carousel\" data-id=\"509fb4c\" data-element_type=\"widget\" data-e-type=\"widget\" data-settings=\"{&quot;slides_to_show&quot;:&quot;10&quot;,&quot;slides_to_scroll&quot;:&quot;10&quot;,&quot;navigation&quot;:&quot;none&quot;,&quot;speed&quot;:500}\" data-widget_type=\"image-carousel.default\">\n\t\t\t\t<div class=\"elementor-widget-container\">\n\t\t\t\t\t\t\t<div class=\"elementor-image-carousel-wrapper swiper\" role=\"region\" aria-roledescription=\"carousel\" aria-label=\"Carrusel de im\u00e1genes\" dir=\"ltr\">\n\t\t\t<div class=\"elementor-image-carousel swiper-wrapper\" aria-live=\"polite\">\n\t\t\t\t\t\t\t\t<div class=\"swiper-slide\" role=\"group\" aria-roledescription=\"slide\" aria-label=\"1 de 1\"><a data-elementor-open-lightbox=\"yes\" data-elementor-lightbox-slideshow=\"509fb4c\" data-elementor-lightbox-title=\"DSC08567\" data-e-action-hash=\"#elementor-action%3Aaction%3Dlightbox%26settings%3DeyJpZCI6Mzk5LCJ1cmwiOiJodHRwczpcL1wvd3d3LmZ1bmRhY2lvbnVuaWNhamEuY29tXC9jb2xlZ2lvLWZ1bmRhY2lvbi11bmljYWphLXNhZ3JhZGEtZmFtaWxpYVwvd3AtY29udGVudFwvdXBsb2Fkc1wvc2l0ZXNcLzEzXC8yMDI0XC8xMlwvRFNDMDg1Njctc2NhbGVkLmpwZyIsInNsaWRlc2hvdyI6IjUwOWZiNGMifQ%3D%3D\" href=\"https:\/\/www.fundacionunicaja.com\/colegio-fundacion-unicaja-sagrada-familia\/wp-content\/uploads\/sites\/13\/2024\/12\/DSC08567-scaled.jpg\"><figure class=\"swiper-slide-inner\"><img decoding=\"async\" class=\"swiper-slide-image\" src=\"https:\/\/www.fundacionunicaja.com\/colegio-fundacion-unicaja-sagrada-familia\/wp-content\/uploads\/sites\/13\/2024\/12\/DSC08567-150x150.jpg\" alt=\"DSC08567\" \/><\/figure><\/a><\/div>\t\t\t<\/div>\n\t\t\t\t\t<\/div>\n\t\t\t\t\t\t<\/div>\n\t\t\t\t<\/div>\n\t\t\t\t<\/div>\n\t\t<div class=\"elementor-element elementor-element-0dd1136 e-con-full e-flex e-con e-child\" data-id=\"0dd1136\" data-element_type=\"container\" data-e-type=\"container\">\n\t\t\t\t<\/div>\n\t\t<div class=\"elementor-element elementor-element-7b18ed4 e-con-full e-flex e-con e-child\" data-id=\"7b18ed4\" data-element_type=\"container\" data-e-type=\"container\">\n\t\t\t\t<\/div>\n\t\t<div class=\"elementor-element elementor-element-52baddc e-con-full e-flex e-con e-child\" data-id=\"52baddc\" data-element_type=\"container\" data-e-type=\"container\">\n\t\t\t\t<\/div>\n\t\t\t\t<\/div>\n\t\t\t\t<\/div>\n\t\t<div class=\"elementor-element elementor-element-42e5e546 e-con-full e-flex e-con e-child\" data-id=\"42e5e546\" data-element_type=\"container\" data-e-type=\"container\" id=\"OfertaEducativa\">\n\t\t\t\t<div class=\"elementor-element elementor-element-2860c4e3 elementor-widget elementor-widget-heading\" data-id=\"2860c4e3\" data-element_type=\"widget\" data-e-type=\"widget\" id=\"OfertaEducativa\" data-widget_type=\"heading.default\">\n\t\t\t\t<div class=\"elementor-widget-container\">\n\t\t\t\t\t<h2 class=\"elementor-heading-title elementor-size-default\">Oferta Educativa<\/h2>\t\t\t\t<\/div>\n\t\t\t\t<\/div>\n\t\t\t\t<div class=\"elementor-element elementor-element-2a77f5ad elementor-widget-divider--view-line elementor-widget elementor-widget-divider\" data-id=\"2a77f5ad\" data-element_type=\"widget\" data-e-type=\"widget\" data-widget_type=\"divider.default\">\n\t\t\t\t<div class=\"elementor-widget-container\">\n\t\t\t\t\t\t\t<div class=\"elementor-divider\">\n\t\t\t<span class=\"elementor-divider-separator\">\n\t\t\t\t\t\t<\/span>\n\t\t<\/div>\n\t\t\t\t\t\t<\/div>\n\t\t\t\t<\/div>\n\t\t\t\t<div class=\"elementor-element elementor-element-6871740 elementor-widget elementor-widget-ucaddon_uc_slider_image\" data-id=\"6871740\" data-element_type=\"widget\" data-e-type=\"widget\" data-widget_type=\"ucaddon_uc_slider_image.default\">\n\t\t\t\t<div class=\"elementor-widget-container\">\n\t\t\t\t\t\n<!-- start Slider Gallery -->\n\n<style>\/* widget: Slider Gallery *\/\n\n#uc_uc_slider_image_elementor_6871740{\n  overflow:hidden;\n}\n\n#uc_uc_slider_image_elementor_6871740-wrapper{\n  min-height:1px;\n}\n\n\n\n<\/style>\n\n<div id=\"uc_uc_slider_image_elementor_6871740-wrapper\">\n<div id=\"uc_uc_slider_image_elementor_6871740\" class=\"uc-items-wrapper  uc-remote-parent \" style=\"display:none; margin:0 auto;\"  data-remoteid='second' data-widgetname='Slider Gallery' data-remote-type=\"gallery\" data-custom-sethtml=\"true\" >\n\n\n<img decoding=\"async\" alt=\"IMG_0095-min-scaled\"\n   src=\"https:\/\/www.fundacionunicaja.com\/colegio-fundacion-unicaja-sagrada-familia\/wp-content\/uploads\/sites\/13\/2024\/10\/IMG_0095-min-scaled-1.webp\"\n    data-image=\"https:\/\/www.fundacionunicaja.com\/colegio-fundacion-unicaja-sagrada-familia\/wp-content\/uploads\/sites\/13\/2024\/10\/IMG_0095-min-scaled-1-1024x683.webp\"\n    data-title=\"IMG_0095-min-scaled\">\n\n<img decoding=\"async\" alt=\"202-min-scaled\"\n   src=\"https:\/\/www.fundacionunicaja.com\/colegio-fundacion-unicaja-sagrada-familia\/wp-content\/uploads\/sites\/13\/2024\/10\/202-min-scaled-1.webp\"\n    data-image=\"https:\/\/www.fundacionunicaja.com\/colegio-fundacion-unicaja-sagrada-familia\/wp-content\/uploads\/sites\/13\/2024\/10\/202-min-scaled-1-1024x683.webp\"\n    data-title=\"202-min-scaled\">\n\n<img decoding=\"async\" alt=\"20170223_104858-min-scaled\"\n   src=\"https:\/\/www.fundacionunicaja.com\/colegio-fundacion-unicaja-sagrada-familia\/wp-content\/uploads\/sites\/13\/2024\/10\/20170223_104858-min-scaled-1.webp\"\n    data-image=\"https:\/\/www.fundacionunicaja.com\/colegio-fundacion-unicaja-sagrada-familia\/wp-content\/uploads\/sites\/13\/2024\/10\/20170223_104858-min-scaled-1-1024x576.webp\"\n    data-title=\"20170223_104858-min-scaled\">\n\n<img decoding=\"async\" alt=\"20170407_095424-min-scaled\"\n   src=\"https:\/\/www.fundacionunicaja.com\/colegio-fundacion-unicaja-sagrada-familia\/wp-content\/uploads\/sites\/13\/2024\/10\/20170407_095424-min-scaled-1.webp\"\n    data-image=\"https:\/\/www.fundacionunicaja.com\/colegio-fundacion-unicaja-sagrada-familia\/wp-content\/uploads\/sites\/13\/2024\/10\/20170407_095424-min-scaled-1-1024x576.webp\"\n    data-title=\"20170407_095424-min-scaled\">\n\n<img decoding=\"async\" alt=\"20171020_134007-min-scaled\"\n   src=\"https:\/\/www.fundacionunicaja.com\/colegio-fundacion-unicaja-sagrada-familia\/wp-content\/uploads\/sites\/13\/2024\/10\/20171020_134007-min-scaled-1.webp\"\n    data-image=\"https:\/\/www.fundacionunicaja.com\/colegio-fundacion-unicaja-sagrada-familia\/wp-content\/uploads\/sites\/13\/2024\/10\/20171020_134007-min-scaled-1-1024x576.webp\"\n    data-title=\"20171020_134007-min-scaled\">\n\n<img decoding=\"async\" alt=\"20171218_163504-min-scaled\"\n   src=\"https:\/\/www.fundacionunicaja.com\/colegio-fundacion-unicaja-sagrada-familia\/wp-content\/uploads\/sites\/13\/2024\/10\/20171218_163504-min-scaled-1.webp\"\n    data-image=\"https:\/\/www.fundacionunicaja.com\/colegio-fundacion-unicaja-sagrada-familia\/wp-content\/uploads\/sites\/13\/2024\/10\/20171218_163504-min-scaled-1-1024x576.webp\"\n    data-title=\"20171218_163504-min-scaled\">\n\n<img decoding=\"async\" alt=\"20180216_100102-min-scaled\"\n   src=\"https:\/\/www.fundacionunicaja.com\/colegio-fundacion-unicaja-sagrada-familia\/wp-content\/uploads\/sites\/13\/2024\/10\/20180216_100102-min-scaled-1.webp\"\n    data-image=\"https:\/\/www.fundacionunicaja.com\/colegio-fundacion-unicaja-sagrada-familia\/wp-content\/uploads\/sites\/13\/2024\/10\/20180216_100102-min-scaled-1-1024x576.webp\"\n    data-title=\"20180216_100102-min-scaled\">\n\n<img decoding=\"async\" alt=\"20180918_125343-min-scaled\"\n   src=\"https:\/\/www.fundacionunicaja.com\/colegio-fundacion-unicaja-sagrada-familia\/wp-content\/uploads\/sites\/13\/2024\/10\/20180918_125343-min-scaled-1.webp\"\n    data-image=\"https:\/\/www.fundacionunicaja.com\/colegio-fundacion-unicaja-sagrada-familia\/wp-content\/uploads\/sites\/13\/2024\/10\/20180918_125343-min-scaled-1-1024x576.webp\"\n    data-title=\"20180918_125343-min-scaled\">\n\n<img decoding=\"async\" alt=\"20190121_114646-min-scaled\"\n   src=\"https:\/\/www.fundacionunicaja.com\/colegio-fundacion-unicaja-sagrada-familia\/wp-content\/uploads\/sites\/13\/2024\/10\/20190121_114646-min-scaled-1.webp\"\n    data-image=\"https:\/\/www.fundacionunicaja.com\/colegio-fundacion-unicaja-sagrada-familia\/wp-content\/uploads\/sites\/13\/2024\/10\/20190121_114646-min-scaled-1-1024x576.webp\"\n    data-title=\"20190121_114646-min-scaled\">\n\n<img decoding=\"async\" alt=\"20190125_122349-min-scaled\"\n   src=\"https:\/\/www.fundacionunicaja.com\/colegio-fundacion-unicaja-sagrada-familia\/wp-content\/uploads\/sites\/13\/2024\/10\/20190125_122349-min-scaled-1.webp\"\n    data-image=\"https:\/\/www.fundacionunicaja.com\/colegio-fundacion-unicaja-sagrada-familia\/wp-content\/uploads\/sites\/13\/2024\/10\/20190125_122349-min-scaled-1-1024x576.webp\"\n    data-title=\"20190125_122349-min-scaled\">\n\n<img decoding=\"async\" alt=\"20190219_123606-min-scaled\"\n   src=\"https:\/\/www.fundacionunicaja.com\/colegio-fundacion-unicaja-sagrada-familia\/wp-content\/uploads\/sites\/13\/2024\/10\/20190219_123606-min-scaled-1.webp\"\n    data-image=\"https:\/\/www.fundacionunicaja.com\/colegio-fundacion-unicaja-sagrada-familia\/wp-content\/uploads\/sites\/13\/2024\/10\/20190219_123606-min-scaled-1-1024x576.webp\"\n    data-title=\"20190219_123606-min-scaled\">\n\n<img decoding=\"async\" alt=\"20190222_103532-min-scaled\"\n   src=\"https:\/\/www.fundacionunicaja.com\/colegio-fundacion-unicaja-sagrada-familia\/wp-content\/uploads\/sites\/13\/2024\/10\/20190222_103532-min-scaled-1.webp\"\n    data-image=\"https:\/\/www.fundacionunicaja.com\/colegio-fundacion-unicaja-sagrada-familia\/wp-content\/uploads\/sites\/13\/2024\/10\/20190222_103532-min-scaled-1-1024x576.webp\"\n    data-title=\"20190222_103532-min-scaled\">\n\n<img decoding=\"async\" alt=\"dic-ab.2015-047-min-scaled\"\n   src=\"https:\/\/www.fundacionunicaja.com\/colegio-fundacion-unicaja-sagrada-familia\/wp-content\/uploads\/sites\/13\/2024\/10\/dic-ab.2015-047-min-scaled-1.webp\"\n    data-image=\"https:\/\/www.fundacionunicaja.com\/colegio-fundacion-unicaja-sagrada-familia\/wp-content\/uploads\/sites\/13\/2024\/10\/dic-ab.2015-047-min-scaled-1-1024x768.webp\"\n    data-title=\"dic-ab.2015-047-min-scaled\">\n\n<img decoding=\"async\" alt=\"dic-ab.2015-093-min-scaled\"\n   src=\"https:\/\/www.fundacionunicaja.com\/colegio-fundacion-unicaja-sagrada-familia\/wp-content\/uploads\/sites\/13\/2024\/10\/dic-ab.2015-093-min-scaled-1.webp\"\n    data-image=\"https:\/\/www.fundacionunicaja.com\/colegio-fundacion-unicaja-sagrada-familia\/wp-content\/uploads\/sites\/13\/2024\/10\/dic-ab.2015-093-min-scaled-1-1024x768.webp\"\n    data-title=\"dic-ab.2015-093-min-scaled\">\n\n<img decoding=\"async\" alt=\"dic-ab.2015-099-min-scaled\"\n   src=\"https:\/\/www.fundacionunicaja.com\/colegio-fundacion-unicaja-sagrada-familia\/wp-content\/uploads\/sites\/13\/2024\/10\/dic-ab.2015-099-min-scaled-1.webp\"\n    data-image=\"https:\/\/www.fundacionunicaja.com\/colegio-fundacion-unicaja-sagrada-familia\/wp-content\/uploads\/sites\/13\/2024\/10\/dic-ab.2015-099-min-scaled-1-1024x768.webp\"\n    data-title=\"dic-ab.2015-099-min-scaled\">\n\n<img decoding=\"async\" alt=\"DSC06945-min-scaled\"\n   src=\"https:\/\/www.fundacionunicaja.com\/colegio-fundacion-unicaja-sagrada-familia\/wp-content\/uploads\/sites\/13\/2024\/10\/DSC06945-min-scaled-1.webp\"\n    data-image=\"https:\/\/www.fundacionunicaja.com\/colegio-fundacion-unicaja-sagrada-familia\/wp-content\/uploads\/sites\/13\/2024\/10\/DSC06945-min-scaled-1-1024x768.webp\"\n    data-title=\"DSC06945-min-scaled\">\n\n<img decoding=\"async\" alt=\"DSC06962-min-scaled\"\n   src=\"https:\/\/www.fundacionunicaja.com\/colegio-fundacion-unicaja-sagrada-familia\/wp-content\/uploads\/sites\/13\/2024\/10\/DSC06962-min-scaled-1.webp\"\n    data-image=\"https:\/\/www.fundacionunicaja.com\/colegio-fundacion-unicaja-sagrada-familia\/wp-content\/uploads\/sites\/13\/2024\/10\/DSC06962-min-scaled-1-1024x768.webp\"\n    data-title=\"DSC06962-min-scaled\">\n\n<img decoding=\"async\" alt=\"DSC06965-min-scaled\"\n   src=\"https:\/\/www.fundacionunicaja.com\/colegio-fundacion-unicaja-sagrada-familia\/wp-content\/uploads\/sites\/13\/2024\/10\/DSC06965-min-scaled-2.webp\"\n    data-image=\"https:\/\/www.fundacionunicaja.com\/colegio-fundacion-unicaja-sagrada-familia\/wp-content\/uploads\/sites\/13\/2024\/10\/DSC06965-min-scaled-2-1024x768.webp\"\n    data-title=\"DSC06965-min-scaled\">\n\n<img decoding=\"async\" alt=\"F.Infantil-2015-113-min-scaled\"\n   src=\"https:\/\/www.fundacionunicaja.com\/colegio-fundacion-unicaja-sagrada-familia\/wp-content\/uploads\/sites\/13\/2024\/10\/F.Infantil-2015-113-min-scaled-1.webp\"\n    data-image=\"https:\/\/www.fundacionunicaja.com\/colegio-fundacion-unicaja-sagrada-familia\/wp-content\/uploads\/sites\/13\/2024\/10\/F.Infantil-2015-113-min-scaled-1-1024x683.webp\"\n    data-title=\"F.Infantil-2015-113-min-scaled\">\n\n<img decoding=\"async\" alt=\"IMG_0046-min-scaled\"\n   src=\"https:\/\/www.fundacionunicaja.com\/colegio-fundacion-unicaja-sagrada-familia\/wp-content\/uploads\/sites\/13\/2024\/10\/IMG_0046-min-scaled-1.webp\"\n    data-image=\"https:\/\/www.fundacionunicaja.com\/colegio-fundacion-unicaja-sagrada-familia\/wp-content\/uploads\/sites\/13\/2024\/10\/IMG_0046-min-scaled-1-1024x683.webp\"\n    data-title=\"IMG_0046-min-scaled\">\n\n  \n<\/div>\n<\/div>\n<!-- end Slider Gallery -->\t\t\t\t<\/div>\n\t\t\t\t<\/div>\n\t\t\t\t<div class=\"elementor-element elementor-element-ecba07a elementor-widget elementor-widget-ucaddon_arrow_navigation\" data-id=\"ecba07a\" data-element_type=\"widget\" data-e-type=\"widget\" data-widget_type=\"ucaddon_arrow_navigation.default\">\n\t\t\t\t<div class=\"elementor-widget-container\">\n\t\t\t\t\t\n<!-- start Remote Arrows -->\n\n<style>\/* widget: Remote Arrows *\/\n\n.ue-remote-carousel-navigation-wrapper\n{\n  display:flex;\n}\n\n.ue-remote-carousel-navigation-wrapper .ue-remote-arrow\n{\n  border:none;\n  border-color:transparent;\n}\n\n.ue-remote-carousel-navigation-wrapper .ue-remote-arrow:hover\n{\n  background-color:transparent;\n \n}\n\n\n#uc_arrow_navigation_elementor_ecba07a\n{\n  display:inline-flex;\n}\n\n#uc_arrow_navigation_elementor_ecba07a .ue-remote-arrow\n{\n  flex-grow:0;\n  flex-shrink:0;\n  transition:0.3s;\n  display:inline-flex;\n  align-items:center;\n  justify-content:center;\n  line-height:1em;\n  cursor:pointer;\n}\n\n\n#uc_arrow_navigation_elementor_ecba07a .ue-remote-arrow .ue-carousel-nav-icon\n{\n  transition:0.3s;\n  line-height:1em;\n}\n\n#uc_arrow_navigation_elementor_ecba07a .ue-remote-arrow .ue-carousel-nav-icon svg\n{\n  transition:0.3s;\n  height:1em;\n  width:1em;\n}\n\n\n#uc_arrow_navigation_elementor_ecba07a .ue-carousel-nav-label\n{\n  transition:0.3s;\n}\n\n#uc_arrow_navigation_elementor_ecba07a .uc-disabled{\n\topacity: 0.3;\n}\n\n<\/style>\n\n<div class=\"ue-remote-carousel-navigation-wrapper\">\n<div id=\"uc_arrow_navigation_elementor_ecba07a\" class=\"ue-remote-carousel-navigation\"  data-parentid='second'>\n  \n  \n  \n\t<div class=\"ue-remote-arrow ue-carousel-prev \">\n    <div class=\"ue-carousel-nav-icon\"><i class='icon icon-left-arrow'><\/i><\/div>\n    \t\n  <\/div>   \n\t\n\n  \n \n\n  <div class=\"ue-remote-arrow ue-carousel-next \">\n        <div class=\"ue-carousel-nav-icon\"><i class='icon icon-right-arrow'><\/i><\/div>\n  <\/div>\n  \n  \n<\/div>\n<\/div>\n<!-- end Remote Arrows -->\t\t\t\t<\/div>\n\t\t\t\t<\/div>\n\t\t\t\t<div class=\"elementor-element elementor-element-5200bd8d elementor-widget elementor-widget-heading\" data-id=\"5200bd8d\" data-element_type=\"widget\" data-e-type=\"widget\" data-widget_type=\"heading.default\">\n\t\t\t\t<div class=\"elementor-widget-container\">\n\t\t\t\t\t<h2 class=\"elementor-heading-title elementor-size-default\">Educaci\u00f3n Infantil<\/h2>\t\t\t\t<\/div>\n\t\t\t\t<\/div>\n\t\t\t\t<div class=\"elementor-element elementor-element-571d1dee elementor-widget elementor-widget-text-editor\" data-id=\"571d1dee\" data-element_type=\"widget\" data-e-type=\"widget\" data-widget_type=\"text-editor.default\">\n\t\t\t\t<div class=\"elementor-widget-container\">\n\t\t\t\t\t\t\t\t\t<p>La Educaci\u00f3n Infantil supone una etapa educativa decisiva para el desarrollo y aprendizaje de los ni\u00f1os y las ni\u00f1as. Se trata del per\u00edodo de inicio de la construcci\u00f3n de la propia identidad, por ello entendemos el proceso de aprendizaje como un intercambio de experiencias, a trav\u00e9s de m\u00faltiples formas de interacci\u00f3n, expresi\u00f3n y representaci\u00f3n.<\/p><p>En esta etapa, nuestro alumnado se sumerge en un espacio lleno de vivencias y experiencias educativas que tienen como objetivo com\u00fan la transformaci\u00f3n y el aprendizaje vinculado al concepto de cultura.<\/p><p>La relaci\u00f3n con las familias cobra especial importancia en estas edades, por lo que facilitamos momentos de encuentro y colaboraci\u00f3n con ellas dentro de nuestro proyecto educativo.<\/p><p>Entendemos la atenci\u00f3n a la diversidad para favorecer y estimular el desarrollo y el bienestar de nuestro alumnado, aprovechando las diferencias individuales para el crecimiento del grupo.<\/p><p>El desarrollo curricular en esta etapa, de car\u00e1cter integrador y global, nos hace incorporar y poner al alcance del alumnado recursos materiales, tecnol\u00f3gicos y did\u00e1cticos, con objeto de alcanzar as\u00ed una educaci\u00f3n actualizada y de calidad.<\/p>\t\t\t\t\t\t\t\t<\/div>\n\t\t\t\t<\/div>\n\t\t\t\t<div class=\"elementor-element elementor-element-2bb6bfbb elementor-widget elementor-widget-n-accordion\" data-id=\"2bb6bfbb\" data-element_type=\"widget\" data-e-type=\"widget\" data-settings=\"{&quot;default_state&quot;:&quot;expanded&quot;,&quot;max_items_expended&quot;:&quot;one&quot;,&quot;n_accordion_animation_duration&quot;:{&quot;unit&quot;:&quot;ms&quot;,&quot;size&quot;:400,&quot;sizes&quot;:[]}}\" data-widget_type=\"nested-accordion.default\">\n\t\t\t\t<div class=\"elementor-widget-container\">\n\t\t\t\t\t\t\t<div class=\"e-n-accordion\" aria-label=\"Accordion. Open links with Enter or Space, close with Escape, and navigate with Arrow Keys\">\n\t\t\t\t\t\t<details id=\"e-n-accordion-item-7330\" class=\"e-n-accordion-item\" open>\n\t\t\t\t<summary class=\"e-n-accordion-item-title\" data-accordion-index=\"1\" tabindex=\"0\" aria-expanded=\"true\" aria-controls=\"e-n-accordion-item-7330\" >\n\t\t\t\t\t<span class='e-n-accordion-item-title-header'><div class=\"e-n-accordion-item-title-text\"> Criterios Pedag\u00f3gicos <\/div><\/span>\n\t\t\t\t\t\t\t<span class='e-n-accordion-item-title-icon'>\n\t\t\t<span class='e-opened' ><i aria-hidden=\"true\" class=\"icon icon-minus\"><\/i><\/span>\n\t\t\t<span class='e-closed'><i aria-hidden=\"true\" class=\"icon icon-plus\"><\/i><\/span>\n\t\t<\/span>\n\n\t\t\t\t\t\t<\/summary>\n\t\t\t\t<div role=\"region\" aria-labelledby=\"e-n-accordion-item-7330\" class=\"elementor-element elementor-element-4095babd e-con-full e-flex e-con e-child\" data-id=\"4095babd\" data-element_type=\"container\" data-e-type=\"container\">\n\t\t\t\t<div class=\"elementor-element elementor-element-a049dce elementor-widget elementor-widget-text-editor\" data-id=\"a049dce\" data-element_type=\"widget\" data-e-type=\"widget\" data-widget_type=\"text-editor.default\">\n\t\t\t\t<div class=\"elementor-widget-container\">\n\t\t\t\t\t\t\t\t\t<p>Estos criterios, basados cient\u00edficamente en la caracterizaci\u00f3n y contextualizaci\u00f3n de esta etapa de la infancia, analizan e incorporan factores comunes que intervienen en el proceso de los aprendizajes.<\/p><p>Tenemos como eje principal procurar una seguridad afectiva que promueva la estimulaci\u00f3n del af\u00e1n explorativo y manipulativo propios, como fuente de cualquier aprendizaje. El enfoque globalizador se convierte en significativo, al intentar establecer numerosas relaciones entre lo que se conoce y lo que se descubre aprovechando que se hace en grupo.<\/p><p>Incorporamos el enfoque investigador a trav\u00e9s del pensamiento cient\u00edfico que les lleva a exponer teor\u00edas que luego se han de ampliar y contrastar y eso conduce a la realizaci\u00f3n de proyectos de trabajo.<\/p><p>Se incorpora el juego como instrumento efectivo y natural a trav\u00e9s del cual se desarrollan actividades y roles que son oportunidades para conocer y aprender. Los espacios y los materiales que ponemos a su disposici\u00f3n, pretenden ser m\u00faltiples y variados, incorporando materiales comunes de la vida diaria y actual para su interacci\u00f3n con la realidad.<\/p><p>La interacci\u00f3n con el medio ambiente se ve favorecida por la posibilidad de explorar y participar en las actividades de nuestro huerto escolar.<\/p>\t\t\t\t\t\t\t\t<\/div>\n\t\t\t\t<\/div>\n\t\t\t\t<\/div>\n\t\t\t\t\t<\/details>\n\t\t\t\t\t\t<details id=\"e-n-accordion-item-7331\" class=\"e-n-accordion-item\" >\n\t\t\t\t<summary class=\"e-n-accordion-item-title\" data-accordion-index=\"2\" tabindex=\"-1\" aria-expanded=\"false\" aria-controls=\"e-n-accordion-item-7331\" >\n\t\t\t\t\t<span class='e-n-accordion-item-title-header'><div class=\"e-n-accordion-item-title-text\"> Criterios de evaluaci\u00f3n <\/div><\/span>\n\t\t\t\t\t\t\t<span class='e-n-accordion-item-title-icon'>\n\t\t\t<span class='e-opened' ><i aria-hidden=\"true\" class=\"icon icon-minus\"><\/i><\/span>\n\t\t\t<span class='e-closed'><i aria-hidden=\"true\" class=\"icon icon-plus\"><\/i><\/span>\n\t\t<\/span>\n\n\t\t\t\t\t\t<\/summary>\n\t\t\t\t<div role=\"region\" aria-labelledby=\"e-n-accordion-item-7331\" class=\"elementor-element elementor-element-4cc6337f e-con-full e-flex e-con e-child\" data-id=\"4cc6337f\" data-element_type=\"container\" data-e-type=\"container\">\n\t\t\t\t<div class=\"elementor-element elementor-element-613b3533 elementor-widget elementor-widget-text-editor\" data-id=\"613b3533\" data-element_type=\"widget\" data-e-type=\"widget\" data-widget_type=\"text-editor.default\">\n\t\t\t\t<div class=\"elementor-widget-container\">\n\t\t\t\t\t\t\t\t\t<p>La evaluaci\u00f3n global, continua y formativa tiene como referentes los objetivos establecidos para la etapa y est\u00e1 vinculada a todo tipo de situaciones educativas y actividades. Tiene especial inter\u00e9s en esta etapa la informaci\u00f3n del proceso de desarrollo observado en cada ni\u00f1o\/a para una mejor y pronta intervenci\u00f3n, en los aspectos de menor desarrollo. Se valorar\u00e1 el progresivo desarrollo de todas las capacidades individuales: f\u00edsicas, afectivas, sociales e intelectuales. Se evaluar\u00e1 en base a estos criterios:<\/p><ul><li>Conocimiento de s\u00ed mismo y autonom\u00eda personal: Esquema corporal y progresivo control, formaci\u00f3n de una imagen personal positiva, respecto y aceptaci\u00f3n de las caracter\u00edsticas de los otros.<\/li><li>Conocimiento del entorno:<br \/>Se valorar\u00e1 la capacidad de agrupar, clasificar y ordenar, sabiendo identificar objetos y elementos que le rodean y valorando tambi\u00e9n la capacidad de manifestar actitudes de respeto, cuidado hacia la naturaleza y hacia los diferentes grupos sociales y sus caracter\u00edsticas, incluyendo las manifestaciones culturales y las normas de convivencia.<\/li><li>Adquisici\u00f3n del lenguaje y desarrollo de la competencia comunicativa:<br \/>Se valorar\u00e1 la capacidad para expresarse y comunicarse oralmente en situaciones diversas y la capacidad de regular sus emociones y conductas para intentar su comunicaci\u00f3n. Especial inter\u00e9s tendr\u00e1 la evaluaci\u00f3n de la capacidad de escuchar y el respeto a los otros.<\/li><li>Observaci\u00f3n del desarrollo de habilidades expresivas a trav\u00e9s de diversos medios y lenguajes: musical, pl\u00e1stico, audiovisual, corporal y el gusto por compartir experiencias comunicativas est\u00e9ticas.<\/li><\/ul>\t\t\t\t\t\t\t\t<\/div>\n\t\t\t\t<\/div>\n\t\t\t\t<\/div>\n\t\t\t\t\t<\/details>\n\t\t\t\t\t<\/div>\n\t\t\t\t\t\t<\/div>\n\t\t\t\t<\/div>\n\t\t\t\t<div class=\"elementor-element elementor-element-18f7292 elementor-widget elementor-widget-heading\" data-id=\"18f7292\" data-element_type=\"widget\" data-e-type=\"widget\" data-widget_type=\"heading.default\">\n\t\t\t\t<div class=\"elementor-widget-container\">\n\t\t\t\t\t<h2 class=\"elementor-heading-title elementor-size-default\">Educaci\u00f3n Primaria<\/h2>\t\t\t\t<\/div>\n\t\t\t\t<\/div>\n\t\t\t\t<div class=\"elementor-element elementor-element-8e9b7eb elementor-widget elementor-widget-ucaddon_uc_slider_image\" data-id=\"8e9b7eb\" data-element_type=\"widget\" data-e-type=\"widget\" data-widget_type=\"ucaddon_uc_slider_image.default\">\n\t\t\t\t<div class=\"elementor-widget-container\">\n\t\t\t\t\t\n<!-- start Slider Gallery -->\n\n<style>\/* widget: Slider Gallery *\/\n\n#uc_uc_slider_image_elementor_8e9b7eb{\n  overflow:hidden;\n}\n\n#uc_uc_slider_image_elementor_8e9b7eb-wrapper{\n  min-height:1px;\n}\n\n\n\n<\/style>\n\n<div id=\"uc_uc_slider_image_elementor_8e9b7eb-wrapper\">\n<div id=\"uc_uc_slider_image_elementor_8e9b7eb\" class=\"uc-items-wrapper  uc-remote-parent \" style=\"display:none; margin:0 auto;\"  data-remoteid='third' data-widgetname='Slider Gallery' data-remote-type=\"gallery\" data-custom-sethtml=\"true\" >\n\n\n<img decoding=\"async\" alt=\"IMG_9259-scaled\"\n   src=\"https:\/\/www.fundacionunicaja.com\/colegio-fundacion-unicaja-sagrada-familia\/wp-content\/uploads\/sites\/13\/2024\/10\/IMG_9259-scaled-1.webp\"\n    data-image=\"https:\/\/www.fundacionunicaja.com\/colegio-fundacion-unicaja-sagrada-familia\/wp-content\/uploads\/sites\/13\/2024\/10\/IMG_9259-scaled-1-1024x768.webp\"\n    data-title=\"IMG_9259-scaled\">\n\n<img decoding=\"async\" alt=\"IMG_9158-scaled\"\n   src=\"https:\/\/www.fundacionunicaja.com\/colegio-fundacion-unicaja-sagrada-familia\/wp-content\/uploads\/sites\/13\/2024\/10\/IMG_9158-scaled-1.webp\"\n    data-image=\"https:\/\/www.fundacionunicaja.com\/colegio-fundacion-unicaja-sagrada-familia\/wp-content\/uploads\/sites\/13\/2024\/10\/IMG_9158-scaled-1-1024x768.webp\"\n    data-title=\"IMG_9158-scaled\">\n\n<img decoding=\"async\" alt=\"IMG_8862-scaled\"\n   src=\"https:\/\/www.fundacionunicaja.com\/colegio-fundacion-unicaja-sagrada-familia\/wp-content\/uploads\/sites\/13\/2024\/10\/IMG_8862-scaled-1.webp\"\n    data-image=\"https:\/\/www.fundacionunicaja.com\/colegio-fundacion-unicaja-sagrada-familia\/wp-content\/uploads\/sites\/13\/2024\/10\/IMG_8862-scaled-1-1024x768.webp\"\n    data-title=\"IMG_8862-scaled\">\n\n<img decoding=\"async\" alt=\"IMG_8423-scaled\"\n   src=\"https:\/\/www.fundacionunicaja.com\/colegio-fundacion-unicaja-sagrada-familia\/wp-content\/uploads\/sites\/13\/2024\/10\/IMG_8423-scaled-1.webp\"\n    data-image=\"https:\/\/www.fundacionunicaja.com\/colegio-fundacion-unicaja-sagrada-familia\/wp-content\/uploads\/sites\/13\/2024\/10\/IMG_8423-scaled-1-1024x768.webp\"\n    data-title=\"IMG_8423-scaled\">\n\n<img decoding=\"async\" alt=\"IMG_7857-scaled\"\n   src=\"https:\/\/www.fundacionunicaja.com\/colegio-fundacion-unicaja-sagrada-familia\/wp-content\/uploads\/sites\/13\/2024\/10\/IMG_7857-scaled-1.webp\"\n    data-image=\"https:\/\/www.fundacionunicaja.com\/colegio-fundacion-unicaja-sagrada-familia\/wp-content\/uploads\/sites\/13\/2024\/10\/IMG_7857-scaled-1-1024x768.webp\"\n    data-title=\"IMG_7857-scaled\">\n\n<img decoding=\"async\" alt=\"IMG_6787-scaled\"\n   src=\"https:\/\/www.fundacionunicaja.com\/colegio-fundacion-unicaja-sagrada-familia\/wp-content\/uploads\/sites\/13\/2024\/10\/IMG_6787-scaled-1.webp\"\n    data-image=\"https:\/\/www.fundacionunicaja.com\/colegio-fundacion-unicaja-sagrada-familia\/wp-content\/uploads\/sites\/13\/2024\/10\/IMG_6787-scaled-1-1024x768.webp\"\n    data-title=\"IMG_6787-scaled\">\n\n<img decoding=\"async\" alt=\"IMG_6958-scaled\"\n   src=\"https:\/\/www.fundacionunicaja.com\/colegio-fundacion-unicaja-sagrada-familia\/wp-content\/uploads\/sites\/13\/2024\/10\/IMG_6958-scaled-1.webp\"\n    data-image=\"https:\/\/www.fundacionunicaja.com\/colegio-fundacion-unicaja-sagrada-familia\/wp-content\/uploads\/sites\/13\/2024\/10\/IMG_6958-scaled-1-1024x768.webp\"\n    data-title=\"IMG_6958-scaled\">\n\n<img decoding=\"async\" alt=\"EFPrimaria3-scaled-1\"\n   src=\"https:\/\/www.fundacionunicaja.com\/colegio-fundacion-unicaja-sagrada-familia\/wp-content\/uploads\/sites\/13\/2024\/10\/EFPrimaria3-scaled-1.webp\"\n    data-image=\"https:\/\/www.fundacionunicaja.com\/colegio-fundacion-unicaja-sagrada-familia\/wp-content\/uploads\/sites\/13\/2024\/10\/EFPrimaria3-scaled-1-1024x574.webp\"\n    data-title=\"EFPrimaria3-scaled-1\">\n\n<img decoding=\"async\" alt=\"IMG_6233-scaled\"\n   src=\"https:\/\/www.fundacionunicaja.com\/colegio-fundacion-unicaja-sagrada-familia\/wp-content\/uploads\/sites\/13\/2024\/10\/IMG_6233-scaled-1.webp\"\n    data-image=\"https:\/\/www.fundacionunicaja.com\/colegio-fundacion-unicaja-sagrada-familia\/wp-content\/uploads\/sites\/13\/2024\/10\/IMG_6233-scaled-1-1024x768.webp\"\n    data-title=\"IMG_6233-scaled\">\n\n<img decoding=\"async\" alt=\"IMG_5708-scaled\"\n   src=\"https:\/\/www.fundacionunicaja.com\/colegio-fundacion-unicaja-sagrada-familia\/wp-content\/uploads\/sites\/13\/2024\/10\/IMG_5708-scaled-1.webp\"\n    data-image=\"https:\/\/www.fundacionunicaja.com\/colegio-fundacion-unicaja-sagrada-familia\/wp-content\/uploads\/sites\/13\/2024\/10\/IMG_5708-scaled-1-1024x768.webp\"\n    data-title=\"IMG_5708-scaled\">\n\n<img decoding=\"async\" alt=\"EFPrimaria2-scaled-1\"\n   src=\"https:\/\/www.fundacionunicaja.com\/colegio-fundacion-unicaja-sagrada-familia\/wp-content\/uploads\/sites\/13\/2024\/10\/EFPrimaria2-scaled-1.webp\"\n    data-image=\"https:\/\/www.fundacionunicaja.com\/colegio-fundacion-unicaja-sagrada-familia\/wp-content\/uploads\/sites\/13\/2024\/10\/EFPrimaria2-scaled-1-1024x574.webp\"\n    data-title=\"EFPrimaria2-scaled-1\">\n\n<img decoding=\"async\" alt=\"IMG_4464-scaled\"\n   src=\"https:\/\/www.fundacionunicaja.com\/colegio-fundacion-unicaja-sagrada-familia\/wp-content\/uploads\/sites\/13\/2024\/10\/IMG_4464-scaled-1.webp\"\n    data-image=\"https:\/\/www.fundacionunicaja.com\/colegio-fundacion-unicaja-sagrada-familia\/wp-content\/uploads\/sites\/13\/2024\/10\/IMG_4464-scaled-1-1024x768.webp\"\n    data-title=\"IMG_4464-scaled\">\n\n<img decoding=\"async\" alt=\"IMG_5367-scaled\"\n   src=\"https:\/\/www.fundacionunicaja.com\/colegio-fundacion-unicaja-sagrada-familia\/wp-content\/uploads\/sites\/13\/2024\/10\/IMG_5367-scaled-1.webp\"\n    data-image=\"https:\/\/www.fundacionunicaja.com\/colegio-fundacion-unicaja-sagrada-familia\/wp-content\/uploads\/sites\/13\/2024\/10\/IMG_5367-scaled-1-1024x768.webp\"\n    data-title=\"IMG_5367-scaled\">\n\n<img decoding=\"async\" alt=\"IMG_3853-scaled\"\n   src=\"https:\/\/www.fundacionunicaja.com\/colegio-fundacion-unicaja-sagrada-familia\/wp-content\/uploads\/sites\/13\/2024\/10\/IMG_3853-scaled-1.webp\"\n    data-image=\"https:\/\/www.fundacionunicaja.com\/colegio-fundacion-unicaja-sagrada-familia\/wp-content\/uploads\/sites\/13\/2024\/10\/IMG_3853-scaled-1-1024x768.webp\"\n    data-title=\"IMG_3853-scaled\">\n\n<img decoding=\"async\" alt=\"IMG_3395-scaled\"\n   src=\"https:\/\/www.fundacionunicaja.com\/colegio-fundacion-unicaja-sagrada-familia\/wp-content\/uploads\/sites\/13\/2024\/10\/IMG_3395-scaled-2.webp\"\n    data-image=\"https:\/\/www.fundacionunicaja.com\/colegio-fundacion-unicaja-sagrada-familia\/wp-content\/uploads\/sites\/13\/2024\/10\/IMG_3395-scaled-2-1024x768.webp\"\n    data-title=\"IMG_3395-scaled\">\n\n<img decoding=\"async\" alt=\"IMG_0133-scaled\"\n   src=\"https:\/\/www.fundacionunicaja.com\/colegio-fundacion-unicaja-sagrada-familia\/wp-content\/uploads\/sites\/13\/2024\/10\/IMG_0133-scaled-1.webp\"\n    data-image=\"https:\/\/www.fundacionunicaja.com\/colegio-fundacion-unicaja-sagrada-familia\/wp-content\/uploads\/sites\/13\/2024\/10\/IMG_0133-scaled-1-1024x768.webp\"\n    data-title=\"IMG_0133-scaled\">\n\n<img decoding=\"async\" alt=\"IMG_2236-scaled\"\n   src=\"https:\/\/www.fundacionunicaja.com\/colegio-fundacion-unicaja-sagrada-familia\/wp-content\/uploads\/sites\/13\/2024\/10\/IMG_2236-scaled-1.webp\"\n    data-image=\"https:\/\/www.fundacionunicaja.com\/colegio-fundacion-unicaja-sagrada-familia\/wp-content\/uploads\/sites\/13\/2024\/10\/IMG_2236-scaled-1-1024x768.webp\"\n    data-title=\"IMG_2236-scaled\">\n\n<img decoding=\"async\" alt=\"e8805783-d698-40e0-ab6e-09a52e9154d7\"\n   src=\"https:\/\/www.fundacionunicaja.com\/colegio-fundacion-unicaja-sagrada-familia\/wp-content\/uploads\/sites\/13\/2024\/10\/e8805783-d698-40e0-ab6e-09a52e9154d7.webp\"\n    data-image=\"https:\/\/www.fundacionunicaja.com\/colegio-fundacion-unicaja-sagrada-familia\/wp-content\/uploads\/sites\/13\/2024\/10\/e8805783-d698-40e0-ab6e-09a52e9154d7.webp\"\n    data-title=\"e8805783-d698-40e0-ab6e-09a52e9154d7\">\n\n<img decoding=\"async\" alt=\"Primariatrabajos2-scaled-1\"\n   src=\"https:\/\/www.fundacionunicaja.com\/colegio-fundacion-unicaja-sagrada-familia\/wp-content\/uploads\/sites\/13\/2024\/10\/Primariatrabajos2-scaled-1.webp\"\n    data-image=\"https:\/\/www.fundacionunicaja.com\/colegio-fundacion-unicaja-sagrada-familia\/wp-content\/uploads\/sites\/13\/2024\/10\/Primariatrabajos2-scaled-1-1024x768.webp\"\n    data-title=\"Primariatrabajos2-scaled-1\">\n\n<img decoding=\"async\" alt=\"EFPrimaria31-scaled-1\"\n   src=\"https:\/\/www.fundacionunicaja.com\/colegio-fundacion-unicaja-sagrada-familia\/wp-content\/uploads\/sites\/13\/2024\/10\/EFPrimaria31-scaled-1.webp\"\n    data-image=\"https:\/\/www.fundacionunicaja.com\/colegio-fundacion-unicaja-sagrada-familia\/wp-content\/uploads\/sites\/13\/2024\/10\/EFPrimaria31-scaled-1-1024x574.webp\"\n    data-title=\"EFPrimaria31-scaled-1\">\n\n<img decoding=\"async\" alt=\"P6105285-scaled\"\n   src=\"https:\/\/www.fundacionunicaja.com\/colegio-fundacion-unicaja-sagrada-familia\/wp-content\/uploads\/sites\/13\/2024\/10\/P6105285-scaled-1.webp\"\n    data-image=\"https:\/\/www.fundacionunicaja.com\/colegio-fundacion-unicaja-sagrada-familia\/wp-content\/uploads\/sites\/13\/2024\/10\/P6105285-scaled-1-1024x768.webp\"\n    data-title=\"P6105285-scaled\">\n\n<img decoding=\"async\" alt=\"olimpidas-2017-1-scaled\"\n   src=\"https:\/\/www.fundacionunicaja.com\/colegio-fundacion-unicaja-sagrada-familia\/wp-content\/uploads\/sites\/13\/2024\/10\/olimpidas-2017-1-scaled-1.webp\"\n    data-image=\"https:\/\/www.fundacionunicaja.com\/colegio-fundacion-unicaja-sagrada-familia\/wp-content\/uploads\/sites\/13\/2024\/10\/olimpidas-2017-1-scaled-1-1024x576.webp\"\n    data-title=\"olimpidas-2017-1-scaled\">\n\n<img decoding=\"async\" alt=\"IMG_9697-scaled\"\n   src=\"https:\/\/www.fundacionunicaja.com\/colegio-fundacion-unicaja-sagrada-familia\/wp-content\/uploads\/sites\/13\/2024\/10\/IMG_9697-scaled-1.webp\"\n    data-image=\"https:\/\/www.fundacionunicaja.com\/colegio-fundacion-unicaja-sagrada-familia\/wp-content\/uploads\/sites\/13\/2024\/10\/IMG_9697-scaled-1-1024x768.webp\"\n    data-title=\"IMG_9697-scaled\">\n\n<img decoding=\"async\" alt=\"IMG-20170330-WA0011-1\"\n   src=\"https:\/\/www.fundacionunicaja.com\/colegio-fundacion-unicaja-sagrada-familia\/wp-content\/uploads\/sites\/13\/2024\/10\/IMG-20170330-WA0011-1.webp\"\n    data-image=\"https:\/\/www.fundacionunicaja.com\/colegio-fundacion-unicaja-sagrada-familia\/wp-content\/uploads\/sites\/13\/2024\/10\/IMG-20170330-WA0011-1-1024x576.webp\"\n    data-title=\"IMG-20170330-WA0011-1\">\n\n<img decoding=\"async\" alt=\"IMG-20170602-WA0011\"\n   src=\"https:\/\/www.fundacionunicaja.com\/colegio-fundacion-unicaja-sagrada-familia\/wp-content\/uploads\/sites\/13\/2024\/10\/IMG-20170602-WA0011.webp\"\n    data-image=\"https:\/\/www.fundacionunicaja.com\/colegio-fundacion-unicaja-sagrada-familia\/wp-content\/uploads\/sites\/13\/2024\/10\/IMG-20170602-WA0011-1024x576.webp\"\n    data-title=\"IMG-20170602-WA0011\">\n\n  \n<\/div>\n<\/div>\n<!-- end Slider Gallery -->\t\t\t\t<\/div>\n\t\t\t\t<\/div>\n\t\t\t\t<div class=\"elementor-element elementor-element-4ffa561 elementor-widget elementor-widget-ucaddon_arrow_navigation\" data-id=\"4ffa561\" data-element_type=\"widget\" data-e-type=\"widget\" data-widget_type=\"ucaddon_arrow_navigation.default\">\n\t\t\t\t<div class=\"elementor-widget-container\">\n\t\t\t\t\t\n<!-- start Remote Arrows -->\n\n<style>\/* widget: Remote Arrows *\/\n\n.ue-remote-carousel-navigation-wrapper\n{\n  display:flex;\n}\n\n.ue-remote-carousel-navigation-wrapper .ue-remote-arrow\n{\n  border:none;\n  border-color:transparent;\n}\n\n.ue-remote-carousel-navigation-wrapper .ue-remote-arrow:hover\n{\n  background-color:transparent;\n \n}\n\n\n#uc_arrow_navigation_elementor_4ffa561\n{\n  display:inline-flex;\n}\n\n#uc_arrow_navigation_elementor_4ffa561 .ue-remote-arrow\n{\n  flex-grow:0;\n  flex-shrink:0;\n  transition:0.3s;\n  display:inline-flex;\n  align-items:center;\n  justify-content:center;\n  line-height:1em;\n  cursor:pointer;\n}\n\n\n#uc_arrow_navigation_elementor_4ffa561 .ue-remote-arrow .ue-carousel-nav-icon\n{\n  transition:0.3s;\n  line-height:1em;\n}\n\n#uc_arrow_navigation_elementor_4ffa561 .ue-remote-arrow .ue-carousel-nav-icon svg\n{\n  transition:0.3s;\n  height:1em;\n  width:1em;\n}\n\n\n#uc_arrow_navigation_elementor_4ffa561 .ue-carousel-nav-label\n{\n  transition:0.3s;\n}\n\n#uc_arrow_navigation_elementor_4ffa561 .uc-disabled{\n\topacity: 0.3;\n}\n\n<\/style>\n\n<div class=\"ue-remote-carousel-navigation-wrapper\">\n<div id=\"uc_arrow_navigation_elementor_4ffa561\" class=\"ue-remote-carousel-navigation\"  data-parentid='third'>\n  \n  \n  \n\t<div class=\"ue-remote-arrow ue-carousel-prev \">\n    <div class=\"ue-carousel-nav-icon\"><i class='icon icon-left-arrow'><\/i><\/div>\n    \t\n  <\/div>   \n\t\n\n  \n \n\n  <div class=\"ue-remote-arrow ue-carousel-next \">\n        <div class=\"ue-carousel-nav-icon\"><i class='icon icon-right-arrow'><\/i><\/div>\n  <\/div>\n  \n  \n<\/div>\n<\/div>\n<!-- end Remote Arrows -->\t\t\t\t<\/div>\n\t\t\t\t<\/div>\n\t\t\t\t<div class=\"elementor-element elementor-element-75b0f6ca elementor-widget elementor-widget-text-editor\" data-id=\"75b0f6ca\" data-element_type=\"widget\" data-e-type=\"widget\" data-widget_type=\"text-editor.default\">\n\t\t\t\t<div class=\"elementor-widget-container\">\n\t\t\t\t\t\t\t\t\t<p>A lo largo de la etapa de Primaria, los ni\u00f1os y ni\u00f1as deben adquirir un saber reflexivo sobre las pr\u00e1cticas comunicativas para vivir en sociedad. En esta edad se desarrollan las operaciones mentales complejas para la resoluci\u00f3n de problemas increment\u00e1ndose el proceso de razonamiento l\u00f3gico y hasta simb\u00f3lico.<\/p><p>Desde este avance evolutivo es indispensable incorporar criterios y valores \u00e9ticos profundos y desarrollar las habilidades de comunicaci\u00f3n para facilitar tambi\u00e9n un buen desarrollo emocional.<\/p><p>Es indispensable afianzar la capacidad de ejercer el pensamiento cr\u00edtico y las nociones b\u00e1sicas de nuestra cultura desarrollando habilidades sociales y de convivencias con sentido art\u00edstico, creativo y con afectividad.<\/p>\t\t\t\t\t\t\t\t<\/div>\n\t\t\t\t<\/div>\n\t\t\t\t<div class=\"elementor-element elementor-element-1e9b32c5 elementor-widget elementor-widget-n-accordion\" data-id=\"1e9b32c5\" data-element_type=\"widget\" data-e-type=\"widget\" data-settings=\"{&quot;default_state&quot;:&quot;expanded&quot;,&quot;max_items_expended&quot;:&quot;one&quot;,&quot;n_accordion_animation_duration&quot;:{&quot;unit&quot;:&quot;ms&quot;,&quot;size&quot;:400,&quot;sizes&quot;:[]}}\" data-widget_type=\"nested-accordion.default\">\n\t\t\t\t<div class=\"elementor-widget-container\">\n\t\t\t\t\t\t\t<div class=\"e-n-accordion\" aria-label=\"Accordion. Open links with Enter or Space, close with Escape, and navigate with Arrow Keys\">\n\t\t\t\t\t\t<details id=\"e-n-accordion-item-5130\" class=\"e-n-accordion-item\" open>\n\t\t\t\t<summary class=\"e-n-accordion-item-title\" data-accordion-index=\"1\" tabindex=\"0\" aria-expanded=\"true\" aria-controls=\"e-n-accordion-item-5130\" >\n\t\t\t\t\t<span class='e-n-accordion-item-title-header'><div class=\"e-n-accordion-item-title-text\"> Criterios Pedag\u00f3gicos <\/div><\/span>\n\t\t\t\t\t\t\t<span class='e-n-accordion-item-title-icon'>\n\t\t\t<span class='e-opened' ><i aria-hidden=\"true\" class=\"icon icon-minus\"><\/i><\/span>\n\t\t\t<span class='e-closed'><i aria-hidden=\"true\" class=\"icon icon-plus\"><\/i><\/span>\n\t\t<\/span>\n\n\t\t\t\t\t\t<\/summary>\n\t\t\t\t<div role=\"region\" aria-labelledby=\"e-n-accordion-item-5130\" class=\"elementor-element elementor-element-265d0d5d e-con-full e-flex e-con e-child\" data-id=\"265d0d5d\" data-element_type=\"container\" data-e-type=\"container\">\n\t\t\t\t<div class=\"elementor-element elementor-element-3c4d22bb elementor-widget elementor-widget-text-editor\" data-id=\"3c4d22bb\" data-element_type=\"widget\" data-e-type=\"widget\" data-widget_type=\"text-editor.default\">\n\t\t\t\t<div class=\"elementor-widget-container\">\n\t\t\t\t\t\t\t\t\t<ul><li>Trabajar transversalmente en los principios esenciales y en la b\u00fasqueda de los objetivos enumerados en la ley que conducen al desarrollo de las competencias clave.<\/li><li>Aplicar una metodolog\u00eda con un car\u00e1cter fundamentalmente activo, motivador y participativo.<\/li><li>Potenciar el trabajo colaborativo.<\/li><li>Integrar los aprendizajes en diferentes situaciones y contextos.<\/li><li>Favorecer las actividades y tareas relevantes.<\/li><li>Potenciar el uso de diferentes fuentes de informaci\u00f3n.<\/li><li>Fomentar el desarrollo cognitivo poniendo en pr\u00e1ctica diferentes procesos; identificar, reconocer, asociar, reflexionar, explicar, crear, etc.<\/li><\/ul>\t\t\t\t\t\t\t\t<\/div>\n\t\t\t\t<\/div>\n\t\t\t\t<\/div>\n\t\t\t\t\t<\/details>\n\t\t\t\t\t\t<details id=\"e-n-accordion-item-5131\" class=\"e-n-accordion-item\" >\n\t\t\t\t<summary class=\"e-n-accordion-item-title\" data-accordion-index=\"2\" tabindex=\"-1\" aria-expanded=\"false\" aria-controls=\"e-n-accordion-item-5131\" >\n\t\t\t\t\t<span class='e-n-accordion-item-title-header'><div class=\"e-n-accordion-item-title-text\"> Criterios de evaluaci\u00f3n <\/div><\/span>\n\t\t\t\t\t\t\t<span class='e-n-accordion-item-title-icon'>\n\t\t\t<span class='e-opened' ><i aria-hidden=\"true\" class=\"icon icon-minus\"><\/i><\/span>\n\t\t\t<span class='e-closed'><i aria-hidden=\"true\" class=\"icon icon-plus\"><\/i><\/span>\n\t\t<\/span>\n\n\t\t\t\t\t\t<\/summary>\n\t\t\t\t<div role=\"region\" aria-labelledby=\"e-n-accordion-item-5131\" class=\"elementor-element elementor-element-135c707c e-con-full e-flex e-con e-child\" data-id=\"135c707c\" data-element_type=\"container\" data-e-type=\"container\">\n\t\t\t\t<div class=\"elementor-element elementor-element-71ea2f50 elementor-widget elementor-widget-text-editor\" data-id=\"71ea2f50\" data-element_type=\"widget\" data-e-type=\"widget\" data-widget_type=\"text-editor.default\">\n\t\t\t\t<div class=\"elementor-widget-container\">\n\t\t\t\t\t\t\t\t\t<p>Son tomados como ejes que relacionan los objetivos con los contenidos de la etapa y hacen referencia a las competencias que se trabajan. A trav\u00e9s de indicadores o est\u00e1ndares se van concretando a trav\u00e9s de actividades que sirven para evaluar el proceso.<\/p><p>Cada \u00e1rea incorpora en sus criterios de evaluaci\u00f3n un pormenorizado desglose de los contenidos, competencias y estructuras que nos permiten ir valorando el progreso del alumnado.<\/p><p>Se hace una valoraci\u00f3n espec\u00edfica de cada una de las competencias clave y se aprecia con especial inter\u00e9s la evoluci\u00f3n y mejora de las habilidades y progresos personales de cada ni\u00f1o y ni\u00f1a.<\/p>\t\t\t\t\t\t\t\t<\/div>\n\t\t\t\t<\/div>\n\t\t\t\t<\/div>\n\t\t\t\t\t<\/details>\n\t\t\t\t\t<\/div>\n\t\t\t\t\t\t<\/div>\n\t\t\t\t<\/div>\n\t\t\t\t<div class=\"elementor-element elementor-element-2d3e4ad9 elementor-widget elementor-widget-heading\" data-id=\"2d3e4ad9\" data-element_type=\"widget\" data-e-type=\"widget\" data-widget_type=\"heading.default\">\n\t\t\t\t<div class=\"elementor-widget-container\">\n\t\t\t\t\t<h2 class=\"elementor-heading-title elementor-size-default\">Educaci\u00f3n Secundaria<\/h2>\t\t\t\t<\/div>\n\t\t\t\t<\/div>\n\t\t\t\t<div class=\"elementor-element elementor-element-f6bea25 elementor-widget elementor-widget-ucaddon_uc_slider_image\" data-id=\"f6bea25\" data-element_type=\"widget\" data-e-type=\"widget\" data-widget_type=\"ucaddon_uc_slider_image.default\">\n\t\t\t\t<div class=\"elementor-widget-container\">\n\t\t\t\t\t\n<!-- start Slider Gallery -->\n\n<style>\/* widget: Slider Gallery *\/\n\n#uc_uc_slider_image_elementor_f6bea25{\n  overflow:hidden;\n}\n\n#uc_uc_slider_image_elementor_f6bea25-wrapper{\n  min-height:1px;\n}\n\n\n\n<\/style>\n\n<div id=\"uc_uc_slider_image_elementor_f6bea25-wrapper\">\n<div id=\"uc_uc_slider_image_elementor_f6bea25\" class=\"uc-items-wrapper  uc-remote-parent \" style=\"display:none; margin:0 auto;\"  data-remoteid='fourth' data-widgetname='Slider Gallery' data-remote-type=\"gallery\" data-custom-sethtml=\"true\" >\n\n\n<img decoding=\"async\" alt=\"1ESOaclase2-scaled-1\"\n   src=\"https:\/\/www.fundacionunicaja.com\/colegio-fundacion-unicaja-sagrada-familia\/wp-content\/uploads\/sites\/13\/2024\/10\/1ESOaclase2-scaled-1.webp\"\n    data-image=\"https:\/\/www.fundacionunicaja.com\/colegio-fundacion-unicaja-sagrada-familia\/wp-content\/uploads\/sites\/13\/2024\/10\/1ESOaclase2-scaled-1-1024x574.webp\"\n    data-title=\"1ESOaclase2-scaled-1\">\n\n<img decoding=\"async\" alt=\"1ESOB-Clase-scaled-1\"\n   src=\"https:\/\/www.fundacionunicaja.com\/colegio-fundacion-unicaja-sagrada-familia\/wp-content\/uploads\/sites\/13\/2024\/10\/1ESOB-Clase-scaled-1.webp\"\n    data-image=\"https:\/\/www.fundacionunicaja.com\/colegio-fundacion-unicaja-sagrada-familia\/wp-content\/uploads\/sites\/13\/2024\/10\/1ESOB-Clase-scaled-1-1024x574.webp\"\n    data-title=\"1ESOB-Clase-scaled-1\">\n\n<img decoding=\"async\" alt=\"20170318_122145\"\n   src=\"https:\/\/www.fundacionunicaja.com\/colegio-fundacion-unicaja-sagrada-familia\/wp-content\/uploads\/sites\/13\/2024\/10\/20170318_122145.webp\"\n    data-image=\"https:\/\/www.fundacionunicaja.com\/colegio-fundacion-unicaja-sagrada-familia\/wp-content\/uploads\/sites\/13\/2024\/10\/20170318_122145-1024x614.webp\"\n    data-title=\"20170318_122145\">\n\n<img decoding=\"async\" alt=\"1ESObclase3-scaled-1\"\n   src=\"https:\/\/www.fundacionunicaja.com\/colegio-fundacion-unicaja-sagrada-familia\/wp-content\/uploads\/sites\/13\/2024\/10\/1ESObclase3-scaled-1.webp\"\n    data-image=\"https:\/\/www.fundacionunicaja.com\/colegio-fundacion-unicaja-sagrada-familia\/wp-content\/uploads\/sites\/13\/2024\/10\/1ESObclase3-scaled-1-1024x574.webp\"\n    data-title=\"1ESObclase3-scaled-1\">\n\n<img decoding=\"async\" alt=\"1ESOB-Clases-scaled-1\"\n   src=\"https:\/\/www.fundacionunicaja.com\/colegio-fundacion-unicaja-sagrada-familia\/wp-content\/uploads\/sites\/13\/2024\/10\/1ESOB-Clases-scaled-1.webp\"\n    data-image=\"https:\/\/www.fundacionunicaja.com\/colegio-fundacion-unicaja-sagrada-familia\/wp-content\/uploads\/sites\/13\/2024\/10\/1ESOB-Clases-scaled-1-1024x574.webp\"\n    data-title=\"1ESOB-Clases-scaled-1\">\n\n<img decoding=\"async\" alt=\"PREHISTORIA\"\n   src=\"https:\/\/www.fundacionunicaja.com\/colegio-fundacion-unicaja-sagrada-familia\/wp-content\/uploads\/sites\/13\/2024\/10\/PREHISTORIA.webp\"\n    data-image=\"https:\/\/www.fundacionunicaja.com\/colegio-fundacion-unicaja-sagrada-familia\/wp-content\/uploads\/sites\/13\/2024\/10\/PREHISTORIA-1024x768.webp\"\n    data-title=\"PREHISTORIA\">\n\n<img decoding=\"async\" alt=\"IMG_6283-scaled\"\n   src=\"https:\/\/www.fundacionunicaja.com\/colegio-fundacion-unicaja-sagrada-familia\/wp-content\/uploads\/sites\/13\/2024\/10\/IMG_6283-scaled-1.webp\"\n    data-image=\"https:\/\/www.fundacionunicaja.com\/colegio-fundacion-unicaja-sagrada-familia\/wp-content\/uploads\/sites\/13\/2024\/10\/IMG_6283-scaled-1-1024x768.webp\"\n    data-title=\"IMG_6283-scaled\">\n\n<img decoding=\"async\" alt=\"PREHISTORIA-2\"\n   src=\"https:\/\/www.fundacionunicaja.com\/colegio-fundacion-unicaja-sagrada-familia\/wp-content\/uploads\/sites\/13\/2024\/10\/PREHISTORIA-2.webp\"\n    data-image=\"https:\/\/www.fundacionunicaja.com\/colegio-fundacion-unicaja-sagrada-familia\/wp-content\/uploads\/sites\/13\/2024\/10\/PREHISTORIA-2-768x1024.webp\"\n    data-title=\"PREHISTORIA-2\">\n\n<img decoding=\"async\" alt=\"IMG_5057-scaled\"\n   src=\"https:\/\/www.fundacionunicaja.com\/colegio-fundacion-unicaja-sagrada-familia\/wp-content\/uploads\/sites\/13\/2024\/10\/IMG_5057-scaled-1.webp\"\n    data-image=\"https:\/\/www.fundacionunicaja.com\/colegio-fundacion-unicaja-sagrada-familia\/wp-content\/uploads\/sites\/13\/2024\/10\/IMG_5057-scaled-1-1024x768.webp\"\n    data-title=\"IMG_5057-scaled\">\n\n  \n<\/div>\n<\/div>\n<!-- end Slider Gallery -->\t\t\t\t<\/div>\n\t\t\t\t<\/div>\n\t\t\t\t<div class=\"elementor-element elementor-element-344cecd elementor-widget elementor-widget-ucaddon_arrow_navigation\" data-id=\"344cecd\" data-element_type=\"widget\" data-e-type=\"widget\" data-widget_type=\"ucaddon_arrow_navigation.default\">\n\t\t\t\t<div class=\"elementor-widget-container\">\n\t\t\t\t\t\n<!-- start Remote Arrows -->\n\n<style>\/* widget: Remote Arrows *\/\n\n.ue-remote-carousel-navigation-wrapper\n{\n  display:flex;\n}\n\n.ue-remote-carousel-navigation-wrapper .ue-remote-arrow\n{\n  border:none;\n  border-color:transparent;\n}\n\n.ue-remote-carousel-navigation-wrapper .ue-remote-arrow:hover\n{\n  background-color:transparent;\n \n}\n\n\n#uc_arrow_navigation_elementor_344cecd\n{\n  display:inline-flex;\n}\n\n#uc_arrow_navigation_elementor_344cecd .ue-remote-arrow\n{\n  flex-grow:0;\n  flex-shrink:0;\n  transition:0.3s;\n  display:inline-flex;\n  align-items:center;\n  justify-content:center;\n  line-height:1em;\n  cursor:pointer;\n}\n\n\n#uc_arrow_navigation_elementor_344cecd .ue-remote-arrow .ue-carousel-nav-icon\n{\n  transition:0.3s;\n  line-height:1em;\n}\n\n#uc_arrow_navigation_elementor_344cecd .ue-remote-arrow .ue-carousel-nav-icon svg\n{\n  transition:0.3s;\n  height:1em;\n  width:1em;\n}\n\n\n#uc_arrow_navigation_elementor_344cecd .ue-carousel-nav-label\n{\n  transition:0.3s;\n}\n\n#uc_arrow_navigation_elementor_344cecd .uc-disabled{\n\topacity: 0.3;\n}\n\n<\/style>\n\n<div class=\"ue-remote-carousel-navigation-wrapper\">\n<div id=\"uc_arrow_navigation_elementor_344cecd\" class=\"ue-remote-carousel-navigation\"  data-parentid='fourth'>\n  \n  \n  \n\t<div class=\"ue-remote-arrow ue-carousel-prev \">\n    <div class=\"ue-carousel-nav-icon\"><i class='icon icon-left-arrow'><\/i><\/div>\n    \t\n  <\/div>   \n\t\n\n  \n \n\n  <div class=\"ue-remote-arrow ue-carousel-next \">\n        <div class=\"ue-carousel-nav-icon\"><i class='icon icon-right-arrow'><\/i><\/div>\n  <\/div>\n  \n  \n<\/div>\n<\/div>\n<!-- end Remote Arrows -->\t\t\t\t<\/div>\n\t\t\t\t<\/div>\n\t\t\t\t<div class=\"elementor-element elementor-element-645a1e9b elementor-widget elementor-widget-text-editor\" data-id=\"645a1e9b\" data-element_type=\"widget\" data-e-type=\"widget\" data-widget_type=\"text-editor.default\">\n\t\t\t\t<div class=\"elementor-widget-container\">\n\t\t\t\t\t\t\t\t\t<p>Esta etapa evolutiva ofrece la posibilidad de combinar los distintos avances del pensamiento y desarrollo de habilidades comunicativas y sociales del alumnado, con la aplicaci\u00f3n del rigor acad\u00e9mico exigido.<\/p><p>Se pretende que todos los alumnos y alumnas, de acuerdo a sus propias capacidades y caracter\u00edsticas y tomando en cuenta la necesaria atenci\u00f3n a la diversidad, puedan aplicar y desarrollar en contextos nuevos y cada vez m\u00e1s complejos, las competencias que han adquirido en la etapa de Educaci\u00f3n Primaria.<\/p><p>El nivel de complejidad y al mismo tiempo de autonom\u00eda personal, no se separa de la exigencia del trabajo en cooperativo para experimentar en contextos reales el desarrollo de la personalidad individual que se est\u00e1 forjando.<\/p>\t\t\t\t\t\t\t\t<\/div>\n\t\t\t\t<\/div>\n\t\t\t\t<div class=\"elementor-element elementor-element-2c38750f elementor-widget elementor-widget-n-accordion\" data-id=\"2c38750f\" data-element_type=\"widget\" data-e-type=\"widget\" data-settings=\"{&quot;default_state&quot;:&quot;expanded&quot;,&quot;max_items_expended&quot;:&quot;one&quot;,&quot;n_accordion_animation_duration&quot;:{&quot;unit&quot;:&quot;ms&quot;,&quot;size&quot;:400,&quot;sizes&quot;:[]}}\" data-widget_type=\"nested-accordion.default\">\n\t\t\t\t<div class=\"elementor-widget-container\">\n\t\t\t\t\t\t\t<div class=\"e-n-accordion\" aria-label=\"Accordion. Open links with Enter or Space, close with Escape, and navigate with Arrow Keys\">\n\t\t\t\t\t\t<details id=\"e-n-accordion-item-7410\" class=\"e-n-accordion-item\" open>\n\t\t\t\t<summary class=\"e-n-accordion-item-title\" data-accordion-index=\"1\" tabindex=\"0\" aria-expanded=\"true\" aria-controls=\"e-n-accordion-item-7410\" >\n\t\t\t\t\t<span class='e-n-accordion-item-title-header'><div class=\"e-n-accordion-item-title-text\"> Criterios Pedag\u00f3gicos <\/div><\/span>\n\t\t\t\t\t\t\t<span class='e-n-accordion-item-title-icon'>\n\t\t\t<span class='e-opened' ><i aria-hidden=\"true\" class=\"icon icon-minus\"><\/i><\/span>\n\t\t\t<span class='e-closed'><i aria-hidden=\"true\" class=\"icon icon-plus\"><\/i><\/span>\n\t\t<\/span>\n\n\t\t\t\t\t\t<\/summary>\n\t\t\t\t<div role=\"region\" aria-labelledby=\"e-n-accordion-item-7410\" class=\"elementor-element elementor-element-36da3cc1 e-con-full e-flex e-con e-child\" data-id=\"36da3cc1\" data-element_type=\"container\" data-e-type=\"container\">\n\t\t\t\t<div class=\"elementor-element elementor-element-555c4b74 elementor-widget elementor-widget-text-editor\" data-id=\"555c4b74\" data-element_type=\"widget\" data-e-type=\"widget\" data-widget_type=\"text-editor.default\">\n\t\t\t\t<div class=\"elementor-widget-container\">\n\t\t\t\t\t\t\t\t\t<p>Se incorporan los siguientes aspectos y principios fundamentales:<\/p><ul><li>Visi\u00f3n interdisciplinar del conocimiento.<\/li><li>Aplicaci\u00f3n de lo aprendido en situaciones contextuales.<\/li><li>Aprovechamiento de las diversas fuentes de informaci\u00f3n presentes en la sociedad.<\/li><li>An\u00e1lisis y valoraci\u00f3n de los aprendizajes promovidos.<\/li><li>Favorecimiento del pensamiento racional, cr\u00edtico, trabajo individual y colectivo, incorporando las diferentes posibilidades de expresi\u00f3n.<\/li><\/ul>\t\t\t\t\t\t\t\t<\/div>\n\t\t\t\t<\/div>\n\t\t\t\t<\/div>\n\t\t\t\t\t<\/details>\n\t\t\t\t\t\t<details id=\"e-n-accordion-item-7411\" class=\"e-n-accordion-item\" >\n\t\t\t\t<summary class=\"e-n-accordion-item-title\" data-accordion-index=\"2\" tabindex=\"-1\" aria-expanded=\"false\" aria-controls=\"e-n-accordion-item-7411\" >\n\t\t\t\t\t<span class='e-n-accordion-item-title-header'><div class=\"e-n-accordion-item-title-text\"> Criterios de evaluaci\u00f3n <\/div><\/span>\n\t\t\t\t\t\t\t<span class='e-n-accordion-item-title-icon'>\n\t\t\t<span class='e-opened' ><i aria-hidden=\"true\" class=\"icon icon-minus\"><\/i><\/span>\n\t\t\t<span class='e-closed'><i aria-hidden=\"true\" class=\"icon icon-plus\"><\/i><\/span>\n\t\t<\/span>\n\n\t\t\t\t\t\t<\/summary>\n\t\t\t\t<div role=\"region\" aria-labelledby=\"e-n-accordion-item-7411\" class=\"elementor-element elementor-element-579c516 e-con-full e-flex e-con e-child\" data-id=\"579c516\" data-element_type=\"container\" data-e-type=\"container\">\n\t\t\t\t<div class=\"elementor-element elementor-element-16b67189 elementor-widget elementor-widget-text-editor\" data-id=\"16b67189\" data-element_type=\"widget\" data-e-type=\"widget\" data-widget_type=\"text-editor.default\">\n\t\t\t\t<div class=\"elementor-widget-container\">\n\t\t\t\t\t\t\t\t\t<p>Se debe tener en cuenta en cada una de las \u00e1reas del curriculum, el conocimiento que muestran los alumnos y alumnas de conceptos y estrategias, as\u00ed como su aplicaci\u00f3n en situaciones reales.<\/p><p>Se valorar\u00e1, adem\u00e1s, la capacidad para ir pasando de an\u00e1lisis concretos y de car\u00e1cter descriptivo, a an\u00e1lisis m\u00e1s complejos donde se aprecie la dimensi\u00f3n social y \u00e9tica del alumnado.<\/p><p>Se pondr\u00e1 especial atenci\u00f3n en valorar el esfuerzo y el progreso realizado por cada alumno y alumna en su aprendizaje, as\u00ed como la adquisici\u00f3n de buenos h\u00e1bitos de estudio que le permitan enfrentarse a futuras etapas acad\u00e9micas con \u00e9xito.<\/p>\t\t\t\t\t\t\t\t<\/div>\n\t\t\t\t<\/div>\n\t\t\t\t<\/div>\n\t\t\t\t\t<\/details>\n\t\t\t\t\t<\/div>\n\t\t\t\t\t\t<\/div>\n\t\t\t\t<\/div>\n\t\t\t\t<\/div>\n\t\t<div class=\"elementor-element elementor-element-62903919 e-con-full e-flex e-con e-child\" data-id=\"62903919\" data-element_type=\"container\" data-e-type=\"container\" id=\"ProyectoBilingue\">\n\t\t\t\t<div class=\"elementor-element elementor-element-5b586ba6 elementor-widget elementor-widget-heading\" data-id=\"5b586ba6\" data-element_type=\"widget\" data-e-type=\"widget\" id=\"ProyectoBilingue\" data-widget_type=\"heading.default\">\n\t\t\t\t<div class=\"elementor-widget-container\">\n\t\t\t\t\t<h2 class=\"elementor-heading-title elementor-size-default\">Proyecto Biling\u00fce<\/h2>\t\t\t\t<\/div>\n\t\t\t\t<\/div>\n\t\t\t\t<div class=\"elementor-element elementor-element-75d4e0bb elementor-widget-divider--view-line elementor-widget elementor-widget-divider\" data-id=\"75d4e0bb\" data-element_type=\"widget\" data-e-type=\"widget\" data-widget_type=\"divider.default\">\n\t\t\t\t<div class=\"elementor-widget-container\">\n\t\t\t\t\t\t\t<div class=\"elementor-divider\">\n\t\t\t<span class=\"elementor-divider-separator\">\n\t\t\t\t\t\t<\/span>\n\t\t<\/div>\n\t\t\t\t\t\t<\/div>\n\t\t\t\t<\/div>\n\t\t\t\t<div class=\"elementor-element elementor-element-ed5d83d elementor-widget elementor-widget-text-editor\" data-id=\"ed5d83d\" data-element_type=\"widget\" data-e-type=\"widget\" data-widget_type=\"text-editor.default\">\n\t\t\t\t<div class=\"elementor-widget-container\">\n\t\t\t\t\t\t\t\t\t<p>El inter\u00e9s suscitado por el aprendizaje de las lenguas no cesa de aumentar en los \u00faltimos a\u00f1os, siendo un valor necesario para todos los ciudadanos en nuestro creciente espacio europeo. Hemos de preparar a nuestros alumnos y alumnas para vivir en un mundo progresivamente m\u00e1s internacional, pluricultural y pluriling\u00fce. En nuestro centro, deseamos seguir mejorando e impulsando las lenguas extranjeras para as\u00ed conseguir unos niveles de competencia ling\u00fc\u00edstica acordes con las necesidades de la sociedad actual.<\/p><p>Iniciamos nuestro proyecto biling\u00fce en el curso 2011-2012 teniendo en cuenta las necesidades y la realidad de nuestro centro en este \u00e1mbito y plante\u00e1ndonos como objetivo fundamental el formar personas competentes que puedan utilizar las lenguas para hablar, comprender, leer y escribir, creando actitudes positivas hacia las mismas y, al mismo tiempo, ayudando a comprender y valorar la lengua propia.<\/p><p>Queremos que el aprendizaje de las lenguas abra a nuestro alumnado la posibilidad de entender mejor la realidad, de formarse integralmente, de relacionarse con personas de otros pa\u00edses y de enriquecer su mundo cultural favoreciendo actitudes de respeto y tolerancia.<\/p><p>Con la implantaci\u00f3n progresiva del biling\u00fcismo en nuestro centro, pretendemos integrarnos en un sistema educativo din\u00e1mico, que adapta la ense\u00f1anza a la demanda de la vida real. Al mismo tiempo, desde su origen, hemos considerado prioritario compaginar el incremento en competencias comunicativas del alumnado en lengua inglesa, con el mantenimiento de un alto nivel en la calidad educativa del centro y un \u00f3ptimo aprendizaje, sin perjudicar la adquisici\u00f3n de los contenidos b\u00e1sicos de la Educaci\u00f3n Infantil, Primaria y Secundaria en nuestro idioma.<\/p>\t\t\t\t\t\t\t\t<\/div>\n\t\t\t\t<\/div>\n\t\t\t\t<div class=\"elementor-element elementor-element-69c6f388 elementor-widget elementor-widget-n-accordion\" data-id=\"69c6f388\" data-element_type=\"widget\" data-e-type=\"widget\" data-settings=\"{&quot;default_state&quot;:&quot;all_collapsed&quot;,&quot;max_items_expended&quot;:&quot;one&quot;,&quot;n_accordion_animation_duration&quot;:{&quot;unit&quot;:&quot;ms&quot;,&quot;size&quot;:400,&quot;sizes&quot;:[]}}\" data-widget_type=\"nested-accordion.default\">\n\t\t\t\t<div class=\"elementor-widget-container\">\n\t\t\t\t\t\t\t<div class=\"e-n-accordion\" aria-label=\"Accordion. Open links with Enter or Space, close with Escape, and navigate with Arrow Keys\">\n\t\t\t\t\t\t<details id=\"e-n-accordion-item-1770\" class=\"e-n-accordion-item\" >\n\t\t\t\t<summary class=\"e-n-accordion-item-title\" data-accordion-index=\"1\" tabindex=\"0\" aria-expanded=\"false\" aria-controls=\"e-n-accordion-item-1770\" >\n\t\t\t\t\t<span class='e-n-accordion-item-title-header'><div class=\"e-n-accordion-item-title-text\"> Metodolog\u00eda y procedimientos <\/div><\/span>\n\t\t\t\t\t\t\t<span class='e-n-accordion-item-title-icon'>\n\t\t\t<span class='e-opened' ><i aria-hidden=\"true\" class=\"icon icon-minus\"><\/i><\/span>\n\t\t\t<span class='e-closed'><i aria-hidden=\"true\" class=\"icon icon-plus\"><\/i><\/span>\n\t\t<\/span>\n\n\t\t\t\t\t\t<\/summary>\n\t\t\t\t<div role=\"region\" aria-labelledby=\"e-n-accordion-item-1770\" class=\"elementor-element elementor-element-35947579 e-con-full e-flex e-con e-child\" data-id=\"35947579\" data-element_type=\"container\" data-e-type=\"container\">\n\t\t\t\t<div class=\"elementor-element elementor-element-76ca1816 elementor-widget elementor-widget-text-editor\" data-id=\"76ca1816\" data-element_type=\"widget\" data-e-type=\"widget\" data-widget_type=\"text-editor.default\">\n\t\t\t\t<div class=\"elementor-widget-container\">\n\t\t\t\t\t\t\t\t\t<p>Con el objetivo de optimizar y llevar a cabo nuestro proyecto biling\u00fce, se establecen reuniones peri\u00f3dicas entre los profesores biling\u00fces y no biling\u00fces, los coordinadores y el equipo directivo para, analizar y evaluar el desarrollo del mismo.<\/p><p>En general en todas las \u00e1reas, utilizamos una metodolog\u00eda:<\/p><ul><li>L\u00fadica: El alumno debe disfrutar de su aprendizaje, de ah\u00ed que las propuestas se presenten, siempre que se pueda, en forma de juegos o actividades en los que participe activamente toda la clase.<\/li><li>Flexible: Permitiendo ajustar las propuestas al ritmo de cada alumno.<br \/>Integradora: Uniendo en un solo proceso las t\u00e9cnicas, habilidades y destrezas de los alumnos.<\/li><li>Creativa: Utilizando metodolog\u00edas innovadoras y tratando de evitar modelos fijos, estereotipados o repetitivos.<\/li><li>Participativa: Favoreciendo el trabajo en equipo y fomentando el compa\u00f1erismo y la cooperaci\u00f3n.<\/li><li>Activa: Convirtiendo al alumno en el protagonista de su propio proceso de ense\u00f1anza-aprendizaje.<\/li><\/ul><p>Para conseguir nuestros objetivos, partimos de los siguientes principios metodol\u00f3gicos:<\/p><ul><li>Partir del nivel de desarrollo del alumno. Esto implica tener en cuenta las caracter\u00edsticas del nivel evolutivo en que se encuentran los alumnos y alumnas.<\/li><li>Asegurar la construcci\u00f3n de aprendizajes significativos. La significatividad del aprendizaje, est\u00e1 vinculada a su funcionalidad, por ello, se trata de conseguir que los alumnos y alumnas sean capaces de aprender a aprender.<\/li><li>Desarrollar un enfoque globalizador. El enfoque globalizador, presupone que debe partirse de realidades significativas para el ni\u00f1o.<\/li><li>Los n\u00facleos o centros de inter\u00e9s con los que trabajaremos partir\u00e1n de los intereses de nuestros alumnos.<\/li><li>El tipo de actividades a realizar, estar\u00e1n basadas en tareas ya conocidas por el alumnado. Estas tareas ser\u00e1n el centro de nuestra programaci\u00f3n y, en torno a ellas, se integrar\u00e1n los objetivos, los contenidos y la evaluaci\u00f3n.<\/li><li>Para conseguir un aprendizaje cooperativo, ser\u00e1 necesario organizar el espacio de un modo flexible, que permita diversos tipos de agrupamiento (trabajo individual, parejas, grupo y gran grupo), dependiendo del momento y actividad a realizar.<\/li><li>Uso constante del ingl\u00e9s en el lenguaje habitual de la clase.<\/li><li>Uso de material de apoyo audiovisual.<\/li><li>Uso de las nuevas tecnolog\u00edas.<\/li><li>Incorporaci\u00f3n de actividades transversales espec\u00edficas al proyecto biling\u00fce dentro del Plan Anual del Centro.<\/li><li>Contar con el apoyo y la colaboraci\u00f3n de las familias, invit\u00e1ndoles a compartir la experiencia del aprendizaje del ingl\u00e9s mediante su participaci\u00f3n en los proyectos y actividades propuestas desde el centro.<\/li><\/ul>\t\t\t\t\t\t\t\t<\/div>\n\t\t\t\t<\/div>\n\t\t\t\t<\/div>\n\t\t\t\t\t<\/details>\n\t\t\t\t\t<\/div>\n\t\t\t\t\t\t<\/div>\n\t\t\t\t<\/div>\n\t\t\t\t<div class=\"elementor-element elementor-element-79c93b0b elementor-widget elementor-widget-heading\" data-id=\"79c93b0b\" data-element_type=\"widget\" data-e-type=\"widget\" data-widget_type=\"heading.default\">\n\t\t\t\t<div class=\"elementor-widget-container\">\n\t\t\t\t\t<h2 class=\"elementor-heading-title elementor-size-default\">Objetivos y actuaciones metodol\u00f3gicas por etapas<\/h2>\t\t\t\t<\/div>\n\t\t\t\t<\/div>\n\t\t\t\t<div class=\"elementor-element elementor-element-7152c80b elementor-widget elementor-widget-n-accordion\" data-id=\"7152c80b\" data-element_type=\"widget\" data-e-type=\"widget\" data-settings=\"{&quot;default_state&quot;:&quot;all_collapsed&quot;,&quot;max_items_expended&quot;:&quot;one&quot;,&quot;n_accordion_animation_duration&quot;:{&quot;unit&quot;:&quot;ms&quot;,&quot;size&quot;:400,&quot;sizes&quot;:[]}}\" data-widget_type=\"nested-accordion.default\">\n\t\t\t\t<div class=\"elementor-widget-container\">\n\t\t\t\t\t\t\t<div class=\"e-n-accordion\" aria-label=\"Accordion. Open links with Enter or Space, close with Escape, and navigate with Arrow Keys\">\n\t\t\t\t\t\t<details id=\"e-n-accordion-item-1900\" class=\"e-n-accordion-item\" >\n\t\t\t\t<summary class=\"e-n-accordion-item-title\" data-accordion-index=\"1\" tabindex=\"0\" aria-expanded=\"false\" aria-controls=\"e-n-accordion-item-1900\" >\n\t\t\t\t\t<span class='e-n-accordion-item-title-header'><div class=\"e-n-accordion-item-title-text\"> Educaci\u00f3n Infantil <\/div><\/span>\n\t\t\t\t\t\t\t<span class='e-n-accordion-item-title-icon'>\n\t\t\t<span class='e-opened' ><i aria-hidden=\"true\" class=\"icon icon-minus\"><\/i><\/span>\n\t\t\t<span class='e-closed'><i aria-hidden=\"true\" class=\"icon icon-plus\"><\/i><\/span>\n\t\t<\/span>\n\n\t\t\t\t\t\t<\/summary>\n\t\t\t\t<div role=\"region\" aria-labelledby=\"e-n-accordion-item-1900\" class=\"elementor-element elementor-element-6c3123f4 e-con-full e-flex e-con e-child\" data-id=\"6c3123f4\" data-element_type=\"container\" data-e-type=\"container\">\n\t\t\t\t<div class=\"elementor-element elementor-element-710d5938 elementor-widget elementor-widget-text-editor\" data-id=\"710d5938\" data-element_type=\"widget\" data-e-type=\"widget\" data-widget_type=\"text-editor.default\">\n\t\t\t\t<div class=\"elementor-widget-container\">\n\t\t\t\t\t\t\t\t\t<p><strong>Objetivos:<\/strong><\/p><ul class=\"postText\"><li>Familiarizar al ni\u00f1o\/a de esta etapa con el ingl\u00e9s, de manera que lo vea de una forma natural.<\/li><li>Comprender de forma global mensajes orales sencillos referidos a situaciones pr\u00f3ximas a ellos.<\/li><li>Expresar sentimientos y deseos mediante el lenguaje oral en ingl\u00e9s.<\/li><li>Utilizar diversas formas de comunicaci\u00f3n (verbal y no verbal) en situaciones cotidianas y referidas a los centros de inter\u00e9s.<\/li><li>Familiarizar al alumnado con un vocabulario sencillo.<\/li><li>Mostrar una actitud receptiva en el aprendizaje del idioma extranjero.<\/li><li>Aprovechar la ense\u00f1anza del ingl\u00e9s para desarrollar los valores recogidos en los temas transversales.<\/li><\/ul><div>\u00a0<\/div><p><strong>Actuaciones:<\/strong><\/p><ul class=\"postText\"><li>Anticipaci\u00f3n de la primera lengua extranjera en Educaci\u00f3n Infantil con una exposici\u00f3n progresiva e integrada del idioma en las rutinas del alumnado.<\/li><li>Garantizar la formaci\u00f3n de profesorado certificado en idiomas que incorpora el ingl\u00e9s en el aula de forma sistem\u00e1tica, sin la utilizaci\u00f3n de un libro de texto especializado.<\/li><li>Incorporaci\u00f3n de la figura de un auxiliar de conversaci\u00f3n nativo con presencia en cada grupo.<\/li><li>Utilizaci\u00f3n de medios audiovisuales y nuevas tecnolog\u00edas.<\/li><li>Utilizaci\u00f3n de material y recursos multimedia adecuados a cada edad.<\/li><li>Puesta en marcha de talleres extraescolares de ingl\u00e9s de 3 horas semanales como introducci\u00f3n al m\u00e9todo de preparaci\u00f3n Cambridge impartido por profesorado cualificado.<\/li><\/ul>\t\t\t\t\t\t\t\t<\/div>\n\t\t\t\t<\/div>\n\t\t\t\t<\/div>\n\t\t\t\t\t<\/details>\n\t\t\t\t\t\t<details id=\"e-n-accordion-item-1901\" class=\"e-n-accordion-item\" >\n\t\t\t\t<summary class=\"e-n-accordion-item-title\" data-accordion-index=\"2\" tabindex=\"-1\" aria-expanded=\"false\" aria-controls=\"e-n-accordion-item-1901\" >\n\t\t\t\t\t<span class='e-n-accordion-item-title-header'><div class=\"e-n-accordion-item-title-text\"> Educaci\u00f3n Primaria <\/div><\/span>\n\t\t\t\t\t\t\t<span class='e-n-accordion-item-title-icon'>\n\t\t\t<span class='e-opened' ><i aria-hidden=\"true\" class=\"icon icon-minus\"><\/i><\/span>\n\t\t\t<span class='e-closed'><i aria-hidden=\"true\" class=\"icon icon-plus\"><\/i><\/span>\n\t\t<\/span>\n\n\t\t\t\t\t\t<\/summary>\n\t\t\t\t<div role=\"region\" aria-labelledby=\"e-n-accordion-item-1901\" class=\"elementor-element elementor-element-91829e e-flex e-con-boxed e-con e-child\" data-id=\"91829e\" data-element_type=\"container\" data-e-type=\"container\">\n\t\t\t\t\t<div class=\"e-con-inner\">\n\t\t\t\t<div class=\"elementor-element elementor-element-77e900b3 elementor-widget elementor-widget-text-editor\" data-id=\"77e900b3\" data-element_type=\"widget\" data-e-type=\"widget\" data-widget_type=\"text-editor.default\">\n\t\t\t\t<div class=\"elementor-widget-container\">\n\t\t\t\t\t\t\t\t\t<p><strong>Objetivos:<\/strong><\/p><ul class=\"postText\"><li>Desarrollar inter\u00e9s por el aprendizaje de una lengua extranjera.<\/li><li>Comprender mensajes orales en situaciones habituales de comunicaci\u00f3n y responder a los mismos.<\/li><li>Utilizar procedimientos verbales y no verbales para comunicarse en situaciones concretas.<\/li><li>Leer y obtener informaci\u00f3n general y espec\u00edfica de textos breves y sencillos.<\/li><li>Elaborar textos escritos sencillos, comprensibles y breves.<\/li><li>Identificar y reproducir de forma inteligible y significativa aspectos de la entonaci\u00f3n, el ritmo, la pronunciaci\u00f3n y la acentuaci\u00f3n caracter\u00edsticos de la lengua extranjera.<\/li><li>Apreciar el valor de la lengua extranjera, como medio de comunicaci\u00f3n, mostrando curiosidad y respeto hacia sus hablantes y su cultura.<\/li><li>Usar las Tecnolog\u00edas de la Informaci\u00f3n y la Comunicaci\u00f3n para desarrollar y reforzar el aprendizaje.<\/li><\/ul><div>\u00a0<\/div><p><strong>Actuaciones:<\/strong><\/p><ul class=\"postText\"><li>Ampliaci\u00f3n del horario dedicado al estudio de los idiomas, con la incorporaci\u00f3n del franc\u00e9s en 3\u00ba de primaria.<\/li><li>Ampliaci\u00f3n del n\u00famero de asignaturas impartidas en ingl\u00e9s: Naturales, Sociales, Educaci\u00f3n F\u00edsica y progresiva implantaci\u00f3n en las \u00e1reas de M\u00fasica y Pl\u00e1stica.<\/li><li>Potenciaci\u00f3n del lenguaje oral en las clases de idiomas.<\/li><li>Garantizar la formaci\u00f3n del profesorado tanto en idiomas como en metodolog\u00eda espec\u00edfica AICLE.<\/li><li>Incorporaci\u00f3n de la figura de un auxiliar de conversaci\u00f3n nativo con presencia en cada grupo.<\/li><li>Utilizaci\u00f3n de medios audiovisuales y nuevas tecnolog\u00edas.<\/li><li>Utilizaci\u00f3n de material y recursos multimedia adecuados a cada edad.<\/li><li>Oferta de cursos oficiales de ingl\u00e9s Cambridge de 3 horas semanales, en horario extraescolar, impartidos por profesorado nativo o biling\u00fce cualificado y con experiencia.<\/li><li>Evaluaci\u00f3n final del alumnado para certificar el nivel de ingl\u00e9s adquirido.<\/li><\/ul>\t\t\t\t\t\t\t\t<\/div>\n\t\t\t\t<\/div>\n\t\t\t\t\t<\/div>\n\t\t\t\t<\/div>\n\t\t\t\t\t<\/details>\n\t\t\t\t\t\t<details id=\"e-n-accordion-item-1902\" class=\"e-n-accordion-item\" >\n\t\t\t\t<summary class=\"e-n-accordion-item-title\" data-accordion-index=\"3\" tabindex=\"-1\" aria-expanded=\"false\" aria-controls=\"e-n-accordion-item-1902\" >\n\t\t\t\t\t<span class='e-n-accordion-item-title-header'><div class=\"e-n-accordion-item-title-text\"> Educaci\u00f3n Secundaria <\/div><\/span>\n\t\t\t\t\t\t\t<span class='e-n-accordion-item-title-icon'>\n\t\t\t<span class='e-opened' ><i aria-hidden=\"true\" class=\"icon icon-minus\"><\/i><\/span>\n\t\t\t<span class='e-closed'><i aria-hidden=\"true\" class=\"icon icon-plus\"><\/i><\/span>\n\t\t<\/span>\n\n\t\t\t\t\t\t<\/summary>\n\t\t\t\t<div role=\"region\" aria-labelledby=\"e-n-accordion-item-1902\" class=\"elementor-element elementor-element-54ca3ede e-flex e-con-boxed e-con e-child\" data-id=\"54ca3ede\" data-element_type=\"container\" data-e-type=\"container\">\n\t\t\t\t\t<div class=\"e-con-inner\">\n\t\t\t\t<div class=\"elementor-element elementor-element-7cadc946 elementor-widget elementor-widget-text-editor\" data-id=\"7cadc946\" data-element_type=\"widget\" data-e-type=\"widget\" data-widget_type=\"text-editor.default\">\n\t\t\t\t<div class=\"elementor-widget-container\">\n\t\t\t\t\t\t\t\t\t<p><strong>Objetivos:<\/strong><\/p><ul class=\"postText\"><li>Utilizar la lengua inglesa como lengua vehicular en la Educaci\u00f3n Secundaria Obligatoria que permita el aprendizaje de otras materias del curr\u00edculo.<\/li><li>Utilizar la lengua inglesa como pr\u00e1ctica comunicativa cotidiana.<\/li><li>Reforzar la competencia ling\u00fc\u00edstica en lengua inglesa.<\/li><li>Desarrollar y aumentar el valor de la ciudadan\u00eda europea.<\/li><li>Fomentar en los alumnos el conocimiento de la cultura y la lengua inglesas as\u00ed como el respeto a las diferencias culturales existentes y favorecer el intercambio cultural.<\/li><li>Facilitar el intercambio de informaci\u00f3n y experiencias entre profesores y alumnos.<\/li><li>Promover el uso de las nuevas tecnolog\u00edas en el aprendizaje de idiomas.<\/li><li>Promocionar las posibles titulaciones tanto en ingl\u00e9s como en franc\u00e9s.<\/li><\/ul><div>\u00a0<\/div><p><strong>Actuaciones:<\/strong><\/p><ul class=\"postText\"><li>Ampliaci\u00f3n de los recursos materiales.<\/li><li>Potenciaci\u00f3n del lenguaje oral en las clases de idiomas.<\/li><li>Incremento del Profesorado especializado en idiomas.<\/li><li>Desdoblamiento de los alumnos en las clases de ingl\u00e9s siempre que sea posible.<\/li><li>Continuaci\u00f3n en a\u00f1os sucesivos del proyecto biling\u00fce en esta etapa.<\/li><li>Garantizar la formaci\u00f3n del profesorado tanto en idiomas como en metodolog\u00eda espec\u00edfica AICLE.<\/li><li>Incorporaci\u00f3n de la figura de un auxiliar de conversaci\u00f3n nativo con presencia en cada grupo biling\u00fce.<\/li><li>Utilizaci\u00f3n de medios audiovisuales y nuevas tecnolog\u00edas.<\/li><li>Utilizaci\u00f3n de material y recursos multimedia adecuados a cada edad.<\/li><li>Oferta de cursos oficiales de ingl\u00e9s Cambridge de 3 horas semanales, en horario extraescolar y de cursos de verano intensivos para preparaci\u00f3n de ex\u00e1menes oficiales, impartidos por profesorado nativo o biling\u00fce cualificado y con experiencia.<\/li><li>Organizaci\u00f3n de experiencias de inmersi\u00f3n ling\u00fc\u00edstica de dos semanas de duraci\u00f3n con cursos de ingl\u00e9s y estancia con familias en pa\u00edses de habla inglesa.<\/li><\/ul>\t\t\t\t\t\t\t\t<\/div>\n\t\t\t\t<\/div>\n\t\t\t\t\t<\/div>\n\t\t\t\t<\/div>\n\t\t\t\t\t<\/details>\n\t\t\t\t\t<\/div>\n\t\t\t\t\t\t<\/div>\n\t\t\t\t<\/div>\n\t\t\t\t<\/div>\n\t\t<div class=\"elementor-element elementor-element-70beccbc e-con-full e-flex e-con e-child\" data-id=\"70beccbc\" data-element_type=\"container\" data-e-type=\"container\" id=\"AtencionDiversidad\">\n\t\t\t\t<div class=\"elementor-element elementor-element-7577223 elementor-widget elementor-widget-heading\" data-id=\"7577223\" data-element_type=\"widget\" data-e-type=\"widget\" id=\"AtencionDiversidad\" data-widget_type=\"heading.default\">\n\t\t\t\t<div class=\"elementor-widget-container\">\n\t\t\t\t\t<h2 class=\"elementor-heading-title elementor-size-default\">Atenci\u00f3n a la Diversidad<\/h2>\t\t\t\t<\/div>\n\t\t\t\t<\/div>\n\t\t\t\t<div class=\"elementor-element elementor-element-c01d038 elementor-widget-divider--view-line elementor-widget elementor-widget-divider\" data-id=\"c01d038\" data-element_type=\"widget\" data-e-type=\"widget\" data-widget_type=\"divider.default\">\n\t\t\t\t<div class=\"elementor-widget-container\">\n\t\t\t\t\t\t\t<div class=\"elementor-divider\">\n\t\t\t<span class=\"elementor-divider-separator\">\n\t\t\t\t\t\t<\/span>\n\t\t<\/div>\n\t\t\t\t\t\t<\/div>\n\t\t\t\t<\/div>\n\t\t\t\t<div class=\"elementor-element elementor-element-64aa191a elementor-widget elementor-widget-text-editor\" data-id=\"64aa191a\" data-element_type=\"widget\" data-e-type=\"widget\" data-widget_type=\"text-editor.default\">\n\t\t\t\t<div class=\"elementor-widget-container\">\n\t\t\t\t\t\t\t\t\t<p>La diversidad es una caracter\u00edstica intr\u00ednseca de los grupos humanos. Esta variabilidad abarca un amplio espectro de situaciones y contextos. Desde nuestro Centro, entendemos que debemos ofrecer una atenci\u00f3n educativa con talante de diversidad a lo largo de todas las etapas y para todo el alumnado.<\/p><p>Mantenemos que la atenci\u00f3n a la diversidad ser\u00e1 un conjunto de actuaciones educativas que, en sentido amplio, intentan prevenir y dar respuestas a las necesidades temporales o permanentes del alumnado, entre ellas aquel alumnado que requiera una actuaci\u00f3n espec\u00edfica debido a factores personales relacionados con situaciones de desventaja sociocultural, altas capacidades, compensaci\u00f3n ling\u00fc\u00edstica, de comunicaci\u00f3n, discapacidad f\u00edsica, sensorial, etc.<\/p><p>Siendo conscientes del reto que este principio educativo encierra, tenemos definido un Plan de Atenci\u00f3n a la Diversidad que responde a las se\u00f1as de identidad de nuestro centro, involucrando a todos los profesionales que trabajan en el mismo.<\/p><p>Tenemos bien definidas las funciones y competencias de los implicados y estamos continuamente organizando nuestros recursos materiales y humanos para que las actuaciones concretas que se lleven a cabo sean consensuadas y en equipo. Especial \u00e9nfasis ponemos en la atenci\u00f3n del alumnado de necesidades espec\u00edficas de apoyo educativo en las distintas etapas que conforman el centro.<\/p><p>Disponemos de un equipo multidisciplinar trabajando en nuestro Departamento de Orientaci\u00f3n, que con dedicaci\u00f3n y responsabilidad directa, cada curso, desarrolla un programa espec\u00edfico para incidir en la mejora de las necesidades del alumnado con necesidades educativas especiales en cada una de las etapas. El resto de los profesionales del Centro conocen y adaptan los objetivos del Plan de Atenci\u00f3n a la Diversidad a los programas de cada etapa y \u00e1rea.<\/p>\t\t\t\t\t\t\t\t<\/div>\n\t\t\t\t<\/div>\n\t\t\t\t<\/div>\n\t\t\t\t<\/div>\n\t\t\t\t\t<\/div>\n\t\t\t\t<\/div>\n\t\t<div class=\"elementor-element elementor-element-fc83058 e-con-full e-flex e-con e-parent\" data-id=\"fc83058\" data-element_type=\"container\" data-e-type=\"container\" data-settings=\"{&quot;background_background&quot;:&quot;classic&quot;}\">\n\t\t\t\t<div class=\"elementor-element elementor-element-3a4f341d elementor-widget elementor-widget-template\" data-id=\"3a4f341d\" data-element_type=\"widget\" data-e-type=\"widget\" data-widget_type=\"template.default\">\n\t\t\t\t<div class=\"elementor-widget-container\">\n\t\t\t\t\t\t\t<div class=\"elementor-template\">\n\t\t\t\t\t<div data-elementor-type=\"container\" data-elementor-id=\"28\" class=\"elementor elementor-28\" data-elementor-post-type=\"elementor_library\">\n\t\t\t\t<div class=\"elementor-element elementor-element-cd6311f e-flex e-con-boxed e-con e-parent\" data-id=\"cd6311f\" data-element_type=\"container\" data-e-type=\"container\" data-settings=\"{&quot;background_background&quot;:&quot;classic&quot;}\">\n\t\t\t\t\t<div class=\"e-con-inner\">\n\t\t<div class=\"elementor-element elementor-element-5da80731 e-con-full e-flex e-con e-child\" data-id=\"5da80731\" data-element_type=\"container\" data-e-type=\"container\">\n\t\t<div class=\"elementor-element elementor-element-4fbf046c e-flex e-con-boxed e-con e-child\" data-id=\"4fbf046c\" data-element_type=\"container\" data-e-type=\"container\">\n\t\t\t\t\t<div class=\"e-con-inner\">\n\t\t\t\t<div class=\"elementor-element elementor-element-1226de40 elementor-widget elementor-widget-heading\" data-id=\"1226de40\" data-element_type=\"widget\" data-e-type=\"widget\" data-widget_type=\"heading.default\">\n\t\t\t\t<div class=\"elementor-widget-container\">\n\t\t\t\t\t<h2 class=\"elementor-heading-title elementor-size-default\">Contacto<\/h2>\t\t\t\t<\/div>\n\t\t\t\t<\/div>\n\t\t\t\t\t<\/div>\n\t\t\t\t<\/div>\n\t\t<div class=\"elementor-element elementor-element-11c8c4e6 e-con-full e-flex e-con e-child\" data-id=\"11c8c4e6\" data-element_type=\"container\" data-e-type=\"container\">\n\t\t<div class=\"elementor-element elementor-element-3e4f4396 e-flex e-con-boxed e-con e-child\" data-id=\"3e4f4396\" data-element_type=\"container\" data-e-type=\"container\">\n\t\t\t\t\t<div class=\"e-con-inner\">\n\t\t\t\t<div class=\"elementor-element elementor-element-34974641 elementor-icon-list--layout-traditional elementor-list-item-link-full_width elementor-widget elementor-widget-icon-list\" data-id=\"34974641\" data-element_type=\"widget\" data-e-type=\"widget\" data-widget_type=\"icon-list.default\">\n\t\t\t\t<div class=\"elementor-widget-container\">\n\t\t\t\t\t\t\t<ul class=\"elementor-icon-list-items\">\n\t\t\t\t\t\t\t<li class=\"elementor-icon-list-item\">\n\t\t\t\t\t\t\t\t\t\t\t<span class=\"elementor-icon-list-icon\">\n\t\t\t\t\t\t\t<i aria-hidden=\"true\" class=\"icon icon-mail\"><\/i>\t\t\t\t\t\t<\/span>\n\t\t\t\t\t\t\t\t\t\t<span class=\"elementor-icon-list-text\">Email: seccsfamilia@fundacionunicaja.com<\/span>\n\t\t\t\t\t\t\t\t\t<\/li>\n\t\t\t\t\t\t\t\t<li class=\"elementor-icon-list-item\">\n\t\t\t\t\t\t\t\t\t\t\t<span class=\"elementor-icon-list-icon\">\n\t\t\t\t\t\t\t<i aria-hidden=\"true\" class=\"icon icon-mail\"><\/i>\t\t\t\t\t\t<\/span>\n\t\t\t\t\t\t\t\t\t\t<span class=\"elementor-icon-list-text\">Email: csfamilia@fundacionunicaja.com<\/span>\n\t\t\t\t\t\t\t\t\t<\/li>\n\t\t\t\t\t\t\t\t<li class=\"elementor-icon-list-item\">\n\t\t\t\t\t\t\t\t\t\t\t<span class=\"elementor-icon-list-icon\">\n\t\t\t\t\t\t\t<svg aria-hidden=\"true\" class=\"e-font-icon-svg e-fas-phone-alt\" viewBox=\"0 0 512 512\" xmlns=\"http:\/\/www.w3.org\/2000\/svg\"><path d=\"M497.39 361.8l-112-48a24 24 0 0 0-28 6.9l-49.6 60.6A370.66 370.66 0 0 1 130.6 204.11l60.6-49.6a23.94 23.94 0 0 0 6.9-28l-48-112A24.16 24.16 0 0 0 122.6.61l-104 24A24 24 0 0 0 0 48c0 256.5 207.9 464 464 464a24 24 0 0 0 23.4-18.6l24-104a24.29 24.29 0 0 0-14.01-27.6z\"><\/path><\/svg>\t\t\t\t\t\t<\/span>\n\t\t\t\t\t\t\t\t\t\t<span class=\"elementor-icon-list-text\">Tel\u00e9fono: (+34) 952 254 990<\/span>\n\t\t\t\t\t\t\t\t\t<\/li>\n\t\t\t\t\t\t\t\t<li class=\"elementor-icon-list-item\">\n\t\t\t\t\t\t\t\t\t\t\t<span class=\"elementor-icon-list-icon\">\n\t\t\t\t\t\t\t<i aria-hidden=\"true\" class=\"icon icon-clock2\"><\/i>\t\t\t\t\t\t<\/span>\n\t\t\t\t\t\t\t\t\t\t<span class=\"elementor-icon-list-text\">Horario de secretar\u00eda: <br>Lunes \u2013 Viernes: 9:15 a 11:00<\/span>\n\t\t\t\t\t\t\t\t\t<\/li>\n\t\t\t\t\t\t\t\t<li class=\"elementor-icon-list-item\">\n\t\t\t\t\t\t\t\t\t\t\t<span class=\"elementor-icon-list-icon\">\n\t\t\t\t\t\t\t<i aria-hidden=\"true\" class=\"icon icon-home1\"><\/i>\t\t\t\t\t\t<\/span>\n\t\t\t\t\t\t\t\t\t\t<span class=\"elementor-icon-list-text\">Direcci\u00f3n: Av. Santiago Ram\u00f3n y Cajal, 41  29014 M\u00e1laga<\/span>\n\t\t\t\t\t\t\t\t\t<\/li>\n\t\t\t\t\t\t<\/ul>\n\t\t\t\t\t\t<\/div>\n\t\t\t\t<\/div>\n\t\t<div class=\"elementor-element elementor-element-555c1342 e-flex e-con-boxed e-con e-child\" data-id=\"555c1342\" data-element_type=\"container\" data-e-type=\"container\">\n\t\t\t\t\t<div class=\"e-con-inner\">\n\t\t\t\t<div class=\"elementor-element elementor-element-1119bbfb elementor-widget elementor-widget-heading\" data-id=\"1119bbfb\" data-element_type=\"widget\" data-e-type=\"widget\" data-widget_type=\"heading.default\">\n\t\t\t\t<div class=\"elementor-widget-container\">\n\t\t\t\t\t<h2 class=\"elementor-heading-title elementor-size-default\">S\u00edguenos en las redes sociales<br>\ndel colegio Sagrada familia<\/h2>\t\t\t\t<\/div>\n\t\t\t\t<\/div>\n\t\t\t\t<div class=\"elementor-element elementor-element-33c8a46e elementor-shape-circle e-grid-align-left elementor-grid-0 elementor-widget elementor-widget-social-icons\" data-id=\"33c8a46e\" data-element_type=\"widget\" data-e-type=\"widget\" data-widget_type=\"social-icons.default\">\n\t\t\t\t<div class=\"elementor-widget-container\">\n\t\t\t\t\t\t\t<div class=\"elementor-social-icons-wrapper elementor-grid\" role=\"list\">\n\t\t\t\t\t\t\t<span class=\"elementor-grid-item\" role=\"listitem\">\n\t\t\t\t\t<a class=\"elementor-icon elementor-social-icon elementor-social-icon- elementor-animation-grow elementor-repeater-item-7f8d101\" href=\"https:\/\/www.facebook.com\/ColegioSagradaFamiliaFU\" target=\"_blank\">\n\t\t\t\t\t\t<span class=\"elementor-screen-only\"><\/span>\n\t\t\t\t\t\t<svg xmlns=\"http:\/\/www.w3.org\/2000\/svg\" width=\"10\" height=\"19\" viewBox=\"0 0 10 19\" fill=\"none\"><path d=\"M2.7165 18.6255H6.35581V9.47884H8.91574L9.17874 6.42069H6.41121V4.67718C6.41121 3.95762 6.5634 3.66701 7.25529 3.66701H9.23397V0.484375H6.70175C3.93422 0.484375 2.77191 1.68823 2.77191 3.97144V6.42069H0.862305V9.58952H2.77191L2.7165 18.6255Z\" fill=\"#11302B\"><\/path><\/svg>\t\t\t\t\t<\/a>\n\t\t\t\t<\/span>\n\t\t\t\t\t\t\t<span class=\"elementor-grid-item\" role=\"listitem\">\n\t\t\t\t\t<a class=\"elementor-icon elementor-social-icon elementor-social-icon-instagram elementor-animation-grow elementor-repeater-item-daa3b40\" href=\"https:\/\/www.instagram.com\/colegiosagradafamiliafu\/\" target=\"_blank\">\n\t\t\t\t\t\t<span class=\"elementor-screen-only\">Instagram<\/span>\n\t\t\t\t\t\t<svg aria-hidden=\"true\" class=\"e-font-icon-svg e-fab-instagram\" viewBox=\"0 0 448 512\" xmlns=\"http:\/\/www.w3.org\/2000\/svg\"><path d=\"M224.1 141c-63.6 0-114.9 51.3-114.9 114.9s51.3 114.9 114.9 114.9S339 319.5 339 255.9 287.7 141 224.1 141zm0 189.6c-41.1 0-74.7-33.5-74.7-74.7s33.5-74.7 74.7-74.7 74.7 33.5 74.7 74.7-33.6 74.7-74.7 74.7zm146.4-194.3c0 14.9-12 26.8-26.8 26.8-14.9 0-26.8-12-26.8-26.8s12-26.8 26.8-26.8 26.8 12 26.8 26.8zm76.1 27.2c-1.7-35.9-9.9-67.7-36.2-93.9-26.2-26.2-58-34.4-93.9-36.2-37-2.1-147.9-2.1-184.9 0-35.8 1.7-67.6 9.9-93.9 36.1s-34.4 58-36.2 93.9c-2.1 37-2.1 147.9 0 184.9 1.7 35.9 9.9 67.7 36.2 93.9s58 34.4 93.9 36.2c37 2.1 147.9 2.1 184.9 0 35.9-1.7 67.7-9.9 93.9-36.2 26.2-26.2 34.4-58 36.2-93.9 2.1-37 2.1-147.8 0-184.8zM398.8 388c-7.8 19.6-22.9 34.7-42.6 42.6-29.5 11.7-99.5 9-132.1 9s-102.7 2.6-132.1-9c-19.6-7.8-34.7-22.9-42.6-42.6-11.7-29.5-9-99.5-9-132.1s-2.6-102.7 9-132.1c7.8-19.6 22.9-34.7 42.6-42.6 29.5-11.7 99.5-9 132.1-9s102.7-2.6 132.1 9c19.6 7.8 34.7 22.9 42.6 42.6 11.7 29.5 9 99.5 9 132.1s2.7 102.7-9 132.1z\"><\/path><\/svg>\t\t\t\t\t<\/a>\n\t\t\t\t<\/span>\n\t\t\t\t\t<\/div>\n\t\t\t\t\t\t<\/div>\n\t\t\t\t<\/div>\n\t\t\t\t\t<\/div>\n\t\t\t\t<\/div>\n\t\t\t\t\t<\/div>\n\t\t\t\t<\/div>\n\t\t<div class=\"elementor-element elementor-element-42aae3ac elementor-hidden-mobile elementor-hidden-tablet e-flex e-con-boxed e-con e-child\" data-id=\"42aae3ac\" data-element_type=\"container\" data-e-type=\"container\">\n\t\t\t\t\t<div class=\"e-con-inner\">\n\t\t\t\t<div class=\"elementor-element elementor-element-43d491b9 elementor-widget elementor-widget-google_maps\" data-id=\"43d491b9\" data-element_type=\"widget\" data-e-type=\"widget\" data-widget_type=\"google_maps.default\">\n\t\t\t\t<div class=\"elementor-widget-container\">\n\t\t\t\t\t\t\t<div class=\"elementor-custom-embed\">\n\t\t\t<iframe loading=\"lazy\"\n\t\t\t\t\tsrc=\"https:\/\/maps.google.com\/maps?q=Av.%20Santiago%20Ram%C3%B3n%20y%20Cajal%2C%2041%20%2029014%20M%C3%A1lagaAv.%20Santiago%20Ram%C3%B3n%20y%20Cajal%2C%2041%20%2029014%20M%C3%A1laga&#038;t=m&#038;z=16&#038;output=embed&#038;iwloc=near\"\n\t\t\t\t\ttitle=\"Av. Santiago Ram\u00f3n y Cajal, 41  29014 M\u00e1lagaAv. Santiago Ram\u00f3n y Cajal, 41  29014 M\u00e1laga\"\n\t\t\t\t\taria-label=\"Av. Santiago Ram\u00f3n y Cajal, 41  29014 M\u00e1lagaAv. Santiago Ram\u00f3n y Cajal, 41  29014 M\u00e1laga\"\n\t\t\t><\/iframe>\n\t\t<\/div>\n\t\t\t\t\t\t<\/div>\n\t\t\t\t<\/div>\n\t\t\t\t\t<\/div>\n\t\t\t\t<\/div>\n\t\t\t\t<\/div>\n\t\t\t\t<\/div>\n\t\t\t\t\t<\/div>\n\t\t\t\t<\/div>\n\t\t\t\t<\/div>\n\t\t\t\t<\/div>\n\t\t\t\t\t\t<\/div>\n\t\t\t\t<\/div>\n\t\t\t\t<\/div>\n\t\t\t\t<\/div>\n\t\t","protected":false},"excerpt":{"rendered":"<p>Presentaci\u00f3n del Centro El Colegio Sagrada Familia que hoy conocemos es la meta a la que hemos llegado despu\u00e9s de los 50 a\u00f1os que han transcurrido desde que en el curso 1965\/66 la Caja de Ahorros de Ronda iniciase la ilusionante apuesta de dotar a la poblaci\u00f3n en edad escolar de Ciudad Jard\u00edn de una [&hellip;]<\/p>\n","protected":false},"author":1,"featured_media":0,"parent":0,"menu_order":0,"comment_status":"closed","ping_status":"closed","template":"","meta":{"_acf_changed":false,"footnotes":""},"class_list":["post-78","page","type-page","status-publish","hentry"],"acf":[],"_links":{"self":[{"href":"https:\/\/www.fundacionunicaja.com\/colegio-fundacion-unicaja-sagrada-familia\/wp-json\/wp\/v2\/pages\/78","targetHints":{"allow":["GET"]}}],"collection":[{"href":"https:\/\/www.fundacionunicaja.com\/colegio-fundacion-unicaja-sagrada-familia\/wp-json\/wp\/v2\/pages"}],"about":[{"href":"https:\/\/www.fundacionunicaja.com\/colegio-fundacion-unicaja-sagrada-familia\/wp-json\/wp\/v2\/types\/page"}],"author":[{"embeddable":true,"href":"https:\/\/www.fundacionunicaja.com\/colegio-fundacion-unicaja-sagrada-familia\/wp-json\/wp\/v2\/users\/1"}],"replies":[{"embeddable":true,"href":"https:\/\/www.fundacionunicaja.com\/colegio-fundacion-unicaja-sagrada-familia\/wp-json\/wp\/v2\/comments?post=78"}],"version-history":[{"count":70,"href":"https:\/\/www.fundacionunicaja.com\/colegio-fundacion-unicaja-sagrada-familia\/wp-json\/wp\/v2\/pages\/78\/revisions"}],"predecessor-version":[{"id":403,"href":"https:\/\/www.fundacionunicaja.com\/colegio-fundacion-unicaja-sagrada-familia\/wp-json\/wp\/v2\/pages\/78\/revisions\/403"}],"wp:attachment":[{"href":"https:\/\/www.fundacionunicaja.com\/colegio-fundacion-unicaja-sagrada-familia\/wp-json\/wp\/v2\/media?parent=78"}],"curies":[{"name":"wp","href":"https:\/\/api.w.org\/{rel}","templated":true}]}}