{"id":80,"date":"2024-10-25T19:27:44","date_gmt":"2024-10-25T17:27:44","guid":{"rendered":"https:\/\/www.fundacionunicaja.com\/virgendelcarmen\/servicios-finalizado\/"},"modified":"2026-04-23T18:05:56","modified_gmt":"2026-04-23T16:05:56","slug":"servicios","status":"publish","type":"page","link":"https:\/\/www.fundacionunicaja.com\/colegio-fundacion-unicaja-juan-de-la-rosa\/servicios\/","title":{"rendered":"Servicios"},"content":{"rendered":"\t\t<div data-elementor-type=\"wp-page\" data-elementor-id=\"80\" class=\"elementor elementor-80\" data-elementor-post-type=\"page\">\n\t\t\t\t<div class=\"elementor-element elementor-element-4d08ce0f e-flex e-con-boxed e-con e-parent\" data-id=\"4d08ce0f\" data-element_type=\"container\" data-e-type=\"container\">\n\t\t\t\t\t<div class=\"e-con-inner\">\n\t\t\t\t<div class=\"elementor-element elementor-element-5cd4142e elementor-widget elementor-widget-template\" data-id=\"5cd4142e\" data-element_type=\"widget\" data-e-type=\"widget\" data-widget_type=\"template.default\">\n\t\t\t\t<div class=\"elementor-widget-container\">\n\t\t\t\t\t\t\t<div class=\"elementor-template\">\n\t\t\t\t\t<div data-elementor-type=\"container\" data-elementor-id=\"39\" class=\"elementor elementor-39\" data-elementor-post-type=\"elementor_library\">\n\t\t\t\t<div class=\"elementor-element elementor-element-dd66cf0 e-flex e-con-boxed e-con e-parent\" data-id=\"dd66cf0\" data-element_type=\"container\" data-e-type=\"container\" data-settings=\"{&quot;background_background&quot;:&quot;slideshow&quot;,&quot;background_slideshow_gallery&quot;:[{&quot;id&quot;:1072,&quot;url&quot;:&quot;https:\\\/\\\/www.fundacionunicaja.com\\\/colegio-fundacion-unicaja-juan-de-la-rosa\\\/wp-content\\\/uploads\\\/sites\\\/23\\\/2024\\\/12\\\/aula_infantil_2-min.jpg&quot;},{&quot;id&quot;:1073,&quot;url&quot;:&quot;https:\\\/\\\/www.fundacionunicaja.com\\\/colegio-fundacion-unicaja-juan-de-la-rosa\\\/wp-content\\\/uploads\\\/sites\\\/23\\\/2024\\\/12\\\/Des-Otono1.jpg&quot;},{&quot;id&quot;:1074,&quot;url&quot;:&quot;https:\\\/\\\/www.fundacionunicaja.com\\\/colegio-fundacion-unicaja-juan-de-la-rosa\\\/wp-content\\\/uploads\\\/sites\\\/23\\\/2024\\\/12\\\/WhatsApp-Image-2021-10-29-at-16.05.44.jpeg&quot;},{&quot;id&quot;:1075,&quot;url&quot;:&quot;https:\\\/\\\/www.fundacionunicaja.com\\\/colegio-fundacion-unicaja-juan-de-la-rosa\\\/wp-content\\\/uploads\\\/sites\\\/23\\\/2024\\\/12\\\/WhatsApp-Image-2021-11-12-at-15.35.10-2.jpeg&quot;},{&quot;id&quot;:1076,&quot;url&quot;:&quot;https:\\\/\\\/www.fundacionunicaja.com\\\/colegio-fundacion-unicaja-juan-de-la-rosa\\\/wp-content\\\/uploads\\\/sites\\\/23\\\/2024\\\/12\\\/WhatsApp-Image-2022-10-28-at-14.48.49-1.jpeg&quot;},{&quot;id&quot;:1077,&quot;url&quot;:&quot;https:\\\/\\\/www.fundacionunicaja.com\\\/colegio-fundacion-unicaja-juan-de-la-rosa\\\/wp-content\\\/uploads\\\/sites\\\/23\\\/2024\\\/12\\\/WhatsApp-Image-2022-10-28-at-15.20.46-1-1.jpeg&quot;},{&quot;id&quot;:1078,&quot;url&quot;:&quot;https:\\\/\\\/www.fundacionunicaja.com\\\/colegio-fundacion-unicaja-juan-de-la-rosa\\\/wp-content\\\/uploads\\\/sites\\\/23\\\/2024\\\/12\\\/WhatsApp-Image-2022-10-28-at-15.20.46-1.jpeg&quot;}],&quot;background_slideshow_loop&quot;:&quot;yes&quot;,&quot;background_slideshow_slide_duration&quot;:5000,&quot;background_slideshow_slide_transition&quot;:&quot;fade&quot;,&quot;background_slideshow_transition_duration&quot;:500}\">\n\t\t\t\t\t<div class=\"e-con-inner\">\n\t\t\t\t<div class=\"elementor-element elementor-element-cbc84ec elementor-widget elementor-widget-heading\" data-id=\"cbc84ec\" data-element_type=\"widget\" data-e-type=\"widget\" data-widget_type=\"heading.default\">\n\t\t\t\t<div class=\"elementor-widget-container\">\n\t\t\t\t\t<h2 class=\"elementor-heading-title elementor-size-default\">COLEGIO FUNDACI\u00d3N UNICAJA<br>\nJUAN DE LA ROSA<\/h2>\t\t\t\t<\/div>\n\t\t\t\t<\/div>\n\t\t\t\t\t<\/div>\n\t\t\t\t<\/div>\n\t\t\t\t<\/div>\n\t\t\t\t<\/div>\n\t\t\t\t\t\t<\/div>\n\t\t\t\t<\/div>\n\t\t\t\t\t<\/div>\n\t\t\t\t<\/div>\n\t\t<div class=\"elementor-element elementor-element-4ae6f26d e-flex e-con-boxed e-con e-parent\" data-id=\"4ae6f26d\" data-element_type=\"container\" data-e-type=\"container\" data-settings=\"{&quot;background_background&quot;:&quot;classic&quot;,&quot;sticky&quot;:&quot;top&quot;,&quot;sticky_offset&quot;:&quot;76&quot;,&quot;sticky_offset_tablet&quot;:&quot;69&quot;,&quot;sticky_offset_mobile&quot;:&quot;62&quot;,&quot;sticky_on&quot;:[&quot;desktop&quot;,&quot;tablet&quot;,&quot;mobile&quot;],&quot;sticky_effects_offset&quot;:0,&quot;sticky_anchor_link_offset&quot;:0}\">\n\t\t\t\t\t<div class=\"e-con-inner\">\n\t\t\t\t<div class=\"elementor-element elementor-element-11078302 elementor-widget elementor-widget-template\" data-id=\"11078302\" data-element_type=\"widget\" data-e-type=\"widget\" data-widget_type=\"template.default\">\n\t\t\t\t<div class=\"elementor-widget-container\">\n\t\t\t\t\t\t\t<div class=\"elementor-template\">\n\t\t\t\t\t<div data-elementor-type=\"container\" data-elementor-id=\"16\" class=\"elementor elementor-16\" data-elementor-post-type=\"elementor_library\">\n\t\t\t\t<div class=\"elementor-element elementor-element-d98126b e-flex e-con-boxed e-con e-parent\" data-id=\"d98126b\" data-element_type=\"container\" data-e-type=\"container\">\n\t\t\t\t\t<div class=\"e-con-inner\">\n\t\t\t\t<div class=\"elementor-element elementor-element-f3aa48d e-n-menu-none elementor-widget__width-initial e-full_width e-n-menu-layout-horizontal elementor-widget elementor-widget-n-menu\" data-id=\"f3aa48d\" data-element_type=\"widget\" data-e-type=\"widget\" data-settings=\"{&quot;menu_items&quot;:[{&quot;item_title&quot;:&quot;Inicio&quot;,&quot;_id&quot;:&quot;9e05c03&quot;,&quot;__dynamic__&quot;:{&quot;item_link&quot;:&quot;[elementor-tag id=\\&quot;cca26e5\\&quot; name=\\&quot;internal-url\\&quot; settings=\\&quot;%7B%22type%22%3A%22post%22%2C%22post_id%22%3A%2259%22%7D\\&quot;]&quot;},&quot;item_link&quot;:{&quot;url&quot;:&quot;https:\\\/\\\/www.fundacionunicaja.com\\\/colegio-fundacion-unicaja-juan-de-la-rosa\\\/&quot;,&quot;is_external&quot;:&quot;&quot;,&quot;nofollow&quot;:&quot;&quot;,&quot;custom_attributes&quot;:&quot;&quot;},&quot;item_dropdown_content&quot;:&quot;no&quot;,&quot;item_icon&quot;:{&quot;value&quot;:&quot;&quot;,&quot;library&quot;:&quot;&quot;},&quot;item_icon_active&quot;:null,&quot;element_id&quot;:&quot;&quot;},{&quot;item_title&quot;:&quot;Centro&quot;,&quot;_id&quot;:&quot;81d0e19&quot;,&quot;__dynamic__&quot;:{&quot;item_link&quot;:&quot;[elementor-tag id=\\&quot;0ee962c\\&quot; name=\\&quot;internal-url\\&quot; settings=\\&quot;%7B%22type%22%3A%22post%22%2C%22post_id%22%3A%2256%22%7D\\&quot;]&quot;},&quot;item_link&quot;:{&quot;url&quot;:&quot;https:\\\/\\\/www.fundacionunicaja.com\\\/colegio-fundacion-unicaja-juan-de-la-rosa\\\/centro\\\/&quot;,&quot;is_external&quot;:&quot;&quot;,&quot;nofollow&quot;:&quot;&quot;,&quot;custom_attributes&quot;:&quot;&quot;},&quot;item_dropdown_content&quot;:&quot;no&quot;,&quot;item_icon&quot;:{&quot;value&quot;:&quot;&quot;,&quot;library&quot;:&quot;&quot;},&quot;item_icon_active&quot;:null,&quot;element_id&quot;:&quot;&quot;},{&quot;_id&quot;:&quot;6644f8c&quot;,&quot;item_title&quot;:&quot;Curso&quot;,&quot;__dynamic__&quot;:{&quot;item_link&quot;:&quot;[elementor-tag id=\\&quot;34cdfbf\\&quot; name=\\&quot;internal-url\\&quot; settings=\\&quot;%7B%22type%22%3A%22post%22%2C%22post_id%22%3A%2268%22%7D\\&quot;]&quot;},&quot;item_link&quot;:{&quot;url&quot;:&quot;https:\\\/\\\/www.fundacionunicaja.com\\\/colegio-fundacion-unicaja-juan-de-la-rosa\\\/curso\\\/&quot;,&quot;is_external&quot;:&quot;&quot;,&quot;nofollow&quot;:&quot;&quot;,&quot;custom_attributes&quot;:&quot;&quot;},&quot;item_dropdown_content&quot;:&quot;no&quot;,&quot;item_icon&quot;:{&quot;value&quot;:&quot;&quot;,&quot;library&quot;:&quot;&quot;},&quot;item_icon_active&quot;:null,&quot;element_id&quot;:&quot;&quot;},{&quot;_id&quot;:&quot;48af1d5&quot;,&quot;item_title&quot;:&quot;Servicios&quot;,&quot;__dynamic__&quot;:{&quot;item_link&quot;:&quot;[elementor-tag id=\\&quot;377bcfc\\&quot; name=\\&quot;internal-url\\&quot; settings=\\&quot;%7B%22type%22%3A%22post%22%2C%22post_id%22%3A%2280%22%7D\\&quot;]&quot;},&quot;item_link&quot;:{&quot;url&quot;:&quot;https:\\\/\\\/www.fundacionunicaja.com\\\/colegio-fundacion-unicaja-juan-de-la-rosa\\\/servicios\\\/&quot;,&quot;is_external&quot;:&quot;&quot;,&quot;nofollow&quot;:&quot;&quot;,&quot;custom_attributes&quot;:&quot;&quot;},&quot;item_dropdown_content&quot;:&quot;no&quot;,&quot;item_icon&quot;:{&quot;value&quot;:&quot;&quot;,&quot;library&quot;:&quot;&quot;},&quot;item_icon_active&quot;:null,&quot;element_id&quot;:&quot;&quot;},{&quot;_id&quot;:&quot;7eb97e4&quot;,&quot;item_title&quot;:&quot;Tabl\\u00f3n de anuncios&quot;,&quot;__dynamic__&quot;:{&quot;item_link&quot;:&quot;[elementor-tag id=\\&quot;3b4e09b\\&quot; name=\\&quot;internal-url\\&quot; settings=\\&quot;%7B%22type%22%3A%22post%22%2C%22post_id%22%3A%2287%22%7D\\&quot;]&quot;},&quot;item_link&quot;:{&quot;url&quot;:&quot;https:\\\/\\\/www.fundacionunicaja.com\\\/colegio-fundacion-unicaja-juan-de-la-rosa\\\/tablon-de-anuncios\\\/&quot;,&quot;is_external&quot;:&quot;&quot;,&quot;nofollow&quot;:&quot;&quot;,&quot;custom_attributes&quot;:&quot;&quot;},&quot;item_dropdown_content&quot;:&quot;no&quot;,&quot;item_icon&quot;:{&quot;value&quot;:&quot;&quot;,&quot;library&quot;:&quot;&quot;},&quot;item_icon_active&quot;:null,&quot;element_id&quot;:&quot;&quot;},{&quot;_id&quot;:&quot;6689437&quot;,&quot;item_title&quot;:&quot;Matriculaci\\u00f3n&quot;,&quot;__dynamic__&quot;:{&quot;item_link&quot;:&quot;[elementor-tag id=\\&quot;2720c7f\\&quot; name=\\&quot;internal-url\\&quot; settings=\\&quot;%7B%22type%22%3A%22post%22%2C%22post_id%22%3A%2276%22%7D\\&quot;]&quot;},&quot;item_link&quot;:{&quot;url&quot;:&quot;https:\\\/\\\/www.fundacionunicaja.com\\\/colegio-fundacion-unicaja-juan-de-la-rosa\\\/matriculacion\\\/&quot;,&quot;is_external&quot;:&quot;&quot;,&quot;nofollow&quot;:&quot;&quot;,&quot;custom_attributes&quot;:&quot;&quot;},&quot;item_dropdown_content&quot;:&quot;no&quot;,&quot;item_icon&quot;:{&quot;value&quot;:&quot;&quot;,&quot;library&quot;:&quot;&quot;},&quot;item_icon_active&quot;:null,&quot;element_id&quot;:&quot;&quot;}],&quot;open_animation&quot;:&quot;fadeIn&quot;,&quot;horizontal_scroll_mobile&quot;:&quot;enable&quot;,&quot;breakpoint_selector&quot;:&quot;none&quot;,&quot;menu_item_title_distance_from_content&quot;:{&quot;unit&quot;:&quot;px&quot;,&quot;size&quot;:&quot;&quot;,&quot;sizes&quot;:[]},&quot;horizontal_scroll_tablet&quot;:&quot;enable&quot;,&quot;content_width&quot;:&quot;full_width&quot;,&quot;item_layout&quot;:&quot;horizontal&quot;,&quot;open_on&quot;:&quot;hover&quot;,&quot;horizontal_scroll&quot;:&quot;disable&quot;,&quot;menu_item_title_distance_from_content_tablet&quot;:{&quot;unit&quot;:&quot;px&quot;,&quot;size&quot;:&quot;&quot;,&quot;sizes&quot;:[]},&quot;menu_item_title_distance_from_content_mobile&quot;:{&quot;unit&quot;:&quot;px&quot;,&quot;size&quot;:&quot;&quot;,&quot;sizes&quot;:[]}}\" data-widget_type=\"mega-menu.default\">\n\t\t\t\t<div class=\"elementor-widget-container\">\n\t\t\t\t\t\t\t<nav class=\"e-n-menu\" data-widget-number=\"255\" aria-label=\"Men\u00fa\">\n\t\t\t\t\t<button class=\"e-n-menu-toggle\" id=\"menu-toggle-255\" aria-haspopup=\"true\" aria-expanded=\"false\" aria-controls=\"menubar-255\" aria-label=\"Alternar men\u00fa\">\n\t\t\t<span class=\"e-n-menu-toggle-icon e-open\">\n\t\t\t\t<svg class=\"e-font-icon-svg e-eicon-menu-bar\" viewBox=\"0 0 1000 1000\" xmlns=\"http:\/\/www.w3.org\/2000\/svg\"><path d=\"M104 333H896C929 333 958 304 958 271S929 208 896 208H104C71 208 42 237 42 271S71 333 104 333ZM104 583H896C929 583 958 554 958 521S929 458 896 458H104C71 458 42 487 42 521S71 583 104 583ZM104 833H896C929 833 958 804 958 771S929 708 896 708H104C71 708 42 737 42 771S71 833 104 833Z\"><\/path><\/svg>\t\t\t<\/span>\n\t\t\t<span class=\"e-n-menu-toggle-icon e-close\">\n\t\t\t\t<svg class=\"e-font-icon-svg e-eicon-close\" viewBox=\"0 0 1000 1000\" xmlns=\"http:\/\/www.w3.org\/2000\/svg\"><path d=\"M742 167L500 408 258 167C246 154 233 150 217 150 196 150 179 158 167 167 154 179 150 196 150 212 150 229 154 242 171 254L408 500 167 742C138 771 138 800 167 829 196 858 225 858 254 829L496 587 738 829C750 842 767 846 783 846 800 846 817 842 829 829 842 817 846 804 846 783 846 767 842 750 829 737L588 500 833 258C863 229 863 200 833 171 804 137 775 137 742 167Z\"><\/path><\/svg>\t\t\t<\/span>\n\t\t<\/button>\n\t\t\t\t\t<div class=\"e-n-menu-wrapper\" id=\"menubar-255\" aria-labelledby=\"menu-toggle-255\">\n\t\t\t\t<ul class=\"e-n-menu-heading\">\n\t\t\t\t\t\t\t\t<li class=\"e-n-menu-item\">\n\t\t\t\t<div id=\"e-n-menu-title-2551\" class=\"e-n-menu-title\">\n\t\t\t\t\t<a class=\"e-n-menu-title-container e-focus e-link\" href=\"https:\/\/www.fundacionunicaja.com\/colegio-fundacion-unicaja-juan-de-la-rosa\/\">\t\t\t\t\t\t\t\t\t\t\t\t<span class=\"e-n-menu-title-text\">\n\t\t\t\t\t\t\tInicio\t\t\t\t\t\t<\/span>\n\t\t\t\t\t<\/a>\t\t\t\t\t\t\t\t\t<\/div>\n\t\t\t\t\t\t\t<\/li>\n\t\t\t\t\t<li class=\"e-n-menu-item\">\n\t\t\t\t<div id=\"e-n-menu-title-2552\" class=\"e-n-menu-title\">\n\t\t\t\t\t<a class=\"e-n-menu-title-container e-focus e-link\" href=\"https:\/\/www.fundacionunicaja.com\/colegio-fundacion-unicaja-juan-de-la-rosa\/centro\/\">\t\t\t\t\t\t\t\t\t\t\t\t<span class=\"e-n-menu-title-text\">\n\t\t\t\t\t\t\tCentro\t\t\t\t\t\t<\/span>\n\t\t\t\t\t<\/a>\t\t\t\t\t\t\t\t\t<\/div>\n\t\t\t\t\t\t\t<\/li>\n\t\t\t\t\t<li class=\"e-n-menu-item\">\n\t\t\t\t<div id=\"e-n-menu-title-2553\" class=\"e-n-menu-title\">\n\t\t\t\t\t<a class=\"e-n-menu-title-container e-focus e-link\" href=\"https:\/\/www.fundacionunicaja.com\/colegio-fundacion-unicaja-juan-de-la-rosa\/curso\/\">\t\t\t\t\t\t\t\t\t\t\t\t<span class=\"e-n-menu-title-text\">\n\t\t\t\t\t\t\tCurso\t\t\t\t\t\t<\/span>\n\t\t\t\t\t<\/a>\t\t\t\t\t\t\t\t\t<\/div>\n\t\t\t\t\t\t\t<\/li>\n\t\t\t\t\t<li class=\"e-n-menu-item\">\n\t\t\t\t<div id=\"e-n-menu-title-2554\" class=\"e-n-menu-title e-current\">\n\t\t\t\t\t<a class=\"e-n-menu-title-container e-focus e-link\" href=\"https:\/\/www.fundacionunicaja.com\/colegio-fundacion-unicaja-juan-de-la-rosa\/servicios\/\" aria-current=\"page\">\t\t\t\t\t\t\t\t\t\t\t\t<span class=\"e-n-menu-title-text\">\n\t\t\t\t\t\t\tServicios\t\t\t\t\t\t<\/span>\n\t\t\t\t\t<\/a>\t\t\t\t\t\t\t\t\t<\/div>\n\t\t\t\t\t\t\t<\/li>\n\t\t\t\t\t<li class=\"e-n-menu-item\">\n\t\t\t\t<div id=\"e-n-menu-title-2555\" class=\"e-n-menu-title\">\n\t\t\t\t\t<a class=\"e-n-menu-title-container e-focus e-link\" href=\"https:\/\/www.fundacionunicaja.com\/colegio-fundacion-unicaja-juan-de-la-rosa\/tablon-de-anuncios\/\">\t\t\t\t\t\t\t\t\t\t\t\t<span class=\"e-n-menu-title-text\">\n\t\t\t\t\t\t\tTabl\u00f3n de anuncios\t\t\t\t\t\t<\/span>\n\t\t\t\t\t<\/a>\t\t\t\t\t\t\t\t\t<\/div>\n\t\t\t\t\t\t\t<\/li>\n\t\t\t\t\t<li class=\"e-n-menu-item\">\n\t\t\t\t<div id=\"e-n-menu-title-2556\" class=\"e-n-menu-title\">\n\t\t\t\t\t<a class=\"e-n-menu-title-container e-focus e-link\" href=\"https:\/\/www.fundacionunicaja.com\/colegio-fundacion-unicaja-juan-de-la-rosa\/matriculacion\/\">\t\t\t\t\t\t\t\t\t\t\t\t<span class=\"e-n-menu-title-text\">\n\t\t\t\t\t\t\tMatriculaci\u00f3n\t\t\t\t\t\t<\/span>\n\t\t\t\t\t<\/a>\t\t\t\t\t\t\t\t\t<\/div>\n\t\t\t\t\t\t\t<\/li>\n\t\t\t\t\t\t<\/ul>\n\t\t\t<\/div>\n\t\t<\/nav>\n\t\t\t\t\t\t<\/div>\n\t\t\t\t<\/div>\n\t\t\t\t\t<\/div>\n\t\t\t\t<\/div>\n\t\t\t\t<\/div>\n\t\t\t\t<\/div>\n\t\t\t\t\t\t<\/div>\n\t\t\t\t<\/div>\n\t\t\t\t\t<\/div>\n\t\t\t\t<\/div>\n\t\t<div class=\"elementor-element elementor-element-51fd4b9d e-flex e-con-boxed e-con e-parent\" data-id=\"51fd4b9d\" data-element_type=\"container\" data-e-type=\"container\">\n\t\t\t\t\t<div class=\"e-con-inner\">\n\t\t<div class=\"elementor-element elementor-element-38b59c42 e-con-full elementor-hidden-mobile e-flex e-con e-child\" data-id=\"38b59c42\" data-element_type=\"container\" data-e-type=\"container\">\n\t\t\t\t<div class=\"elementor-element elementor-element-6cc785fc elementor-widget elementor-widget-template\" data-id=\"6cc785fc\" data-element_type=\"widget\" data-e-type=\"widget\" data-settings=\"{&quot;sticky&quot;:&quot;top&quot;,&quot;sticky_offset&quot;:&quot;158&quot;,&quot;sticky_parent&quot;:&quot;yes&quot;,&quot;sticky_on&quot;:[&quot;desktop&quot;,&quot;tablet&quot;,&quot;mobile&quot;],&quot;sticky_effects_offset&quot;:0,&quot;sticky_anchor_link_offset&quot;:0}\" data-widget_type=\"template.default\">\n\t\t\t\t<div class=\"elementor-widget-container\">\n\t\t\t\t\t\t\t<div class=\"elementor-template\">\n\t\t\t\t\t<div data-elementor-type=\"container\" data-elementor-id=\"28\" class=\"elementor elementor-28\" data-elementor-post-type=\"elementor_library\">\n\t\t\t\t<div class=\"elementor-element elementor-element-271db215 e-con-full e-flex e-con e-child\" data-id=\"271db215\" data-element_type=\"container\" data-e-type=\"container\">\n\t\t\t\t<div class=\"elementor-element elementor-element-2af3dddb e-full_width e-n-menu-layout-horizontal e-n-menu-tablet elementor-widget elementor-widget-n-menu\" data-id=\"2af3dddb\" data-element_type=\"widget\" data-e-type=\"widget\" data-settings=\"{&quot;menu_items&quot;:[{&quot;item_title&quot;:&quot;Comedor&quot;,&quot;item_link&quot;:{&quot;url&quot;:&quot;\\\/colegio-fundacion-unicaja-juan-de-la-rosa\\\/servicios\\\/#Comedor&quot;,&quot;is_external&quot;:&quot;&quot;,&quot;nofollow&quot;:&quot;&quot;,&quot;custom_attributes&quot;:&quot;&quot;},&quot;_id&quot;:&quot;82c9e0e&quot;,&quot;item_dropdown_content&quot;:&quot;no&quot;,&quot;item_icon&quot;:{&quot;value&quot;:&quot;&quot;,&quot;library&quot;:&quot;&quot;},&quot;item_icon_active&quot;:null,&quot;element_id&quot;:&quot;&quot;},{&quot;item_title&quot;:&quot;Actividades &lt;br&gt;extraescolares&quot;,&quot;item_link&quot;:{&quot;url&quot;:&quot;\\\/colegio-fundacion-unicaja-juan-de-la-rosa\\\/servicios\\\/#ActividadesExtraescolares&quot;,&quot;is_external&quot;:&quot;&quot;,&quot;nofollow&quot;:&quot;&quot;,&quot;custom_attributes&quot;:&quot;&quot;},&quot;_id&quot;:&quot;d95b6ea&quot;,&quot;item_dropdown_content&quot;:&quot;no&quot;,&quot;item_icon&quot;:{&quot;value&quot;:&quot;&quot;,&quot;library&quot;:&quot;&quot;},&quot;item_icon_active&quot;:null,&quot;element_id&quot;:&quot;&quot;}],&quot;item_position_horizontal&quot;:&quot;start&quot;,&quot;content_width&quot;:&quot;full_width&quot;,&quot;item_layout&quot;:&quot;horizontal&quot;,&quot;open_on&quot;:&quot;hover&quot;,&quot;horizontal_scroll&quot;:&quot;disable&quot;,&quot;breakpoint_selector&quot;:&quot;tablet&quot;,&quot;menu_item_title_distance_from_content&quot;:{&quot;unit&quot;:&quot;px&quot;,&quot;size&quot;:0,&quot;sizes&quot;:[]},&quot;menu_item_title_distance_from_content_tablet&quot;:{&quot;unit&quot;:&quot;px&quot;,&quot;size&quot;:&quot;&quot;,&quot;sizes&quot;:[]},&quot;menu_item_title_distance_from_content_mobile&quot;:{&quot;unit&quot;:&quot;px&quot;,&quot;size&quot;:&quot;&quot;,&quot;sizes&quot;:[]}}\" data-widget_type=\"mega-menu.default\">\n\t\t\t\t<div class=\"elementor-widget-container\">\n\t\t\t\t\t\t\t<nav class=\"e-n-menu\" data-widget-number=\"720\" aria-label=\"Men\u00fa\">\n\t\t\t\t\t<button class=\"e-n-menu-toggle\" id=\"menu-toggle-720\" aria-haspopup=\"true\" aria-expanded=\"false\" aria-controls=\"menubar-720\" aria-label=\"Alternar men\u00fa\">\n\t\t\t<span class=\"e-n-menu-toggle-icon e-open\">\n\t\t\t\t<svg class=\"e-font-icon-svg e-eicon-menu-bar\" viewBox=\"0 0 1000 1000\" xmlns=\"http:\/\/www.w3.org\/2000\/svg\"><path d=\"M104 333H896C929 333 958 304 958 271S929 208 896 208H104C71 208 42 237 42 271S71 333 104 333ZM104 583H896C929 583 958 554 958 521S929 458 896 458H104C71 458 42 487 42 521S71 583 104 583ZM104 833H896C929 833 958 804 958 771S929 708 896 708H104C71 708 42 737 42 771S71 833 104 833Z\"><\/path><\/svg>\t\t\t<\/span>\n\t\t\t<span class=\"e-n-menu-toggle-icon e-close\">\n\t\t\t\t<svg class=\"e-font-icon-svg e-eicon-close\" viewBox=\"0 0 1000 1000\" xmlns=\"http:\/\/www.w3.org\/2000\/svg\"><path d=\"M742 167L500 408 258 167C246 154 233 150 217 150 196 150 179 158 167 167 154 179 150 196 150 212 150 229 154 242 171 254L408 500 167 742C138 771 138 800 167 829 196 858 225 858 254 829L496 587 738 829C750 842 767 846 783 846 800 846 817 842 829 829 842 817 846 804 846 783 846 767 842 750 829 737L588 500 833 258C863 229 863 200 833 171 804 137 775 137 742 167Z\"><\/path><\/svg>\t\t\t<\/span>\n\t\t<\/button>\n\t\t\t\t\t<div class=\"e-n-menu-wrapper\" id=\"menubar-720\" aria-labelledby=\"menu-toggle-720\">\n\t\t\t\t<ul class=\"e-n-menu-heading\">\n\t\t\t\t\t\t\t\t<li class=\"e-n-menu-item\">\n\t\t\t\t<div id=\"e-n-menu-title-7201\" class=\"e-n-menu-title e-anchor\">\n\t\t\t\t\t<a class=\"e-n-menu-title-container e-focus e-link\" href=\"\/colegio-fundacion-unicaja-juan-de-la-rosa\/servicios\/#Comedor\" aria-current=\"page\">\t\t\t\t\t\t\t\t\t\t\t\t<span class=\"e-n-menu-title-text\">\n\t\t\t\t\t\t\tComedor\t\t\t\t\t\t<\/span>\n\t\t\t\t\t<\/a>\t\t\t\t\t\t\t\t\t<\/div>\n\t\t\t\t\t\t\t<\/li>\n\t\t\t\t\t<li class=\"e-n-menu-item\">\n\t\t\t\t<div id=\"e-n-menu-title-7202\" class=\"e-n-menu-title e-anchor\">\n\t\t\t\t\t<a class=\"e-n-menu-title-container e-focus e-link\" href=\"\/colegio-fundacion-unicaja-juan-de-la-rosa\/servicios\/#ActividadesExtraescolares\" aria-current=\"page\">\t\t\t\t\t\t\t\t\t\t\t\t<span class=\"e-n-menu-title-text\">\n\t\t\t\t\t\t\tActividades <br>extraescolares\t\t\t\t\t\t<\/span>\n\t\t\t\t\t<\/a>\t\t\t\t\t\t\t\t\t<\/div>\n\t\t\t\t\t\t\t<\/li>\n\t\t\t\t\t\t<\/ul>\n\t\t\t<\/div>\n\t\t<\/nav>\n\t\t\t\t\t\t<\/div>\n\t\t\t\t<\/div>\n\t\t\t\t<\/div>\n\t\t\t\t<\/div>\n\t\t\t\t<\/div>\n\t\t\t\t\t\t<\/div>\n\t\t\t\t<\/div>\n\t\t\t\t<\/div>\n\t\t<div class=\"elementor-element elementor-element-a876e56 e-con-full e-flex e-con e-child\" data-id=\"a876e56\" data-element_type=\"container\" data-e-type=\"container\">\n\t\t<div class=\"elementor-element elementor-element-5fdde41 e-flex e-con-boxed e-con e-child\" data-id=\"5fdde41\" data-element_type=\"container\" data-e-type=\"container\">\n\t\t\t\t\t<div class=\"e-con-inner\">\n\t\t\t\t<div class=\"elementor-element elementor-element-ccb9127 elementor-widget elementor-widget-heading\" data-id=\"ccb9127\" data-element_type=\"widget\" data-e-type=\"widget\" id=\"Comedor\" data-widget_type=\"heading.default\">\n\t\t\t\t<div class=\"elementor-widget-container\">\n\t\t\t\t\t<h2 class=\"elementor-heading-title elementor-size-default\">Comedor escolar<\/h2>\t\t\t\t<\/div>\n\t\t\t\t<\/div>\n\t\t\t\t<div class=\"elementor-element elementor-element-1ce0cb1 elementor-widget-divider--view-line elementor-widget elementor-widget-divider\" data-id=\"1ce0cb1\" data-element_type=\"widget\" data-e-type=\"widget\" data-widget_type=\"divider.default\">\n\t\t\t\t<div class=\"elementor-widget-container\">\n\t\t\t\t\t\t\t<div class=\"elementor-divider\">\n\t\t\t<span class=\"elementor-divider-separator\">\n\t\t\t\t\t\t<\/span>\n\t\t<\/div>\n\t\t\t\t\t\t<\/div>\n\t\t\t\t<\/div>\n\t\t\t\t<div class=\"elementor-element elementor-element-872b64a elementor-widget elementor-widget-text-editor\" data-id=\"872b64a\" data-element_type=\"widget\" data-e-type=\"widget\" data-widget_type=\"text-editor.default\">\n\t\t\t\t<div class=\"elementor-widget-container\">\n\t\t\t\t\t\t\t\t\t<p><span style=\"font-weight: 400\">El comedor escolar es una herramienta educativa complementaria, que tiene como objetivos principales, intervenir en la educaci\u00f3n para la salud, la higiene y la salud. Al mismo tiempo que ense\u00f1a aspectos relacionados con la responsabilidad, el ocio y la convivencia.<\/span><\/p>\t\t\t\t\t\t\t\t<\/div>\n\t\t\t\t<\/div>\n\t\t\t\t<div class=\"elementor-element elementor-element-da58b28 elementor-widget elementor-widget-ucaddon_uc_slider_image\" data-id=\"da58b28\" data-element_type=\"widget\" data-e-type=\"widget\" data-widget_type=\"ucaddon_uc_slider_image.default\">\n\t\t\t\t<div class=\"elementor-widget-container\">\n\t\t\t\t\t\n<!-- start Slider Gallery -->\n\t\t<link id='unitegallery-css' href='https:\/\/www.fundacionunicaja.com\/colegio-fundacion-unicaja-juan-de-la-rosa\/wp-content\/plugins\/unlimited-elements-for-elementor\/assets_libraries\/unitegallery\/css\/unite-gallery.css' type='text\/css' rel='stylesheet' >\n\n<style>\/* widget: Slider Gallery *\/\n\n#uc_uc_slider_image_elementor_da58b28{\n  overflow:hidden;\n}\n\n#uc_uc_slider_image_elementor_da58b28-wrapper{\n  min-height:1px;\n}\n\n\n\n<\/style>\n\n<div id=\"uc_uc_slider_image_elementor_da58b28-wrapper\">\n<div id=\"uc_uc_slider_image_elementor_da58b28\" class=\"uc-items-wrapper  uc-remote-parent \" style=\"display:none; margin:0 auto;\"  data-remoteid='first' data-widgetname='Slider Gallery' data-remote-type=\"gallery\" data-custom-sethtml=\"true\" >\n\n\n<img decoding=\"async\" alt=\"DSC_0078-min-scaled\"\n   src=\"https:\/\/www.fundacionunicaja.com\/colegio-fundacion-unicaja-juan-de-la-rosa\/wp-content\/uploads\/sites\/23\/2024\/11\/DSC_0078-min-scaled-1.webp\"\n    data-image=\"https:\/\/www.fundacionunicaja.com\/colegio-fundacion-unicaja-juan-de-la-rosa\/wp-content\/uploads\/sites\/23\/2024\/11\/DSC_0078-min-scaled-1-1024x683.webp\"\n    data-title=\"DSC_0078-min-scaled\">\n\n<img decoding=\"async\" alt=\"20171121_161206-min-scaled\"\n   src=\"https:\/\/www.fundacionunicaja.com\/colegio-fundacion-unicaja-juan-de-la-rosa\/wp-content\/uploads\/sites\/23\/2024\/11\/20171121_161206-min-scaled-1.webp\"\n    data-image=\"https:\/\/www.fundacionunicaja.com\/colegio-fundacion-unicaja-juan-de-la-rosa\/wp-content\/uploads\/sites\/23\/2024\/11\/20171121_161206-min-scaled-1-1024x576.webp\"\n    data-title=\"20171121_161206-min-scaled\">\n\n<img decoding=\"async\" alt=\"20171121_161222-min-scaled\"\n   src=\"https:\/\/www.fundacionunicaja.com\/colegio-fundacion-unicaja-juan-de-la-rosa\/wp-content\/uploads\/sites\/23\/2024\/11\/20171121_161222-min-scaled-1.webp\"\n    data-image=\"https:\/\/www.fundacionunicaja.com\/colegio-fundacion-unicaja-juan-de-la-rosa\/wp-content\/uploads\/sites\/23\/2024\/11\/20171121_161222-min-scaled-1-1024x576.webp\"\n    data-title=\"20171121_161222-min-scaled\">\n\n<img decoding=\"async\" alt=\"comedor-1\"\n   src=\"https:\/\/www.fundacionunicaja.com\/colegio-fundacion-unicaja-juan-de-la-rosa\/wp-content\/uploads\/sites\/23\/2024\/11\/comedor-1.webp\"\n    data-image=\"https:\/\/www.fundacionunicaja.com\/colegio-fundacion-unicaja-juan-de-la-rosa\/wp-content\/uploads\/sites\/23\/2024\/11\/comedor-1-1024x768.webp\"\n    data-title=\"comedor-1\">\n\n<img decoding=\"async\" alt=\"DSC_0080-min-scaled\"\n   src=\"https:\/\/www.fundacionunicaja.com\/colegio-fundacion-unicaja-juan-de-la-rosa\/wp-content\/uploads\/sites\/23\/2024\/11\/DSC_0080-min-scaled-1.webp\"\n    data-image=\"https:\/\/www.fundacionunicaja.com\/colegio-fundacion-unicaja-juan-de-la-rosa\/wp-content\/uploads\/sites\/23\/2024\/11\/DSC_0080-min-scaled-1-1024x683.webp\"\n    data-title=\"DSC_0080-min-scaled\">\n\n  \n<\/div>\n<\/div>\n<!-- end Slider Gallery -->\t\t\t\t<\/div>\n\t\t\t\t<\/div>\n\t\t\t\t<div class=\"elementor-element elementor-element-fc57434 elementor-widget elementor-widget-ucaddon_arrow_navigation\" data-id=\"fc57434\" data-element_type=\"widget\" data-e-type=\"widget\" data-widget_type=\"ucaddon_arrow_navigation.default\">\n\t\t\t\t<div class=\"elementor-widget-container\">\n\t\t\t\t\t\n<!-- start Remote Arrows -->\n\t\t<link id='font-awesome-css' href='https:\/\/www.fundacionunicaja.com\/colegio-fundacion-unicaja-juan-de-la-rosa\/wp-content\/plugins\/unlimited-elements-for-elementor\/assets_libraries\/font-awesome6\/fontawesome-all.min.css' type='text\/css' rel='stylesheet' >\n\t\t<link id='font-awesome-4-shim-css' href='https:\/\/www.fundacionunicaja.com\/colegio-fundacion-unicaja-juan-de-la-rosa\/wp-content\/plugins\/unlimited-elements-for-elementor\/assets_libraries\/font-awesome6\/fontawesome-v4-shims.min.css' type='text\/css' rel='stylesheet' >\n\n<style>\/* widget: Remote Arrows *\/\n\n.ue-remote-carousel-navigation-wrapper\n{\n  display:flex;\n}\n\n.ue-remote-carousel-navigation-wrapper .ue-remote-arrow\n{\n  border:none;\n  border-color:transparent;\n}\n\n.ue-remote-carousel-navigation-wrapper .ue-remote-arrow:hover\n{\n  background-color:transparent;\n \n}\n\n\n#uc_arrow_navigation_elementor_fc57434\n{\n  display:inline-flex;\n}\n\n#uc_arrow_navigation_elementor_fc57434 .ue-remote-arrow\n{\n  flex-grow:0;\n  flex-shrink:0;\n  transition:0.3s;\n  display:inline-flex;\n  align-items:center;\n  justify-content:center;\n  line-height:1em;\n  cursor:pointer;\n}\n\n\n#uc_arrow_navigation_elementor_fc57434 .ue-remote-arrow .ue-carousel-nav-icon\n{\n  transition:0.3s;\n  line-height:1em;\n}\n\n#uc_arrow_navigation_elementor_fc57434 .ue-remote-arrow .ue-carousel-nav-icon svg\n{\n  transition:0.3s;\n  height:1em;\n  width:1em;\n}\n\n\n#uc_arrow_navigation_elementor_fc57434 .ue-carousel-nav-label\n{\n  transition:0.3s;\n}\n\n#uc_arrow_navigation_elementor_fc57434 .uc-disabled{\n\topacity: 0.3;\n}\n\n<\/style>\n\n<div class=\"ue-remote-carousel-navigation-wrapper\">\n<div id=\"uc_arrow_navigation_elementor_fc57434\" class=\"ue-remote-carousel-navigation\"  data-parentid='first'>\n  \n  \n  \n\t<div class=\"ue-remote-arrow ue-carousel-prev \">\n    <div class=\"ue-carousel-nav-icon\"><i class='icon icon-left-arrow'><\/i><\/div>\n    \t\n  <\/div>   \n\t\n\n  \n \n\n  <div class=\"ue-remote-arrow ue-carousel-next \">\n        <div class=\"ue-carousel-nav-icon\"><i class='icon icon-right-arrow'><\/i><\/div>\n  <\/div>\n  \n  \n<\/div>\n<\/div>\n<!-- end Remote Arrows -->\t\t\t\t<\/div>\n\t\t\t\t<\/div>\n\t\t\t\t<div class=\"elementor-element elementor-element-d4899fe elementor-widget elementor-widget-text-editor\" data-id=\"d4899fe\" data-element_type=\"widget\" data-e-type=\"widget\" data-widget_type=\"text-editor.default\">\n\t\t\t\t<div class=\"elementor-widget-container\">\n\t\t\t\t\t\t\t\t\t<p>Las actividades extraescolares: \u201cUn complemento integral para el desarrollo del alumnado\u201d<br \/>El colegio ofrece una serie de actividades complementarias dise\u00f1adas para proporcionar una educaci\u00f3n integral a sus estudiantes. Estas actividades se centran en cuatro \u00e1reas fundamentales del crecimiento personal:<\/p><ul><li><span style=\"color: var( --e-global-color-text );text-align: var(--text-align);background-color: var( --e-global-color-943a040 )\">Fomento de habilidades art\u00edsticas<\/span><\/li><li>Potenciaci\u00f3n de destrezas f\u00edsicas<\/li><li>Fortalecimiento de competencias emocionales, sociales y cognitivas<\/li><li>Mejora de la competencia en lenguas extranjeras<\/li><\/ul><p><br \/>En la sociedad actual, muchas de estas habilidades no reciben la atenci\u00f3n o el tiempo necesario para su \u00f3ptimo desarrollo. Por ello, es crucial brindar a los estudiantes la oportunidad de ser protagonistas de su propio crecimiento en un entorno familiar.<\/p><p><br \/>La interacci\u00f3n entre alumnos en el colegio, pero fuera del contexto acad\u00e9mico habitual, favorece la integraci\u00f3n, mejora las relaciones sociales y fomenta un sentimiento positivo de pertenencia al grupo y al centro educativo.<br \/>Como instituci\u00f3n educativa, nos comprometemos a proporcionar los medios necesarios para que nuestros estudiantes adquieran, desde edades tempranas, habilidades que complementen su formaci\u00f3n de manera integral. Esto les permitir\u00e1 convertir su etapa educativa en una experiencia enriquecedora y positiva.<\/p><p><br \/>Las actividades extraescolares son de car\u00e1cter voluntario y se ofrecen de lunes a jueves en horario vespertino. Se organizan en diferentes franjas horarias y se agrupan seg\u00fan la disciplina y la edad de los participantes.<br \/>Para obtener informaci\u00f3n detallada sobre las actividades disponibles, puede contactar con la Secretar\u00eda del Centro en el tel\u00e9fono 952872895 o mediante correo electr\u00f3nico a seccjrosa@fundacionunicaja.com en un horario de 14.45 a 17.00h<\/p>\t\t\t\t\t\t\t\t<\/div>\n\t\t\t\t<\/div>\n\t\t<div class=\"elementor-element elementor-element-764e82b e-flex e-con-boxed e-con e-child\" data-id=\"764e82b\" data-element_type=\"container\" data-e-type=\"container\">\n\t\t\t\t\t<div class=\"e-con-inner\">\n\t\t\t\t<div data-ep-wrapper-link=\"{&quot;url&quot;:&quot;https:\\\/\\\/www.fundacionunicaja.com\\\/colegio-fundacion-unicaja-juan-de-la-rosa\\\/wp-content\\\/uploads\\\/sites\\\/23\\\/2026\\\/04\\\/Menu_Basal.pdf&quot;,&quot;is_external&quot;:&quot;&quot;,&quot;nofollow&quot;:&quot;&quot;,&quot;custom_attributes&quot;:&quot;&quot;}\" style=\"cursor: pointer\" class=\"bdt-element-link elementor-element elementor-element-f77062a elementor-widget elementor-widget-button\" data-id=\"f77062a\" data-element_type=\"widget\" data-e-type=\"widget\" data-widget_type=\"button.default\">\n\t\t\t\t<div class=\"elementor-widget-container\">\n\t\t\t\t\t\t\t\t\t<div class=\"elementor-button-wrapper\">\n\t\t\t\t\t<a class=\"elementor-button elementor-button-link elementor-size-sm\" href=\"https:\/\/www.fundacionunicaja.com\/colegio-fundacion-unicaja-juan-de-la-rosa\/wp-content\/uploads\/sites\/23\/2024\/11\/Menu-Comedor-Septiembre-2019.pdf\" target=\"_blank\">\n\t\t\t\t\t\t<span class=\"elementor-button-content-wrapper\">\n\t\t\t\t\t\t<span class=\"elementor-button-icon\">\n\t\t\t\t<i aria-hidden=\"true\" class=\"icon icon-arrow-right\"><\/i>\t\t\t<\/span>\n\t\t\t\t\t\t\t\t\t<span class=\"elementor-button-text\">Men\u00fa mensual<\/span>\n\t\t\t\t\t<\/span>\n\t\t\t\t\t<\/a>\n\t\t\t\t<\/div>\n\t\t\t\t\t\t\t\t<\/div>\n\t\t\t\t<\/div>\n\t\t\t\t\t<\/div>\n\t\t\t\t<\/div>\n\t\t\t\t\t<\/div>\n\t\t\t\t<\/div>\n\t\t<div class=\"elementor-element elementor-element-0f12251 e-flex e-con-boxed e-con e-child\" data-id=\"0f12251\" data-element_type=\"container\" data-e-type=\"container\">\n\t\t\t\t\t<div class=\"e-con-inner\">\n\t\t\t\t<div class=\"elementor-element elementor-element-4465357 elementor-widget elementor-widget-heading\" data-id=\"4465357\" data-element_type=\"widget\" data-e-type=\"widget\" data-widget_type=\"heading.default\">\n\t\t\t\t<div class=\"elementor-widget-container\">\n\t\t\t\t\t<h2 class=\"elementor-heading-title elementor-size-default\">Aula matinal<\/h2>\t\t\t\t<\/div>\n\t\t\t\t<\/div>\n\t\t\t\t<div class=\"elementor-element elementor-element-8bb7eb8 elementor-widget-divider--view-line elementor-widget elementor-widget-divider\" data-id=\"8bb7eb8\" data-element_type=\"widget\" data-e-type=\"widget\" data-widget_type=\"divider.default\">\n\t\t\t\t<div class=\"elementor-widget-container\">\n\t\t\t\t\t\t\t<div class=\"elementor-divider\">\n\t\t\t<span class=\"elementor-divider-separator\">\n\t\t\t\t\t\t<\/span>\n\t\t<\/div>\n\t\t\t\t\t\t<\/div>\n\t\t\t\t<\/div>\n\t\t\t\t<div class=\"elementor-element elementor-element-f057187 elementor-widget elementor-widget-text-editor\" data-id=\"f057187\" data-element_type=\"widget\" data-e-type=\"widget\" data-widget_type=\"text-editor.default\">\n\t\t\t\t<div class=\"elementor-widget-container\">\n\t\t\t\t\t\t\t\t\t<p><span style=\"font-weight: 400\">Nuestro servicio de Aula Matinal est\u00e1 dise\u00f1ado para apoyar a las familias que necesitan dejar a sus hijos\/as en el colegio antes del inicio de las clases. Esta opci\u00f3n flexible facilita la conciliaci\u00f3n entre la vida laboral y familiar, proporcionando un entorno seguro y supervisado para los m\u00e1s peque\u00f1os.<\/span><\/p><p><span style=\"font-weight: 400\">El horario abarca desde las 07:30 hasta las 09:00. Durante este per\u00edodo de tiempo, los ni\u00f1os y ni\u00f1as realizan diversas actividades de car\u00e1cter l\u00fadico y educativo adecuadas a su edad y desarrollo madurativo.<\/span><\/p>\t\t\t\t\t\t\t\t<\/div>\n\t\t\t\t<\/div>\n\t\t\t\t<div class=\"elementor-element elementor-element-3b581e8 elementor-widget elementor-widget-ucaddon_uc_slider_image\" data-id=\"3b581e8\" data-element_type=\"widget\" data-e-type=\"widget\" data-widget_type=\"ucaddon_uc_slider_image.default\">\n\t\t\t\t<div class=\"elementor-widget-container\">\n\t\t\t\t\t\n<!-- start Slider Gallery -->\n\n<style>\/* widget: Slider Gallery *\/\n\n#uc_uc_slider_image_elementor_3b581e8{\n  overflow:hidden;\n}\n\n#uc_uc_slider_image_elementor_3b581e8-wrapper{\n  min-height:1px;\n}\n\n\n\n<\/style>\n\n<div id=\"uc_uc_slider_image_elementor_3b581e8-wrapper\">\n<div id=\"uc_uc_slider_image_elementor_3b581e8\" class=\"uc-items-wrapper  uc-remote-parent \" style=\"display:none; margin:0 auto;\"  data-remoteid='second' data-widgetname='Slider Gallery' data-remote-type=\"gallery\" data-custom-sethtml=\"true\" >\n\n\n<img decoding=\"async\" alt=\"WhatsApp Image 2026-04-23 at 18.02\"\n   src=\"https:\/\/www.fundacionunicaja.com\/colegio-fundacion-unicaja-juan-de-la-rosa\/wp-content\/uploads\/sites\/23\/2026\/04\/WhatsApp-Image-2026-04-23-at-18.02.37-2-1.jpeg\"\n    data-image=\"https:\/\/www.fundacionunicaja.com\/colegio-fundacion-unicaja-juan-de-la-rosa\/wp-content\/uploads\/sites\/23\/2026\/04\/WhatsApp-Image-2026-04-23-at-18.02.37-2-1-1024x461.jpeg\"\n    data-title=\"WhatsApp Image 2026-04-23 at 18.02\">\n\n<img decoding=\"async\" alt=\"WhatsApp Image 2026-04-23 at 18.02\"\n   src=\"https:\/\/www.fundacionunicaja.com\/colegio-fundacion-unicaja-juan-de-la-rosa\/wp-content\/uploads\/sites\/23\/2026\/04\/WhatsApp-Image-2026-04-23-at-18.02.37-1-1.jpeg\"\n    data-image=\"https:\/\/www.fundacionunicaja.com\/colegio-fundacion-unicaja-juan-de-la-rosa\/wp-content\/uploads\/sites\/23\/2026\/04\/WhatsApp-Image-2026-04-23-at-18.02.37-1-1-1024x461.jpeg\"\n    data-title=\"WhatsApp Image 2026-04-23 at 18.02\">\n\n<img decoding=\"async\" alt=\"WhatsApp Image 2026-04-23 at 18.02\"\n   src=\"https:\/\/www.fundacionunicaja.com\/colegio-fundacion-unicaja-juan-de-la-rosa\/wp-content\/uploads\/sites\/23\/2026\/04\/WhatsApp-Image-2026-04-23-at-18.02.37-3.jpeg\"\n    data-image=\"https:\/\/www.fundacionunicaja.com\/colegio-fundacion-unicaja-juan-de-la-rosa\/wp-content\/uploads\/sites\/23\/2026\/04\/WhatsApp-Image-2026-04-23-at-18.02.37-3-1024x461.jpeg\"\n    data-title=\"WhatsApp Image 2026-04-23 at 18.02\">\n\n  \n<\/div>\n<\/div>\n<!-- end Slider Gallery -->\t\t\t\t<\/div>\n\t\t\t\t<\/div>\n\t\t\t\t<div class=\"elementor-element elementor-element-84630c9 elementor-widget elementor-widget-ucaddon_arrow_navigation\" data-id=\"84630c9\" data-element_type=\"widget\" data-e-type=\"widget\" data-widget_type=\"ucaddon_arrow_navigation.default\">\n\t\t\t\t<div class=\"elementor-widget-container\">\n\t\t\t\t\t\n<!-- start Remote Arrows -->\n\n<style>\/* widget: Remote Arrows *\/\n\n.ue-remote-carousel-navigation-wrapper\n{\n  display:flex;\n}\n\n.ue-remote-carousel-navigation-wrapper .ue-remote-arrow\n{\n  border:none;\n  border-color:transparent;\n}\n\n.ue-remote-carousel-navigation-wrapper .ue-remote-arrow:hover\n{\n  background-color:transparent;\n \n}\n\n\n#uc_arrow_navigation_elementor_84630c9\n{\n  display:inline-flex;\n}\n\n#uc_arrow_navigation_elementor_84630c9 .ue-remote-arrow\n{\n  flex-grow:0;\n  flex-shrink:0;\n  transition:0.3s;\n  display:inline-flex;\n  align-items:center;\n  justify-content:center;\n  line-height:1em;\n  cursor:pointer;\n}\n\n\n#uc_arrow_navigation_elementor_84630c9 .ue-remote-arrow .ue-carousel-nav-icon\n{\n  transition:0.3s;\n  line-height:1em;\n}\n\n#uc_arrow_navigation_elementor_84630c9 .ue-remote-arrow .ue-carousel-nav-icon svg\n{\n  transition:0.3s;\n  height:1em;\n  width:1em;\n}\n\n\n#uc_arrow_navigation_elementor_84630c9 .ue-carousel-nav-label\n{\n  transition:0.3s;\n}\n\n#uc_arrow_navigation_elementor_84630c9 .uc-disabled{\n\topacity: 0.3;\n}\n\n<\/style>\n\n<div class=\"ue-remote-carousel-navigation-wrapper\">\n<div id=\"uc_arrow_navigation_elementor_84630c9\" class=\"ue-remote-carousel-navigation\"  data-parentid='second'>\n  \n  \n  \n\t<div class=\"ue-remote-arrow ue-carousel-prev \">\n    <div class=\"ue-carousel-nav-icon\"><i class='icon icon-left-arrow'><\/i><\/div>\n    \t\n  <\/div>   \n\t\n\n  \n \n\n  <div class=\"ue-remote-arrow ue-carousel-next \">\n        <div class=\"ue-carousel-nav-icon\"><i class='icon icon-right-arrow'><\/i><\/div>\n  <\/div>\n  \n  \n<\/div>\n<\/div>\n<!-- end Remote Arrows -->\t\t\t\t<\/div>\n\t\t\t\t<\/div>\n\t\t\t\t<div class=\"elementor-element elementor-element-6896fba elementor-widget elementor-widget-text-editor\" data-id=\"6896fba\" data-element_type=\"widget\" data-e-type=\"widget\" data-widget_type=\"text-editor.default\">\n\t\t\t\t<div class=\"elementor-widget-container\">\n\t\t\t\t\t\t\t\t\t<p>Este espacio no se limita a la vigilancia del alumnado, sino que est\u00e1 estructurado como espacio participativo y activo basado en actividades l\u00fadicas y calmadas, conservando as\u00ed la energ\u00eda para un correcto desarrollo de la jornada escolar.<\/p><p>Este servicio es atendido por profesores\/as o monitores\/as cualificados y contratados directamente por el Colegio y los alumnos son agrupados y ubicados seg\u00fan sus edades en diferentes espacios del colegio.<\/p><p>El horario habitual del Aula Matinal es de 7:30 a 9:00 h.<\/p>\t\t\t\t\t\t\t\t<\/div>\n\t\t\t\t<\/div>\n\t\t\t\t\t<\/div>\n\t\t\t\t<\/div>\n\t\t<div class=\"elementor-element elementor-element-20a3139 e-flex e-con-boxed e-con e-child\" data-id=\"20a3139\" data-element_type=\"container\" data-e-type=\"container\">\n\t\t\t\t\t<div class=\"e-con-inner\">\n\t\t\t\t<div class=\"elementor-element elementor-element-a6f343d elementor-widget elementor-widget-heading\" data-id=\"a6f343d\" data-element_type=\"widget\" data-e-type=\"widget\" id=\"ActividadesExtraescolares\" data-widget_type=\"heading.default\">\n\t\t\t\t<div class=\"elementor-widget-container\">\n\t\t\t\t\t<h2 class=\"elementor-heading-title elementor-size-default\">Actividades Extraescolares<\/h2>\t\t\t\t<\/div>\n\t\t\t\t<\/div>\n\t\t\t\t<div class=\"elementor-element elementor-element-13d4772 elementor-widget-divider--view-line elementor-widget elementor-widget-divider\" data-id=\"13d4772\" data-element_type=\"widget\" data-e-type=\"widget\" data-widget_type=\"divider.default\">\n\t\t\t\t<div class=\"elementor-widget-container\">\n\t\t\t\t\t\t\t<div class=\"elementor-divider\">\n\t\t\t<span class=\"elementor-divider-separator\">\n\t\t\t\t\t\t<\/span>\n\t\t<\/div>\n\t\t\t\t\t\t<\/div>\n\t\t\t\t<\/div>\n\t\t\t\t<div class=\"elementor-element elementor-element-041f536 elementor-widget elementor-widget-text-editor\" data-id=\"041f536\" data-element_type=\"widget\" data-e-type=\"widget\" data-widget_type=\"text-editor.default\">\n\t\t\t\t<div class=\"elementor-widget-container\">\n\t\t\t\t\t\t\t\t\t<p>\u201cComplementar, integrar y desarrollar\u201d<\/p>\t\t\t\t\t\t\t\t<\/div>\n\t\t\t\t<\/div>\n\t\t\t\t<div class=\"elementor-element elementor-element-fc1b77d elementor-widget elementor-widget-image\" data-id=\"fc1b77d\" data-element_type=\"widget\" data-e-type=\"widget\" data-widget_type=\"image.default\">\n\t\t\t\t<div class=\"elementor-widget-container\">\n\t\t\t\t\t\t\t\t\t\t\t\t\t\t\t<img fetchpriority=\"high\" decoding=\"async\" width=\"768\" height=\"432\" src=\"https:\/\/www.fundacionunicaja.com\/colegio-fundacion-unicaja-juan-de-la-rosa\/wp-content\/uploads\/sites\/23\/2024\/11\/20170529_163940_optimized-768x432-1.webp\" class=\"attachment-large size-large wp-image-1026\" alt=\"\" srcset=\"https:\/\/www.fundacionunicaja.com\/colegio-fundacion-unicaja-juan-de-la-rosa\/wp-content\/uploads\/sites\/23\/2024\/11\/20170529_163940_optimized-768x432-1.webp 768w, https:\/\/www.fundacionunicaja.com\/colegio-fundacion-unicaja-juan-de-la-rosa\/wp-content\/uploads\/sites\/23\/2024\/11\/20170529_163940_optimized-768x432-1-300x169.webp 300w\" sizes=\"(max-width: 768px) 100vw, 768px\" \/>\t\t\t\t\t\t\t\t\t\t\t\t\t\t\t<\/div>\n\t\t\t\t<\/div>\n\t\t\t\t<div class=\"elementor-element elementor-element-62b6f13 elementor-widget elementor-widget-text-editor\" data-id=\"62b6f13\" data-element_type=\"widget\" data-e-type=\"widget\" data-widget_type=\"text-editor.default\">\n\t\t\t\t<div class=\"elementor-widget-container\">\n\t\t\t\t\t\t\t\t\t<p><span style=\"font-weight: 400\">Las actividades extraescolares: Un complemento integral para el desarrollo del alumnado<\/span><\/p>\n<p><span style=\"font-weight: 400\">El colegio ofrece una serie de actividades complementarias dise\u00f1adas para proporcionar una educaci\u00f3n integral a sus estudiantes. Estas actividades se centran en cuatro \u00e1reas fundamentales del crecimiento personal:<\/span><\/p>\n<ol>\n<li style=\"font-weight: 400\"><span style=\"font-weight: 400\">Fomento de habilidades art\u00edsticas<\/span><\/li>\n<li style=\"font-weight: 400\"><span style=\"font-weight: 400\">Potenciaci\u00f3n de destrezas f\u00edsicas<\/span><\/li>\n<li style=\"font-weight: 400\"><span style=\"font-weight: 400\">Fortalecimiento de competencias emocionales, sociales y cognitivas<\/span><\/li>\n<li style=\"font-weight: 400\"><span style=\"font-weight: 400\">Mejora de la competencia en lenguas extranjeras<\/span><\/li>\n<\/ol>\n<div>&nbsp;<\/div>\n<p><span style=\"font-weight: 400\">En la sociedad actual, muchas de estas habilidades no reciben la atenci\u00f3n o el tiempo necesario para su \u00f3ptimo desarrollo. Por ello, es crucial brindar a los estudiantes la oportunidad de ser protagonistas de su propio crecimiento en un entorno familiar.<\/span><\/p>\n<p><span style=\"font-weight: 400\">La interacci\u00f3n entre alumnos en el colegio, pero fuera del contexto acad\u00e9mico habitual, favorece la integraci\u00f3n, mejora las relaciones sociales y fomenta un sentimiento positivo de pertenencia al grupo y al centro educativo.<\/span><\/p>\n<p><span style=\"font-weight: 400\">Como instituci\u00f3n educativa, nos comprometemos a proporcionar los medios necesarios para que nuestros estudiantes adquieran, desde edades tempranas, habilidades que complementen su formaci\u00f3n de manera integral. Esto les permitir\u00e1 convertir su etapa educativa en una experiencia enriquecedora y positiva.<\/span><\/p>\n<p><span style=\"font-weight: 400\">Las actividades extraescolares son de car\u00e1cter voluntario y se ofrecen de lunes a jueves en horario vespertino. Se organizan en diferentes franjas horarias y se agrupan seg\u00fan la disciplina y la edad de los participantes.<\/span><\/p>\n<p><span style=\"font-weight: 400\">Para obtener informaci\u00f3n detallada sobre las actividades disponibles, puede contactar con la Secretar\u00eda del Centro en el tel\u00e9fono 952872895 o mediante correo electr\u00f3nico a seccjrosa@fundacionunicaja.com en un h<\/span><span style=\"text-align: var(--text-align);background-color: var( --e-global-color-943a040 )\">orario de 14.45 a 17.00h<\/span><\/p>\t\t\t\t\t\t\t\t<\/div>\n\t\t\t\t<\/div>\n\t\t<div class=\"elementor-element elementor-element-29c74d6 e-flex e-con-boxed e-con e-child\" data-id=\"29c74d6\" data-element_type=\"container\" data-e-type=\"container\">\n\t\t\t\t\t<div class=\"e-con-inner\">\n\t\t\t\t<div class=\"elementor-element elementor-element-f756a77 elementor-widget elementor-widget-button\" data-id=\"f756a77\" data-element_type=\"widget\" data-e-type=\"widget\" data-widget_type=\"button.default\">\n\t\t\t\t<div class=\"elementor-widget-container\">\n\t\t\t\t\t\t\t\t\t<div class=\"elementor-button-wrapper\">\n\t\t\t\t\t<a class=\"elementor-button elementor-button-link elementor-size-sm\" href=\"https:\/\/www.fundacionunicaja.com\/colegio-fundacion-unicaja-juan-de-la-rosa\/wp-content\/uploads\/sites\/23\/2024\/11\/Reserva-de-actividades-y-servicios.pdf\" target=\"_blank\">\n\t\t\t\t\t\t<span class=\"elementor-button-content-wrapper\">\n\t\t\t\t\t\t<span class=\"elementor-button-icon\">\n\t\t\t\t<i aria-hidden=\"true\" class=\"icon icon-arrow-right\"><\/i>\t\t\t<\/span>\n\t\t\t\t\t\t\t\t\t<span class=\"elementor-button-text\">Reserva de actividades y servicios<\/span>\n\t\t\t\t\t<\/span>\n\t\t\t\t\t<\/a>\n\t\t\t\t<\/div>\n\t\t\t\t\t\t\t\t<\/div>\n\t\t\t\t<\/div>\n\t\t\t\t\t<\/div>\n\t\t\t\t<\/div>\n\t\t\t\t\t<\/div>\n\t\t\t\t<\/div>\n\t\t\t\t<\/div>\n\t\t\t\t\t<\/div>\n\t\t\t\t<\/div>\n\t\t<div class=\"elementor-element elementor-element-442e4e6e e-con-full e-flex e-con e-parent\" data-id=\"442e4e6e\" data-element_type=\"container\" data-e-type=\"container\" data-settings=\"{&quot;background_background&quot;:&quot;classic&quot;}\">\n\t\t\t\t<div class=\"elementor-element elementor-element-41ff25ad elementor-widget elementor-widget-template\" data-id=\"41ff25ad\" data-element_type=\"widget\" data-e-type=\"widget\" data-widget_type=\"template.default\">\n\t\t\t\t<div class=\"elementor-widget-container\">\n\t\t\t\t\t\t\t<div class=\"elementor-template\">\n\t\t\t\t\t<div data-elementor-type=\"container\" data-elementor-id=\"35\" class=\"elementor elementor-35\" data-elementor-post-type=\"elementor_library\">\n\t\t\t\t<div class=\"elementor-element elementor-element-0b7f79b e-flex e-con-boxed e-con e-parent\" data-id=\"0b7f79b\" data-element_type=\"container\" data-e-type=\"container\" data-settings=\"{&quot;background_background&quot;:&quot;classic&quot;}\">\n\t\t\t\t\t<div class=\"e-con-inner\">\n\t\t<div class=\"elementor-element elementor-element-799982f e-con-full e-flex e-con e-child\" data-id=\"799982f\" data-element_type=\"container\" data-e-type=\"container\">\n\t\t<div class=\"elementor-element elementor-element-cc44fd7 e-flex e-con-boxed e-con e-child\" data-id=\"cc44fd7\" data-element_type=\"container\" data-e-type=\"container\">\n\t\t\t\t\t<div class=\"e-con-inner\">\n\t\t\t\t<div class=\"elementor-element elementor-element-2aaac87 elementor-widget elementor-widget-heading\" data-id=\"2aaac87\" data-element_type=\"widget\" data-e-type=\"widget\" data-widget_type=\"heading.default\">\n\t\t\t\t<div class=\"elementor-widget-container\">\n\t\t\t\t\t<h2 class=\"elementor-heading-title elementor-size-default\">Contacto<\/h2>\t\t\t\t<\/div>\n\t\t\t\t<\/div>\n\t\t\t\t\t<\/div>\n\t\t\t\t<\/div>\n\t\t<div class=\"elementor-element elementor-element-30d6595 e-flex e-con-boxed e-con e-child\" data-id=\"30d6595\" data-element_type=\"container\" data-e-type=\"container\">\n\t\t\t\t\t<div class=\"e-con-inner\">\n\t\t<div class=\"elementor-element elementor-element-09d1382 e-con-full e-flex e-con e-child\" data-id=\"09d1382\" data-element_type=\"container\" data-e-type=\"container\">\n\t\t\t\t<div class=\"elementor-element elementor-element-0152cc7 elementor-icon-list--layout-traditional elementor-list-item-link-full_width elementor-widget elementor-widget-icon-list\" data-id=\"0152cc7\" data-element_type=\"widget\" data-e-type=\"widget\" data-widget_type=\"icon-list.default\">\n\t\t\t\t<div class=\"elementor-widget-container\">\n\t\t\t\t\t\t\t<ul class=\"elementor-icon-list-items\">\n\t\t\t\t\t\t\t<li class=\"elementor-icon-list-item\">\n\t\t\t\t\t\t\t\t\t\t\t<span class=\"elementor-icon-list-icon\">\n\t\t\t\t\t\t\t<i aria-hidden=\"true\" class=\"icon icon-mail\"><\/i>\t\t\t\t\t\t<\/span>\n\t\t\t\t\t\t\t\t\t\t<span class=\"elementor-icon-list-text\">Email: cjrosa@fundacionunicaja.com<\/span>\n\t\t\t\t\t\t\t\t\t<\/li>\n\t\t\t\t\t\t\t\t<li class=\"elementor-icon-list-item\">\n\t\t\t\t\t\t\t\t\t\t\t<span class=\"elementor-icon-list-icon\">\n\t\t\t\t\t\t\t<svg aria-hidden=\"true\" class=\"e-font-icon-svg e-fas-phone-alt\" viewBox=\"0 0 512 512\" xmlns=\"http:\/\/www.w3.org\/2000\/svg\"><path d=\"M497.39 361.8l-112-48a24 24 0 0 0-28 6.9l-49.6 60.6A370.66 370.66 0 0 1 130.6 204.11l60.6-49.6a23.94 23.94 0 0 0 6.9-28l-48-112A24.16 24.16 0 0 0 122.6.61l-104 24A24 24 0 0 0 0 48c0 256.5 207.9 464 464 464a24 24 0 0 0 23.4-18.6l24-104a24.29 24.29 0 0 0-14.01-27.6z\"><\/path><\/svg>\t\t\t\t\t\t<\/span>\n\t\t\t\t\t\t\t\t\t\t<span class=\"elementor-icon-list-text\">Tel\u00e9fono: (+34) 952 872 895<\/span>\n\t\t\t\t\t\t\t\t\t<\/li>\n\t\t\t\t\t\t\t\t<li class=\"elementor-icon-list-item\">\n\t\t\t\t\t\t\t\t\t\t\t<span class=\"elementor-icon-list-icon\">\n\t\t\t\t\t\t\t<i aria-hidden=\"true\" class=\"icon icon-clock2\"><\/i>\t\t\t\t\t\t<\/span>\n\t\t\t\t\t\t\t\t\t\t<span class=\"elementor-icon-list-text\">Horario de secretar\u00eda: <br>Lunes \u2013 Viernes:   11.00 \u2013 14.00<\/span>\n\t\t\t\t\t\t\t\t\t<\/li>\n\t\t\t\t\t\t\t\t<li class=\"elementor-icon-list-item\">\n\t\t\t\t\t\t\t\t\t\t\t<span class=\"elementor-icon-list-icon\">\n\t\t\t\t\t\t\t<i aria-hidden=\"true\" class=\"icon icon-home1\"><\/i>\t\t\t\t\t\t<\/span>\n\t\t\t\t\t\t\t\t\t\t<span class=\"elementor-icon-list-text\">Direcci\u00f3n: Calle Jerez 19, Ronda 29400<\/span>\n\t\t\t\t\t\t\t\t\t<\/li>\n\t\t\t\t\t\t<\/ul>\n\t\t\t\t\t\t<\/div>\n\t\t\t\t<\/div>\n\t\t<div class=\"elementor-element elementor-element-d1bff9b e-flex e-con-boxed e-con e-child\" data-id=\"d1bff9b\" data-element_type=\"container\" data-e-type=\"container\">\n\t\t\t\t\t<div class=\"e-con-inner\">\n\t\t\t\t<div class=\"elementor-element elementor-element-9d34ba9 elementor-widget elementor-widget-heading\" data-id=\"9d34ba9\" data-element_type=\"widget\" data-e-type=\"widget\" data-widget_type=\"heading.default\">\n\t\t\t\t<div class=\"elementor-widget-container\">\n\t\t\t\t\t<h2 class=\"elementor-heading-title elementor-size-default\">S\u00edguenos en las redes sociales<br>\ndel colegio Juan de la Rosa<\/h2>\t\t\t\t<\/div>\n\t\t\t\t<\/div>\n\t\t\t\t<div class=\"elementor-element elementor-element-79e20e6 elementor-shape-circle e-grid-align-left elementor-grid-0 elementor-widget elementor-widget-social-icons\" data-id=\"79e20e6\" data-element_type=\"widget\" data-e-type=\"widget\" data-widget_type=\"social-icons.default\">\n\t\t\t\t<div class=\"elementor-widget-container\">\n\t\t\t\t\t\t\t<div class=\"elementor-social-icons-wrapper elementor-grid\" role=\"list\">\n\t\t\t\t\t\t\t<span class=\"elementor-grid-item\" role=\"listitem\">\n\t\t\t\t\t<a class=\"elementor-icon elementor-social-icon elementor-social-icon- elementor-animation-grow elementor-repeater-item-7f8d101\" href=\"https:\/\/www.facebook.com\/ColegioJuandelaRosa\/\" target=\"_blank\">\n\t\t\t\t\t\t<span class=\"elementor-screen-only\"><\/span>\n\t\t\t\t\t\t<svg xmlns=\"http:\/\/www.w3.org\/2000\/svg\" width=\"10\" height=\"19\" viewBox=\"0 0 10 19\" fill=\"none\"><path d=\"M2.7165 18.6255H6.35581V9.47884H8.91574L9.17874 6.42069H6.41121V4.67718C6.41121 3.95762 6.5634 3.66701 7.25529 3.66701H9.23397V0.484375H6.70175C3.93422 0.484375 2.77191 1.68823 2.77191 3.97144V6.42069H0.862305V9.58952H2.77191L2.7165 18.6255Z\" fill=\"#11302B\"><\/path><\/svg>\t\t\t\t\t<\/a>\n\t\t\t\t<\/span>\n\t\t\t\t\t\t\t<span class=\"elementor-grid-item\" role=\"listitem\">\n\t\t\t\t\t<a class=\"elementor-icon elementor-social-icon elementor-social-icon-instagram elementor-animation-grow elementor-repeater-item-daa3b40\" href=\"https:\/\/www.instagram.com\/colegiojuandelarosafu\/\" target=\"_blank\">\n\t\t\t\t\t\t<span class=\"elementor-screen-only\">Instagram<\/span>\n\t\t\t\t\t\t<svg aria-hidden=\"true\" class=\"e-font-icon-svg e-fab-instagram\" viewBox=\"0 0 448 512\" xmlns=\"http:\/\/www.w3.org\/2000\/svg\"><path d=\"M224.1 141c-63.6 0-114.9 51.3-114.9 114.9s51.3 114.9 114.9 114.9S339 319.5 339 255.9 287.7 141 224.1 141zm0 189.6c-41.1 0-74.7-33.5-74.7-74.7s33.5-74.7 74.7-74.7 74.7 33.5 74.7 74.7-33.6 74.7-74.7 74.7zm146.4-194.3c0 14.9-12 26.8-26.8 26.8-14.9 0-26.8-12-26.8-26.8s12-26.8 26.8-26.8 26.8 12 26.8 26.8zm76.1 27.2c-1.7-35.9-9.9-67.7-36.2-93.9-26.2-26.2-58-34.4-93.9-36.2-37-2.1-147.9-2.1-184.9 0-35.8 1.7-67.6 9.9-93.9 36.1s-34.4 58-36.2 93.9c-2.1 37-2.1 147.9 0 184.9 1.7 35.9 9.9 67.7 36.2 93.9s58 34.4 93.9 36.2c37 2.1 147.9 2.1 184.9 0 35.9-1.7 67.7-9.9 93.9-36.2 26.2-26.2 34.4-58 36.2-93.9 2.1-37 2.1-147.8 0-184.8zM398.8 388c-7.8 19.6-22.9 34.7-42.6 42.6-29.5 11.7-99.5 9-132.1 9s-102.7 2.6-132.1-9c-19.6-7.8-34.7-22.9-42.6-42.6-11.7-29.5-9-99.5-9-132.1s-2.6-102.7 9-132.1c7.8-19.6 22.9-34.7 42.6-42.6 29.5-11.7 99.5-9 132.1-9s102.7-2.6 132.1 9c19.6 7.8 34.7 22.9 42.6 42.6 11.7 29.5 9 99.5 9 132.1s2.7 102.7-9 132.1z\"><\/path><\/svg>\t\t\t\t\t<\/a>\n\t\t\t\t<\/span>\n\t\t\t\t\t<\/div>\n\t\t\t\t\t\t<\/div>\n\t\t\t\t<\/div>\n\t\t\t\t\t<\/div>\n\t\t\t\t<\/div>\n\t\t\t\t<\/div>\n\t\t<div class=\"elementor-element elementor-element-d23e2a6 elementor-hidden-mobile e-con-full elementor-hidden-tablet e-flex e-con e-child\" data-id=\"d23e2a6\" data-element_type=\"container\" data-e-type=\"container\">\n\t\t\t\t<div class=\"elementor-element elementor-element-b170c43 elementor-widget elementor-widget-google_maps\" data-id=\"b170c43\" data-element_type=\"widget\" data-e-type=\"widget\" data-widget_type=\"google_maps.default\">\n\t\t\t\t<div class=\"elementor-widget-container\">\n\t\t\t\t\t\t\t<div class=\"elementor-custom-embed\">\n\t\t\t<iframe loading=\"lazy\"\n\t\t\t\t\tsrc=\"https:\/\/maps.google.com\/maps?q=Calle%20Jerez%2019%2C%20Ronda%2029400&#038;t=m&#038;z=17&#038;output=embed&#038;iwloc=near\"\n\t\t\t\t\ttitle=\"Calle Jerez 19, Ronda 29400\"\n\t\t\t\t\taria-label=\"Calle Jerez 19, Ronda 29400\"\n\t\t\t><\/iframe>\n\t\t<\/div>\n\t\t\t\t\t\t<\/div>\n\t\t\t\t<\/div>\n\t\t\t\t<\/div>\n\t\t\t\t\t<\/div>\n\t\t\t\t<\/div>\n\t\t\t\t<\/div>\n\t\t\t\t\t<\/div>\n\t\t\t\t<\/div>\n\t\t\t\t<\/div>\n\t\t\t\t<\/div>\n\t\t\t\t\t\t<\/div>\n\t\t\t\t<\/div>\n\t\t\t\t<\/div>\n\t\t\t\t<\/div>\n\t\t","protected":false},"excerpt":{"rendered":"<p>Comedor escolar El comedor escolar es una herramienta educativa complementaria, que tiene como objetivos principales, intervenir en la educaci\u00f3n para la salud, la higiene y la salud. Al mismo tiempo que ense\u00f1a aspectos relacionados con la responsabilidad, el ocio y la convivencia. \/* widget: Slider Gallery *\/ #uc_uc_slider_image_elementor_da58b28{ overflow:hidden; } #uc_uc_slider_image_elementor_da58b28-wrapper{ min-height:1px; } \/* widget: [&hellip;]<\/p>\n","protected":false},"author":1,"featured_media":0,"parent":0,"menu_order":0,"comment_status":"closed","ping_status":"closed","template":"","meta":{"_acf_changed":false,"footnotes":""},"class_list":["post-80","page","type-page","status-publish","hentry"],"acf":[],"_links":{"self":[{"href":"https:\/\/www.fundacionunicaja.com\/colegio-fundacion-unicaja-juan-de-la-rosa\/wp-json\/wp\/v2\/pages\/80","targetHints":{"allow":["GET"]}}],"collection":[{"href":"https:\/\/www.fundacionunicaja.com\/colegio-fundacion-unicaja-juan-de-la-rosa\/wp-json\/wp\/v2\/pages"}],"about":[{"href":"https:\/\/www.fundacionunicaja.com\/colegio-fundacion-unicaja-juan-de-la-rosa\/wp-json\/wp\/v2\/types\/page"}],"author":[{"embeddable":true,"href":"https:\/\/www.fundacionunicaja.com\/colegio-fundacion-unicaja-juan-de-la-rosa\/wp-json\/wp\/v2\/users\/1"}],"replies":[{"embeddable":true,"href":"https:\/\/www.fundacionunicaja.com\/colegio-fundacion-unicaja-juan-de-la-rosa\/wp-json\/wp\/v2\/comments?post=80"}],"version-history":[{"count":65,"href":"https:\/\/www.fundacionunicaja.com\/colegio-fundacion-unicaja-juan-de-la-rosa\/wp-json\/wp\/v2\/pages\/80\/revisions"}],"predecessor-version":[{"id":1650,"href":"https:\/\/www.fundacionunicaja.com\/colegio-fundacion-unicaja-juan-de-la-rosa\/wp-json\/wp\/v2\/pages\/80\/revisions\/1650"}],"wp:attachment":[{"href":"https:\/\/www.fundacionunicaja.com\/colegio-fundacion-unicaja-juan-de-la-rosa\/wp-json\/wp\/v2\/media?parent=80"}],"curies":[{"name":"wp","href":"https:\/\/api.w.org\/{rel}","templated":true}]}}