{"version":"1.0","provider_name":"Campus Fundaci\u00f3n Unicaja","provider_url":"https:\/\/www.fundacionunicaja.com\/campus","author_name":"unicampus","author_url":"https:\/\/www.fundacionunicaja.com\/campus\/author\/unicampus\/","title":"Campus Sabinillas Turno 1: D\u00eda Especial - Campus Fundaci\u00f3n Unicaja","type":"rich","width":600,"height":338,"html":"<blockquote class=\"wp-embedded-content\" data-secret=\"pUYt28yjD6\"><a href=\"https:\/\/www.fundacionunicaja.com\/campus\/2024\/06\/29\/campus-sabinillas-turno-1-dia-especial\/\">Campus Sabinillas Turno 1: D\u00eda Especial<\/a><\/blockquote><iframe sandbox=\"allow-scripts\" security=\"restricted\" src=\"https:\/\/www.fundacionunicaja.com\/campus\/2024\/06\/29\/campus-sabinillas-turno-1-dia-especial\/embed\/#?secret=pUYt28yjD6\" width=\"600\" height=\"338\" title=\"\u00abCampus Sabinillas Turno 1: D\u00eda Especial\u00bb \u2014 Campus Fundaci\u00f3n Unicaja\" data-secret=\"pUYt28yjD6\" frameborder=\"0\" marginwidth=\"0\" marginheight=\"0\" scrolling=\"no\" class=\"wp-embedded-content\"><\/iframe><script>\n\/*! This file is auto-generated *\/\n!function(d,l){\"use strict\";l.querySelector&&d.addEventListener&&\"undefined\"!=typeof URL&&(d.wp=d.wp||{},d.wp.receiveEmbedMessage||(d.wp.receiveEmbedMessage=function(e){var t=e.data;if((t||t.secret||t.message||t.value)&&!\/[^a-zA-Z0-9]\/.test(t.secret)){for(var s,r,n,a=l.querySelectorAll('iframe[data-secret=\"'+t.secret+'\"]'),o=l.querySelectorAll('blockquote[data-secret=\"'+t.secret+'\"]'),c=new RegExp(\"^https?:$\",\"i\"),i=0;i<o.length;i++)o[i].style.display=\"none\";for(i=0;i<a.length;i++)s=a[i],e.source===s.contentWindow&&(s.removeAttribute(\"style\"),\"height\"===t.message?(1e3<(r=parseInt(t.value,10))?r=1e3:~~r<200&&(r=200),s.height=r):\"link\"===t.message&&(r=new URL(s.getAttribute(\"src\")),n=new URL(t.value),c.test(n.protocol))&&n.host===r.host&&l.activeElement===s&&(d.top.location.href=t.value))}},d.addEventListener(\"message\",d.wp.receiveEmbedMessage,!1),l.addEventListener(\"DOMContentLoaded\",function(){for(var e,t,s=l.querySelectorAll(\"iframe.wp-embedded-content\"),r=0;r<s.length;r++)(t=(e=s[r]).getAttribute(\"data-secret\"))||(t=Math.random().toString(36).substring(2,12),e.src+=\"#?secret=\"+t,e.setAttribute(\"data-secret\",t)),e.contentWindow.postMessage({message:\"ready\",secret:t},\"*\")},!1)))}(window,document);\n\/\/# sourceURL=https:\/\/www.fundacionunicaja.com\/campus\/wp-includes\/js\/wp-embed.min.js\n<\/script>\n","thumbnail_url":"https:\/\/www.fundacionunicaja.com\/campus\/wp-content\/uploads\/sites\/2\/2024\/06\/G0777398-scaled.jpg","thumbnail_width":2560,"thumbnail_height":1707,"description":"Hoy celebramos el D\u00eda Especial en el primer turno de Campus Sabinillas 2024. La jornada comenz\u00f3 con los monitores disfrazados despertando a los participantes al ritmo de las canciones de nuestro Campus y repartiendo caramelos. M\u00e1s tarde pusimos a prueba a nuestros participantes en el &#8216;Sabinill\u00f3n&#8217;, donde realizaron diversas actividades f\u00edsicas e intelectuales. El D\u00eda [&hellip;]"}